{"id":144,"date":"2020-11-06T11:14:23","date_gmt":"2020-11-06T14:14:23","guid":{"rendered":"https:\/\/upla.cl\/canalemocional\/?page_id=144"},"modified":"2023-10-30T17:35:08","modified_gmt":"2023-10-30T20:35:08","slug":"area-2-la-perdida-de-la-estructura-en-nuestra-vida","status":"publish","type":"page","link":"https:\/\/upla.cl\/canalemocional\/area-2-la-perdida-de-la-estructura-en-nuestra-vida\/","title":{"rendered":"\u00c1rea 2: La p\u00e9rdida de la estructura en nuestra vida"},"content":{"rendered":"<p>[et_pb_section fb_built=\u00bb1&#8243; theme_builder_area=\u00bbpost_content\u00bb _builder_version=\u00bb4.22.2&#8243; _module_preset=\u00bbdefault\u00bb hover_enabled=\u00bb0&#8243; sticky_enabled=\u00bb0&#8243; title_text=\u00bb20231030_areados\u00bb background_image=\u00bbhttps:\/\/upla.cl\/canalemocional\/wp-content\/uploads\/2023\/10\/20231030_areados.png\u00bb custom_margin=\u00bb||||false|false\u00bb custom_padding=\u00bb200px||||false|false\u00bb alt=\u00bb\u00c1rea dos: La p\u00e9rdida de la estructura en nuestras vidas.\u00bb][et_pb_row _builder_version=\u00bb4.21.0&#8243; _module_preset=\u00bbdefault\u00bb custom_margin=\u00bb0px||||false|false\u00bb custom_padding=\u00bb6px||6px||false|false\u00bb border_color_left=\u00bbRGBA(255,255,255,0)\u00bb global_colors_info=\u00bb{}\u00bb theme_builder_area=\u00bbpost_content\u00bb][et_pb_column type=\u00bb4_4&#8243; _builder_version=\u00bb4.21.0&#8243; _module_preset=\u00bbdefault\u00bb border_color_left=\u00bbRGBA(255,255,255,0)\u00bb global_colors_info=\u00bb{}\u00bb theme_builder_area=\u00bbpost_content\u00bb][et_pb_text disabled_on=\u00bboff|off|off\u00bb _builder_version=\u00bb4.22.2&#8243; _module_preset=\u00bbdefault\u00bb text_font=\u00bb|600|||||||\u00bb text_text_color=\u00bb#FFFFFF\u00bb text_font_size=\u00bb250%\u00bb text_line_height=\u00bb1.2em\u00bb background_layout=\u00bbdark\u00bb min_height=\u00bb224px\u00bb custom_margin=\u00bb1px||-5px||false|false\u00bb custom_padding=\u00bb|||16px|false|false\u00bb hover_enabled=\u00bb0&#8243; border_width_left=\u00bb2px\u00bb border_color_left=\u00bb#FFFFFF\u00bb global_colors_info=\u00bb{}\u00bb theme_builder_area=\u00bbpost_content\u00bb sticky_enabled=\u00bb0&#8243;]<\/p>\n<p>\u00c1rea 2:<br \/>La p\u00e9rdida de la estructura en nuestra vida \/<\/p>\n<p>[\/et_pb_text][\/et_pb_column][\/et_pb_row][\/et_pb_section][et_pb_section fb_built=\u00bb1&#8243; admin_label=\u00bbOur Specialties Section\u00bb _builder_version=\u00bb4.22.2&#8243; custom_padding=\u00bb60px||0px|||\u00bb hover_enabled=\u00bb0&#8243; global_colors_info=\u00bb{}\u00bb sticky_enabled=\u00bb0&#8243;][et_pb_row column_structure=\u00bb2_5,3_5&#8243; use_custom_gutter=\u00bbon\u00bb admin_label=\u00bbTitle Area\u00bb _builder_version=\u00bb4.16&#8243; width=\u00bb90%\u00bb max_width=\u00bb2560px\u00bb global_colors_info=\u00bb{}\u00bb][et_pb_column type=\u00bb2_5&#8243; _builder_version=\u00bb4.16&#8243; custom_padding=\u00bb|||\u00bb global_colors_info=\u00bb{}\u00bb custom_padding__hover=\u00bb|||\u00bb][et_pb_text _builder_version=\u00bb4.22.2&#8243; _module_preset=\u00bbdefault\u00bb text_font=\u00bb|600|||||||\u00bb text_text_color=\u00bbRGBA(255,255,255,0)\u00bb header_2_text_align=\u00bbleft\u00bb header_2_text_color=\u00bb#af4e57&#8243; header_3_text_color=\u00bb#af4e57&#8243; custom_padding=\u00bb|||20px|false|false\u00bb hover_enabled=\u00bb0&#8243; global_colors_info=\u00bb{}\u00bb theme_builder_area=\u00bbpost_content\u00bb sticky_enabled=\u00bb0&#8243;]<\/p>\n<h2><strong>Descripci\u00f3n<\/strong> \/\u00a0<\/h2>\n<p>[\/et_pb_text][et_pb_video src=\u00bbhttps:\/\/youtu.be\/JjR4n5_m6Pw\u00bb src_webm=\u00bbhttps:\/\/youtu.be\/JjR4n5_m6Pw\u00bb admin_label=\u00bbHerramientas para afrontar las consecuencias emocionales de la pandemia: \u00c1rea 1: Descripci\u00f3n\u00bb _builder_version=\u00bb4.16&#8243; _module_preset=\u00bbdefault\u00bb global_colors_info=\u00bb{}\u00bb][\/et_pb_video][\/et_pb_column][et_pb_column type=\u00bb3_5&#8243; _builder_version=\u00bb4.16&#8243; custom_padding=\u00bb|||\u00bb global_colors_info=\u00bb{}\u00bb custom_padding__hover=\u00bb|||\u00bb][et_pb_text admin_label=\u00bbSubtitle\u00bb _builder_version=\u00bb4.22.2&#8243; text_font=\u00bb||||||||\u00bb text_text_color=\u00bb#565656&#8243; text_line_height=\u00bb1.6em\u00bb max_width=\u00bb1000px\u00bb module_alignment=\u00bbcenter\u00bb custom_margin=\u00bb|||215px||\u00bb animation_style=\u00bbslide\u00bb animation_direction=\u00bbtop\u00bb animation_intensity_slide=\u00bb20%\u00bb animation_starting_opacity=\u00bb100%\u00bb hover_enabled=\u00bb0&#8243; global_colors_info=\u00bb{}\u00bb sticky_enabled=\u00bb0&#8243;]<\/p>\n<p>Aunque no nos demos cuenta f\u00e1cilmente, el ambiente ordena nuestros comportamientos, estructurando nuestros tiempos y nuestros espacios. Por ejemplo, el trabajo nos impone una hora de llegada y de salida, nuestra vivienda tiene lugares espec\u00edficos para dormir, para alimentarse, para conversar, entre otros.<\/p>\n<p>El per\u00edodo de confinamiento y la suspensi\u00f3n de actividades que regularmente realiz\u00e1bamos antes de la emergencia han alterado este orden, proporcionado por el ambiente y la cultura.<\/p>\n<p>Los horarios y el uso de los espacios se han visto trastocados. Por ejemplo, como no es necesario llegar temprano al trabajo nos acostamos m\u00e1s tarde y nos levantamos m\u00e1s tarde, trabajamos en el comedor sin limitaciones horarias, nos llevamos la cena para el dormitorio o las horas del desayuno var\u00edan diariamente.<\/p>\n<p>Dado que las cosas han perdido su orden resultan menos previsibles, generando una situaci\u00f3n de inestabilidad potenciada por la situaci\u00f3n general de incertidumbre que estamos viviendo por la pandemia. El orden familiar y del mundo han sido alterados y, por consecuencia, nuestra mente tambi\u00e9n se ha visto afectada, provoc\u00e1ndonos muchas veces malestar, irritaci\u00f3n o ansiedad.<\/p>\n<p>Adem\u00e1s, dicho desorden facilita el surgimiento de conflictos entre quienes viven bajo el mismo techo, impactando directamente sobre la atm\u00f3sfera relacional de la familia.<\/p>\n<p>[\/et_pb_text][\/et_pb_column][\/et_pb_row][\/et_pb_section][et_pb_section fb_built=\u00bb1&#8243; theme_builder_area=\u00bbpost_content\u00bb _builder_version=\u00bb4.22.2&#8243; _module_preset=\u00bbdefault\u00bb custom_margin=\u00bb-21px|||||\u00bb background_color=\u00bb#f4f4f4&#8243; hover_enabled=\u00bb0&#8243; sticky_enabled=\u00bb0&#8243;][et_pb_row _builder_version=\u00bb4.22.2&#8243; _module_preset=\u00bbdefault\u00bb theme_builder_area=\u00bbpost_content\u00bb][et_pb_column _builder_version=\u00bb4.22.2&#8243; _module_preset=\u00bbdefault\u00bb type=\u00bb4_4&#8243; theme_builder_area=\u00bbpost_content\u00bb][et_pb_testimonial quote_icon_color=\u00bb#af4e57&#8243; use_icon_font_size=\u00bbon\u00bb icon_font_size=\u00bb50px\u00bb admin_label=\u00bbCita\u00bb _builder_version=\u00bb4.22.2&#8243; _module_preset=\u00bbdefault\u00bb body_font=\u00bbLato|700|||||||\u00bb body_text_align=\u00bbcenter\u00bb body_text_color=\u00bb#af4e57&#8243; body_font_size=\u00bb33px\u00bb background_color=\u00bbRGBA(255,255,255,0)\u00bb custom_margin=\u00bb50px|||||\u00bb animation_style=\u00bbfade\u00bb hover_enabled=\u00bb0&#8243; global_colors_info=\u00bb{}\u00bb sticky_enabled=\u00bb0&#8243; theme_builder_area=\u00bbpost_content\u00bb]<\/p>\n<p>\u00abEl orden familiar y del mundo han sido alterados y, por consecuencia, nuestra mente tambi\u00e9n se ha visto afectada, provoc\u00e1ndonos muchas veces malestar, irritaci\u00f3n o ansiedad.\u00bb.<\/p>\n<p>[\/et_pb_testimonial][\/et_pb_column][\/et_pb_row][\/et_pb_section][et_pb_section fb_built=\u00bb1&#8243; admin_label=\u00bbOur Specialties Section\u00bb _builder_version=\u00bb4.16&#8243; custom_padding=\u00bb60px||3px|||\u00bb global_colors_info=\u00bb{}\u00bb][et_pb_row column_structure=\u00bb2_5,3_5&#8243; use_custom_gutter=\u00bbon\u00bb admin_label=\u00bbTitle Area\u00bb _builder_version=\u00bb4.16&#8243; width=\u00bb90%\u00bb max_width=\u00bb2560px\u00bb global_colors_info=\u00bb{}\u00bb][et_pb_column type=\u00bb2_5&#8243; _builder_version=\u00bb4.16&#8243; custom_padding=\u00bb|||\u00bb global_colors_info=\u00bb{}\u00bb custom_padding__hover=\u00bb|||\u00bb][et_pb_text _builder_version=\u00bb4.22.2&#8243; _module_preset=\u00bbdefault\u00bb text_font=\u00bb|600|||||||\u00bb text_text_color=\u00bbRGBA(255,255,255,0)\u00bb header_2_text_align=\u00bbleft\u00bb header_2_text_color=\u00bb#af4e57&#8243; header_3_text_color=\u00bb#af4e57&#8243; custom_padding=\u00bb|||20px|false|false\u00bb hover_enabled=\u00bb0&#8243; global_colors_info=\u00bb{}\u00bb theme_builder_area=\u00bbpost_content\u00bb sticky_enabled=\u00bb0&#8243;]<\/p>\n<h2><strong>Consecuencias<\/strong>\u00a0\/<\/h2>\n<p>[\/et_pb_text][et_pb_video src=\u00bbhttps:\/\/www.youtube.com\/watch?v=6cXTsWgOgPw\u00bb src_webm=\u00bbhttps:\/\/www.youtube.com\/watch?v=6cXTsWgOgPw\u00bb admin_label=\u00bbHerramientas para afrontar las consecuencias emocionales de la pandemia: \u00c1rea 2: Consecuencias\u00bb _builder_version=\u00bb4.16&#8243; _module_preset=\u00bbdefault\u00bb global_colors_info=\u00bb{}\u00bb][\/et_pb_video][\/et_pb_column][et_pb_column type=\u00bb3_5&#8243; _builder_version=\u00bb4.16&#8243; custom_padding=\u00bb|||\u00bb global_colors_info=\u00bb{}\u00bb custom_padding__hover=\u00bb|||\u00bb][et_pb_text _builder_version=\u00bb4.22.2&#8243; _module_preset=\u00bbdefault\u00bb text_font=\u00bb|600|||||||\u00bb text_text_color=\u00bbRGBA(255,255,255,0)\u00bb header_2_text_align=\u00bbleft\u00bb header_2_text_color=\u00bb#af4e57&#8243; header_3_text_color=\u00bb#af4e57&#8243; custom_padding=\u00bb|||20px|false|false\u00bb hover_enabled=\u00bb0&#8243; global_colors_info=\u00bb{}\u00bb theme_builder_area=\u00bbpost_content\u00bb sticky_enabled=\u00bb0&#8243;]<\/p>\n<h2><strong>\u00bfC\u00f3mo afecta esta situaci\u00f3n a nuestros hijos?<\/strong>\u00a0\/<\/h2>\n<p>[\/et_pb_text][et_pb_text admin_label=\u00bbSubtitle\u00bb _builder_version=\u00bb4.22.2&#8243; text_font=\u00bb||||||||\u00bb text_text_color=\u00bb#565656&#8243; text_line_height=\u00bb1.6em\u00bb max_width=\u00bb1000px\u00bb module_alignment=\u00bbcenter\u00bb custom_margin=\u00bb|||215px||\u00bb animation_style=\u00bbslide\u00bb animation_direction=\u00bbtop\u00bb animation_intensity_slide=\u00bb20%\u00bb animation_starting_opacity=\u00bb100%\u00bb hover_enabled=\u00bb0&#8243; global_colors_info=\u00bb{}\u00bb sticky_enabled=\u00bb0&#8243;]<\/p>\n<p>Para entender este escenario es importante tener en cuenta que la estabilidad emocional es una condici\u00f3n que se construye con apoyo del ambiente, a veces de manera impl\u00edcita y otras veces de manera expl\u00edcita.<\/p>\n<p>Las personas no nacemos con la capacidad de autorregularnos. Si una lactante tiene hambre requiere de otra persona que lo alimente o si tiene fr\u00edo que la abrigue. Algo similar ocurre a nivel emocional y si los adultos cuidadores son diestros en el dominio de sus afectos, muy posiblemente tambi\u00e9n lo ser\u00e1n en ense\u00f1ar a las ni\u00f1as y ni\u00f1os a su cargo a regularse a s\u00ed mismos en esta \u00e1rea. Ellas y ellos aprenden a regularse emocionalmente con el apoyo de su entorno m\u00e1s inmediato y de sus cuidadores, y los resultados de dicho proceso tienen consecuencias significativas para la vida adulta. Es importante considerar adem\u00e1s que dicho proceso se complejiza en el caso de aquellas ni\u00f1as y ni\u00f1os m\u00e1s impulsivos o inquietos que otros y tambi\u00e9n se complejiza cuando los padres carecen de las competencias se\u00f1aladas.<\/p>\n<p>Dado que los ni\u00f1os est\u00e1n en pleno proceso de desarrollo psicol\u00f3gico, los mecanismos de autorregulaci\u00f3n no se encuentran consolidados. De ah\u00ed que la incertidumbre sea una fuente importante de ansiedad, preocupaci\u00f3n e inseguridad en ellos.<\/p>\n<p>Las alteraciones en los h\u00e1bitos y rutina provocan que su mundo se haga inseguro e impredecible. Los ni\u00f1os y ni\u00f1as requieren estabilidad, y cuando su vida cotidiana se ve alterada es f\u00e1cil observar diversos tipos de alteraciones. Aspectos como su \u00e1nimo, su comportamiento y sus emociones, fluct\u00faan f\u00e1cilmente con las alteraciones del ambiente. Adem\u00e1s, es razonable estimar que la incertidumbre y la atm\u00f3sfera general de temor fruto de la pandemia movilice en ellos demandas por seguridad, haciendo que en muchos casos se muestren particularmente sensibles y preocupados por lograr cercan\u00eda f\u00edsica con sus cuidadores adultos.<\/p>\n<p>[\/et_pb_text][\/et_pb_column][\/et_pb_row][\/et_pb_section][et_pb_section fb_built=\u00bb1&#8243; _builder_version=\u00bb4.16&#8243; _module_preset=\u00bbdefault\u00bb global_colors_info=\u00bb{}\u00bb][et_pb_row column_structure=\u00bb2_5,3_5&#8243; use_custom_gutter=\u00bbon\u00bb admin_label=\u00bbTitle Area\u00bb _builder_version=\u00bb4.16&#8243; width=\u00bb90%\u00bb max_width=\u00bb2560px\u00bb global_colors_info=\u00bb{}\u00bb][et_pb_column type=\u00bb2_5&#8243; _builder_version=\u00bb4.16&#8243; custom_padding=\u00bb|||\u00bb global_colors_info=\u00bb{}\u00bb custom_padding__hover=\u00bb|||\u00bb][et_pb_text _builder_version=\u00bb4.22.2&#8243; _module_preset=\u00bbdefault\u00bb text_font=\u00bb|600|||||||\u00bb text_text_color=\u00bbRGBA(255,255,255,0)\u00bb header_2_text_align=\u00bbleft\u00bb header_2_text_color=\u00bb#af4e57&#8243; header_3_text_color=\u00bb#af4e57&#8243; custom_padding=\u00bb|||20px|false|false\u00bb hover_enabled=\u00bb0&#8243; global_colors_info=\u00bb{}\u00bb theme_builder_area=\u00bbpost_content\u00bb sticky_enabled=\u00bb0&#8243;]<\/p>\n<h2><strong>Orientaciones<\/strong>\u00a0\/<\/h2>\n<p>[\/et_pb_text][et_pb_video src=\u00bbhttps:\/\/www.youtube.com\/watch?v=Nkh0nlsapes\u00bb src_webm=\u00bbhttps:\/\/www.youtube.com\/watch?v=Nkh0nlsapes\u00bb admin_label=\u00bbHerramientas para afrontar las consecuencias emocionales de la pandemia: \u00c1rea 2: Orientaciones\u00bb _builder_version=\u00bb4.16&#8243; _module_preset=\u00bbdefault\u00bb global_colors_info=\u00bb{}\u00bb][\/et_pb_video][\/et_pb_column][et_pb_column type=\u00bb3_5&#8243; _builder_version=\u00bb4.16&#8243; custom_padding=\u00bb|||\u00bb global_colors_info=\u00bb{}\u00bb custom_padding__hover=\u00bb|||\u00bb][et_pb_text _builder_version=\u00bb4.22.2&#8243; _module_preset=\u00bbdefault\u00bb text_font=\u00bb|600|||||||\u00bb text_text_color=\u00bbRGBA(255,255,255,0)\u00bb header_2_text_align=\u00bbleft\u00bb header_2_text_color=\u00bb#af4e57&#8243; header_3_text_color=\u00bb#af4e57&#8243; custom_padding=\u00bb|||20px|false|false\u00bb hover_enabled=\u00bb0&#8243; global_colors_info=\u00bb{}\u00bb theme_builder_area=\u00bbpost_content\u00bb sticky_enabled=\u00bb0&#8243;]<\/p>\n<h2><strong>\u00bfQu\u00e9 podemos hacer por las ni\u00f1as y los ni\u00f1os?<\/strong>\u00a0\/<\/h2>\n<p>[\/et_pb_text][et_pb_blurb use_icon=\u00bbon\u00bb font_icon=\u00bb&#xe60d;||divi||400&#8243; icon_color=\u00bb#af4e57&#8243; icon_placement=\u00bbleft\u00bb image_icon_width=\u00bb40px\u00bb content_max_width=\u00bb820px\u00bb _builder_version=\u00bb4.22.2&#8243; _module_preset=\u00bbdefault\u00bb body_font=\u00bb||||||||\u00bb hover_enabled=\u00bb0&#8243; icon_font_size=\u00bb60px\u00bb global_colors_info=\u00bb{}\u00bb sticky_enabled=\u00bb0&#8243;]<\/p>\n<p>Es conveniente generar un orden al interior del hogar en estrecha coordinaci\u00f3n con los dem\u00e1s miembros de la familia. Es recomendable establecer tiempos para las diferentes actividades hogare\u00f1as como para levantarse, almorzar, cenar y acostarse.<\/p>\n<p>[\/et_pb_blurb][et_pb_blurb use_icon=\u00bbon\u00bb font_icon=\u00bb&#xe00b;||divi||400&#8243; icon_color=\u00bb#af4e57&#8243; icon_placement=\u00bbleft\u00bb image_icon_width=\u00bb40px\u00bb content_max_width=\u00bb820px\u00bb _builder_version=\u00bb4.22.2&#8243; _module_preset=\u00bbdefault\u00bb body_font=\u00bb||||||||\u00bb hover_enabled=\u00bb0&#8243; icon_font_size=\u00bb60px\u00bb global_colors_info=\u00bb{}\u00bb sticky_enabled=\u00bb0&#8243;]<\/p>\n<p>Asimismo, es conveniente tener presente tales horarios en un lugar donde todos los puedan ver y reforzar diariamente esta rutina. Considere adem\u00e1s dentro de este orden el tiempo de uso de dispositivos electr\u00f3nicos. La literatura especializada recomienda no m\u00e1s de dos horas diarias para uso recreativo. Asimismo, se\u00f1ala que cuando las familias establecen medidas de control el tiempo de uso de estos artefactos es efectivamente menor. Sea sistem\u00e1tico en la implementaci\u00f3n de esta estructura. Es muy posible que en un principio sea dif\u00edcil que las personas se organicen con esto. Sin embargo, si se realiza un esfuerzo constante se observar\u00e1n avances en el curso de los d\u00edas.<\/p>\n<p>[\/et_pb_blurb][et_pb_blurb use_icon=\u00bbon\u00bb font_icon=\u00bb&#xe08b;||divi||400&#8243; icon_color=\u00bb#af4e57&#8243; icon_placement=\u00bbleft\u00bb image_icon_width=\u00bb40px\u00bb content_max_width=\u00bb820px\u00bb _builder_version=\u00bb4.22.2&#8243; _module_preset=\u00bbdefault\u00bb body_font=\u00bb||||||||\u00bb hover_enabled=\u00bb0&#8243; icon_font_size=\u00bb60px\u00bb global_colors_info=\u00bb{}\u00bb sticky_enabled=\u00bb0&#8243;]<\/p>\n<p>Es conveniente implementar este ordenamiento de manera cari\u00f1osa y no punitiva. No se trata de establecer un r\u00e9gimen militar que termine estresando a todos m\u00e1s de lo que ya se est\u00e1 fruto de la emergencia. El objetivo de generar un orden es tranquilizar, no alterar m\u00e1s. En esta misma l\u00ednea, procure ser flexible cuando las situaciones as\u00ed lo ameriten.<\/p>\n<p>[\/et_pb_blurb][et_pb_blurb use_icon=\u00bbon\u00bb font_icon=\u00bb&#xe007;||divi||400&#8243; icon_color=\u00bb#af4e57&#8243; icon_placement=\u00bbleft\u00bb image_icon_width=\u00bb40px\u00bb content_max_width=\u00bb820px\u00bb _builder_version=\u00bb4.22.2&#8243; _module_preset=\u00bbdefault\u00bb body_font=\u00bb||||||||\u00bb hover_enabled=\u00bb0&#8243; icon_font_size=\u00bb60px\u00bb global_colors_info=\u00bb{}\u00bb sticky_enabled=\u00bb0&#8243;]<\/p>\n<p>Es importante destacar adem\u00e1s que no se trata de que una vez establecidos los horarios esperemos pasivamente que los m\u00e1s peque\u00f1os los cumplan religiosamente. Se trata de un aprendizaje y por tanto es necesario de acompa\u00f1ar dicho proceso generando las condiciones propicias para que cada actividad se realice en su tiempo y de manera adecuada. As\u00ed por ejemplo, no es posible esperar que los ni\u00f1os se acuesten a la hora acordada si en esos momentos existe mucho ruido o hay mucha luminosidad en casa.<\/p>\n<p>[\/et_pb_blurb][et_pb_blurb use_icon=\u00bbon\u00bb font_icon=\u00bb&#xe104;||divi||400&#8243; icon_color=\u00bb#af4e57&#8243; icon_placement=\u00bbleft\u00bb image_icon_width=\u00bb40px\u00bb content_max_width=\u00bb820px\u00bb _builder_version=\u00bb4.22.2&#8243; _module_preset=\u00bbdefault\u00bb body_font=\u00bb||||||||\u00bb hover_enabled=\u00bb0&#8243; icon_font_size=\u00bb60px\u00bb global_colors_info=\u00bb{}\u00bb sticky_enabled=\u00bb0&#8243;]<\/p>\n<p>Es importante que los adultos avisen de las actividades que se aproximan y que procuren que las condiciones y los elementos necesarios est\u00e9n dispuestos para realizarlas. Por ejemplo, si entre 11 y 12 habr\u00e1 hora de tareas, es recomendable avisar con antelaci\u00f3n que dicho momento se acerca y recordar a los mismos ni\u00f1os la necesidad de que vayan preparando el espacio y que busquen los materiales escolares necesarios.<\/p>\n<p>[\/et_pb_blurb][\/et_pb_column][\/et_pb_row][\/et_pb_section]<\/p>\n","protected":false},"excerpt":{"rendered":"<p>\u00c1rea 2:La p\u00e9rdida de la estructura en nuestra vida \/Descripci\u00f3n \/\u00a0Aunque no nos demos cuenta f\u00e1cilmente, el ambiente ordena nuestros comportamientos, estructurando nuestros tiempos y nuestros espacios. Por ejemplo, el trabajo nos impone una hora de llegada y de salida, nuestra vivienda tiene lugares espec\u00edficos para dormir, para alimentarse, para conversar, entre otros. El per\u00edodo [&hellip;]<\/p>\n","protected":false},"author":1,"featured_media":37,"parent":0,"menu_order":0,"comment_status":"closed","ping_status":"closed","template":"","meta":{"_et_pb_use_builder":"on","_et_pb_old_content":"","_et_gb_content_width":"","footnotes":""},"class_list":["post-144","page","type-page","status-publish","has-post-thumbnail","hentry"],"_links":{"self":[{"href":"https:\/\/upla.cl\/canalemocional\/wp-json\/wp\/v2\/pages\/144","targetHints":{"allow":["GET"]}}],"collection":[{"href":"https:\/\/upla.cl\/canalemocional\/wp-json\/wp\/v2\/pages"}],"about":[{"href":"https:\/\/upla.cl\/canalemocional\/wp-json\/wp\/v2\/types\/page"}],"author":[{"embeddable":true,"href":"https:\/\/upla.cl\/canalemocional\/wp-json\/wp\/v2\/users\/1"}],"replies":[{"embeddable":true,"href":"https:\/\/upla.cl\/canalemocional\/wp-json\/wp\/v2\/comments?post=144"}],"version-history":[{"count":8,"href":"https:\/\/upla.cl\/canalemocional\/wp-json\/wp\/v2\/pages\/144\/revisions"}],"predecessor-version":[{"id":817,"href":"https:\/\/upla.cl\/canalemocional\/wp-json\/wp\/v2\/pages\/144\/revisions\/817"}],"wp:featuredmedia":[{"embeddable":true,"href":"https:\/\/upla.cl\/canalemocional\/wp-json\/wp\/v2\/media\/37"}],"wp:attachment":[{"href":"https:\/\/upla.cl\/canalemocional\/wp-json\/wp\/v2\/media?parent=144"}],"curies":[{"name":"wp","href":"https:\/\/api.w.org\/{rel}","templated":true}]}}