{"id":167,"date":"2020-11-06T15:46:19","date_gmt":"2020-11-06T18:46:19","guid":{"rendered":"https:\/\/upla.cl\/canalemocional\/?page_id=167"},"modified":"2023-10-31T11:56:06","modified_gmt":"2023-10-31T14:56:06","slug":"area-4-el-aumento-de-la-proximidad-en-el-grupo-familiar","status":"publish","type":"page","link":"https:\/\/upla.cl\/canalemocional\/area-4-el-aumento-de-la-proximidad-en-el-grupo-familiar\/","title":{"rendered":"\u00c1rea 4: El aumento de la proximidad en el grupo familiar"},"content":{"rendered":"<p>[et_pb_section fb_built=\u00bb1&#8243; _builder_version=\u00bb4.22.2&#8243; _module_preset=\u00bbdefault\u00bb background_image=\u00bbhttps:\/\/upla.cl\/canalemocional\/wp-content\/uploads\/2023\/10\/20231031_areacuatro.png\u00bb custom_margin=\u00bb||||false|false\u00bb custom_padding=\u00bb200px||||false|false\u00bb hover_enabled=\u00bb0&#8243; global_colors_info=\u00bb{}\u00bb theme_builder_area=\u00bbpost_content\u00bb title_text=\u00bb20231031_areacuatro\u00bb sticky_enabled=\u00bb0&#8243;][et_pb_row _builder_version=\u00bb4.21.0&#8243; _module_preset=\u00bbdefault\u00bb custom_margin=\u00bb0px||||false|false\u00bb custom_padding=\u00bb6px||6px||false|false\u00bb border_color_left=\u00bbRGBA(255,255,255,0)\u00bb global_colors_info=\u00bb{}\u00bb theme_builder_area=\u00bbpost_content\u00bb][et_pb_column type=\u00bb4_4&#8243; _builder_version=\u00bb4.21.0&#8243; _module_preset=\u00bbdefault\u00bb border_color_left=\u00bbRGBA(255,255,255,0)\u00bb global_colors_info=\u00bb{}\u00bb theme_builder_area=\u00bbpost_content\u00bb][et_pb_text disabled_on=\u00bboff|off|off\u00bb _builder_version=\u00bb4.22.2&#8243; _module_preset=\u00bbdefault\u00bb text_font=\u00bb|600|||||||\u00bb text_text_color=\u00bb#FFFFFF\u00bb text_font_size=\u00bb250%\u00bb text_line_height=\u00bb1.2em\u00bb background_layout=\u00bbdark\u00bb min_height=\u00bb224px\u00bb custom_margin=\u00bb1px||-5px||false|false\u00bb custom_padding=\u00bb|||16px|false|false\u00bb hover_enabled=\u00bb0&#8243; border_width_left=\u00bb2px\u00bb border_color_left=\u00bb#FFFFFF\u00bb global_colors_info=\u00bb{}\u00bb theme_builder_area=\u00bbpost_content\u00bb sticky_enabled=\u00bb0&#8243;]<\/p>\n<p>\u00c1rea 4:<br \/>El aumento de la proximidad en el grupo familiar\u00a0 \/<\/p>\n<p>[\/et_pb_text][\/et_pb_column][\/et_pb_row][\/et_pb_section][et_pb_section fb_built=\u00bb1&#8243; admin_label=\u00bbOur Specialties Section\u00bb _builder_version=\u00bb4.16&#8243; custom_padding=\u00bb60px||3px|||\u00bb global_colors_info=\u00bb{}\u00bb][et_pb_row column_structure=\u00bb2_5,3_5&#8243; use_custom_gutter=\u00bbon\u00bb admin_label=\u00bbTitle Area\u00bb _builder_version=\u00bb4.16&#8243; width=\u00bb90%\u00bb max_width=\u00bb2560px\u00bb global_colors_info=\u00bb{}\u00bb][et_pb_column type=\u00bb2_5&#8243; _builder_version=\u00bb4.16&#8243; custom_padding=\u00bb|||\u00bb global_colors_info=\u00bb{}\u00bb custom_padding__hover=\u00bb|||\u00bb][et_pb_text _builder_version=\u00bb4.22.2&#8243; _module_preset=\u00bbdefault\u00bb text_font=\u00bb|600|||||||\u00bb text_text_color=\u00bbRGBA(255,255,255,0)\u00bb header_2_text_align=\u00bbleft\u00bb header_2_text_color=\u00bb#af4e57&#8243; header_3_text_color=\u00bb#af4e57&#8243; custom_padding=\u00bb|||20px|false|false\u00bb hover_enabled=\u00bb0&#8243; global_colors_info=\u00bb{}\u00bb theme_builder_area=\u00bbpost_content\u00bb sticky_enabled=\u00bb0&#8243;]<\/p>\n<h2><strong>Descripci\u00f3n<\/strong> \/<\/h2>\n<p>[\/et_pb_text][et_pb_video src=\u00bbhttps:\/\/www.youtube.com\/watch?v=-B7JA9j27sE\u00bb src_webm=\u00bbhttps:\/\/www.youtube.com\/watch?v=-B7JA9j27sE\u00bb admin_label=\u00bbHerramientas para afrontar las consecuencias emocionales de la pandemia: \u00c1rea 4: Descripci\u00f3n\u00bb _builder_version=\u00bb4.16&#8243; _module_preset=\u00bbdefault\u00bb global_colors_info=\u00bb{}\u00bb][\/et_pb_video][et_pb_testimonial quote_icon_color=\u00bb#AF4E57&#8243; use_icon_font_size=\u00bbon\u00bb icon_font_size=\u00bb50px\u00bb admin_label=\u00bbCita\u00bb _builder_version=\u00bb4.22.2&#8243; _module_preset=\u00bbdefault\u00bb body_font=\u00bb|600|||||||\u00bb body_text_color=\u00bb#AF4E57&#8243; body_font_size=\u00bb33px\u00bb background_color=\u00bb#ffffff\u00bb custom_margin=\u00bb50px|||||\u00bb animation_style=\u00bbfade\u00bb hover_enabled=\u00bb0&#8243; global_colors_info=\u00bb{}\u00bb sticky_enabled=\u00bb0&#8243;]<\/p>\n<p>\u00abEl amor no es un estado definitivo o final sino un proceso constante y din\u00e1mico que se construye a trav\u00e9s del esfuerzo diario y mutuo con aquellas personas que nos rodean\u00bb.<\/p>\n<p>[\/et_pb_testimonial][\/et_pb_column][et_pb_column type=\u00bb3_5&#8243; _builder_version=\u00bb4.16&#8243; custom_padding=\u00bb|||\u00bb global_colors_info=\u00bb{}\u00bb custom_padding__hover=\u00bb|||\u00bb][et_pb_text admin_label=\u00bbSubtitle\u00bb _builder_version=\u00bb4.22.2&#8243; text_font=\u00bb||||||||\u00bb text_text_color=\u00bb#565656&#8243; text_line_height=\u00bb1.6em\u00bb max_width=\u00bb1000px\u00bb module_alignment=\u00bbcenter\u00bb custom_margin=\u00bb|||215px||\u00bb animation_style=\u00bbslide\u00bb animation_direction=\u00bbtop\u00bb animation_intensity_slide=\u00bb20%\u00bb animation_starting_opacity=\u00bb100%\u00bb hover_enabled=\u00bb0&#8243; global_colors_info=\u00bb{}\u00bb sticky_enabled=\u00bb0&#8243;]<\/p>\n<p>Todos disfrutamos estar cerca de nuestros seres queridos, sin embargo, no estamos acostumbrados a pasar tanto tiempo junto a ellos.<\/p>\n<p>El confinamiento influye en las relaciones familiares, pues fruto de \u00e9ste la frecuencia e intensidad de las interacciones aumentan ostensiblemente. Sin embargo, es razonable suponer que si las relaciones de una familia son nutritivas el encierro no las afectar\u00e1 mayormente e incluso es posible que \u00e9stas se vean fortalecidas. Aunque tambi\u00e9n puede ocurrir lo contrario y que la situaci\u00f3n de encierro influya negativamente, m\u00e1s aun si las relaciones ya estaban deterioradas.<\/p>\n<p>Por otra parte, tampoco es descartable que aquellas relaciones que ven\u00edan mal desde antes del confinamiento salgan favorecidas despu\u00e9s de haber transitado por \u00e9ste. Todo depende de c\u00f3mo se viva el proceso.<\/p>\n<p>El estado general de alarma que estamos viviendo, las diversas restricciones impuestas sobre nuestro comportamiento y el aumento en la frecuencia de las interacciones familiares son factores que evidentemente propician el surgimiento de tensi\u00f3n.<\/p>\n<p>Es sabido que el incremento de tensi\u00f3n en un grupo termina exacerbando los rasgos m\u00e1s problem\u00e1ticos de personalidad como el autoritarismo, el mal genio, el nerviosismo u otros.<\/p>\n<p>No es extra\u00f1o que bajo estas circunstancias recrudezcan los conflictos familiares, sean de pareja, entre padres e hijos, entre hermanos, u otros, todo lo cual adem\u00e1s puede dar pie a la expresi\u00f3n de patrones de maltrato o violencia.<\/p>\n<p>En la medida que las personas abordan sus diferencias de manera asertiva y emp\u00e1tica, \u00e9stas no solo se resuelven favorablemente sino que incluso las mismas relaciones pueden terminar siendo fortalecidas a largo plazo.<\/p>\n<p>Es fundamental considerar en dicho di\u00e1logo aquellos que nos dicen las emociones, pues \u00e9stas siempre anidan un significado relevante para nosotros. Cabe destacar que se trata de significados que surgen de sensaciones corporales y no del pensamiento o de la actividad intelectiva o reflexiva y, por tanto, se trata de un tipo de conocimiento totalmente alejado de nuestra tradici\u00f3n cultural que la psicolog\u00eda humanista ha venido relevando desde hace casi ochenta a\u00f1os. Un conocimiento que cuando se cultiva conduce necesariamente a mayores niveles de autoconsciencia y compasi\u00f3n.<\/p>\n<p>Es posible afirmar que el amor no es un estado definitivo o final sino un proceso constante y din\u00e1mico que se construye a trav\u00e9s del esfuerzo diario y mutuo con aquellas personas que nos rodean.<\/p>\n<p>[\/et_pb_text][\/et_pb_column][\/et_pb_row][\/et_pb_section][et_pb_section fb_built=\u00bb1&#8243; admin_label=\u00bbOur Specialties Section\u00bb _builder_version=\u00bb4.16&#8243; custom_padding=\u00bb60px||3px|||\u00bb global_colors_info=\u00bb{}\u00bb][et_pb_row column_structure=\u00bb2_5,3_5&#8243; use_custom_gutter=\u00bbon\u00bb admin_label=\u00bbTitle Area\u00bb _builder_version=\u00bb4.16&#8243; width=\u00bb90%\u00bb max_width=\u00bb2560px\u00bb global_colors_info=\u00bb{}\u00bb][et_pb_column type=\u00bb2_5&#8243; _builder_version=\u00bb4.16&#8243; custom_padding=\u00bb|||\u00bb global_colors_info=\u00bb{}\u00bb custom_padding__hover=\u00bb|||\u00bb][et_pb_text _builder_version=\u00bb4.22.2&#8243; _module_preset=\u00bbdefault\u00bb text_font=\u00bb|600|||||||\u00bb text_text_color=\u00bbRGBA(255,255,255,0)\u00bb header_2_text_align=\u00bbleft\u00bb header_2_text_color=\u00bb#af4e57&#8243; header_3_text_color=\u00bb#af4e57&#8243; custom_padding=\u00bb|||20px|false|false\u00bb hover_enabled=\u00bb0&#8243; global_colors_info=\u00bb{}\u00bb theme_builder_area=\u00bbpost_content\u00bb sticky_enabled=\u00bb0&#8243;]<\/p>\n<h2><strong>Consecuencias<\/strong>\u00a0\/<\/h2>\n<p>[\/et_pb_text][et_pb_video src=\u00bbhttps:\/\/www.youtube.com\/watch?v=Sa_U2hdCX2o\u00bb src_webm=\u00bbhttps:\/\/www.youtube.com\/watch?v=Sa_U2hdCX2o\u00bb admin_label=\u00bbHerramientas para afrontar las consecuencias emocionales de la pandemia: \u00c1rea 4: Consecuencias\u00bb _builder_version=\u00bb4.16&#8243; _module_preset=\u00bbdefault\u00bb global_colors_info=\u00bb{}\u00bb][\/et_pb_video][\/et_pb_column][et_pb_column type=\u00bb3_5&#8243; _builder_version=\u00bb4.16&#8243; custom_padding=\u00bb|||\u00bb global_colors_info=\u00bb{}\u00bb custom_padding__hover=\u00bb|||\u00bb][et_pb_text _builder_version=\u00bb4.22.2&#8243; _module_preset=\u00bbdefault\u00bb text_font=\u00bb|600|||||||\u00bb text_text_color=\u00bbRGBA(255,255,255,0)\u00bb header_2_text_align=\u00bbleft\u00bb header_2_text_color=\u00bb#af4e57&#8243; header_3_text_color=\u00bb#af4e57&#8243; custom_padding=\u00bb|||20px|false|false\u00bb hover_enabled=\u00bb0&#8243; global_colors_info=\u00bb{}\u00bb theme_builder_area=\u00bbpost_content\u00bb sticky_enabled=\u00bb0&#8243;]<\/p>\n<h2><strong>\u00bfQu\u00e9 puedo hacer si estoy en esta situaci\u00f3n?<\/strong>\u00a0\/<\/h2>\n<p>[\/et_pb_text][et_pb_text admin_label=\u00bbSubtitle\u00bb _builder_version=\u00bb4.22.2&#8243; text_font=\u00bb||||||||\u00bb text_text_color=\u00bb#565656&#8243; text_line_height=\u00bb1.6em\u00bb max_width=\u00bb1000px\u00bb module_alignment=\u00bbcenter\u00bb custom_margin=\u00bb|||215px||\u00bb animation_style=\u00bbslide\u00bb animation_direction=\u00bbtop\u00bb animation_intensity_slide=\u00bb20%\u00bb animation_starting_opacity=\u00bb100%\u00bb hover_enabled=\u00bb0&#8243; global_colors_info=\u00bb{}\u00bb sticky_enabled=\u00bb0&#8243;]<\/p>\n<p>Estos problemas de fricci\u00f3n en la familia se explican por el aumento de contacto interpersonal fruto del confinamiento, y por tanto, es absurdo buscar responsables al interior de \u00e9sta.<\/p>\n<p>Aunque no lo hayamos notado, las relaciones humanas en general son dif\u00edciles. Est\u00e1n llenas de impurezas y escollos, sin embargo, estas dificultades se hacen a\u00fan m\u00e1s complejas por el hecho de estar encerrados. Es necesario hacer un esfuerzo adicional para mantener la calma y abordar los conflictos con serenidad.<\/p>\n<p>El cultivo de estados mentales como la autoconsciencia, el amor o la compasi\u00f3n, constituyen un nicho inter\u00e9s creciente en la psicolog\u00eda contempor\u00e1nea.<\/p>\n<p>Las emociones est\u00e1n \u00edntimamente ligadas al cuerpo, experiment\u00e1ndose como sensaciones de manera consciente o no consciente. Las emociones son estados mentales muy tangibles y, por tanto, una forma viable de despojarnos de la tensi\u00f3n es a trav\u00e9s del mismo cuerpo. En este sentido, resulta recomendable realizar actividades f\u00edsicas como ejercicio o bailar, o en el caso de no tener suficiente espacio, realizar actividades que exijan menos despliegue pero que igual involucren actividad corporal, como los trabajos manuales propios de una casa, o bien, canalizar la energ\u00eda a trav\u00e9s de la actividad expresiva como dibujar, pintar, cantar u otros.<\/p>\n<p>El comportamiento debe tener un l\u00edmite claro cuando los derechos de otras personas son vulnerados. En caso de que se produzcan problemas de violencia hay que realizar las denuncias respectivas inmediatamente.<\/p>\n<p>[\/et_pb_text][\/et_pb_column][\/et_pb_row][et_pb_row _builder_version=\u00bb4.16&#8243; _module_preset=\u00bbdefault\u00bb global_colors_info=\u00bb{}\u00bb][et_pb_column type=\u00bb4_4&#8243; _builder_version=\u00bb4.16&#8243; _module_preset=\u00bbdefault\u00bb global_colors_info=\u00bb{}\u00bb][et_pb_text _builder_version=\u00bb4.22.2&#8243; _module_preset=\u00bbdefault\u00bb text_font=\u00bb|600|||||||\u00bb text_text_color=\u00bbRGBA(255,255,255,0)\u00bb header_2_text_align=\u00bbleft\u00bb header_2_text_color=\u00bb#af4e57&#8243; header_3_text_color=\u00bb#af4e57&#8243; custom_padding=\u00bb|||20px|false|false\u00bb hover_enabled=\u00bb0&#8243; global_colors_info=\u00bb{}\u00bb theme_builder_area=\u00bbpost_content\u00bb sticky_enabled=\u00bb0&#8243;]<\/p>\n<h2 style=\"text-align: center;\"><strong>\u00bfC\u00f3mo afecta esta situaci\u00f3n a las ni\u00f1as y los ni\u00f1os?<\/strong>\u00a0\/<\/h2>\n<p>[\/et_pb_text][et_pb_text admin_label=\u00bbSubtitle\u00bb _builder_version=\u00bb4.22.2&#8243; text_font=\u00bb||||||||\u00bb text_text_color=\u00bb#565656&#8243; text_line_height=\u00bb1.6em\u00bb max_width=\u00bb1000px\u00bb module_alignment=\u00bbcenter\u00bb custom_margin=\u00bb|||215px||\u00bb animation_style=\u00bbslide\u00bb animation_direction=\u00bbtop\u00bb animation_intensity_slide=\u00bb20%\u00bb animation_starting_opacity=\u00bb100%\u00bb hover_enabled=\u00bb0&#8243; global_colors_info=\u00bb{}\u00bb sticky_enabled=\u00bb0&#8243;]<\/p>\n<p>Las emociones de las y los ni\u00f1os son absolutamente influenciables por los contextos relaciones en los cuales se desarrollan. De tal forma que, si al interior de la familia existe una buena relaci\u00f3n muy probablemente ellas y ellos estar\u00e1n bien.<\/p>\n<p>Dado que el confinamiento puede afectar negativamente las relaciones, es posible que ellas y ellos puedan volverse oposicionistas, sensibles e irritables, lo cual puede alterar m\u00e1s de la cuenta a los adultos. Asimismo, dado que la autonom\u00eda de los ni\u00f1os se encuentra en pleno desarrollo, la presencia de los adultos en casa tiende a revertir las din\u00e1micas que en dicha direcci\u00f3n son fomentadas regularmente a trav\u00e9s de su asistencia a los jardines y escuelas, propiciando durante el encierro un comportamiento particularmente demandante y apegado.<\/p>\n<p>Las y los ni\u00f1os suelen buscar diversi\u00f3n y novedad lo cual suele verse muy restringido por el confinamiento. Por lo mismo, el uso de aparatos electr\u00f3nicos puede aumentar abruptamente por lo que es recomendable dosificar su uso. Bajo estas circunstancias, el aburrimiento surge reiteradamente durante el encierro, activando constantemente quejas y demandas de los m\u00e1s peque\u00f1os para que los entretengan.<\/p>\n<p>Es necesario comprender que el aburrimiento es m\u00e1s una oportunidad que un problema, puesto que dicho estado tiende a movilizar recursos internos como la creatividad y la exploraci\u00f3n, y por tanto, los esfuerzos por satisfacer tales demandas por parte de los adultos resultan ser m\u00e1s un obst\u00e1culo que un beneficio para el desarrollo cognitivo de ni\u00f1as y ni\u00f1os. Es m\u00e1s, en la medida que se responde de manera autom\u00e1tica y complaciente ante tales demandas se impide una de las habilidades emocionales m\u00e1s importantes para la vida, cual es el manejo de la frustraci\u00f3n.<\/p>\n<p>[\/et_pb_text][\/et_pb_column][\/et_pb_row][\/et_pb_section][et_pb_section fb_built=\u00bb1&#8243; _builder_version=\u00bb4.16&#8243; _module_preset=\u00bbdefault\u00bb global_colors_info=\u00bb{}\u00bb][et_pb_row column_structure=\u00bb2_5,3_5&#8243; use_custom_gutter=\u00bbon\u00bb admin_label=\u00bbTitle Area\u00bb _builder_version=\u00bb4.16&#8243; width=\u00bb90%\u00bb max_width=\u00bb2560px\u00bb global_colors_info=\u00bb{}\u00bb][et_pb_column type=\u00bb2_5&#8243; _builder_version=\u00bb4.16&#8243; custom_padding=\u00bb|||\u00bb global_colors_info=\u00bb{}\u00bb custom_padding__hover=\u00bb|||\u00bb][et_pb_text _builder_version=\u00bb4.22.2&#8243; _module_preset=\u00bbdefault\u00bb text_font=\u00bb|600|||||||\u00bb text_text_color=\u00bbRGBA(255,255,255,0)\u00bb header_2_text_align=\u00bbleft\u00bb header_2_text_color=\u00bb#af4e57&#8243; header_3_text_color=\u00bb#af4e57&#8243; custom_padding=\u00bb|||20px|false|false\u00bb hover_enabled=\u00bb0&#8243; global_colors_info=\u00bb{}\u00bb theme_builder_area=\u00bbpost_content\u00bb sticky_enabled=\u00bb0&#8243;]<\/p>\n<h2><strong>Orientaciones<\/strong>\u00a0\/<\/h2>\n<p>[\/et_pb_text][et_pb_video src=\u00bbhttps:\/\/www.youtube.com\/watch?v=vlvr2uxmrUM\u00bb src_webm=\u00bbhttps:\/\/www.youtube.com\/watch?v=vlvr2uxmrUM\u00bb admin_label=\u00bbHerramientas para afrontar las consecuencias emocionales de la pandemia: \u00c1rea 4: Orientaci\u00f3n\u00bb _builder_version=\u00bb4.16&#8243; _module_preset=\u00bbdefault\u00bb global_colors_info=\u00bb{}\u00bb][\/et_pb_video][\/et_pb_column][et_pb_column type=\u00bb3_5&#8243; _builder_version=\u00bb4.16&#8243; custom_padding=\u00bb|||\u00bb global_colors_info=\u00bb{}\u00bb custom_padding__hover=\u00bb|||\u00bb][et_pb_text _builder_version=\u00bb4.22.2&#8243; _module_preset=\u00bbdefault\u00bb text_font=\u00bb|600|||||||\u00bb text_text_color=\u00bbRGBA(255,255,255,0)\u00bb header_2_text_align=\u00bbleft\u00bb header_2_text_color=\u00bb#af4e57&#8243; header_3_text_color=\u00bb#af4e57&#8243; custom_padding=\u00bb|||20px|false|false\u00bb hover_enabled=\u00bb0&#8243; global_colors_info=\u00bb{}\u00bb theme_builder_area=\u00bbpost_content\u00bb sticky_enabled=\u00bb0&#8243;]<\/p>\n<h2><strong>\u00bfQu\u00e9 podemos hacer por las ni\u00f1as y los ni\u00f1os?<\/strong>\u00a0\/<\/h2>\n<p>[\/et_pb_text][et_pb_blurb use_icon=\u00bbon\u00bb font_icon=\u00bb&#xe08b;||divi||400&#8243; icon_color=\u00bb#AF4E57&#8243; icon_placement=\u00bbleft\u00bb image_icon_width=\u00bb40px\u00bb content_max_width=\u00bb820px\u00bb _builder_version=\u00bb4.22.2&#8243; _module_preset=\u00bbdefault\u00bb body_font=\u00bb||||||||\u00bb hover_enabled=\u00bb0&#8243; icon_font_size=\u00bb60px\u00bb global_colors_info=\u00bb{}\u00bb sticky_enabled=\u00bb0&#8243;]<\/p>\n<p>Lo m\u00e1s importante es realizar un esfuerzo por abordar los conflictos entre adultos de manera privada o, si se hace abiertamente, tener especial cuidado de hacerlo de buena forma.<\/p>\n<p>[\/et_pb_blurb][et_pb_blurb use_icon=\u00bbon\u00bb font_icon=\u00bb&#xe0f9;||divi||400&#8243; icon_color=\u00bb#AF4E57&#8243; icon_placement=\u00bbleft\u00bb image_icon_width=\u00bb40px\u00bb content_max_width=\u00bb820px\u00bb _builder_version=\u00bb4.22.2&#8243; _module_preset=\u00bbdefault\u00bb body_font=\u00bb||||||||\u00bb hover_enabled=\u00bb0&#8243; icon_font_size=\u00bb60px\u00bb global_colors_info=\u00bb{}\u00bb sticky_enabled=\u00bb0&#8243;]<\/p>\n<p>Se sugiere descargar tensiones con actividades de descarga de energ\u00eda f\u00edsica: es absolutamente recomendable incorporar a toda la familia para hacer ejercicios, jugar y bailar, as\u00ed como tambi\u00e9n en actividades hogare\u00f1as como cocinar, jardiner\u00eda, huerta u otras manualidades. Dese el tiempo para hacerlo. Defina uno o dos horarios de treinta minutos semanales cada vez. Mant\u00e9ngase firme en ese tiempo. Luego de realizarlas estimule a que ellos sigan por su cuenta en dichas actividades. Sin dispositivos electr\u00f3nicos. Una cosa importante: no los obligue a nada, ofr\u00e9zcale alternativas.<\/p>\n<p>[\/et_pb_blurb][et_pb_blurb use_icon=\u00bbon\u00bb font_icon=\u00bb&#xe08a;||divi||400&#8243; icon_color=\u00bb#AF4E57&#8243; icon_placement=\u00bbleft\u00bb image_icon_width=\u00bb40px\u00bb content_max_width=\u00bb820px\u00bb _builder_version=\u00bb4.22.2&#8243; _module_preset=\u00bbdefault\u00bb body_font=\u00bb||||||||\u00bb hover_enabled=\u00bb0&#8243; icon_font_size=\u00bb60px\u00bb global_colors_info=\u00bb{}\u00bb sticky_enabled=\u00bb0&#8243;]<\/p>\n<p>Finalmente, otra recomendaci\u00f3n: medite e invite a los ni\u00f1os a hacerlo con usted. Existen diversos tutoriales en internet. La meditaci\u00f3n es lejos una de las pr\u00e1cticas m\u00e1s recomendadas hoy en d\u00eda sobre cuyos efectos positivos para el bienestar existe una enorme evidencia emp\u00edrica. Esta recomendaci\u00f3n es particularmente pertinente para los d\u00edas que vivimos puesto que se ha visto que esta pr\u00e1ctica influye favorablemente sobre nuestro sistema inmunol\u00f3gico, constituyendo un poderoso escudo para hacer frente a las enfermedades.<\/p>\n<p>[\/et_pb_blurb][\/et_pb_column][\/et_pb_row][\/et_pb_section]<\/p>\n","protected":false},"excerpt":{"rendered":"<p>\u00c1rea 4:El aumento de la proximidad en el grupo familiar\u00a0 \/Descripci\u00f3n \/\u00bbEl amor no es un estado definitivo o final sino un proceso constante y din\u00e1mico que se construye a trav\u00e9s del esfuerzo diario y mutuo con aquellas personas que nos rodean\u00bb.Todos disfrutamos estar cerca de nuestros seres queridos, sin embargo, no estamos acostumbrados a [&hellip;]<\/p>\n","protected":false},"author":1,"featured_media":39,"parent":0,"menu_order":0,"comment_status":"closed","ping_status":"closed","template":"","meta":{"_et_pb_use_builder":"on","_et_pb_old_content":"","_et_gb_content_width":"","footnotes":""},"class_list":["post-167","page","type-page","status-publish","has-post-thumbnail","hentry"],"_links":{"self":[{"href":"https:\/\/upla.cl\/canalemocional\/wp-json\/wp\/v2\/pages\/167","targetHints":{"allow":["GET"]}}],"collection":[{"href":"https:\/\/upla.cl\/canalemocional\/wp-json\/wp\/v2\/pages"}],"about":[{"href":"https:\/\/upla.cl\/canalemocional\/wp-json\/wp\/v2\/types\/page"}],"author":[{"embeddable":true,"href":"https:\/\/upla.cl\/canalemocional\/wp-json\/wp\/v2\/users\/1"}],"replies":[{"embeddable":true,"href":"https:\/\/upla.cl\/canalemocional\/wp-json\/wp\/v2\/comments?post=167"}],"version-history":[{"count":6,"href":"https:\/\/upla.cl\/canalemocional\/wp-json\/wp\/v2\/pages\/167\/revisions"}],"predecessor-version":[{"id":832,"href":"https:\/\/upla.cl\/canalemocional\/wp-json\/wp\/v2\/pages\/167\/revisions\/832"}],"wp:featuredmedia":[{"embeddable":true,"href":"https:\/\/upla.cl\/canalemocional\/wp-json\/wp\/v2\/media\/39"}],"wp:attachment":[{"href":"https:\/\/upla.cl\/canalemocional\/wp-json\/wp\/v2\/media?parent=167"}],"curies":[{"name":"wp","href":"https:\/\/api.w.org\/{rel}","templated":true}]}}