{"id":183,"date":"2020-11-06T16:02:14","date_gmt":"2020-11-06T19:02:14","guid":{"rendered":"https:\/\/upla.cl\/canalemocional\/?page_id=183"},"modified":"2023-10-31T12:12:34","modified_gmt":"2023-10-31T15:12:34","slug":"area-5-disminucion-de-espacios-novedosos-y-recreativos","status":"publish","type":"page","link":"https:\/\/upla.cl\/canalemocional\/area-5-disminucion-de-espacios-novedosos-y-recreativos\/","title":{"rendered":"\u00c1rea 5: Disminuci\u00f3n de espacios novedosos y recreativos"},"content":{"rendered":"<p>[et_pb_section fb_built=\u00bb1&#8243; _builder_version=\u00bb4.22.2&#8243; _module_preset=\u00bbdefault\u00bb background_image=\u00bbhttps:\/\/upla.cl\/canalemocional\/wp-content\/uploads\/2023\/10\/20231031_areacinco.png\u00bb custom_margin=\u00bb||||false|false\u00bb custom_padding=\u00bb200px||||false|false\u00bb hover_enabled=\u00bb0&#8243; global_colors_info=\u00bb{}\u00bb theme_builder_area=\u00bbpost_content\u00bb title_text=\u00bb20231031_areacinco\u00bb sticky_enabled=\u00bb0&#8243;][et_pb_row _builder_version=\u00bb4.21.0&#8243; _module_preset=\u00bbdefault\u00bb custom_margin=\u00bb0px||||false|false\u00bb custom_padding=\u00bb6px||6px||false|false\u00bb border_color_left=\u00bbRGBA(255,255,255,0)\u00bb global_colors_info=\u00bb{}\u00bb theme_builder_area=\u00bbpost_content\u00bb][et_pb_column type=\u00bb4_4&#8243; _builder_version=\u00bb4.21.0&#8243; _module_preset=\u00bbdefault\u00bb border_color_left=\u00bbRGBA(255,255,255,0)\u00bb global_colors_info=\u00bb{}\u00bb theme_builder_area=\u00bbpost_content\u00bb][et_pb_text disabled_on=\u00bboff|off|off\u00bb _builder_version=\u00bb4.22.2&#8243; _module_preset=\u00bbdefault\u00bb text_font=\u00bb|600|||||||\u00bb text_text_color=\u00bb#FFFFFF\u00bb text_font_size=\u00bb250%\u00bb text_line_height=\u00bb1.2em\u00bb background_layout=\u00bbdark\u00bb min_height=\u00bb224px\u00bb custom_margin=\u00bb1px||-5px||false|false\u00bb custom_padding=\u00bb|||16px|false|false\u00bb hover_enabled=\u00bb0&#8243; border_width_left=\u00bb2px\u00bb border_color_left=\u00bb#FFFFFF\u00bb global_colors_info=\u00bb{}\u00bb theme_builder_area=\u00bbpost_content\u00bb sticky_enabled=\u00bb0&#8243;]<\/p>\n<p>\u00c1rea 5:<br \/>Disminuci\u00f3n de los espacios novedosos y recreativos\/<\/p>\n<p>[\/et_pb_text][\/et_pb_column][\/et_pb_row][\/et_pb_section][et_pb_section fb_built=\u00bb1&#8243; admin_label=\u00bbOur Specialties Section\u00bb _builder_version=\u00bb4.16&#8243; custom_padding=\u00bb60px||3px|||\u00bb global_colors_info=\u00bb{}\u00bb][et_pb_row column_structure=\u00bb2_5,3_5&#8243; use_custom_gutter=\u00bbon\u00bb admin_label=\u00bbTitle Area\u00bb _builder_version=\u00bb4.16&#8243; width=\u00bb90%\u00bb max_width=\u00bb2560px\u00bb global_colors_info=\u00bb{}\u00bb][et_pb_column type=\u00bb2_5&#8243; _builder_version=\u00bb4.16&#8243; custom_padding=\u00bb|||\u00bb global_colors_info=\u00bb{}\u00bb custom_padding__hover=\u00bb|||\u00bb][et_pb_text _builder_version=\u00bb4.22.2&#8243; _module_preset=\u00bbdefault\u00bb text_font=\u00bb|600|||||||\u00bb text_text_color=\u00bbRGBA(255,255,255,0)\u00bb header_2_text_align=\u00bbleft\u00bb header_2_text_color=\u00bb#af4e57&#8243; header_3_text_color=\u00bb#af4e57&#8243; custom_padding=\u00bb|||20px|false|false\u00bb hover_enabled=\u00bb0&#8243; global_colors_info=\u00bb{}\u00bb theme_builder_area=\u00bbpost_content\u00bb sticky_enabled=\u00bb0&#8243;]<\/p>\n<h2><strong>Descripci\u00f3n<\/strong> \/<\/h2>\n<p>[\/et_pb_text][et_pb_video src=\u00bbhttps:\/\/www.youtube.com\/watch?v=x7brOy6T0fs\u00bb src_webm=\u00bbhttps:\/\/www.youtube.com\/watch?v=x7brOy6T0fs\u00bb admin_label=\u00bbHerramientas para afrontar las consecuencias emocionales de la pandemia: \u00c1rea 5: Descripci\u00f3n\u00bb _builder_version=\u00bb4.16&#8243; _module_preset=\u00bbdefault\u00bb global_colors_info=\u00bb{}\u00bb][\/et_pb_video][\/et_pb_column][et_pb_column type=\u00bb3_5&#8243; _builder_version=\u00bb4.16&#8243; custom_padding=\u00bb|||\u00bb global_colors_info=\u00bb{}\u00bb custom_padding__hover=\u00bb|||\u00bb][et_pb_text admin_label=\u00bbSubtitle\u00bb _builder_version=\u00bb4.22.2&#8243; text_font=\u00bb||||||||\u00bb text_text_color=\u00bb#565656&#8243; text_line_height=\u00bb1.6em\u00bb max_width=\u00bb1000px\u00bb module_alignment=\u00bbcenter\u00bb custom_margin=\u00bb|||215px||\u00bb animation_style=\u00bbslide\u00bb animation_direction=\u00bbtop\u00bb animation_intensity_slide=\u00bb20%\u00bb animation_starting_opacity=\u00bb100%\u00bb hover_enabled=\u00bb0&#8243; global_colors_info=\u00bb{}\u00bb sticky_enabled=\u00bb0&#8243;]<\/p>\n<p>El juego y la exploraci\u00f3n son caracter\u00edsticas protot\u00edpicas de la ni\u00f1ez. Ambas son parte fundamental de esta etapa fomentando el desarrollo y el aprendizaje. Los ni\u00f1os y las ni\u00f1as juegan sin cesar y lo hacen por placer. Se trata de una actividad que consume gran parte de su energ\u00eda y que va en aumento progresivo hasta los diez a\u00f1os aproximadamente. Mientras la seguridad constituye una necesidad para ellos, es posible se\u00f1alar que el juego es una de las principales motivaciones durante esta etapa de la vida. Por otra parte, el juego cumple una funci\u00f3n fundamental para el desarrollo pues a trav\u00e9s de \u00e9ste las y los ni\u00f1os desarrollan una serie de competencias que posteriormente ser\u00e1n utilizadas en la adultez.<\/p>\n<p>Tanto la exploraci\u00f3n como el juego est\u00e1n \u00edntimamente relacionadas con la inteligencia. Sin embargo, debido a la pandemia, los espacios de esparcimiento donde las y los ni\u00f1os pueden jugar diariamente se han visto severamente limitados. Asimismo, las posibilidades de interacci\u00f3n con sus compa\u00f1eros de juego tambi\u00e9n han sufrido una fuerte restricci\u00f3n.<\/p>\n<p>[\/et_pb_text][\/et_pb_column][\/et_pb_row][et_pb_row _builder_version=\u00bb4.16&#8243; _module_preset=\u00bbdefault\u00bb global_colors_info=\u00bb{}\u00bb][et_pb_column type=\u00bb4_4&#8243; _builder_version=\u00bb4.16&#8243; _module_preset=\u00bbdefault\u00bb global_colors_info=\u00bb{}\u00bb][et_pb_testimonial quote_icon_color=\u00bb#AF4E57&#8243; use_icon_font_size=\u00bbon\u00bb icon_font_size=\u00bb50px\u00bb admin_label=\u00bbCita\u00bb _builder_version=\u00bb4.22.2&#8243; _module_preset=\u00bbdefault\u00bb body_font=\u00bb|600|||||||\u00bb body_text_color=\u00bb#AF4E57&#8243; body_font_size=\u00bb33px\u00bb background_color=\u00bb#ffffff\u00bb text_orientation=\u00bbcenter\u00bb custom_margin=\u00bb50px|||||\u00bb animation_style=\u00bbfade\u00bb hover_enabled=\u00bb0&#8243; global_colors_info=\u00bb{}\u00bb sticky_enabled=\u00bb0&#8243;]<\/p>\n<p>\u00abTanto la exploraci\u00f3n como el juego est\u00e1n \u00edntimamente relacionadas con la inteligencia. Sin embargo, debido a la pandemia, los espacios de esparcimiento donde las y los ni\u00f1os pueden jugar diariamente se han visto severamente limitados.\u00bb.<\/p>\n<p>[\/et_pb_testimonial][\/et_pb_column][\/et_pb_row][\/et_pb_section][et_pb_section fb_built=\u00bb1&#8243; admin_label=\u00bbOur Specialties Section\u00bb _builder_version=\u00bb4.16&#8243; custom_padding=\u00bb60px||3px|||\u00bb global_colors_info=\u00bb{}\u00bb][et_pb_row column_structure=\u00bb2_5,3_5&#8243; use_custom_gutter=\u00bbon\u00bb admin_label=\u00bbTitle Area\u00bb _builder_version=\u00bb4.16&#8243; width=\u00bb90%\u00bb max_width=\u00bb2560px\u00bb global_colors_info=\u00bb{}\u00bb][et_pb_column type=\u00bb2_5&#8243; _builder_version=\u00bb4.16&#8243; custom_padding=\u00bb|||\u00bb global_colors_info=\u00bb{}\u00bb custom_padding__hover=\u00bb|||\u00bb][et_pb_text _builder_version=\u00bb4.22.2&#8243; _module_preset=\u00bbdefault\u00bb text_font=\u00bb|600|||||||\u00bb text_text_color=\u00bbRGBA(255,255,255,0)\u00bb header_2_text_align=\u00bbleft\u00bb header_2_text_color=\u00bb#af4e57&#8243; header_3_text_color=\u00bb#af4e57&#8243; custom_padding=\u00bb|||20px|false|false\u00bb hover_enabled=\u00bb0&#8243; global_colors_info=\u00bb{}\u00bb theme_builder_area=\u00bbpost_content\u00bb sticky_enabled=\u00bb0&#8243;]<\/p>\n<h2><strong>Consecuencias<\/strong>\u00a0\/<\/h2>\n<p>[\/et_pb_text][et_pb_video src=\u00bbhttps:\/\/www.youtube.com\/watch?v=xgrgB-Pk_6Y\u00bb src_webm=\u00bbhttps:\/\/www.youtube.com\/watch?v=xgrgB-Pk_6Y\u00bb admin_label=\u00bbHerramientas para afrontar las consecuencias emocionales de la pandemia: \u00c1rea 5: Efectos\u00bb _builder_version=\u00bb4.16&#8243; _module_preset=\u00bbdefault\u00bb global_colors_info=\u00bb{}\u00bb][\/et_pb_video][\/et_pb_column][et_pb_column type=\u00bb3_5&#8243; _builder_version=\u00bb4.16&#8243; custom_padding=\u00bb|||\u00bb global_colors_info=\u00bb{}\u00bb custom_padding__hover=\u00bb|||\u00bb][et_pb_text _builder_version=\u00bb4.22.2&#8243; _module_preset=\u00bbdefault\u00bb text_font=\u00bb|600|||||||\u00bb text_text_color=\u00bbRGBA(255,255,255,0)\u00bb header_2_text_align=\u00bbleft\u00bb header_2_text_color=\u00bb#af4e57&#8243; header_3_text_color=\u00bb#af4e57&#8243; custom_padding=\u00bb|||20px|false|false\u00bb hover_enabled=\u00bb0&#8243; global_colors_info=\u00bb{}\u00bb theme_builder_area=\u00bbpost_content\u00bb sticky_enabled=\u00bb0&#8243;]<\/p>\n<h2><strong>\u00bfC\u00f3mo afecta esto a mis hijos?<\/strong>\u00a0\/<\/h2>\n<p>[\/et_pb_text][et_pb_text admin_label=\u00bbSubtitle\u00bb _builder_version=\u00bb4.22.2&#8243; text_font=\u00bb||||||||\u00bb text_text_color=\u00bb#565656&#8243; text_line_height=\u00bb1.6em\u00bb max_width=\u00bb1000px\u00bb module_alignment=\u00bbcenter\u00bb custom_margin=\u00bb|||215px||\u00bb animation_style=\u00bbslide\u00bb animation_direction=\u00bbtop\u00bb animation_intensity_slide=\u00bb20%\u00bb animation_starting_opacity=\u00bb100%\u00bb hover_enabled=\u00bb0&#8243; global_colors_info=\u00bb{}\u00bb sticky_enabled=\u00bb0&#8243;]<\/p>\n<p>Esta situaci\u00f3n suele provocar una profunda frustraci\u00f3n y sensaciones de aburrimiento, lo cual se traduce en comportamientos como demandas persistentes para que los entretengan, quejas por sentirse aburridos y solicitudes por realizar actividades que son imposibles debido a la situaci\u00f3n de emergencia sanitaria en que vivimos.<\/p>\n<p>Obviamente, todos estos comportamientos suelen afectar negativamente a los adultos los cuales, por otra parte, siguen sometidos a sus demandas laborales. Toda esta situaci\u00f3n, puede llegar a provocar un impacto negativo en la convivencia familiar.<\/p>\n<p>[\/et_pb_text][\/et_pb_column][\/et_pb_row][\/et_pb_section][et_pb_section fb_built=\u00bb1&#8243; _builder_version=\u00bb4.16&#8243; _module_preset=\u00bbdefault\u00bb global_colors_info=\u00bb{}\u00bb][et_pb_row column_structure=\u00bb2_5,3_5&#8243; use_custom_gutter=\u00bbon\u00bb admin_label=\u00bbTitle Area\u00bb _builder_version=\u00bb4.16&#8243; width=\u00bb90%\u00bb max_width=\u00bb2560px\u00bb global_colors_info=\u00bb{}\u00bb][et_pb_column type=\u00bb2_5&#8243; _builder_version=\u00bb4.16&#8243; custom_padding=\u00bb|||\u00bb global_colors_info=\u00bb{}\u00bb custom_padding__hover=\u00bb|||\u00bb][et_pb_text _builder_version=\u00bb4.22.2&#8243; _module_preset=\u00bbdefault\u00bb text_font=\u00bb|600|||||||\u00bb text_text_color=\u00bbRGBA(255,255,255,0)\u00bb header_2_text_align=\u00bbleft\u00bb header_2_text_color=\u00bb#af4e57&#8243; header_3_text_color=\u00bb#af4e57&#8243; custom_padding=\u00bb|||20px|false|false\u00bb hover_enabled=\u00bb0&#8243; global_colors_info=\u00bb{}\u00bb theme_builder_area=\u00bbpost_content\u00bb sticky_enabled=\u00bb0&#8243;]<\/p>\n<h2><strong>Orientaciones<\/strong>\u00a0\/<\/h2>\n<p>[\/et_pb_text][et_pb_video src=\u00bbhttps:\/\/www.youtube.com\/watch?v=PGR9-1Sw2kg\u00bb src_webm=\u00bbhttps:\/\/www.youtube.com\/watch?v=PGR9-1Sw2kg\u00bb admin_label=\u00bbHerramientas para afrontar las consecuencias emocionales de la pandemia: \u00c1rea 5: Orientaci\u00f3n\u00bb _builder_version=\u00bb4.16&#8243; _module_preset=\u00bbdefault\u00bb global_colors_info=\u00bb{}\u00bb][\/et_pb_video][\/et_pb_column][et_pb_column type=\u00bb3_5&#8243; _builder_version=\u00bb4.16&#8243; custom_padding=\u00bb|||\u00bb global_colors_info=\u00bb{}\u00bb custom_padding__hover=\u00bb|||\u00bb][et_pb_text _builder_version=\u00bb4.22.2&#8243; _module_preset=\u00bbdefault\u00bb text_font=\u00bb|600|||||||\u00bb text_text_color=\u00bbRGBA(255,255,255,0)\u00bb header_2_text_align=\u00bbleft\u00bb header_2_text_color=\u00bb#af4e57&#8243; header_3_text_color=\u00bb#af4e57&#8243; custom_padding=\u00bb|||20px|false|false\u00bb hover_enabled=\u00bb0&#8243; global_colors_info=\u00bb{}\u00bb theme_builder_area=\u00bbpost_content\u00bb sticky_enabled=\u00bb0&#8243;]<\/p>\n<h2><strong>\u00bfQu\u00e9 podemos hacer por las ni\u00f1as y los ni\u00f1os?<\/strong>\u00a0\/<\/h2>\n<p>[\/et_pb_text][et_pb_blurb use_icon=\u00bbon\u00bb font_icon=\u00bb&#x2b;||divi||400&#8243; icon_color=\u00bb#AF4E57&#8243; icon_placement=\u00bbleft\u00bb image_icon_width=\u00bb40px\u00bb content_max_width=\u00bb820px\u00bb _builder_version=\u00bb4.22.2&#8243; _module_preset=\u00bbdefault\u00bb body_font=\u00bb||||||||\u00bb hover_enabled=\u00bb0&#8243; icon_font_size=\u00bb60px\u00bb global_colors_info=\u00bb{}\u00bb sticky_enabled=\u00bb0&#8243;]<\/p>\n<p>Es fundamental ponerse en su lugar. Si bien es cierto que muchos especialistas se\u00f1alan que el aburrimiento es un est\u00edmulo para la creatividad o la inteligencia, el nivel de restricciones existentes en estos momentos para los ni\u00f1os es muy alto siendo fundamental que los adultos propicien cambios en el entorno. Empatice con la situaci\u00f3n de los ni\u00f1os. Si bien los adultos pueden llegar a adaptarse al encierro y a las m\u00faltiples restricciones al comportamiento que se han producido fruto de la pandemia, para las y los ni\u00f1os dichas condiciones suelen resultar intolerables. El confinamiento puede llegar a ser vivido como una verdadera c\u00e1rcel para ellos. Recuerde lo importante que fue para usted el juego mientras atraves\u00f3 por la ni\u00f1ez, observe todos los obst\u00e1culos que existen actualmente para jugar y explorar e imagine c\u00f3mo se pueden estar sintiendo los m\u00e1s peque\u00f1os bajo estas condiciones.<\/p>\n<p>[\/et_pb_blurb][et_pb_blurb use_icon=\u00bbon\u00bb font_icon=\u00bb&#xe005;||divi||400&#8243; icon_color=\u00bb#AF4E57&#8243; icon_placement=\u00bbleft\u00bb image_icon_width=\u00bb40px\u00bb content_max_width=\u00bb820px\u00bb _builder_version=\u00bb4.22.2&#8243; _module_preset=\u00bbdefault\u00bb body_font=\u00bb||||||||\u00bb hover_enabled=\u00bb0&#8243; icon_font_size=\u00bb60px\u00bb global_colors_info=\u00bb{}\u00bb sticky_enabled=\u00bb0&#8243;]<\/p>\n<p>Imagine de qu\u00e9 forma es posible generar espacios de diversi\u00f3n y exploraci\u00f3n en el hogar e implemente las condiciones necesarias para que esto sea posible. Incluya dentro de la rutina familiar espacios de juego impl\u00edquese directamente en \u00e9stos pues este tipo de actividades permite adem\u00e1s enriquecer la convivencia familiar. Considere al menos tres d\u00edas de la semana con un espacio de entre veinte y treinta minutos para jugar con las y los ni\u00f1os y con otros miembros de la familia. Privilegie juegos no electr\u00f3nicos, como juegos de sal\u00f3n (ludo, naipes, domin\u00f3, colgado, pictograma), disfraces, rompecabezas, etc. Planifique las actividades de antemano y no las suspenda. Recuerde que son una prioridad para los ni\u00f1os. Tambi\u00e9n, puede propiciar actividades como cocinar, cultivar, dibujar y pintar con ellos y ella.<\/p>\n<p>[\/et_pb_blurb][\/et_pb_column][\/et_pb_row][\/et_pb_section]<\/p>\n","protected":false},"excerpt":{"rendered":"<p>\u00c1rea 5:Disminuci\u00f3n de los espacios novedosos y recreativos\/Descripci\u00f3n \/El juego y la exploraci\u00f3n son caracter\u00edsticas protot\u00edpicas de la ni\u00f1ez. Ambas son parte fundamental de esta etapa fomentando el desarrollo y el aprendizaje. Los ni\u00f1os y las ni\u00f1as juegan sin cesar y lo hacen por placer. Se trata de una actividad que consume gran parte de [&hellip;]<\/p>\n","protected":false},"author":1,"featured_media":40,"parent":0,"menu_order":0,"comment_status":"closed","ping_status":"closed","template":"","meta":{"_et_pb_use_builder":"on","_et_pb_old_content":"","_et_gb_content_width":"","footnotes":""},"class_list":["post-183","page","type-page","status-publish","has-post-thumbnail","hentry"],"_links":{"self":[{"href":"https:\/\/upla.cl\/canalemocional\/wp-json\/wp\/v2\/pages\/183","targetHints":{"allow":["GET"]}}],"collection":[{"href":"https:\/\/upla.cl\/canalemocional\/wp-json\/wp\/v2\/pages"}],"about":[{"href":"https:\/\/upla.cl\/canalemocional\/wp-json\/wp\/v2\/types\/page"}],"author":[{"embeddable":true,"href":"https:\/\/upla.cl\/canalemocional\/wp-json\/wp\/v2\/users\/1"}],"replies":[{"embeddable":true,"href":"https:\/\/upla.cl\/canalemocional\/wp-json\/wp\/v2\/comments?post=183"}],"version-history":[{"count":4,"href":"https:\/\/upla.cl\/canalemocional\/wp-json\/wp\/v2\/pages\/183\/revisions"}],"predecessor-version":[{"id":835,"href":"https:\/\/upla.cl\/canalemocional\/wp-json\/wp\/v2\/pages\/183\/revisions\/835"}],"wp:featuredmedia":[{"embeddable":true,"href":"https:\/\/upla.cl\/canalemocional\/wp-json\/wp\/v2\/media\/40"}],"wp:attachment":[{"href":"https:\/\/upla.cl\/canalemocional\/wp-json\/wp\/v2\/media?parent=183"}],"curies":[{"name":"wp","href":"https:\/\/api.w.org\/{rel}","templated":true}]}}