{"id":105856,"date":"2023-11-29T20:22:05","date_gmt":"2023-11-29T19:22:05","guid":{"rendered":"https:\/\/upla.cl\/facultad\/arte\/?page_id=105856"},"modified":"2025-08-29T17:57:49","modified_gmt":"2025-08-29T21:57:49","slug":"teatro","status":"publish","type":"page","link":"https:\/\/upla.cl\/facultad\/arte\/teatro\/","title":{"rendered":"Teatro"},"content":{"rendered":"<p>[et_pb_section fb_built=\u00bb1&#8243; fullwidth=\u00bbon\u00bb _builder_version=\u00bb4.16&#8243; _module_preset=\u00bbdefault\u00bb global_colors_info=\u00bb{}\u00bb][et_pb_fullwidth_post_title meta=\u00bboff\u00bb featured_placement=\u00bbbackground\u00bb _builder_version=\u00bb4.25.0&#8243; _module_preset=\u00bbdefault\u00bb title_font=\u00bb|700||on|||||\u00bb title_text_color=\u00bb#FFFFFF\u00bb title_font_size=\u00bb30px\u00bb background_color=\u00bb#f29fc5&#8243; background_image=\u00bbhttps:\/\/upla.cl\/facultad\/arte\/wp-content\/uploads\/2023\/11\/teatro-2-1-1.jpeg\u00bb background_position=\u00bbtop_center\u00bb background_blend=\u00bbmultiply\u00bb custom_padding=\u00bb250px||250px||true|false\u00bb title_text_shadow_style=\u00bbpreset2&#8243; global_colors_info=\u00bb{}\u00bb][\/et_pb_fullwidth_post_title][\/et_pb_section][et_pb_section fb_built=\u00bb1&#8243; _builder_version=\u00bb4.16&#8243; _module_preset=\u00bbdefault\u00bb custom_padding=\u00bb50px|0px|0px|0px\u00bb global_colors_info=\u00bb{}\u00bb][et_pb_row column_structure=\u00bb1_2,1_2&#8243; use_custom_gutter=\u00bbon\u00bb _builder_version=\u00bb4.23.1&#8243; _module_preset=\u00bbdefault\u00bb background_color=\u00bb#FFFFFF\u00bb max_width=\u00bb2560px\u00bb min_height=\u00bb427px\u00bb custom_margin=\u00bb-10%||10%||false|false\u00bb custom_margin_tablet=\u00bb-10%||10%||false|false\u00bb custom_margin_phone=\u00bb-150px||||false|false\u00bb custom_margin_last_edited=\u00bbon|phone\u00bb custom_padding=\u00bb20px|0px|50px|0px|false|false\u00bb animation_style=\u00bbslide\u00bb border_radii=\u00bbon|15px|15px|15px|15px\u00bb border_width_top=\u00bb18px\u00bb border_color_top=\u00bb#b10061&#8243; border_style_top=\u00bboutset\u00bb box_shadow_style=\u00bbpreset3&#8243; box_shadow_vertical=\u00bb39px\u00bb box_shadow_blur=\u00bb80px\u00bb global_colors_info=\u00bb{}\u00bb][et_pb_column type=\u00bb1_2&#8243; _builder_version=\u00bb4.22.1&#8243; _module_preset=\u00bbdefault\u00bb global_colors_info=\u00bb{}\u00bb][et_pb_blurb image_icon_background_color=\u00bb#bdc1c9&#8243; image_icon_width=\u00bb19px\u00bb icon_alignment=\u00bbleft\u00bb icon_alignment_tablet=\u00bbleft\u00bb icon_alignment_phone=\u00bbleft\u00bb icon_alignment_last_edited=\u00bbon|desktop\u00bb admin_label=\u00bbperfil del egresado\/a\u00bb _builder_version=\u00bb4.23.1&#8243; _module_preset=\u00bbdefault\u00bb header_level=\u00bbh2&#8243; header_font=\u00bbLato|900|||||||\u00bb header_text_align=\u00bbleft\u00bb header_text_color=\u00bb#004562&#8243; header_font_size=\u00bb25px\u00bb body_font=\u00bbLato|700|||||||\u00bb body_text_align=\u00bbleft\u00bb body_text_color=\u00bb#565656&#8243; body_font_size=\u00bb18px\u00bb body_line_height=\u00bb1.6em\u00bb image_icon_custom_padding=\u00bb25px|25px|25px|25px|true|true\u00bb text_orientation=\u00bbcenter\u00bb custom_margin=\u00bb|||15%|false|false\u00bb custom_margin_tablet=\u00bb|||5%|false|false\u00bb custom_margin_phone=\u00bb|||2%|false|false\u00bb custom_margin_last_edited=\u00bbon|phone\u00bb custom_padding=\u00bb30px||30px|23px|true|false\u00bb animation=\u00bboff\u00bb border_width_left=\u00bb5px\u00bb border_color_left=\u00bb#b10061&#8243; border_color_left_tablet=\u00bb#b10061&#8243; border_color_left_phone=\u00bbRGBA(255,255,255,0)\u00bb border_color_left_last_edited=\u00bbon|phone\u00bb border_radii_image=\u00bbon|100%|100%|100%|100%\u00bb global_colors_info=\u00bb{}\u00bb custom_margin__hover_enabled=\u00bbon|desktop\u00bb custom_margin__hover=\u00bb|||15%|false|false\u00bb]<\/p>\n<p>T\u00edtulo: <strong>Actor o Actriz<\/strong><br \/>Grado Acad\u00e9mico: Licenciado o licenciada en Arte Esc\u00e9nico<br \/>Campus <strong>Valpara\u00edso<\/strong> \/ Carrera Diurna<br \/>Duraci\u00f3n: 10 semestres<br \/>C\u00f3digo: 26097<\/p>\n<p>[\/et_pb_blurb][et_pb_blurb image_icon_background_color=\u00bb#bdc1c9&#8243; image_icon_width=\u00bb19px\u00bb icon_alignment=\u00bbleft\u00bb icon_alignment_tablet=\u00bbleft\u00bb icon_alignment_phone=\u00bbleft\u00bb icon_alignment_last_edited=\u00bbon|desktop\u00bb admin_label=\u00bbperfil del egresado\/a\u00bb _builder_version=\u00bb4.27.4&#8243; _module_preset=\u00bbdefault\u00bb header_level=\u00bbh2&#8243; header_font=\u00bbLato|900|||||||\u00bb header_text_align=\u00bbleft\u00bb header_text_color=\u00bb#004562&#8243; header_font_size=\u00bb25px\u00bb body_font=\u00bbLato||||||||\u00bb body_text_align=\u00bbleft\u00bb body_text_color=\u00bb#565656&#8243; body_line_height=\u00bb1.6em\u00bb image_icon_custom_padding=\u00bb25px|25px|25px|25px|true|true\u00bb text_orientation=\u00bbcenter\u00bb custom_margin=\u00bb-23px|||||\u00bb custom_padding=\u00bb30px|28px||30px|false|false\u00bb animation=\u00bboff\u00bb border_radii_image=\u00bbon|100%|100%|100%|100%\u00bb global_colors_info=\u00bb{}\u00bb]<\/p>\n<h2><strong>Perfil<\/strong><\/h2>\n<p>El\/la egresado\/a de Teatro como participante de la vida cultural de una determinada comunidad es capaz de desarrollar proyectos de obras vinculadas al patrimonio para el desarrollo de la cultura local y nacional. En su funci\u00f3n de producci\u00f3n art\u00edstica crea imaginarios a partir de la noci\u00f3n de memoria como eje entre los lenguajes del arte y el patrimonio. En ese sentido, interpreta enfoques transdisciplinares de la cultura visual con un fuerte sentido de aplicaci\u00f3n en pr\u00e1cticas educativas a trav\u00e9s de la implementaci\u00f3n de proyectos educativos.<\/p>\n<p>A su vez, desde las pr\u00e1cticas y propuestas est\u00e9ticas multiculturales, aplica t\u00e9cnicas de an\u00e1lisis educativo. Como gestor de la cultura, dise\u00f1a y construye proyectos \u00f3pticos y sonoros a trav\u00e9s del lenguaje multimedial utilizando m\u00e9todos indagatorios tecnol\u00f3gicos para establecer v\u00ednculos entre cuerpo, imagen y sonido.<\/p>\n<p>Como profesional del arte esc\u00e9nico produce conocimiento a partir de la teor\u00eda de la imagen multimedial, con el uso de herramientas tecnol\u00f3gicas y metodol\u00f3gicas art\u00edsticas de trabajo narrativo. Para dar cuenta de las competencias fundamentales del arte aplica t\u00e9cnicas de investigaci\u00f3n y producci\u00f3n que vinculen el espacio p\u00fablico con el lenguaje del arte.<\/p>\n<p>[\/et_pb_blurb][\/et_pb_column][et_pb_column type=\u00bb1_2&#8243; _builder_version=\u00bb4.22.1&#8243; _module_preset=\u00bbdefault\u00bb global_colors_info=\u00bb{}\u00bb][et_pb_video src=\u00bbhttps:\/\/youtu.be\/myeOW-zCL8o\u00bb src_webm=\u00bbhttps:\/\/youtu.be\/myeOW-zCL8o\u00bb admin_label=\u00bbPromocional\u00bb _builder_version=\u00bb4.27.4&#8243; _module_preset=\u00bbdefault\u00bb custom_margin=\u00bb||-4px|||\u00bb custom_padding=\u00bb20px|30px|20px|30px|true|true\u00bb global_colors_info=\u00bb{}\u00bb][\/et_pb_video][et_pb_team_member name=\u00bbDirector de carrera\u00bb position=\u00bbAndr\u00e9s Hern\u00e1ndez Hidalgo\u00bb admin_label=\u00bbDirecci\u00f3n de carrera\u00bb _builder_version=\u00bb4.23.1&#8243; _module_preset=\u00bbdefault\u00bb header_text_align=\u00bbcenter\u00bb header_text_color=\u00bb#b10061&#8243; header_font_size=\u00bb20px\u00bb header_line_height=\u00bb0.3em\u00bb body_font=\u00bb||||||||\u00bb body_text_align=\u00bbcenter\u00bb body_text_color=\u00bb#004562&#8243; position_font=\u00bb|600|||||||\u00bb position_text_align=\u00bbcenter\u00bb position_text_color=\u00bb#565656&#8243; position_line_height=\u00bb1.8em\u00bb text_orientation=\u00bbcenter\u00bb width=\u00bb100%\u00bb max_width=\u00bb90%\u00bb max_width_tablet=\u00bb100%\u00bb max_width_phone=\u00bb70%\u00bb max_width_last_edited=\u00bbon|desktop\u00bb module_alignment=\u00bbcenter\u00bb custom_margin=\u00bb||||false|false\u00bb custom_padding=\u00bb10px||||false|false\u00bb header_text_align_tablet=\u00bbcenter\u00bb header_text_align_phone=\u00bbcenter\u00bb header_text_align_last_edited=\u00bbon|phone\u00bb border_color_all_image=\u00bb#004562&#8243; global_colors_info=\u00bb{}\u00bb]<\/p>\n<p><a href=\"mailto:andres.hernandez@upla.cl\" target=\"_blank\" rel=\"noopener\" title=\"andres.hernandez@upla.cl\">andres.hernandez@upla.cl<\/a><\/p>\n<p>[\/et_pb_team_member][et_pb_button button_url=\u00bbhttps:\/\/www.upla.cl\/admision\/carreras-profesionales\/facultad-de-arte\/teatro\/\u00bb url_new_window=\u00bbon\u00bb button_text=\u00bbM\u00e1s informaci\u00f3n de la carrera\u00bb button_alignment=\u00bbleft\u00bb admin_label=\u00bbbot\u00f3n de M\u00e1s informaci\u00f3n &#8211; Admisi\u00f3n\u00bb _builder_version=\u00bb4.23.1&#8243; _module_preset=\u00bbdefault\u00bb custom_button=\u00bbon\u00bb button_text_size=\u00bb16px\u00bb button_text_color=\u00bb#b10061&#8243; button_bg_color=\u00bb#FFFFFF\u00bb button_border_width=\u00bb2px\u00bb button_border_color=\u00bb#b10061&#8243; button_border_radius=\u00bb6px\u00bb button_letter_spacing=\u00bb0px\u00bb button_font=\u00bbLato|700|||||||\u00bb button_icon=\u00bb&#x35;||divi||400&#8243; custom_margin=\u00bb|||30%|false|false\u00bb animation_style=\u00bbzoom\u00bb button_bg_color_last_edited=\u00bboff|tablet\u00bb box_shadow_style=\u00bbpreset3&#8243; box_shadow_color=\u00bbrgba(250,127,40,0.4)\u00bb global_colors_info=\u00bb{}\u00bb button_bg_color__hover_enabled=\u00bbon|desktop\u00bb button_bg_color__hover=\u00bb#b10061&#8243; button_bg_enable_color__hover=\u00bbon\u00bb button_border_color__hover_enabled=\u00bbon|hover\u00bb button_border_color__hover=\u00bbRGBA(255,255,255,0)\u00bb button_text_color__hover_enabled=\u00bbon|hover\u00bb button_text_color__hover=\u00bb#FFFFFF\u00bb][\/et_pb_button][\/et_pb_column][\/et_pb_row][\/et_pb_section][et_pb_section fb_built=\u00bb1&#8243; admin_label=\u00bbBecas y beneficios\u00bb _builder_version=\u00bb4.22.1&#8243; _module_preset=\u00bbdefault\u00bb custom_margin=\u00bb||0px||false|false\u00bb custom_padding=\u00bb50px|0px|0px|0px|false|false\u00bb global_module=\u00bb105880&#8243; saved_tabs=\u00bball\u00bb global_colors_info=\u00bb{}\u00bb][et_pb_row column_structure=\u00bb1_3,1_3,1_3&#8243; use_custom_gutter=\u00bbon\u00bb gutter_width=\u00bb1.2&#8243; custom_padding_last_edited=\u00bbon|phone\u00bb _builder_version=\u00bb4.22.2&#8243; _module_preset=\u00bbdefault\u00bb background_color=\u00bbRGBA(255,255,255,0)\u00bb max_width=\u00bb2560px\u00bb min_height=\u00bb350px\u00bb custom_margin=\u00bb-3.3%|auto|10px|auto|false|true\u00bb custom_padding=\u00bb50px|0px|14px|0px|false|false\u00bb custom_padding_tablet=\u00bb\u00bb custom_padding_phone=\u00bb0px|0px|14px|0px|false|false\u00bb animation_style=\u00bbslide\u00bb animation_direction=\u00bbbottom\u00bb animation_intensity_slide=\u00bb6%\u00bb animation_starting_opacity=\u00bb100%\u00bb animation_starting_opacity_tablet=\u00bb100%\u00bb animation_starting_opacity_phone=\u00bb100%\u00bb animation_starting_opacity_last_edited=\u00bbon|desktop\u00bb border_radii=\u00bbon|15px|15px|15px|15px\u00bb border_color_top=\u00bbRGBA(255,255,255,0)\u00bb border_style_top=\u00bboutset\u00bb global_colors_info=\u00bb{}\u00bb][et_pb_column type=\u00bb1_3&#8243; _builder_version=\u00bb4.22.1&#8243; _module_preset=\u00bbdefault\u00bb global_colors_info=\u00bb{}\u00bb][et_pb_text _builder_version=\u00bb4.22.2&#8243; _module_preset=\u00bbdefault\u00bb text_font=\u00bb|800|||||||\u00bb text_text_color=\u00bb#004562&#8243; text_font_size=\u00bb25px\u00bb text_line_height=\u00bb1.6em\u00bb header_2_font=\u00bb|700|||||||\u00bb header_2_text_align=\u00bbleft\u00bb header_2_text_color=\u00bb#565656&#8243; header_2_font_size=\u00bb32px\u00bb text_orientation=\u00bbcenter\u00bb custom_padding=\u00bb20px||20px|30px|false|false\u00bb global_colors_info=\u00bb{}\u00bb]<\/p>\n<h2 style=\"text-align: left;\">Becas y beneficios<\/h2>\n<p>[\/et_pb_text][\/et_pb_column][et_pb_column type=\u00bb1_3&#8243; _builder_version=\u00bb4.22.1&#8243; _module_preset=\u00bbdefault\u00bb global_colors_info=\u00bb{}\u00bb][et_pb_blurb title=\u00bbBeneficios estudiantiles estatales para la Educaci\u00f3n Superior\u00bb url=\u00bbhttps:\/\/portal.beneficiosestudiantiles.cl\/\u00bb url_new_window=\u00bbon\u00bb image=\u00bbhttps:\/\/upla.cl\/facultad\/arte\/wp-content\/uploads\/2024\/07\/sliderbanner_gratuidad.jpg\u00bb _builder_version=\u00bb4.26.0&#8243; _module_preset=\u00bbdefault\u00bb header_text_color=\u00bb#009bdb\u00bb body_text_color=\u00bb#565656&#8243; body_line_height=\u00bb1.2em\u00bb animation_direction=\u00bbright\u00bb animation=\u00bbright\u00bb link_option_url=\u00bbhttps:\/\/portal.beneficiosestudiantiles.cl\/\u00bb link_option_url_new_window=\u00bbon\u00bb border_radii_image=\u00bbon|5px|5px|5px|5px\u00bb box_shadow_style_image=\u00bbpreset3&#8243; global_colors_info=\u00bb{}\u00bb]<\/p>\n<p>Ingresa al portal de beneficios.<\/p>\n<p>[\/et_pb_blurb][\/et_pb_column][et_pb_column type=\u00bb1_3&#8243; _builder_version=\u00bb4.22.1&#8243; _module_preset=\u00bbdefault\u00bb global_colors_info=\u00bb{}\u00bb][et_pb_blurb title=\u00bbBeneficios de la Direcci\u00f3n General de Desarrollo Estudiantil UPLA\u00bb url=\u00bbhttps:\/\/www.upla.cl\/desarrolloestudiantil\/\u00bb url_new_window=\u00bbon\u00bb image=\u00bbhttps:\/\/upla.cl\/facultad\/arte\/wp-content\/uploads\/2023\/11\/20230913_becasybeneficios-dgde.png\u00bb _builder_version=\u00bb4.22.1&#8243; _module_preset=\u00bbdefault\u00bb header_text_color=\u00bb#009bdb\u00bb body_text_color=\u00bb#565656&#8243; body_line_height=\u00bb1.2em\u00bb background_enable_image=\u00bboff\u00bb animation_direction=\u00bbright\u00bb animation=\u00bbright\u00bb link_option_url=\u00bbhttps:\/\/www.upla.cl\/desarrolloestudiantil\/\u00bb link_option_url_new_window=\u00bbon\u00bb border_radii_image=\u00bbon|5px|5px|5px|5px\u00bb box_shadow_style_image=\u00bbpreset3&#8243; global_colors_info=\u00bb{}\u00bb]<\/p>\n<p>Aqu\u00ed encontrar\u00e1s informaci\u00f3n sobre nuestras becas.<\/p>\n<p>[\/et_pb_blurb][\/et_pb_column][\/et_pb_row][\/et_pb_section][et_pb_section fb_built=\u00bb1&#8243; admin_label=\u00bbSecci\u00f3n videos\u00bb _builder_version=\u00bb4.22.1&#8243; _module_preset=\u00bbdefault\u00bb background_color=\u00bb#f4f4f4&#8243; custom_margin=\u00bb||0px||false|false\u00bb custom_padding=\u00bb50px|0px|100px|0px|false|false\u00bb global_colors_info=\u00bb{}\u00bb][et_pb_row use_custom_gutter=\u00bbon\u00bb gutter_width=\u00bb1.2&#8243; _builder_version=\u00bb4.22.1&#8243; _module_preset=\u00bbdefault\u00bb background_color=\u00bbRGBA(255,255,255,0)\u00bb max_width=\u00bb2560px\u00bb min_height=\u00bb100px\u00bb min_height_tablet=\u00bb100px\u00bb min_height_phone=\u00bb100px\u00bb min_height_last_edited=\u00bbon|phone\u00bb custom_margin=\u00bb-3.3%|auto|10px|auto|false|true\u00bb custom_padding=\u00bb19px|0px|0px|0px|false|false\u00bb animation_style=\u00bbslide\u00bb animation_direction=\u00bbbottom\u00bb animation_intensity_slide=\u00bb6%\u00bb animation_starting_opacity=\u00bb100%\u00bb animation_starting_opacity_tablet=\u00bb100%\u00bb animation_starting_opacity_phone=\u00bb100%\u00bb animation_starting_opacity_last_edited=\u00bbon|desktop\u00bb border_radii=\u00bbon|15px|15px|15px|15px\u00bb border_color_top=\u00bbRGBA(255,255,255,0)\u00bb border_style_top=\u00bboutset\u00bb global_colors_info=\u00bb{}\u00bb][et_pb_column type=\u00bb4_4&#8243; _builder_version=\u00bb4.22.1&#8243; _module_preset=\u00bbdefault\u00bb global_colors_info=\u00bb{}\u00bb][et_pb_text _builder_version=\u00bb4.22.2&#8243; _module_preset=\u00bbdefault\u00bb text_font=\u00bb|800|||||||\u00bb text_text_color=\u00bb#004562&#8243; text_font_size=\u00bb25px\u00bb text_line_height=\u00bb1.6em\u00bb header_2_font=\u00bb|700|||||||\u00bb header_2_text_align=\u00bbleft\u00bb header_2_text_color=\u00bb#565656&#8243; header_2_font_size=\u00bb32px\u00bb text_orientation=\u00bbcenter\u00bb custom_padding=\u00bb20px||20px|30px|false|false\u00bb global_colors_info=\u00bb{}\u00bb]<\/p>\n<h2 style=\"text-align: left;\">Videos relacionados<\/h2>\n<p>[\/et_pb_text][\/et_pb_column][\/et_pb_row][et_pb_row column_structure=\u00bb1_3,1_3,1_3&#8243; use_custom_gutter=\u00bbon\u00bb gutter_width=\u00bb1.2&#8243; _builder_version=\u00bb4.22.1&#8243; _module_preset=\u00bbdefault\u00bb background_color=\u00bbRGBA(255,255,255,0)\u00bb max_width=\u00bb2560px\u00bb min_height=\u00bb311.5px\u00bb min_height_tablet=\u00bb\u00bb min_height_phone=\u00bb\u00bb min_height_last_edited=\u00bbon|phone\u00bb custom_margin=\u00bb|auto|10px|auto|false|true\u00bb custom_padding=\u00bb19px|0px|0px|0px|false|false\u00bb animation_style=\u00bbslide\u00bb animation_direction=\u00bbbottom\u00bb animation_intensity_slide=\u00bb6%\u00bb animation_starting_opacity=\u00bb100%\u00bb animation_starting_opacity_tablet=\u00bb100%\u00bb animation_starting_opacity_phone=\u00bb100%\u00bb animation_starting_opacity_last_edited=\u00bbon|desktop\u00bb border_radii=\u00bbon|15px|15px|15px|15px\u00bb border_color_top=\u00bbRGBA(255,255,255,0)\u00bb border_style_top=\u00bboutset\u00bb global_colors_info=\u00bb{}\u00bb][et_pb_column type=\u00bb1_3&#8243; _builder_version=\u00bb4.22.1&#8243; _module_preset=\u00bbdefault\u00bb global_colors_info=\u00bb{}\u00bb][et_pb_code _builder_version=\u00bb4.22.2&#8243; _module_preset=\u00bbdefault\u00bb global_colors_info=\u00bb{}\u00bb]<iframe loading=\"lazy\" width=\"560\" height=\"315\" src=\"https:\/\/www.youtube.com\/embed\/Inr7-J6JDV0?si=DHf5KfLrPms-9sJR\" title=\"YouTube video player\" frameborder=\"0\" allow=\"accelerometer; autoplay; clipboard-write; encrypted-media; gyroscope; picture-in-picture; web-share\" allowfullscreen><\/iframe>[\/et_pb_code][et_pb_text _builder_version=\u00bb4.22.2&#8243; _module_preset=\u00bbdefault\u00bb text_font=\u00bb|600|||||||\u00bb text_text_color=\u00bb#009bdb\u00bb text_font_size=\u00bb25px\u00bb min_height=\u00bb24px\u00bb global_colors_info=\u00bb{}\u00bb]<\/p>\n<p style=\"text-align: center;\">Egresadas y egresados<\/p>\n<p>[\/et_pb_text][\/et_pb_column][et_pb_column type=\u00bb1_3&#8243; _builder_version=\u00bb4.22.1&#8243; _module_preset=\u00bbdefault\u00bb global_colors_info=\u00bb{}\u00bb][et_pb_code _builder_version=\u00bb4.22.2&#8243; _module_preset=\u00bbdefault\u00bb global_colors_info=\u00bb{}\u00bb]<iframe loading=\"lazy\" width=\"560\" height=\"315\" src=\"https:\/\/www.youtube.com\/embed\/F03E4VFqdhg?si=7Q-laTqEpKWw4sjg\" title=\"YouTube video player\" frameborder=\"0\" allow=\"accelerometer; autoplay; clipboard-write; encrypted-media; gyroscope; picture-in-picture; web-share\" allowfullscreen><\/iframe>[\/et_pb_code][et_pb_text _builder_version=\u00bb4.22.2&#8243; _module_preset=\u00bbdefault\u00bb text_font=\u00bb|600|||||||\u00bb text_text_color=\u00bb#009bdb\u00bb text_font_size=\u00bb25px\u00bb min_height=\u00bb24px\u00bb global_colors_info=\u00bb{}\u00bb]<\/p>\n<p style=\"text-align: center;\">Autogesti\u00f3n y creaci\u00f3n<\/p>\n<p>[\/et_pb_text][\/et_pb_column][et_pb_column type=\u00bb1_3&#8243; _builder_version=\u00bb4.22.1&#8243; _module_preset=\u00bbdefault\u00bb global_colors_info=\u00bb{}\u00bb][et_pb_code _builder_version=\u00bb4.22.2&#8243; _module_preset=\u00bbdefault\u00bb global_colors_info=\u00bb{}\u00bb]<iframe loading=\"lazy\" width=\"560\" height=\"315\" src=\"https:\/\/www.youtube.com\/embed\/W9mmOGSXjbY?si=S8VB0RQgsMI9BfP2\" title=\"YouTube video player\" frameborder=\"0\" allow=\"accelerometer; autoplay; clipboard-write; encrypted-media; gyroscope; picture-in-picture; web-share\" allowfullscreen><\/iframe>[\/et_pb_code][et_pb_text _builder_version=\u00bb4.22.2&#8243; _module_preset=\u00bbdefault\u00bb text_font=\u00bb|600|||||||\u00bb text_text_color=\u00bb#009bdb\u00bb text_font_size=\u00bb25px\u00bb min_height=\u00bb23px\u00bb global_colors_info=\u00bb{}\u00bb]<\/p>\n<p style=\"text-align: center;\">Sala de Arte Esc\u00e9nico<\/p>\n<p>[\/et_pb_text][\/et_pb_column][\/et_pb_row][\/et_pb_section][et_pb_section fb_built=\u00bb1&#8243; admin_label=\u00bbFooter\u00bb _builder_version=\u00bb4.27.2&#8243; _module_preset=\u00bbdefault\u00bb background_color=\u00bb#e5e5e5&#8243; custom_margin=\u00bb||-58px|||\u00bb custom_padding=\u00bb||7px|||\u00bb global_module=\u00bb105846&#8243; saved_tabs=\u00bball\u00bb global_colors_info=\u00bb{}\u00bb][et_pb_row column_structure=\u00bb1_4,1_4,1_4,1_4&#8243; use_custom_gutter=\u00bbon\u00bb _builder_version=\u00bb4.27.2&#8243; _module_preset=\u00bbdefault\u00bb max_width=\u00bb2560px\u00bb global_colors_info=\u00bb{}\u00bb][et_pb_column type=\u00bb1_4&#8243; _builder_version=\u00bb4.16&#8243; _module_preset=\u00bbdefault\u00bb global_colors_info=\u00bb{}\u00bb][et_pb_image src=\u00bbhttps:\/\/upla.cl\/facultad\/arte\/wp-content\/uploads\/2023\/11\/im-upla.png\u00bb alt=\u00bbUniversidad de Playa Ancha\u00bb title_text=\u00bbim-upla\u00bb url=\u00bbhttps:\/\/www.upla.cl\/portada\/\u00bb align_tablet=\u00bb\u00bb align_phone=\u00bbcenter\u00bb align_last_edited=\u00bbon|phone\u00bb _builder_version=\u00bb4.22.2&#8243; _module_preset=\u00bbdefault\u00bb custom_padding_tablet=\u00bb\u00bb custom_padding_phone=\u00bb|30px||30px|false|true\u00bb custom_padding_last_edited=\u00bbon|phone\u00bb global_colors_info=\u00bb{}\u00bb][\/et_pb_image][et_pb_text _builder_version=\u00bb4.27.2&#8243; _module_preset=\u00bbdefault\u00bb text_text_color=\u00bb#565656&#8243; text_font_size=\u00bb15px\u00bb text_line_height=\u00bb1.2em\u00bb custom_padding=\u00bb|10px|||false|false\u00bb custom_padding_tablet=\u00bb|10px|||false|false\u00bb custom_padding_phone=\u00bb|30px||30px|false|true\u00bb custom_padding_last_edited=\u00bbon|phone\u00bb text_orientation_tablet=\u00bb\u00bb text_orientation_phone=\u00bbcenter\u00bb text_orientation_last_edited=\u00bbon|desktop\u00bb global_colors_info=\u00bb{}\u00bb]<\/p>\n<p style=\"text-align: left;\"><strong>Facultad de Arte de la Universidad de Playa Ancha.<\/strong><\/p>\n<p style=\"text-align: left;\"><span style=\"color: #565656;\"><a href=\"https:\/\/goo.gl\/maps\/cgVi1ndZsMRnRehe9\" target=\"_blank\" rel=\"noopener\" style=\"color: #565656;\">Avenida Guillermo Gonz\u00e1lez de Hontaneda N\u00ba 855, Edificio Institucional, quinto piso.<\/a><\/span><\/p>\n<p>[\/et_pb_text][\/et_pb_column][et_pb_column type=\u00bb1_4&#8243; _builder_version=\u00bb4.16&#8243; _module_preset=\u00bbdefault\u00bb global_colors_info=\u00bb{}\u00bb][et_pb_image src=\u00bbhttps:\/\/www.upla.cl\/portada\/wp-content\/uploads\/2025\/03\/20250311_upla_acreditada_2022-2027-color.png\u00bb alt=\u00bbUPLA_acreditada_2022-2027&#8243; title_text=\u00bbupla_acreditada_2022-2027-color\u00bb align_tablet=\u00bb\u00bb align_phone=\u00bbcenter\u00bb align_last_edited=\u00bbon|phone\u00bb _builder_version=\u00bb4.27.4&#8243; _module_preset=\u00bbdefault\u00bb width_tablet=\u00bb\u00bb width_phone=\u00bb60%\u00bb width_last_edited=\u00bbon|phone\u00bb custom_margin=\u00bb-10px||||false|false\u00bb custom_margin_tablet=\u00bb\u00bb custom_margin_phone=\u00bb\u00bb custom_margin_last_edited=\u00bbon|desktop\u00bb custom_padding=\u00bb||0px|||\u00bb global_colors_info=\u00bb{}\u00bb][\/et_pb_image][\/et_pb_column][et_pb_column type=\u00bb1_4&#8243; _builder_version=\u00bb4.16&#8243; _module_preset=\u00bbdefault\u00bb global_colors_info=\u00bb{}\u00bb][et_pb_blurb title=\u00bbConoce nuestras facultades\u00bb _builder_version=\u00bb4.22.2&#8243; _module_preset=\u00bbdefault\u00bb header_font=\u00bbLato|700|||||||\u00bb header_text_color=\u00bb#565656&#8243; header_font_size=\u00bb16px\u00bb body_font=\u00bbLato||||||||\u00bb body_font_size=\u00bb15px\u00bb min_height=\u00bb338.6px\u00bb custom_padding=\u00bb|10px|0px||false|false\u00bb custom_padding_tablet=\u00bb|10px|||false|false\u00bb custom_padding_phone=\u00bb|30px||30px|false|true\u00bb custom_padding_last_edited=\u00bbon|phone\u00bb header_text_align_tablet=\u00bb\u00bb header_text_align_phone=\u00bbcenter\u00bb header_text_align_last_edited=\u00bbon|phone\u00bb body_text_color_last_edited=\u00bboff|desktop\u00bb text_orientation_tablet=\u00bb\u00bb text_orientation_phone=\u00bbleft\u00bb text_orientation_last_edited=\u00bbon|phone\u00bb global_colors_info=\u00bb{}\u00bb body_text_color__hover_enabled=\u00bbon|desktop\u00bb body_text_color__hover=\u00bb#009bdb\u00bb]<\/p>\n<p><span style=\"color: #009bdb;\">\u00a0<\/span><\/p>\n<p><span style=\"color: #009bdb;\"><a href=\"https:\/\/www.upla.cl\/sanfelipe\/\" target=\"_blank\" rel=\"noopener\" style=\"color: #009bdb3;\">&gt; Campus San Felipe<\/a><\/span><\/p>\n<p><span style=\"color: #009bdb;\"><a href=\"https:\/\/www.arteupla.cl\/\" target=\"_blank\" rel=\"noopener\" style=\"color: #009bdb;\">&gt; Facultad de Arte<\/a><\/span><\/p>\n<p><span style=\"color: #009bdb;\"><a href=\"https:\/\/www.upla.cl\/cienciasactividadfisicaydeporte\/\" target=\"_blank\" rel=\"noopener\" style=\"color: #009bdb;\">&gt; Facultad de Ciencias de Actividad F\u00edsica y del Deporte<\/a><\/span><\/p>\n<p><span style=\"color: #009bdb;\"><a href=\"https:\/\/www.upla.cl\/cienciaseducacion\/\" target=\"_blank\" rel=\"noopener\" style=\"color: #009bdb;\">&gt;Facultad de Ciencias de la Educaci\u00f3n<\/a><\/span><\/p>\n<p><span style=\"color: #009bdb;\"><a href=\"https:\/\/www.upla.cl\/cienciassalud\/\" target=\"_blank\" rel=\"noopener\" style=\"color: #009bdb;\">&gt; Facultad de Ciencias de la Salud<\/a><\/span><\/p>\n<p><span style=\"color: #009bdb;\"><a href=\"https:\/\/upla.cl\/facultad\/cienciasnaturalesyexactas\/\" target=\"_blank\" rel=\"noopener\" style=\"color: #009bdb;\">&gt; Facultad de Ciencias Naturales y Exactas<\/a><\/span><\/p>\n<p><span style=\"color: #009bdb;\"><a href=\"https:\/\/www.upla.cl\/csociales\/\" target=\"_blank\" rel=\"noopener\" style=\"color: #009bdb;\">&gt; Facultad de Ciencias Sociales<\/a><\/span><\/p>\n<p><span style=\"color: #009bdb;\"><a href=\"https:\/\/upla.cl\/facultad\/humanidades\/\" target=\"_blank\" rel=\"noopener\" style=\"color: #009bdb;\">&gt; Facultad de Humanidades<\/a><\/span><\/p>\n<p><span style=\"color: #009bdb;\"><a href=\"https:\/\/www.upla.cl\/facultad\/ingenieria\/\" target=\"_blank\" rel=\"noopener\" style=\"color: #009bdb;\">&gt; Facultad de Ingenier\u00eda<\/a><\/span><\/p>\n<p>[\/et_pb_blurb][\/et_pb_column][et_pb_column type=\u00bb1_4&#8243; _builder_version=\u00bb4.16&#8243; _module_preset=\u00bbdefault\u00bb global_colors_info=\u00bb{}\u00bb][et_pb_text _builder_version=\u00bb4.22.2&#8243; _module_preset=\u00bbdefault\u00bb text_font=\u00bb|700|||||||\u00bb text_text_color=\u00bb#565656&#8243; text_line_height=\u00bb1.2em\u00bb header_text_align_tablet=\u00bb\u00bb header_text_align_phone=\u00bbcenter\u00bb header_text_align_last_edited=\u00bbon|phone\u00bb global_colors_info=\u00bb{}\u00bb]<\/p>\n<p style=\"text-align: center;\"><strong>Buscar en UPLA.cl:<\/strong><\/p>\n<p style=\"text-align: right;\"><strong><\/strong><\/p>\n<form id=\"accesos\" action=\"\" style=\"text-align: center;\"><select name=\"sitio\" onchange=\"window.location = (document.forms.accesos.sitio[document.forms.accesos.sitio.selectedIndex].value);\"><option>Acceso directo:<\/option><option value=\"http:\/\/www.upla.cl\/\">UPLA.cl<\/option><option value=\"http:\/\/sitios.upla.cl\/universidad\/\">La Universidad<\/option><option value=\"http:\/\/sitios.upla.cl\/organigrama\/\">Organigrama<\/option><option value=\"http:\/\/www.upla.cl\/calidad\/acreditacion-upla\/\">Acreditaci\u00f3n<\/option><option value=\"http:\/\/sitios.upla.cl\/campus\/\">Campus &#8211; C\u00f3mo llegar<\/option><option value=\"http:\/\/sitios.upla.cl\/san_felipe\/\">Campus San Felipe<\/option><option value=\"http:\/\/www.upla.cl\/bibliotecas\/\">Bibliotecas<\/option><option value=\"http:\/\/sitios.upla.cl\/principales_oficinas\/\">Oficinas y unidades acad\u00e9micas<\/option><option value=\"http:\/\/sitios.upla.cl\/calendario_academico\/\">Calendario Acad\u00e9mico<\/option><option value=\"http:\/\/sitios.upla.cl\/dgrrii\/\">Relaciones Internacionales<\/option><option value=\"http:\/\/sitios.upla.cl\/egresados\/index.html\">Egresados<\/option><option value=\"http:\/\/alumnos.upla.cl\/webmail\/\">Correo electr\u00f3nico estudiantes<\/option><option value=\"http:\/\/sitios.upla.cl\/dae\/\">Desarrollo Estudiantil<\/option><option value=\"https:\/\/www.upla.cl\/admision\/ayudas-estudiantiles\/\">Becas y Ayudas<\/option><option value=\"http:\/\/sitios.upla.cl\/dae\/serv_medico.html\">Servicio M\u00e9dico<\/option><option value=\"http:\/\/sitios.upla.cl\/soupa\/\">Serv. de Orientaci\u00f3n Universitaria<\/option><option value=\"http:\/\/sitios.upla.cl\/practicas\/\">Pr\u00e1cticas<\/option><option value=\"http:\/\/sitios.upla.cl\/titulosygrados\/\">T\u00edtulos y Grados<\/option><option value=\"https:\/\/www.recaudaciones.bancochile.cl\/cliente\/pgdr\/appfront\/Pag_Login.aspx?IdCon=19\">Portal de Pagos<\/option><option value=\"http:\/\/webmail.upla.cl\/\">Correo electr\u00f3nico institucional<\/option><option value=\"http:\/\/sitios.upla.cl\/proy_investigacion\/\">Direcci\u00f3n General de Investigaci\u00f3n<\/option><option value=\"http:\/\/sitios.upla.cl\/dapei\/\">Planificaci\u00f3n Estrat\u00e9gica<\/option><option value=\"http:\/\/www.upla.cl\/calidad\/\">DIRGECAL<\/option><option value=\"http:\/\/www.arteupla.cl\/\">Arte<\/option><option value=\"http:\/\/creal.upla.cl\/humanidades\/\">Humanidades<\/option><option value=\"http:\/\/www.upla.cl\/educacion\/\">Cs. de la Educaci\u00f3n<\/option><option value=\"http:\/\/www.upla.cl\/actividadfisica\/\">Cs. de la Act. F\u00edsica y del Deporte<\/option><option value=\"http:\/\/www.upla.cl\/ciencias\">Ciencias Naturales y Exactas<\/option><option value=\"http:\/\/www.upla.cl\/cienciasdelasalud\/\">Ciencias de la Salud<\/option><option value=\"http:\/\/www.upla.cl\/facultades\/facultaddecienciassociales.html\">Ciencias Sociales<\/option><option value=\"http:\/\/www.upla.cl\/ingenieria\">Ingenier\u00eda<\/option><\/select><\/form>\n<p>[\/et_pb_text][et_pb_blurb title=\u00bbS\u00edguenos en nuestras redes sociales\u00bb icon_placement=\u00bbleft\u00bb icon_color_tablet=\u00bb\u00bb icon_color_phone=\u00bbRGBA(255,255,255,0)\u00bb icon_color_last_edited=\u00bbon|phone\u00bb _builder_version=\u00bb4.27.2&#8243; _module_preset=\u00bbdefault\u00bb header_font=\u00bb|700|||||||\u00bb header_text_align=\u00bbcenter\u00bb header_font_size=\u00bb16px\u00bb body_text_align=\u00bbleft\u00bb image_icon_custom_margin_tablet=\u00bb\u00bb image_icon_custom_margin_phone=\u00bb||||false|false\u00bb image_icon_custom_margin_last_edited=\u00bbon|phone\u00bb image_icon_custom_padding=\u00bb||||false|false\u00bb header_text_align_tablet=\u00bb\u00bb header_text_align_phone=\u00bbcenter\u00bb header_text_align_last_edited=\u00bbon|phone\u00bb body_text_align_tablet=\u00bb\u00bb body_text_align_phone=\u00bbcenter\u00bb body_text_align_last_edited=\u00bbon|phone\u00bb global_colors_info=\u00bb{}\u00bb][\/et_pb_blurb][et_pb_social_media_follow icon_color=\u00bb#FFFFFF\u00bb use_icon_font_size=\u00bbon\u00bb icon_font_size=\u00bb18px\u00bb _builder_version=\u00bb4.27.2&#8243; _module_preset=\u00bbdefault\u00bb background_color=\u00bbRGBA(255,255,255,0)\u00bb text_orientation=\u00bbcenter\u00bb custom_margin=\u00bb|||10%|false|false\u00bb custom_margin_tablet=\u00bb\u00bb custom_margin_phone=\u00bb\u00bb custom_margin_last_edited=\u00bbon|phone\u00bb text_orientation_tablet=\u00bb\u00bb text_orientation_phone=\u00bbcenter\u00bb text_orientation_last_edited=\u00bbon|phone\u00bb global_colors_info=\u00bb{}\u00bb][et_pb_social_media_follow_network social_network=\u00bbfacebook\u00bb url=\u00bbhttps:\/\/www.facebook.com\/Facultad-De-Arte-Upla-1474590336176862&#8243; _builder_version=\u00bb4.27.2&#8243; _module_preset=\u00bbdefault\u00bb background_color=\u00bb#3b5998&#8243; global_colors_info=\u00bb{}\u00bb follow_button=\u00bboff\u00bb url_new_window=\u00bbon\u00bb]facebook[\/et_pb_social_media_follow_network][et_pb_social_media_follow_network social_network=\u00bbtwitter\u00bb url=\u00bbhttps:\/\/twitter.com\/Arte_UPLA\u00bb _builder_version=\u00bb4.25.0&#8243; _module_preset=\u00bbdefault\u00bb background_color=\u00bb#000000&#8243; global_colors_info=\u00bb{}\u00bb follow_button=\u00bboff\u00bb url_new_window=\u00bbon\u00bb]X[\/et_pb_social_media_follow_network][et_pb_social_media_follow_network social_network=\u00bbinstagram\u00bb url=\u00bbhttps:\/\/www.instagram.com\/arteupla\/\u00bb _builder_version=\u00bb4.25.0&#8243; _module_preset=\u00bbdefault\u00bb background_color=\u00bb#ea2c59&#8243; global_colors_info=\u00bb{}\u00bb follow_button=\u00bboff\u00bb url_new_window=\u00bbon\u00bb]instagram[\/et_pb_social_media_follow_network][et_pb_social_media_follow_network social_network=\u00bbyoutube\u00bb url=\u00bbhttps:\/\/www.youtube.com\/channel\/UCYHF2tM5px6NA-yYpfBTJDg\u00bb _builder_version=\u00bb4.25.0&#8243; _module_preset=\u00bbdefault\u00bb background_color=\u00bb#a82400&#8243; global_colors_info=\u00bb{}\u00bb follow_button=\u00bboff\u00bb url_new_window=\u00bbon\u00bb]youtube[\/et_pb_social_media_follow_network][\/et_pb_social_media_follow][\/et_pb_column][\/et_pb_row][\/et_pb_section]<\/p>\n","protected":false},"excerpt":{"rendered":"<p>T\u00edtulo: Actor o ActrizGrado Acad\u00e9mico: Licenciado o licenciada en Arte Esc\u00e9nicoCampus Valpara\u00edso \/ Carrera DiurnaDuraci\u00f3n: 10 semestresC\u00f3digo: 26097Perfil El\/la egresado\/a de Teatro como participante de la vida cultural de una determinada comunidad es capaz de desarrollar proyectos de obras vinculadas al patrimonio para el desarrollo de la cultura local y nacional. En su funci\u00f3n de [&hellip;]<\/p>\n","protected":false},"author":2,"featured_media":0,"parent":0,"menu_order":0,"comment_status":"closed","ping_status":"closed","template":"","meta":{"_et_pb_use_builder":"on","_et_pb_old_content":"","_et_gb_content_width":"","footnotes":""},"class_list":["post-105856","page","type-page","status-publish","hentry"],"_links":{"self":[{"href":"https:\/\/upla.cl\/facultad\/arte\/wp-json\/wp\/v2\/pages\/105856","targetHints":{"allow":["GET"]}}],"collection":[{"href":"https:\/\/upla.cl\/facultad\/arte\/wp-json\/wp\/v2\/pages"}],"about":[{"href":"https:\/\/upla.cl\/facultad\/arte\/wp-json\/wp\/v2\/types\/page"}],"author":[{"embeddable":true,"href":"https:\/\/upla.cl\/facultad\/arte\/wp-json\/wp\/v2\/users\/2"}],"replies":[{"embeddable":true,"href":"https:\/\/upla.cl\/facultad\/arte\/wp-json\/wp\/v2\/comments?post=105856"}],"version-history":[{"count":0,"href":"https:\/\/upla.cl\/facultad\/arte\/wp-json\/wp\/v2\/pages\/105856\/revisions"}],"wp:attachment":[{"href":"https:\/\/upla.cl\/facultad\/arte\/wp-json\/wp\/v2\/media?parent=105856"}],"curies":[{"name":"wp","href":"https:\/\/api.w.org\/{rel}","templated":true}]}}