{"id":106278,"date":"2024-04-18T17:50:08","date_gmt":"2024-04-18T15:50:08","guid":{"rendered":"https:\/\/upla.cl\/facultad\/arte\/?page_id=106278"},"modified":"2026-04-20T12:15:25","modified_gmt":"2026-04-20T16:15:25","slug":"nuestra-facultad","status":"publish","type":"page","link":"https:\/\/upla.cl\/facultad\/arte\/nuestra-facultad\/","title":{"rendered":"Nuestra Facultad"},"content":{"rendered":"<p>[et_pb_section fb_built=\u00bb1&#8243; fullwidth=\u00bbon\u00bb _builder_version=\u00bb4.16&#8243; _module_preset=\u00bbdefault\u00bb global_colors_info=\u00bb{}\u00bb][et_pb_fullwidth_post_title meta=\u00bboff\u00bb featured_placement=\u00bbbackground\u00bb _builder_version=\u00bb4.25.1&#8243; _module_preset=\u00bbdefault\u00bb title_text_color=\u00bb#FFFFFF\u00bb background_color=\u00bb#565656&#8243; background_image=\u00bbhttps:\/\/upla.cl\/facultad\/arte\/wp-content\/uploads\/2024\/05\/ARTE_1-scaled.jpg\u00bb background_blend=\u00bbmultiply\u00bb custom_padding=\u00bb13%||13%||true|false\u00bb title_text_shadow_style=\u00bbpreset2&#8243; global_colors_info=\u00bb{}\u00bb][\/et_pb_fullwidth_post_title][\/et_pb_section][et_pb_section fb_built=\u00bb1&#8243; _builder_version=\u00bb4.24.3&#8243; _module_preset=\u00bbdefault\u00bb background_color=\u00bb#F4F4F4&#8243; global_colors_info=\u00bb{}\u00bb][et_pb_row column_structure=\u00bb1_4,3_4&#8243; _builder_version=\u00bb4.16&#8243; _module_preset=\u00bbdefault\u00bb global_colors_info=\u00bb{}\u00bb][et_pb_column type=\u00bb1_4&#8243; _builder_version=\u00bb4.16&#8243; _module_preset=\u00bbdefault\u00bb global_colors_info=\u00bb{}\u00bb][et_pb_team_member name=\u00bbAlberto Madrid Letelier\u00bb position=\u00bbDecano\u00bb image_url=\u00bbhttps:\/\/upla.cl\/facultad\/arte\/wp-content\/uploads\/2024\/05\/Alberto-MAdrid-.png\u00bb admin_label=\u00bbDecana de la Facultad de Ciencias de la Educaci\u00f3n UPLA &#8211; Silvia Sarzoza Herrera\u00bb _builder_version=\u00bb4.25.1&#8243; _module_preset=\u00bbdefault\u00bb header_font=\u00bb|800|||||||\u00bb header_font_size=\u00bb22px\u00bb position_font=\u00bb|800||on|||||\u00bb position_text_color=\u00bb#b10061&#8243; position_font_size=\u00bb18px\u00bb custom_margin=\u00bb||27px|||\u00bb border_radii_image=\u00bbon|180px|180px|180px|180px\u00bb border_width_all_image=\u00bb2px\u00bb border_color_all_image=\u00bb#b10061&#8243; global_colors_info=\u00bb{}\u00bb]<\/p>\n<p>Correo electr\u00f3nico: <a href=\"mailto:amadrid@upla.cl\" target=\"_blank\" rel=\"noopener\" title=\"amadrid@upla.cl  \">amadrid@upla.cl <\/a><br \/><strong><\/strong><\/p>\n<p><strong>Secretaria<\/strong><br \/>Gabriela Garrido G\u00f3mez<br \/>Correo electr\u00f3nico: sec-arte@upla.cl<br \/>Tel\u00e9fono: 32 2205413 \/ 32 2205478<br \/>Anexo interno: 5413 \/ 5478<\/p>\n<p>[\/et_pb_team_member][\/et_pb_column][et_pb_column type=\u00bb3_4&#8243; _builder_version=\u00bb4.24.3&#8243; _module_preset=\u00bbdefault\u00bb global_colors_info=\u00bb{}\u00bb][et_pb_heading title=\u00bbBienvenidos y Bienvenidas a la Facultad de Arte\u00bb _builder_version=\u00bb4.25.1&#8243; _module_preset=\u00bbdefault\u00bb title_font=\u00bb|600|||||||\u00bb title_text_color=\u00bb#565656&#8243; global_colors_info=\u00bb{}\u00bb][\/et_pb_heading][et_pb_text _builder_version=\u00bb4.25.0&#8243; _module_preset=\u00bbdefault\u00bb global_colors_info=\u00bb{}\u00bb]<\/p>\n<p>La <strong>Facultad de Arte <\/strong>de la Universidad de Playa Ancha se estableci\u00f3 en noviembre de 1986, surgiendo de la divisi\u00f3n del Departamento de Educaci\u00f3n F\u00edsica y Arte, bajo la rector\u00eda de Olga Arellano Salgado. A lo largo de sus casi 40 a\u00f1os de historia, ha transitado por diferentes ubicaciones, desde calles emblem\u00e1ticas como Montealegre y Lautaro Rosas (en el Cerro Alegre) y Serrano (en el plan de Valpara\u00edso), hasta su sede actual, ubicada al interior del Campus 2 de la Universidad en Playa Ancha.<\/p>\n<p>M\u00e1s all\u00e1 de su labor docente, la Facultad de Arte se destaca por su contribuci\u00f3n a la comunidad, a trav\u00e9s de actividades de extensi\u00f3n art\u00edstica, promoviendo el desarrollo cultural y mejorando la calidad de vida en la regi\u00f3n y el pa\u00eds. Sus acad\u00e9micas y acad\u00e9micos, tanto a nivel nacional como internacional, enriquecen el campo art\u00edstico y musical con su destacada labor creativa e investigativa.<\/p>\n<p>En constante evoluci\u00f3n, la Facultad se adapta a las nuevas pol\u00edticas de la universidad y busca establecer v\u00ednculos con entidades similares a nivel nacional e internacional, manteniendo su compromiso con la excelencia acad\u00e9mica y la promoci\u00f3n del arte y la cultura. Adem\u00e1s, ofrece programas de post\u00edtulos y postgrados, como el Mag\u00edster en Arte, Menci\u00f3n Patrimonio y el Doctorado en Artes Integradas, ambos reconocidos por su excelencia acad\u00e9mica.<\/p>\n<p>[\/et_pb_text][et_pb_text _builder_version=\u00bb4.25.0&#8243; _module_preset=\u00bbdefault\u00bb global_colors_info=\u00bb{}\u00bb]<\/p>\n<h3><strong>Sobre el decano Madrid<\/strong><\/h3>\n<p><strong><\/strong><\/p>\n<p>Es doctor en Filolog\u00eda Hisp\u00e1nica por la Universidad Complutense de Madrid y forma parte de la l\u00ednea de investigaci\u00f3n \u00abHistoriograf\u00eda Art\u00edstica\u00bb del Doctorado en Artes Integradas de la Universidad de Playa Ancha.<\/p>\n<p>Desarrolla docencia en el \u00e1rea de teor\u00eda y metodolog\u00eda de la investigaci\u00f3n art\u00edstica.<\/p>\n<p>Sus l\u00edneas de investigaci\u00f3n abordan la relaci\u00f3n de la imagen y la palabra, teniendo como correlato las artes visuales y la literatura, aspecto que tambi\u00e9n ha desarrollado en curator\u00edas sobre artes visuales chilenas.<\/p>\n<p>Ha publicado art\u00edculos en diversas revistas nacionales e internacionales; asimismo, ha participado en seminarios y talleres sobre artistas visuales, y procesos de obras.<\/p>\n<p>Entre sus libros, destacan (en relaci\u00f3n al grabado contempor\u00e1neo y las artes visuales locales): \u00abLa L\u00ednea de la Memoria\u00bb (1995); \u00abDesplazamiento de la Memoria\u00bb (1996) y el libro de obra: \u00abLa Habitabilidad del Arte\u00bb (2000). Y en el marco de proyectos de investigaci\u00f3n (en una segunda etapa): \u00abGabinete de lectura. Poes\u00eda Visual chilena\u00bb (2011) y \u00abLa Representaci\u00f3n del Libro y la Lectura\u00bb (2014).<\/p>\n<p>Y como resultado m\u00e1s reciente del Proyecto Fondecyt 1170874, \u201cConstrucci\u00f3n de Archivo de Antonio Romera: Revisi\u00f3n del Canon Historiogr\u00e1fico de la Pintura Chilena\u201d, del cual ha sido co-investigador,\u00a0 cabe destacar el libro \u00abRomera Exilio, Cr\u00edtica e Historia del Arte en Chile\u00bb (2022).<\/p>\n<p>[\/et_pb_text][\/et_pb_column][\/et_pb_row][\/et_pb_section][et_pb_section fb_built=\u00bb1&#8243; _builder_version=\u00bb4.24.3&#8243; _module_preset=\u00bbdefault\u00bb background_color=\u00bb#FFFFFF\u00bb global_colors_info=\u00bb{}\u00bb][et_pb_row _builder_version=\u00bb4.24.3&#8243; _module_preset=\u00bbdefault\u00bb global_colors_info=\u00bb{}\u00bb][et_pb_column type=\u00bb4_4&#8243; _builder_version=\u00bb4.24.3&#8243; _module_preset=\u00bbdefault\u00bb global_colors_info=\u00bb{}\u00bb][et_pb_icon font_icon=\u00bb&#xf02d;||fa||900&#8243; icon_color=\u00bb#565656&#8243; _builder_version=\u00bb4.25.1&#8243; _module_preset=\u00bbdefault\u00bb global_colors_info=\u00bb{}\u00bb][\/et_pb_icon][et_pb_text _builder_version=\u00bb4.24.3&#8243; _module_preset=\u00bbdefault\u00bb header_2_font=\u00bb|700|||||||\u00bb header_2_text_color=\u00bb#565656&#8243; header_2_font_size=\u00bb22px\u00bb global_colors_info=\u00bb{}\u00bb]<\/p>\n<h3 style=\"text-align: center;\"><strong>Historia de la Facultad<\/strong><\/h3>\n<p>[\/et_pb_text][\/et_pb_column][\/et_pb_row][et_pb_row column_structure=\u00bb2_5,3_5&#8243; _builder_version=\u00bb4.24.3&#8243; _module_preset=\u00bbdefault\u00bb global_colors_info=\u00bb{}\u00bb][et_pb_column type=\u00bb2_5&#8243; _builder_version=\u00bb4.24.3&#8243; _module_preset=\u00bbdefault\u00bb global_colors_info=\u00bb{}\u00bb][et_pb_image src=\u00bbhttps:\/\/upla.cl\/facultad\/arte\/wp-content\/uploads\/2024\/05\/ARTE_2-scaled.jpg\u00bb title_text=\u00bbMemoria Fotogr\u00e1fica 2016.\u00bb _builder_version=\u00bb4.25.1&#8243; _module_preset=\u00bbdefault\u00bb border_radii=\u00bboff||30px||30px\u00bb global_colors_info=\u00bb{}\u00bb][\/et_pb_image][\/et_pb_column][et_pb_column type=\u00bb3_5&#8243; _builder_version=\u00bb4.24.3&#8243; _module_preset=\u00bbdefault\u00bb global_colors_info=\u00bb{}\u00bb][et_pb_text _builder_version=\u00bb4.25.0&#8243; _module_preset=\u00bbdefault\u00bb global_colors_info=\u00bb{}\u00bb]<\/p>\n<p>La Facultad de Arte de la Universidad de Playa Ancha de Valpara\u00edso, se cre\u00f3 el 6 de noviembre de 1986, bajo la rector\u00eda de la profesora Olga Arellano Salgado, constituy\u00e9ndose como una de las ocho facultades que conforman actualmente esta casa de estudios porte\u00f1a.<\/p>\n<p>El prop\u00f3sito y objetivo de su nacimiento, fue albergar a las y los estudiantes interesados en cultivar disciplinas art\u00edsticas, tales como: m\u00fasica, pl\u00e1stica y tecnolog\u00eda. Posteriormente, debido al crecimiento natural de la universidad, sus autoridades, acad\u00e9micos y acad\u00e9micas, se vieron en la necesidad de pensar en otras carreras, tales como: Dibujante Proyectista, Dise\u00f1o Gr\u00e1fico y Teatro. Este hecho trajo consigo un crecimiento, tanto en infraestructura como en su planta docente, la cual se mantiene en constante perfeccionamiento, acorde con las exigencias que el medio exige.<\/p>\n<p>Durante estos casi 40 a\u00f1os, ha funcionado en: calles Montealegre y Lautaro Rosas (Cerro Alegre), Serrano (sector Puerto) y en el campus ubicado en Avda. Guillermo Gonz\u00e1lez de Hontaneda N\u00b0 855, en Playa Ancha. Desde su creaci\u00f3n, ha sido dirigida por siete decanos: <strong>Lucy Lafuente Indo, Belfort Ruz Escudero, Daniel Santelices Plaza, Gast\u00f3n Subiabre Barrientos, Alberto Teichelmann Shuttleton, Manuel Chamorro Torres <\/strong>y, actualmente, por<strong> Alberto Madrid Letelier.<\/strong><\/p>\n<p>Aparte de impartir docencia, cultivar la investigaci\u00f3n y creaci\u00f3n art\u00edstica, la Facultad de Arte tiene como funci\u00f3n mostrar el rostro de la Universidad de Playa Ancha, a trav\u00e9s de la extensi\u00f3n y la vinculaci\u00f3n con el medio, tanto en lo musical como en lo pl\u00e1stico, demostrando a la regi\u00f3n y al pa\u00eds un alto nivel de excelencia.<\/p>\n<p>Adem\u00e1s, incentiva, cultiva, desarrolla y difunde las distintas expresiones del arte que se imparten en las carreras de <strong>Pedagog\u00eda en Educaci\u00f3n Musical, Pedagog\u00eda en Artes Visuales, menci\u00f3n Patrimonio, Licenciatura en Arte, Dise\u00f1o, Dibujante Proyectista y Teatro.<\/strong><\/p>\n<p>Cabe destacar la creaci\u00f3n art\u00edstica en el campo pl\u00e1stico y musical, realizado por docentes artistas de nivel nacional e internacional, quienes cumplen funciones acad\u00e9micas, desarrollando las l\u00edneas que esta unidad desea profundizar y destacar.<\/p>\n<p>Con las nuevas pol\u00edticas de estructura curricular de la Universidad, la Facultad ha debido implementar nuevos planes de estudio para satisfacer las necesidades docentes y permitir alternativas profesionales para ofrecer a la comunidad. En este constante avance, las tareas predominantes son las de fijar metas a nivel de programas de <strong>Post\u00edtulos y Postgrados,<\/strong> y los v\u00ednculos que se pueden establecer con entidades similares, tanto del pa\u00eds, como del extranjero.<\/p>\n<p>[\/et_pb_text][\/et_pb_column][\/et_pb_row][\/et_pb_section][et_pb_section fb_built=\u00bb1&#8243; _builder_version=\u00bb4.24.3&#8243; _module_preset=\u00bbdefault\u00bb background_color=\u00bbrgba(188,227,250,0.37)\u00bb global_colors_info=\u00bb{}\u00bb][et_pb_row column_structure=\u00bb1_2,1_2&#8243; _builder_version=\u00bb4.24.3&#8243; _module_preset=\u00bbdefault\u00bb global_colors_info=\u00bb{}\u00bb][et_pb_column type=\u00bb1_2&#8243; _builder_version=\u00bb4.24.3&#8243; _module_preset=\u00bbdefault\u00bb global_colors_info=\u00bb{}\u00bb][et_pb_icon font_icon=\u00bb&#xe0f5;||divi||400&#8243; icon_color=\u00bb#b10061&#8243; _builder_version=\u00bb4.24.3&#8243; _module_preset=\u00bbdefault\u00bb global_colors_info=\u00bb{}\u00bb][\/et_pb_icon][et_pb_text _builder_version=\u00bb4.24.3&#8243; _module_preset=\u00bbdefault\u00bb header_2_font=\u00bb|700|||||||\u00bb header_2_text_color=\u00bb#565656&#8243; header_2_font_size=\u00bb22px\u00bb global_colors_info=\u00bb{}\u00bb]<\/p>\n<h2 style=\"text-align: center;\">Misi\u00f3n<\/h2>\n<p>[\/et_pb_text][et_pb_text _builder_version=\u00bb4.25.0&#8243; _module_preset=\u00bbdefault\u00bb global_colors_info=\u00bb{}\u00bb]<\/p>\n<p>La misi\u00f3n de la Facultad de Arte es el desarrollo del conocimiento y la producci\u00f3n art\u00edstica para la formaci\u00f3n integral de profesionales de las carreras art\u00edstico-tecnol\u00f3gicas del m\u00e1s alto nivel, con el prop\u00f3sito de insertarse en el contexto de las demandas actuales y futuras de la sociedad chilena.<\/p>\n<p>Para dar cumplimiento a su misi\u00f3n, esta unidad se concentra en la gesti\u00f3n eficiente del fomento de la calidad y de la innovaci\u00f3n en la docencia, investigaci\u00f3n y extensi\u00f3n de las disciplinas espec\u00edficas de su competencia.<\/p>\n<p>La misi\u00f3n de la Facultad de Arte est\u00e1 plenamente vinculada con la misi\u00f3n, visi\u00f3n y pol\u00edticas de la Universidad, en relaci\u00f3n a la formaci\u00f3n integral de profesionales. Estos objetivos del Plan de Desarrollo Estrat\u00e9gico Institucional, se refieren expl\u00edcitamente a la calidad y la innovaci\u00f3n en la docencia, al perfeccionamiento docente, la investigaci\u00f3n, la extensi\u00f3n y la gesti\u00f3n.<\/p>\n<p>[\/et_pb_text][\/et_pb_column][et_pb_column type=\u00bb1_2&#8243; _builder_version=\u00bb4.24.3&#8243; _module_preset=\u00bbdefault\u00bb global_colors_info=\u00bb{}\u00bb][et_pb_icon font_icon=\u00bb&#xf058;||fa||400&#8243; icon_color=\u00bb#b10061&#8243; _builder_version=\u00bb4.24.3&#8243; _module_preset=\u00bbdefault\u00bb global_colors_info=\u00bb{}\u00bb][\/et_pb_icon][et_pb_text _builder_version=\u00bb4.24.3&#8243; _module_preset=\u00bbdefault\u00bb header_2_font=\u00bb|700|||||||\u00bb header_2_text_color=\u00bb#565656&#8243; header_2_font_size=\u00bb22px\u00bb global_colors_info=\u00bb{}\u00bb]<\/p>\n<h2 style=\"text-align: center;\">Visi\u00f3n<\/h2>\n<p>[\/et_pb_text][et_pb_text _builder_version=\u00bb4.25.0&#8243; _module_preset=\u00bbdefault\u00bb global_colors_info=\u00bb{}\u00bb]<\/p>\n<p>La Facultad de Arte se inscribe en los postulados contenidos en la Visi\u00f3n de la Universidad de Playa Ancha, expresada en el Plan de Desarrollo Estrat\u00e9gico Institucional (PDEI).<\/p>\n<p>En estrecha concordancia con los prop\u00f3sitos institucionales, se compromete con la excelencia acad\u00e9mica, la investigaci\u00f3n y la extensi\u00f3n, acciones propias y connaturales a su esencia, en un marco pluralista y laico, con un irrestricto respeto a los Derechos Humanos y a los espacios personales, aceptando y promoviendo sin censura los m\u00e1s altos valores de la expresi\u00f3n est\u00e9tica de cada sujeto.<\/p>\n<p>La visi\u00f3n principal de la Facultad se entronca con la transmisi\u00f3n y el cultivo de las artes y la tecnolog\u00eda, el incremento de la cultura y en el proceso de desarrollo regional, nacional e internacional.<\/p>\n<p>La Facultad asumir\u00e1 el continuo desarrollo de sus \u00e1reas disciplinarias, a trav\u00e9s del perfeccionamiento continuo de sus acad\u00e9micas y acad\u00e9micos, con el fin de que sean reconocidas y acreditadas en los procesos instalados por el Ministerio de Educaci\u00f3n para la Educaci\u00f3n Superior.<\/p>\n<p>Para el cumplimiento de lo se\u00f1alado, la Facultad pondr\u00e1 especial \u00e9nfasis en el mejoramiento de la calidad de la docencia, en el incremento de las l\u00edneas de investigaci\u00f3n y en la permanencia de la extensi\u00f3n, favoreciendo a todos los sectores socioculturales, tanto en el \u00e1mbito regional, nacional e internacional.<\/p>\n<p>Conjuntamente, con el desarrollo de estas acciones, deber\u00e1 implementar f\u00f3rmulas de evaluaci\u00f3n peri\u00f3dica y sistem\u00e1tica de todo su quehacer.<\/p>\n<p>[\/et_pb_text][\/et_pb_column][\/et_pb_row][\/et_pb_section][et_pb_section fb_built=\u00bb1&#8243; _builder_version=\u00bb4.24.3&#8243; _module_preset=\u00bbdefault\u00bb global_colors_info=\u00bb{}\u00bb][et_pb_row column_structure=\u00bb1_4,3_4&#8243; _builder_version=\u00bb4.16&#8243; _module_preset=\u00bbdefault\u00bb global_colors_info=\u00bb{}\u00bb][et_pb_column type=\u00bb1_4&#8243; _builder_version=\u00bb4.16&#8243; _module_preset=\u00bbdefault\u00bb global_colors_info=\u00bb{}\u00bb][et_pb_team_member name=\u00bbEugenio Tassara Hoy\u00bb position=\u00bbSecretario Acad\u00e9mico\u00bb image_url=\u00bbhttps:\/\/upla.cl\/facultad\/arte\/wp-content\/uploads\/2024\/05\/eugenio-tassara.png\u00bb admin_label=\u00bbEugenio Tassara Hoy\u00bb _builder_version=\u00bb4.25.1&#8243; _module_preset=\u00bbdefault\u00bb header_font=\u00bb|800|||||||\u00bb header_font_size=\u00bb22px\u00bb position_font=\u00bb|800||on|||||\u00bb position_text_color=\u00bb#b10061&#8243; position_font_size=\u00bb18px\u00bb custom_margin=\u00bb||27px|||\u00bb border_radii_image=\u00bbon|180px|180px|180px|180px\u00bb border_width_all_image=\u00bb2px\u00bb border_color_all_image=\u00bb#b10061&#8243; global_colors_info=\u00bb{}\u00bb]<\/p>\n<p>Correo electr\u00f3nico: <a href=\"mailto:etassara@upla.cl\" target=\"_blank\" rel=\"noopener\" title=\"etassara@upla.cl\">etassara@upla.cl<\/a><br \/>Tel\u00e9fono: 32 2205464<br \/>Anexo interno: 5464<\/p>\n<p>[\/et_pb_team_member][\/et_pb_column][et_pb_column type=\u00bb3_4&#8243; _builder_version=\u00bb4.24.3&#8243; _module_preset=\u00bbdefault\u00bb global_colors_info=\u00bb{}\u00bb][et_pb_text _builder_version=\u00bb4.24.3&#8243; _module_preset=\u00bbdefault\u00bb global_colors_info=\u00bb{}\u00bb]<\/p>\n<h3><strong>Sobre el Secretario Acad\u00e9mico<\/strong><\/h3>\n<p>[\/et_pb_text][et_pb_text _builder_version=\u00bb4.25.0&#8243; _module_preset=\u00bbdefault\u00bb global_colors_info=\u00bb{}\u00bb]<\/p>\n<p>Doctor en Educaci\u00f3n, mag\u00edster en Arte, diplomado en Direcci\u00f3n de Proyectos, Pedagog\u00eda para la Educaci\u00f3n Superior y Tecnolog\u00edas, profesor de Artes Manuales y Licenciado en Educaci\u00f3n, titulado en la Universidad de Playa Ancha, con m\u00e1s de 20 a\u00f1os de experiencia en Educaci\u00f3n Superior.<\/p>\n<p>Actualmente, se desempe\u00f1a como secretario acad\u00e9mico de la Facultad de Arte UPLA y, a la vez, como acad\u00e9mico en las \u00e1reas de tecnolog\u00edas digitales, pr\u00e1cticas pedag\u00f3gicas, gu\u00eda de tesis pregrado, postgrado y proyectos.<\/p>\n<p>Posee conocimientos, habilidades y actitudes para promover la inclusi\u00f3n, el respeto, la valoraci\u00f3n por la pluralidad, el medio ambiente y la cultura, y cuenta con competencias para el desarrollo en diversos procesos formativos y manifestaciones.<\/p>\n<p>[\/et_pb_text][et_pb_text _builder_version=\u00bb4.25.0&#8243; _module_preset=\u00bbdefault\u00bb global_colors_info=\u00bb{}\u00bb]<\/p>\n<p><strong>Secretaria del Secretario Acad\u00e9mico<\/strong><br \/>Marcela Olate V\u00e1squez<br \/>Correo electr\u00f3nico: <a href=\"mailto:molate@upla.cl\" target=\"_blank\" rel=\"noopener\" title=\"molate@upla.cl\">molate@upla.cl<\/a><br \/>Tel\u00e9fono: 32 2205451<br \/>Anexo interno: 5451<\/p>\n<p>[\/et_pb_text][\/et_pb_column][\/et_pb_row][\/et_pb_section][et_pb_section fb_built=\u00bb1&#8243; _builder_version=\u00bb4.25.0&#8243; _module_preset=\u00bbdefault\u00bb background_color=\u00bbrgba(188,227,250,0.37)\u00bb global_colors_info=\u00bb{}\u00bb][et_pb_row _builder_version=\u00bb4.16&#8243; _module_preset=\u00bbdefault\u00bb custom_padding=\u00bb8px||15px|||\u00bb global_colors_info=\u00bb{}\u00bb][et_pb_column type=\u00bb4_4&#8243; _builder_version=\u00bb4.16&#8243; _module_preset=\u00bbdefault\u00bb global_colors_info=\u00bb{}\u00bb][et_pb_blurb title=\u00bbDirecciones de Departamentos\u00bb use_icon=\u00bbon\u00bb font_icon=\u00bb&#xe0df;||divi||400&#8243; icon_color=\u00bb#565656&#8243; content_max_width=\u00bb1100px\u00bb _builder_version=\u00bb4.25.1&#8243; _module_preset=\u00bbdefault\u00bb header_level=\u00bbh3&#8243; header_font=\u00bb|600|||||||\u00bb header_text_align=\u00bbcenter\u00bb header_text_color=\u00bb#565656&#8243; body_text_align=\u00bbcenter\u00bb body_text_color=\u00bb#FFFFFF\u00bb body_font_size=\u00bb18px\u00bb global_colors_info=\u00bb{}\u00bb][\/et_pb_blurb][\/et_pb_column][\/et_pb_row][et_pb_row column_structure=\u00bb1_3,1_3,1_3&#8243; admin_label=\u00bbJos\u00e9 De Nordenflycht Concha\u00bb _builder_version=\u00bb4.25.0&#8243; _module_preset=\u00bbdefault\u00bb custom_padding=\u00bb||4px|||\u00bb global_colors_info=\u00bb{}\u00bb][et_pb_column type=\u00bb1_3&#8243; _builder_version=\u00bb4.16&#8243; _module_preset=\u00bbdefault\u00bb global_colors_info=\u00bb{}\u00bb][et_pb_image src=\u00bbhttps:\/\/upla.cl\/facultad\/arte\/wp-content\/uploads\/2024\/05\/JOSE-DE-NORDEN.png\u00bb title_text=\u00bbJos\u00e9 de Nordenflycht\u00bb _builder_version=\u00bb4.25.1&#8243; _module_preset=\u00bbdefault\u00bb custom_margin=\u00bb||||false|false\u00bb custom_padding=\u00bb|15%||15%|true|true\u00bb border_radii=\u00bbon|9999px|9999px|9999px|9999px\u00bb border_width_all=\u00bb2px\u00bb border_color_all=\u00bb#b10061&#8243; global_colors_info=\u00bb{}\u00bb][\/et_pb_image][\/et_pb_column][et_pb_column type=\u00bb1_3&#8243; _builder_version=\u00bb4.16&#8243; _module_preset=\u00bbdefault\u00bb global_colors_info=\u00bb{}\u00bb][et_pb_text _builder_version=\u00bb4.25.1&#8243; _module_preset=\u00bbdefault\u00bb text_font=\u00bb|800|||||||\u00bb text_text_color=\u00bb#b10061&#8243; custom_padding=\u00bb0px|||||\u00bb global_colors_info=\u00bb{}\u00bb]<\/p>\n<h4 class=\"et_pb_module_header et-fb-editable-element et-fb-editable-element__editing\" data-shortcode-id=\"4.2.1.2-1700829999649\" data-quickaccess-id=\"header\" contenteditable=\"true\">Director del Departamento de Artes Integradas<\/h4>\n<p><span>Jos\u00e9 de Nordenflycht Concha<\/span><\/p>\n<p>[\/et_pb_text][et_pb_text _builder_version=\u00bb4.25.1&#8243; _module_preset=\u00bbdefault\u00bb global_colors_info=\u00bb{}\u00bb]<\/p>\n<p>Doctor en Historia del Arte, Universidad de Granada.<br \/>Licenciado y Mag\u00edster en Historia, Pontificia Universidad Cat\u00f3lica de Valpara\u00edso.<br \/>Profesor Titular.<\/p>\n<p>Correo electr\u00f3nico: <a href=\"mailto:jnorden@upla.cl\" target=\"_blank\" rel=\"noopener\" title=\"jnorden@upla.cl\">jnorden@upla.cl<\/a><br \/>Tel\u00e9fono: +32 2205460<br \/>Anexo interno: 5460<br \/>Sitio web: <a href=\"https:\/\/upla.cl\/artesintegradas\/\" target=\"_blank\" rel=\"noopener\">https:\/\/upla.cl\/artesintegradas\/<\/a><\/p>\n<p>[\/et_pb_text][\/et_pb_column][et_pb_column type=\u00bb1_3&#8243; _builder_version=\u00bb4.16&#8243; _module_preset=\u00bbdefault\u00bb global_colors_info=\u00bb{}\u00bb][et_pb_text _builder_version=\u00bb4.25.0&#8243; _module_preset=\u00bbdefault\u00bb global_colors_info=\u00bb{}\u00bb]<\/p>\n<p><span><strong>Secretaria<\/strong><\/span><br \/>Silvia Ver\u00f3nica San\u00edter Montenegro<br \/>Correo electr\u00f3nico: <a href=\"mailto:ssaniter@upla.cl\" target=\"_blank\" rel=\"noopener\">ssaniter@upla.cl<\/a><br \/>Tel\u00e9fono: +32 2205462<br \/>Anexo interno: 5462<\/p>\n<p>[\/et_pb_text][\/et_pb_column][\/et_pb_row][et_pb_row column_structure=\u00bb1_3,1_3,1_3&#8243; admin_label=\u00bbJuan Z\u00fa\u00f1iga Jorquera\u00bb _builder_version=\u00bb4.25.0&#8243; _module_preset=\u00bbdefault\u00bb custom_margin=\u00bb50px|auto|5%|auto|false|false\u00bb custom_padding=\u00bb||4px|||\u00bb border_width_top=\u00bb1px\u00bb border_color_top=\u00bb#B10061&#8243; global_colors_info=\u00bb{}\u00bb][et_pb_column type=\u00bb1_3&#8243; _builder_version=\u00bb4.16&#8243; _module_preset=\u00bbdefault\u00bb global_colors_info=\u00bb{}\u00bb][et_pb_image src=\u00bbhttps:\/\/upla.cl\/facultad\/arte\/wp-content\/uploads\/2024\/05\/Juan-Zuniga-.png\u00bb title_text=\u00bbJuan Z\u00fan\u0303iga\u00bb _builder_version=\u00bb4.25.1&#8243; _module_preset=\u00bbdefault\u00bb custom_margin=\u00bb||||false|false\u00bb custom_padding=\u00bb|15%||15%|true|true\u00bb border_radii=\u00bbon|9999px|9999px|9999px|9999px\u00bb border_width_all=\u00bb2px\u00bb border_color_all=\u00bb#b10061&#8243; global_colors_info=\u00bb{}\u00bb][\/et_pb_image][\/et_pb_column][et_pb_column type=\u00bb1_3&#8243; _builder_version=\u00bb4.16&#8243; _module_preset=\u00bbdefault\u00bb global_colors_info=\u00bb{}\u00bb][et_pb_text _builder_version=\u00bb4.25.0&#8243; _module_preset=\u00bbdefault\u00bb text_font=\u00bb|800|||||||\u00bb text_text_color=\u00bb#b10061&#8243; global_colors_info=\u00bb{}\u00bb]<\/p>\n<h4>Director del Departamento de Educaci\u00f3n Art\u00edstica<\/h4>\n<p><span>Juan Z\u00fa\u00f1iga Jorquera<\/span><\/p>\n<p>[\/et_pb_text][et_pb_text _builder_version=\u00bb4.25.0&#8243; _module_preset=\u00bbdefault\u00bb global_colors_info=\u00bb{}\u00bb]<\/p>\n<p>Mag\u00edster en Pedagog\u00eda Universitaria.<br \/>Profesor de Estado en Artes Pl\u00e1sticas.<br \/>Profesor Titular de C\u00e1tedra Artes Mediales de la<br \/>Facultad de Arte UPLA.<\/p>\n<p>Correo electr\u00f3nico: <a href=\"mailto:jzuniga@upla.cl\">jzuniga@upla.cl<\/a><br \/>Tel\u00e9fono: +32 2205454<br \/>Anexo interno: 5454<\/p>\n<p>[\/et_pb_text][\/et_pb_column][et_pb_column type=\u00bb1_3&#8243; _builder_version=\u00bb4.16&#8243; _module_preset=\u00bbdefault\u00bb global_colors_info=\u00bb{}\u00bb][et_pb_text _builder_version=\u00bb4.25.0&#8243; _module_preset=\u00bbdefault\u00bb text_text_color=\u00bb#565656&#8243; global_colors_info=\u00bb{}\u00bb]<\/p>\n<p><span><b>Secretaria<\/b><\/span><br \/>\u00darsula Estay Carvacho<br \/>Correo electr\u00f3nico: <a href=\"mailto:uestay@upla.cl\" target=\"_blank\" rel=\"noopener\">uestay@upla.cl<\/a><br \/>Tel\u00e9fono: +32 2205454<br \/>Anexo interno: 5454<\/p>\n<p>[\/et_pb_text][\/et_pb_column][\/et_pb_row][\/et_pb_section][et_pb_section fb_built=\u00bb1&#8243; _builder_version=\u00bb4.24.3&#8243; _module_preset=\u00bbdefault\u00bb background_color=\u00bb#F4F4F4&#8243; custom_padding=\u00bb50px|||||\u00bb global_colors_info=\u00bb{}\u00bb][et_pb_row _builder_version=\u00bb4.16&#8243; _module_preset=\u00bbdefault\u00bb custom_padding=\u00bb44px||15px|||\u00bb global_colors_info=\u00bb{}\u00bb][et_pb_column type=\u00bb4_4&#8243; _builder_version=\u00bb4.16&#8243; _module_preset=\u00bbdefault\u00bb global_colors_info=\u00bb{}\u00bb][et_pb_blurb title=\u00bbDirecciones de carreras\u00bb use_icon=\u00bbon\u00bb font_icon=\u00bb&#xe0df;||divi||400&#8243; icon_color=\u00bb#565656&#8243; content_max_width=\u00bb1100px\u00bb _builder_version=\u00bb4.25.1&#8243; _module_preset=\u00bbdefault\u00bb header_level=\u00bbh3&#8243; header_font=\u00bb|600|||||||\u00bb header_text_align=\u00bbcenter\u00bb header_text_color=\u00bb#565656&#8243; body_text_align=\u00bbcenter\u00bb body_text_color=\u00bb#FFFFFF\u00bb body_font_size=\u00bb18px\u00bb global_colors_info=\u00bb{}\u00bb][\/et_pb_blurb][\/et_pb_column][\/et_pb_row][et_pb_row column_structure=\u00bb1_6,1_6,1_6,1_6,1_6,1_6&#8243; _builder_version=\u00bb4.16&#8243; _module_preset=\u00bbdefault\u00bb custom_padding=\u00bb||4px|||\u00bb global_colors_info=\u00bb{}\u00bb][et_pb_column type=\u00bb1_6&#8243; _builder_version=\u00bb4.16&#8243; _module_preset=\u00bbdefault\u00bb global_colors_info=\u00bb{}\u00bb][et_pb_team_member name=\u00bbAndr\u00e9s Hern\u00e1ndez Hidalgo\u00bb position=\u00bbDirector de la carrera de Teatro\u00bb image_url=\u00bbhttps:\/\/upla.cl\/facultad\/arte\/wp-content\/uploads\/2024\/05\/ANDRES-HERNADEZ.png\u00bb admin_label=\u00bbAndr\u00e9s Hern\u00e1ndez Hidalgo\u00bb _builder_version=\u00bb4.25.1&#8243; _module_preset=\u00bbdefault\u00bb header_font=\u00bb|700|||||||\u00bb position_font=\u00bb|800|||||||\u00bb position_text_color=\u00bb#b10061&#8243; body_link_font=\u00bb||||on|||#009BDB|\u00bb border_radii_image=\u00bbon|180px|180px|180px|180px\u00bb border_width_all_image=\u00bb2px\u00bb border_color_all_image=\u00bb#b10061&#8243; global_colors_info=\u00bb{}\u00bb]<\/p>\n<p>Correo electr\u00f3nico: <a href=\"mailto:andres.hernandez@upla.cl\" target=\"_blank\" rel=\"noopener\" title=\"andres.hernandez@upla.cl\">andres.hernandez@upla.cl<\/a><br \/>Tel\u00e9fono: 32 2205127<\/p>\n<p>[\/et_pb_team_member][\/et_pb_column][et_pb_column type=\u00bb1_6&#8243; _builder_version=\u00bb4.16&#8243; _module_preset=\u00bbdefault\u00bb global_colors_info=\u00bb{}\u00bb][et_pb_team_member name=\u00bbGregorio Silva D\u00edaz\u00bb position=\u00bbDirector de la carrera de Pedagog\u00eda en Artes Visuales, menci\u00f3n Patrimonio\u00bb image_url=\u00bbhttps:\/\/upla.cl\/facultad\/arte\/wp-content\/uploads\/2024\/05\/gregorio-silva.png\u00bb admin_label=\u00bb\u00cdtalo Sabadini Foretich\u00bb _builder_version=\u00bb4.27.4&#8243; _module_preset=\u00bbdefault\u00bb header_font=\u00bb|700|||||||\u00bb position_font=\u00bb|800|||||||\u00bb position_text_color=\u00bb#b10061&#8243; body_link_font=\u00bb||||on|||#009BDB|\u00bb border_radii_image=\u00bbon|180px|180px|180px|180px\u00bb border_width_all_image=\u00bb2px\u00bb border_color_all_image=\u00bb#b10061&#8243; global_colors_info=\u00bb{}\u00bb]Correo electr\u00f3nico: <a href=\"mailto:gregorio.silva@upla.cl\" target=\"_blank\" rel=\"noopener\" title=\" gregorio.silva@upla.cl \"> gregorio.silva@upla.cl <\/a><br \/>\nTel\u00e9fono: 32 2205453[\/et_pb_team_member][\/et_pb_column][et_pb_column type=\u00bb1_6&#8243; _builder_version=\u00bb4.16&#8243; _module_preset=\u00bbdefault\u00bb global_colors_info=\u00bb{}\u00bb][et_pb_team_member name=\u00bbGuisela Munita Mart\u00ednez\u00bb position=\u00bbDirectora de la carrera de Licenciatura en Arte\u00bb image_url=\u00bbhttps:\/\/upla.cl\/facultad\/arte\/wp-content\/uploads\/2024\/05\/GUISELA-MUNITA.png\u00bb admin_label=\u00bbClaudia Cataldo Mart\u00ednez\u00bb _builder_version=\u00bb4.27.4&#8243; _module_preset=\u00bbdefault\u00bb header_font=\u00bb|700|||||||\u00bb position_font=\u00bb|800|||||||\u00bb position_text_color=\u00bb#b10061&#8243; body_link_font=\u00bb||||on|||#009BDB|\u00bb border_radii_image=\u00bbon|180px|180px|180px|180px\u00bb border_width_all_image=\u00bb2px\u00bb border_color_all_image=\u00bb#b10061&#8243; global_colors_info=\u00bb{}\u00bb]<\/p>\n<p>Correo electr\u00f3nico:<br \/><a href=\"mailto:dir.lic.arte@upla.cl\" target=\"_blank\" rel=\"noopener\">dir.lic.arte@upla.cl<\/a><br \/>Tel\u00e9fono: 32 2205452<\/p>\n<p>[\/et_pb_team_member][\/et_pb_column][et_pb_column type=\u00bb1_6&#8243; _builder_version=\u00bb4.16&#8243; _module_preset=\u00bbdefault\u00bb global_colors_info=\u00bb{}\u00bb][et_pb_team_member name=\u00bbGuido Olivares Salinas \u00bb position=\u00bbDirector de la carrera de Dise\u00f1o\u00bb image_url=\u00bbhttps:\/\/upla.cl\/facultad\/arte\/wp-content\/uploads\/2024\/05\/guido-olivares-.png\u00bb admin_label=\u00bbGuido Olivares Salinas \u00bb _builder_version=\u00bb4.25.1&#8243; _module_preset=\u00bbdefault\u00bb header_font=\u00bb|700|||||||\u00bb position_font=\u00bb|800|||||||\u00bb position_text_color=\u00bb#b10061&#8243; body_link_font=\u00bb||||on|||#009BDB|\u00bb border_radii_image=\u00bbon|180px|180px|180px|180px\u00bb border_width_all_image=\u00bb2px\u00bb border_color_all_image=\u00bb#b10061&#8243; global_colors_info=\u00bb{}\u00bb]<\/p>\n<p>Correo electr\u00f3nico: <a href=\"mailto:golivares@upla.cl\" target=\"_blank\" rel=\"noopener\" title=\"golivares@upla.cl\"> golivares@upla.cl<\/a><br \/>Tel\u00e9fono: 32 2205469<\/p>\n<p>[\/et_pb_team_member][\/et_pb_column][et_pb_column type=\u00bb1_6&#8243; _builder_version=\u00bb4.16&#8243; _module_preset=\u00bbdefault\u00bb global_colors_info=\u00bb{}\u00bb][et_pb_team_member name=\u00bbN\u00e9stor Currilem Gonz\u00e1lez\u00bb position=\u00bbDirector de la carrera de Dibujante Proyectista\u00bb image_url=\u00bbhttps:\/\/upla.cl\/facultad\/arte\/wp-content\/uploads\/2024\/05\/Nestor-Currilem-.png\u00bb admin_label=\u00bbMarco Mu\u00f1oz del Campo\u00bb _builder_version=\u00bb4.27.4&#8243; _module_preset=\u00bbdefault\u00bb header_font=\u00bb|700|||||||\u00bb position_font=\u00bb|800|||||||\u00bb position_text_color=\u00bb#b10061&#8243; body_link_font=\u00bb||||on|||#009BDB|\u00bb border_radii_image=\u00bbon|180px|180px|180px|180px\u00bb border_width_all_image=\u00bb2px\u00bb border_color_all_image=\u00bb#b10061&#8243; global_colors_info=\u00bb{}\u00bb]Correo electr\u00f3nico: <a href=\"currilem@upla.cl\" target=\"_blank\" rel=\"noopener\" title=\"currilem@upla.cl\"> currilem@upla.cl<\/a><br \/>\nTel\u00e9fono: 32 2205463[\/et_pb_team_member][\/et_pb_column][et_pb_column type=\u00bb1_6&#8243; _builder_version=\u00bb4.16&#8243; _module_preset=\u00bbdefault\u00bb global_colors_info=\u00bb{}\u00bb][et_pb_team_member name=\u00bbJos\u00e9 Godoy Valenzuela\u00bb position=\u00bbDirector de la carrera de Pedagog\u00eda en Educaci\u00f3n Musical\u00bb image_url=\u00bbhttps:\/\/upla.cl\/facultad\/arte\/wp-content\/uploads\/2024\/05\/JAVIER-GODOY.png\u00bb admin_label=\u00bbJos\u00e9 Godoy Valenzuela\u00bb _builder_version=\u00bb4.25.1&#8243; _module_preset=\u00bbdefault\u00bb header_font=\u00bb|700|||||||\u00bb position_font=\u00bb|800|||||||\u00bb position_text_color=\u00bb#b10061&#8243; body_link_font=\u00bb||||on|||#009BDB|\u00bb border_radii_image=\u00bbon|180px|180px|180px|180px\u00bb border_width_all_image=\u00bb2px\u00bb border_color_all_image=\u00bb#b10061&#8243; global_colors_info=\u00bb{}\u00bb]<\/p>\n<p>Correo electr\u00f3nico: <a href=\"mailto:jose.godoy@upla.cl\" target=\"_blank\" rel=\"noopener\" title=\"jose.godoy@upla.cl\"> jose.godoy@upla.cl<\/a><br \/>Tel\u00e9fono: 32 2205467<\/p>\n<p>[\/et_pb_team_member][\/et_pb_column][\/et_pb_row][\/et_pb_section][et_pb_section fb_built=\u00bb1&#8243; _builder_version=\u00bb4.16&#8243; _module_preset=\u00bbdefault\u00bb global_colors_info=\u00bb{}\u00bb][et_pb_row _builder_version=\u00bb4.16&#8243; _module_preset=\u00bbdefault\u00bb custom_padding=\u00bb8px||15px|||\u00bb global_colors_info=\u00bb{}\u00bb][et_pb_column type=\u00bb4_4&#8243; _builder_version=\u00bb4.16&#8243; _module_preset=\u00bbdefault\u00bb global_colors_info=\u00bb{}\u00bb][et_pb_blurb title=\u00bbCoordinaciones\u00bb use_icon=\u00bbon\u00bb font_icon=\u00bb&#xe0df;||divi||400&#8243; icon_color=\u00bb#565656&#8243; image_icon_background_color=\u00bbRGBA(255,255,255,0)\u00bb content_max_width=\u00bb1100px\u00bb _builder_version=\u00bb4.25.1&#8243; _module_preset=\u00bbdefault\u00bb header_level=\u00bbh3&#8243; header_font=\u00bb|600|||||||\u00bb header_text_align=\u00bbcenter\u00bb header_text_color=\u00bb#565656&#8243; body_text_align=\u00bbcenter\u00bb body_text_color=\u00bb#FFFFFF\u00bb body_font_size=\u00bb18px\u00bb global_colors_info=\u00bb{}\u00bb][\/et_pb_blurb][\/et_pb_column][\/et_pb_row][et_pb_row column_structure=\u00bb1_4,1_4,1_4,1_4&#8243; use_custom_gutter=\u00bbon\u00bb _builder_version=\u00bb4.25.1&#8243; _module_preset=\u00bbdefault\u00bb width=\u00bb90%\u00bb custom_padding=\u00bb||4px|||\u00bb global_colors_info=\u00bb{}\u00bb][et_pb_column type=\u00bb1_4&#8243; _builder_version=\u00bb4.16&#8243; _module_preset=\u00bbdefault\u00bb global_colors_info=\u00bb{}\u00bb][et_pb_team_member name=\u00bbCoordinador de Calidad\u00bb position=\u00bbMarcello Chiuminatto Orrego\u00bb image_url=\u00bbhttps:\/\/upla.cl\/facultad\/arte\/wp-content\/uploads\/2024\/05\/M-CHIUMINATTO.png\u00bb admin_label=\u00bbMarcello Chiuminatto Orrego\u00bb _builder_version=\u00bb4.25.1&#8243; _module_preset=\u00bbdefault\u00bb header_font=\u00bb|700|||||||\u00bb position_font=\u00bb|800|||||||\u00bb position_text_color=\u00bb#b10061&#8243; body_link_font=\u00bb||||on|||#009BDB|\u00bb border_radii_image=\u00bbon|180px|180px|180px|180px\u00bb border_width_all_image=\u00bb2px\u00bb border_color_all_image=\u00bb#b10061&#8243; global_colors_info=\u00bb{}\u00bb]<\/p>\n<p>Correo electr\u00f3nico: <a href=\"mailto:marcello.chiuminatto@upla.cl\" target=\"_blank\" rel=\"noopener\" title=\"marcello.chiuminatto@upla.cl\">marcello.chiuminatto@upla.cl<\/a><\/p>\n<p>[\/et_pb_team_member][\/et_pb_column][et_pb_column type=\u00bb1_4&#8243; _builder_version=\u00bb4.16&#8243; _module_preset=\u00bbdefault\u00bb global_colors_info=\u00bb{}\u00bb][et_pb_team_member name=\u00bbCoordinadora de Investigaci\u00f3n y Creaci\u00f3n Art\u00edstica\u00bb position=\u00bbMagdalena Dardel Coronado\u00bb image_url=\u00bbhttps:\/\/upla.cl\/facultad\/arte\/wp-content\/uploads\/2024\/05\/Magdalena-Dardel.png\u00bb admin_label=\u00bbMagdalena Dardel Coronado\u00bb _builder_version=\u00bb4.25.1&#8243; _module_preset=\u00bbdefault\u00bb header_font=\u00bb|700|||||||\u00bb position_font=\u00bb|800|||||||\u00bb position_text_color=\u00bb#b10061&#8243; body_link_font=\u00bb||||on|||#009BDB|\u00bb border_radii_image=\u00bbon|180px|180px|180px|180px\u00bb border_width_all_image=\u00bb2px\u00bb border_color_all_image=\u00bb#b10061&#8243; global_colors_info=\u00bb{}\u00bb]<\/p>\n<p>Correo electr\u00f3nico: <a href=\"mailto:magdalena.dardel@upla.cl\" target=\"_blank\" rel=\"noopener\" title=\"magdalena.dardel@upla.cl \">magdalena.dardel@upla.cl <\/a><\/p>\n<p>[\/et_pb_team_member][\/et_pb_column][et_pb_column type=\u00bb1_4&#8243; _builder_version=\u00bb4.16&#8243; _module_preset=\u00bbdefault\u00bb global_colors_info=\u00bb{}\u00bb][et_pb_team_member name=\u00bbCoordinadora de Equidad e Igualdad de G\u00e9nero\u00bb position=\u00bbClaudia Aguilera Fern\u00e1ndez\u00bb image_url=\u00bbhttps:\/\/upla.cl\/facultad\/arte\/wp-content\/uploads\/2024\/05\/claudia-aguilera.png\u00bb admin_label=\u00bbClaudia Aguilera Fern\u00e1ndez\u00bb _builder_version=\u00bb4.25.1&#8243; _module_preset=\u00bbdefault\u00bb header_font=\u00bb|700|||||||\u00bb position_font=\u00bb|800|||||||\u00bb position_text_color=\u00bb#b10061&#8243; body_link_font=\u00bb||||on|||#009BDB|\u00bb border_radii_image=\u00bbon|180px|180px|180px|180px\u00bb border_width_all_image=\u00bb2px\u00bb border_color_all_image=\u00bb#b10061&#8243; global_colors_info=\u00bb{}\u00bb]<\/p>\n<p>Correo electr\u00f3nico: <a href=\"mailto:caguilera@upla.cl\" target=\"_blank\" rel=\"noopener\" title=\"caguilera@upla.cl\">caguilera@upla.cl<\/a><\/p>\n<p>[\/et_pb_team_member][et_pb_team_member name=\u00bbCoordinador de Gesti\u00f3n de Proyectos\u00bb position=\u00bbJuan Sebasti\u00e1n Cayo S\u00e1nchez\u00bb image_url=\u00bbhttps:\/\/upla.cl\/facultad\/arte\/wp-content\/uploads\/2024\/05\/Juan-Cayo.png\u00bb disabled_on=\u00bbon|on|on\u00bb admin_label=\u00bbJuan Sebasti\u00e1n Cayo S\u00e1nchez\u00bb _builder_version=\u00bb4.25.1&#8243; _module_preset=\u00bbdefault\u00bb header_font=\u00bb|700|||||||\u00bb position_font=\u00bb|800|||||||\u00bb position_text_color=\u00bb#b10061&#8243; body_link_font=\u00bb||||on|||#009BDB|\u00bb border_radii_image=\u00bbon|180px|180px|180px|180px\u00bb border_width_all_image=\u00bb2px\u00bb border_color_all_image=\u00bb#b10061&#8243; disabled=\u00bbon\u00bb global_colors_info=\u00bb{}\u00bb]<\/p>\n<p>Correo electr\u00f3nico: <a href=\"mailto:juan.cayo@upla.cl\" target=\"_blank\" rel=\"noopener\" title=\"juan.cayo@upla.cl\">juan.cayo@upla.cl<\/a><\/p>\n<p>[\/et_pb_team_member][\/et_pb_column][et_pb_column type=\u00bb1_4&#8243; _builder_version=\u00bb4.16&#8243; _module_preset=\u00bbdefault\u00bb global_colors_info=\u00bb{}\u00bb][et_pb_team_member name=\u00bbCoordinador de Estudio e Innovaci\u00f3n Curricular\u00bb position=\u00bbAndr\u00e9s Alarc\u00f3n Biggio\u00bb image_url=\u00bbhttps:\/\/upla.cl\/facultad\/arte\/wp-content\/uploads\/2024\/05\/ANDRES-ALARCON.png\u00bb admin_label=\u00bbAndr\u00e9s Alarc\u00f3n Biggio\u00bb _builder_version=\u00bb4.25.1&#8243; _module_preset=\u00bbdefault\u00bb header_font=\u00bb|700|||||||\u00bb position_font=\u00bb|800|||||||\u00bb position_text_color=\u00bb#b10061&#8243; body_link_font=\u00bb||||on|||#009BDB|\u00bb border_radii_image=\u00bbon|180px|180px|180px|180px\u00bb border_width_all_image=\u00bb2px\u00bb border_color_all_image=\u00bb#b10061&#8243; global_colors_info=\u00bb{}\u00bb]<\/p>\n<p>Correo electr\u00f3nico: <a href=\"mailto:andres.alarcon@upla.cl\" target=\"_blank\" rel=\"noopener\" title=\"andres.alarcon@upla.cl\">andres.alarcon@upla.cl<\/a><\/p>\n<p>[\/et_pb_team_member][et_pb_team_member name=\u00bbCoordinadora de Vinculaci\u00f3n con el Medio\u00bb position=\u00bbMar\u00eda Lorena Saavedra Gonz\u00e1lez\u00bb image_url=\u00bbhttps:\/\/upla.cl\/facultad\/arte\/wp-content\/uploads\/2024\/05\/Lorena-Saavedra.png\u00bb disabled_on=\u00bbon|on|on\u00bb admin_label=\u00bbMar\u00eda Lorena Saavedra\u00bb _builder_version=\u00bb4.25.1&#8243; _module_preset=\u00bbdefault\u00bb header_font=\u00bb|700|||||||\u00bb position_font=\u00bb|800|||||||\u00bb position_text_color=\u00bb#b10061&#8243; body_link_font=\u00bb||||on|||#009BDB|\u00bb border_radii_image=\u00bbon|180px|180px|180px|180px\u00bb border_width_all_image=\u00bb2px\u00bb border_color_all_image=\u00bb#b10061&#8243; disabled=\u00bbon\u00bb global_colors_info=\u00bb{}\u00bb]<\/p>\n<p>Correo electr\u00f3nico: <a href=\"mailto:maria.saavedra@upla.cl\">maria.saavedra@upla.cl<\/a><\/p>\n<p>[\/et_pb_team_member][\/et_pb_column][\/et_pb_row][\/et_pb_section][et_pb_section fb_built=\u00bb1&#8243; _builder_version=\u00bb4.16&#8243; _module_preset=\u00bbdefault\u00bb background_color=\u00bb#f2f2f2&#8243; global_colors_info=\u00bb{}\u00bb][et_pb_row _builder_version=\u00bb4.16&#8243; _module_preset=\u00bbdefault\u00bb custom_padding=\u00bb||4px|||\u00bb global_colors_info=\u00bb{}\u00bb][et_pb_column type=\u00bb4_4&#8243; _builder_version=\u00bb4.16&#8243; _module_preset=\u00bbdefault\u00bb global_colors_info=\u00bb{}\u00bb][et_pb_blurb title=\u00bbConsejo de Facultad\u00bb use_icon=\u00bbon\u00bb font_icon=\u00bb&#xe0df;||divi||400&#8243; icon_color=\u00bb#565656&#8243; content_max_width=\u00bb1100px\u00bb _builder_version=\u00bb4.25.1&#8243; _module_preset=\u00bbdefault\u00bb header_level=\u00bbh3&#8243; header_font=\u00bb|600|||||||\u00bb header_text_align=\u00bbcenter\u00bb header_text_color=\u00bb#565656&#8243; body_text_align=\u00bbcenter\u00bb body_text_color=\u00bb#FFFFFF\u00bb body_font_size=\u00bb18px\u00bb global_colors_info=\u00bb{}\u00bb][\/et_pb_blurb][\/et_pb_column][\/et_pb_row][et_pb_row column_structure=\u00bb1_4,1_4,1_4,1_4&#8243; _builder_version=\u00bb4.16&#8243; _module_preset=\u00bbdefault\u00bb custom_padding=\u00bb||4px|||\u00bb global_colors_info=\u00bb{}\u00bb][et_pb_column type=\u00bb1_4&#8243; _builder_version=\u00bb4.16&#8243; _module_preset=\u00bbdefault\u00bb global_colors_info=\u00bb{}\u00bb][et_pb_text _builder_version=\u00bb4.24.3&#8243; _module_preset=\u00bbdefault\u00bb global_colors_info=\u00bb{}\u00bb]<\/p>\n<blockquote>\n<p><strong>Decano:<\/strong><br \/>Alberto Madrid Letelier<\/p>\n<\/blockquote>\n<p>[\/et_pb_text][\/et_pb_column][et_pb_column type=\u00bb1_4&#8243; _builder_version=\u00bb4.16&#8243; _module_preset=\u00bbdefault\u00bb global_colors_info=\u00bb{}\u00bb][et_pb_text _builder_version=\u00bb4.25.0&#8243; _module_preset=\u00bbdefault\u00bb global_colors_info=\u00bb{}\u00bb]<\/p>\n<blockquote>\n<p><strong>Secretario Acad\u00e9mico:<\/strong><br \/>Eugenio Tassara Hoy<\/p>\n<\/blockquote>\n<p>[\/et_pb_text][\/et_pb_column][et_pb_column type=\u00bb1_4&#8243; _builder_version=\u00bb4.16&#8243; _module_preset=\u00bbdefault\u00bb global_colors_info=\u00bb{}\u00bb][et_pb_text _builder_version=\u00bb4.25.0&#8243; _module_preset=\u00bbdefault\u00bb global_colors_info=\u00bb{}\u00bb]<\/p>\n<blockquote>\n<p><strong>Director de Departamento de Educaci\u00f3n Art\u00edstica:<\/strong><br \/>Juan Z\u00fa\u00f1iga Jorquera<\/p>\n<\/blockquote>\n<p>[\/et_pb_text][\/et_pb_column][et_pb_column type=\u00bb1_4&#8243; _builder_version=\u00bb4.16&#8243; _module_preset=\u00bbdefault\u00bb global_colors_info=\u00bb{}\u00bb][et_pb_text _builder_version=\u00bb4.25.0&#8243; _module_preset=\u00bbdefault\u00bb global_colors_info=\u00bb{}\u00bb]<\/p>\n<blockquote>\n<p><strong>Director de Departamento de Artes Integradas:<\/strong><br \/>Jos\u00e9 de Nordenflycht Concha<\/p>\n<\/blockquote>\n<p>[\/et_pb_text][\/et_pb_column][\/et_pb_row][et_pb_row column_structure=\u00bb1_4,1_4,1_4,1_4&#8243; _builder_version=\u00bb4.16&#8243; _module_preset=\u00bbdefault\u00bb custom_padding=\u00bb||4px|||\u00bb global_colors_info=\u00bb{}\u00bb][et_pb_column type=\u00bb1_4&#8243; _builder_version=\u00bb4.16&#8243; _module_preset=\u00bbdefault\u00bb global_colors_info=\u00bb{}\u00bb][et_pb_text _builder_version=\u00bb4.25.0&#8243; _module_preset=\u00bbdefault\u00bb global_colors_info=\u00bb{}\u00bb]<\/p>\n<blockquote>\n<p><strong>Director de carrera de Teatro:<\/strong><br \/>Andr\u00e9s Hern\u00e1ndez Hidalgo<\/p>\n<\/blockquote>\n<p>[\/et_pb_text][\/et_pb_column][et_pb_column type=\u00bb1_4&#8243; _builder_version=\u00bb4.16&#8243; _module_preset=\u00bbdefault\u00bb global_colors_info=\u00bb{}\u00bb][et_pb_text _builder_version=\u00bb4.24.3&#8243; _module_preset=\u00bbdefault\u00bb global_colors_info=\u00bb{}\u00bb]<\/p>\n<blockquote>\n<p><strong>Director de carrera de Pedagog\u00eda en Artes Visuales, menci\u00f3n Patrimonio:<\/strong><br \/>\u00cdtalo Sabadini Foretich<\/p>\n<\/blockquote>\n<p>[\/et_pb_text][\/et_pb_column][et_pb_column type=\u00bb1_4&#8243; _builder_version=\u00bb4.16&#8243; _module_preset=\u00bbdefault\u00bb global_colors_info=\u00bb{}\u00bb][et_pb_text _builder_version=\u00bb4.24.3&#8243; _module_preset=\u00bbdefault\u00bb global_colors_info=\u00bb{}\u00bb]<\/p>\n<blockquote>\n<p><strong>Directora de carrera de Licenciatura en Arte:<\/strong><br \/>Claudia Cataldo Mart\u00ednez<\/p>\n<\/blockquote>\n<p>[\/et_pb_text][\/et_pb_column][et_pb_column type=\u00bb1_4&#8243; _builder_version=\u00bb4.16&#8243; _module_preset=\u00bbdefault\u00bb global_colors_info=\u00bb{}\u00bb][et_pb_text _builder_version=\u00bb4.25.0&#8243; _module_preset=\u00bbdefault\u00bb global_colors_info=\u00bb{}\u00bb]<\/p>\n<blockquote>\n<p><strong>Director de carrera de Dise\u00f1o:<\/strong><br \/>Guido Olivares Salinas<\/p>\n<\/blockquote>\n<p>[\/et_pb_text][\/et_pb_column][\/et_pb_row][et_pb_row column_structure=\u00bb1_4,1_4,1_4,1_4&#8243; _builder_version=\u00bb4.16&#8243; _module_preset=\u00bbdefault\u00bb custom_padding=\u00bb||4px|||\u00bb global_colors_info=\u00bb{}\u00bb][et_pb_column type=\u00bb1_4&#8243; _builder_version=\u00bb4.16&#8243; _module_preset=\u00bbdefault\u00bb global_colors_info=\u00bb{}\u00bb][et_pb_text _builder_version=\u00bb4.25.0&#8243; _module_preset=\u00bbdefault\u00bb global_colors_info=\u00bb{}\u00bb]<\/p>\n<blockquote>\n<p><strong>Director de carrera de Dibujante Proyectista:<\/strong><br \/>Marco Mu\u00f1oz del Campo<\/p>\n<\/blockquote>\n<p>[\/et_pb_text][\/et_pb_column][et_pb_column type=\u00bb1_4&#8243; _builder_version=\u00bb4.16&#8243; _module_preset=\u00bbdefault\u00bb global_colors_info=\u00bb{}\u00bb][et_pb_text _builder_version=\u00bb4.24.3&#8243; _module_preset=\u00bbdefault\u00bb global_colors_info=\u00bb{}\u00bb]<\/p>\n<blockquote>\n<p><strong>Director de carrera de Pedagog\u00eda en Educaci\u00f3n Musical:<\/strong><br \/>Jos\u00e9 Godoy Valenzuela<\/p>\n<\/blockquote>\n<p>[\/et_pb_text][\/et_pb_column][et_pb_column type=\u00bb1_4&#8243; _builder_version=\u00bb4.16&#8243; _module_preset=\u00bbdefault\u00bb global_colors_info=\u00bb{}\u00bb][et_pb_text _builder_version=\u00bb4.24.3&#8243; _module_preset=\u00bbdefault\u00bb global_colors_info=\u00bb{}\u00bb]<\/p>\n<blockquote><p><strong>Consejero:<\/strong><br \/>\nGiulio Ferretto Salinas<\/p><\/blockquote>\n<p>[\/et_pb_text][\/et_pb_column][et_pb_column type=\u00bb1_4&#8243; _builder_version=\u00bb4.16&#8243; _module_preset=\u00bbdefault\u00bb global_colors_info=\u00bb{}\u00bb][et_pb_text _builder_version=\u00bb4.24.3&#8243; _module_preset=\u00bbdefault\u00bb global_colors_info=\u00bb{}\u00bb]<\/p>\n<blockquote><p><strong>Consejera:<\/strong><br \/>\nJenny Pino Madariaga<\/p><\/blockquote>\n<p>[\/et_pb_text][\/et_pb_column][\/et_pb_row][et_pb_row column_structure=\u00bb1_4,1_4,1_4,1_4&#8243; _builder_version=\u00bb4.16&#8243; _module_preset=\u00bbdefault\u00bb custom_padding=\u00bb||4px|||\u00bb global_colors_info=\u00bb{}\u00bb][et_pb_column type=\u00bb1_4&#8243; _builder_version=\u00bb4.16&#8243; _module_preset=\u00bbdefault\u00bb global_colors_info=\u00bb{}\u00bb][et_pb_text _builder_version=\u00bb4.24.3&#8243; _module_preset=\u00bbdefault\u00bb global_colors_info=\u00bb{}\u00bb]<\/p>\n<blockquote>\n<p><strong>Consejero:<\/strong><br \/>Mario Ibarra Catal\u00e1n<\/p>\n<\/blockquote>\n<p>[\/et_pb_text][\/et_pb_column][et_pb_column type=\u00bb1_4&#8243; _builder_version=\u00bb4.16&#8243; _module_preset=\u00bbdefault\u00bb global_colors_info=\u00bb{}\u00bb][et_pb_text _builder_version=\u00bb4.24.3&#8243; _module_preset=\u00bbdefault\u00bb global_colors_info=\u00bb{}\u00bb]<\/p>\n<blockquote><p><strong>Consejera:<\/strong><br \/>\nLorena Saavedra Gonz\u00e1lez<\/p><\/blockquote>\n<p>[\/et_pb_text][\/et_pb_column][et_pb_column type=\u00bb1_4&#8243; _builder_version=\u00bb4.16&#8243; _module_preset=\u00bbdefault\u00bb global_colors_info=\u00bb{}\u00bb][et_pb_text _builder_version=\u00bb4.25.2&#8243; _module_preset=\u00bbdefault\u00bb global_colors_info=\u00bb{}\u00bb]<\/p>\n<blockquote>\n<p><strong>Consejero funcionarios\/as no acad\u00e9micos\/as:<\/strong><br \/>Esteban Alca\u00edno Mu\u00f1oz<\/p>\n<\/blockquote>\n<p>[\/et_pb_text][\/et_pb_column][et_pb_column type=\u00bb1_4&#8243; _builder_version=\u00bb4.16&#8243; _module_preset=\u00bbdefault\u00bb global_colors_info=\u00bb{}\u00bb][et_pb_text _builder_version=\u00bb4.24.3&#8243; _module_preset=\u00bbdefault\u00bb global_colors_info=\u00bb{}\u00bb]<\/p>\n<blockquote>\n<p><strong>Consejero estudiantes:<\/strong><br \/>Gau Sandoval<\/p>\n<\/blockquote>\n<p>[\/et_pb_text][\/et_pb_column][\/et_pb_row][\/et_pb_section][et_pb_section fb_built=\u00bb1&#8243; _builder_version=\u00bb4.24.3&#8243; _module_preset=\u00bbdefault\u00bb background_color=\u00bb#FFFFFF\u00bb global_colors_info=\u00bb{}\u00bb][et_pb_row _builder_version=\u00bb4.16&#8243; _module_preset=\u00bbdefault\u00bb custom_padding=\u00bb44px||15px|||\u00bb global_colors_info=\u00bb{}\u00bb][et_pb_column type=\u00bb4_4&#8243; _builder_version=\u00bb4.16&#8243; _module_preset=\u00bbdefault\u00bb global_colors_info=\u00bb{}\u00bb][et_pb_blurb title=\u00bbApoyo administrativo y de servicios\u00bb use_icon=\u00bbon\u00bb font_icon=\u00bb&#xe0df;||divi||400&#8243; icon_color=\u00bb#565656&#8243; content_max_width=\u00bb1100px\u00bb _builder_version=\u00bb4.25.1&#8243; _module_preset=\u00bbdefault\u00bb header_level=\u00bbh3&#8243; header_font=\u00bb|600|||||||\u00bb header_text_align=\u00bbcenter\u00bb header_text_color=\u00bb#565656&#8243; body_text_align=\u00bbcenter\u00bb body_text_color=\u00bb#FFFFFF\u00bb body_font_size=\u00bb18px\u00bb global_colors_info=\u00bb{}\u00bb][\/et_pb_blurb][\/et_pb_column][\/et_pb_row][et_pb_row column_structure=\u00bb1_4,1_4,1_4,1_4&#8243; _builder_version=\u00bb4.16&#8243; _module_preset=\u00bbdefault\u00bb custom_padding=\u00bb||4px|||\u00bb global_colors_info=\u00bb{}\u00bb][et_pb_column type=\u00bb1_4&#8243; _builder_version=\u00bb4.16&#8243; _module_preset=\u00bbdefault\u00bb global_colors_info=\u00bb{}\u00bb][et_pb_team_member name=\u00bbGabriela Garrido G\u00f3mez\u00bb position=\u00bbSecretaria del Decano\u00bb image_url=\u00bbhttps:\/\/upla.cl\/facultad\/arte\/wp-content\/uploads\/2024\/05\/Gabriela-Garrido.png\u00bb admin_label=\u00bbGabriela Garrido G\u00f3mez\u00bb _builder_version=\u00bb4.25.1&#8243; _module_preset=\u00bbdefault\u00bb position_font=\u00bb|800|||||||\u00bb position_text_color=\u00bb#b10061&#8243; body_link_font=\u00bb||||on|||#009BDB|\u00bb border_radii_image=\u00bbon|180px|180px|180px|180px\u00bb border_width_all_image=\u00bb2px\u00bb border_color_all_image=\u00bb#b10061&#8243; global_colors_info=\u00bb{}\u00bb]<\/p>\n<p><strong>Correo electr\u00f3nico:<\/strong> <br \/><a title=\"sec-arte@upla.cl\" href=\"mailto:sec-arte@upla.cl\" target=\"_blank\" rel=\"noopener\">sec-arte@upla.cl<\/a><\/p>\n<p>[\/et_pb_team_member][\/et_pb_column][et_pb_column type=\u00bb1_4&#8243; _builder_version=\u00bb4.16&#8243; _module_preset=\u00bbdefault\u00bb global_colors_info=\u00bb{}\u00bb][et_pb_team_member name=\u00bbMarcela Isabel Olate V\u00e1squez\u00bb position=\u00bbSecretaria de la Secretar\u00eda Acad\u00e9mica\u00bb image_url=\u00bbhttps:\/\/upla.cl\/facultad\/arte\/wp-content\/uploads\/2024\/05\/Marcela-Olate-SEC-.png\u00bb admin_label=\u00bbMar\u00eda Isabel Olate V\u00e1squez\u00bb _builder_version=\u00bb4.25.1&#8243; _module_preset=\u00bbdefault\u00bb position_font=\u00bb|800|||||||\u00bb position_text_color=\u00bb#b10061&#8243; body_link_font=\u00bb||||on|||#009BDB|\u00bb border_radii_image=\u00bbon|180px|180px|180px|180px\u00bb border_width_all_image=\u00bb2px\u00bb border_color_all_image=\u00bb#b10061&#8243; global_colors_info=\u00bb{}\u00bb]<\/p>\n<p><strong>Correo electr\u00f3nico:<\/strong> <a title=\"molate@upla.cl\" href=\"mailto:molate@upla.cl\" target=\"_blank\" rel=\"noopener\">molate@upla.cl<\/a><\/p>\n<p>[\/et_pb_team_member][\/et_pb_column][et_pb_column type=\u00bb1_4&#8243; _builder_version=\u00bb4.16&#8243; _module_preset=\u00bbdefault\u00bb global_colors_info=\u00bb{}\u00bb][et_pb_team_member name=\u00bbSilvia Ver\u00f3nica Saniter Montenegro\u00bb position=\u00bbSecretaria del Departamento de Artes Integradas\u00bb image_url=\u00bbhttps:\/\/upla.cl\/facultad\/arte\/wp-content\/uploads\/2024\/05\/Silvia-Saniter-SEC-.png\u00bb admin_label=\u00bbSilvia Ver\u00f3nica Saniter Montenegro\u00bb _builder_version=\u00bb4.25.1&#8243; _module_preset=\u00bbdefault\u00bb position_font=\u00bb|800|||||||\u00bb position_text_color=\u00bb#b10061&#8243; body_link_font=\u00bb||||on|||#009BDB|\u00bb border_radii_image=\u00bbon|180px|180px|180px|180px\u00bb border_width_all_image=\u00bb2px\u00bb border_color_all_image=\u00bb#b10061&#8243; global_colors_info=\u00bb{}\u00bb]<\/p>\n<p><strong>Correo electr\u00f3nico:<\/strong> <a title=\"ssaniter@upla.cl\" href=\"mailto:ssaniter@upla.cl\" target=\"_blank\" rel=\"noopener\">ssaniter@upla.cl<\/a><\/p>\n<p>[\/et_pb_team_member][\/et_pb_column][et_pb_column type=\u00bb1_4&#8243; _builder_version=\u00bb4.16&#8243; _module_preset=\u00bbdefault\u00bb global_colors_info=\u00bb{}\u00bb][et_pb_team_member name=\u00bb\u00darsula Estay Carvacho \u00bb position=\u00bbSecretaria del Departamento de Educaci\u00f3n Art\u00edstica\u00bb image_url=\u00bbhttps:\/\/upla.cl\/facultad\/arte\/wp-content\/uploads\/2024\/05\/Ursula-Estay-SEC-.png\u00bb admin_label=\u00bb\u00darsula Estay Carvacho \u00bb _builder_version=\u00bb4.25.1&#8243; _module_preset=\u00bbdefault\u00bb position_font=\u00bb|800|||||||\u00bb position_text_color=\u00bb#b10061&#8243; body_link_font=\u00bb||||on|||#009BDB|\u00bb border_radii_image=\u00bbon|180px|180px|180px|180px\u00bb border_width_all_image=\u00bb2px\u00bb border_color_all_image=\u00bb#b10061&#8243; global_colors_info=\u00bb{}\u00bb]<\/p>\n<p><strong>Correo electr\u00f3nico:<\/strong> <a title=\"uestay@upla.cl\" href=\"mailto:uestay@upla.cl\" target=\"_blank\" rel=\"noopener\">uestay@upla.cl<\/a><\/p>\n<p>[\/et_pb_team_member][\/et_pb_column][\/et_pb_row][et_pb_row column_structure=\u00bb1_4,1_4,1_4,1_4&#8243; _builder_version=\u00bb4.16&#8243; _module_preset=\u00bbdefault\u00bb custom_padding=\u00bb||4px|||\u00bb global_colors_info=\u00bb{}\u00bb][et_pb_column type=\u00bb1_4&#8243; _builder_version=\u00bb4.16&#8243; _module_preset=\u00bbdefault\u00bb global_colors_info=\u00bb{}\u00bb][et_pb_team_member name=\u00bbFreddy Rodr\u00edguez Reyes\u00bb position=\u00bbMayordomo de la Facultad\u00bb image_url=\u00bbhttps:\/\/upla.cl\/facultad\/arte\/wp-content\/uploads\/2024\/05\/Freddy-Rodriguez-MAyordomo.png\u00bb admin_label=\u00bbFreddy Rodr\u00edguez Reyes\u00bb _builder_version=\u00bb4.25.1&#8243; _module_preset=\u00bbdefault\u00bb position_font=\u00bb|800|||||||\u00bb position_text_color=\u00bb#b10061&#8243; body_link_font=\u00bb||||on|||#009BDB|\u00bb border_radii_image=\u00bbon|180px|180px|180px|180px\u00bb border_width_all_image=\u00bb2px\u00bb border_color_all_image=\u00bb#b10061&#8243; global_colors_info=\u00bb{}\u00bb][\/et_pb_team_member][\/et_pb_column][et_pb_column type=\u00bb1_4&#8243; _builder_version=\u00bb4.16&#8243; _module_preset=\u00bbdefault\u00bb global_colors_info=\u00bb{}\u00bb][et_pb_team_member name=\u00bbCarmen D\u00edaz Altamirano\u00bb position=\u00bbAuxiliar de servicio\u00bb image_url=\u00bbhttps:\/\/upla.cl\/facultad\/arte\/wp-content\/uploads\/2024\/04\/faroupla.png.png\u00bb admin_label=\u00bbCarmen D\u00edaz Altamirano\u00bb _builder_version=\u00bb4.25.1&#8243; _module_preset=\u00bbdefault\u00bb position_font=\u00bb|800|||||||\u00bb position_text_color=\u00bb#b10061&#8243; body_link_font=\u00bb||||on|||#009BDB|\u00bb border_radii_image=\u00bbon|180px|180px|180px|180px\u00bb border_width_all_image=\u00bb2px\u00bb border_color_all_image=\u00bb#b10061&#8243; global_colors_info=\u00bb{}\u00bb][\/et_pb_team_member][\/et_pb_column][et_pb_column type=\u00bb1_4&#8243; _builder_version=\u00bb4.16&#8243; _module_preset=\u00bbdefault\u00bb global_colors_info=\u00bb{}\u00bb][et_pb_team_member name=\u00bbLaura Soto Mateluna\u00bb position=\u00bbAuxiliar de servicio\u00bb image_url=\u00bbhttps:\/\/upla.cl\/facultad\/arte\/wp-content\/uploads\/2024\/04\/faroupla.png.png\u00bb admin_label=\u00bbLaura Soto Mateluna\u00bb _builder_version=\u00bb4.25.1&#8243; _module_preset=\u00bbdefault\u00bb position_font=\u00bb|800|||||||\u00bb position_text_color=\u00bb#b10061&#8243; body_link_font=\u00bb||||on|||#009BDB|\u00bb border_radii_image=\u00bbon|180px|180px|180px|180px\u00bb border_width_all_image=\u00bb2px\u00bb border_color_all_image=\u00bb#b10061&#8243; global_colors_info=\u00bb{}\u00bb][\/et_pb_team_member][\/et_pb_column][et_pb_column type=\u00bb1_4&#8243; _builder_version=\u00bb4.16&#8243; _module_preset=\u00bbdefault\u00bb global_colors_info=\u00bb{}\u00bb][et_pb_team_member name=\u00bbSergio Guerra Frau \u00bb position=\u00bbAuxiliar de servicio\u00bb image_url=\u00bbhttps:\/\/upla.cl\/facultad\/arte\/wp-content\/uploads\/2024\/05\/Sergio-Guerra.png\u00bb admin_label=\u00bbSergio Guerra Frau \u00bb _builder_version=\u00bb4.25.1&#8243; _module_preset=\u00bbdefault\u00bb position_font=\u00bb|800|||||||\u00bb position_text_color=\u00bb#b10061&#8243; body_link_font=\u00bb||||on|||#009BDB|\u00bb border_radii_image=\u00bbon|180px|180px|180px|180px\u00bb border_width_all_image=\u00bb2px\u00bb border_color_all_image=\u00bb#b10061&#8243; global_colors_info=\u00bb{}\u00bb][\/et_pb_team_member][\/et_pb_column][\/et_pb_row][et_pb_row column_structure=\u00bb1_4,1_4,1_4,1_4&#8243; _builder_version=\u00bb4.16&#8243; _module_preset=\u00bbdefault\u00bb custom_padding=\u00bb||4px|||\u00bb global_colors_info=\u00bb{}\u00bb][et_pb_column type=\u00bb1_4&#8243; _builder_version=\u00bb4.24.3&#8243; _module_preset=\u00bbdefault\u00bb global_colors_info=\u00bb{}\u00bb][et_pb_team_member name=\u00bbRoxana D\u00edaz Mart\u00ednez \u00bb position=\u00bbAuxiliar de servicio\u00bb image_url=\u00bbhttps:\/\/upla.cl\/facultad\/arte\/wp-content\/uploads\/2024\/04\/faroupla.png.png\u00bb admin_label=\u00bbRoxana D\u00edaz Mart\u00ednez \u00bb _builder_version=\u00bb4.25.1&#8243; _module_preset=\u00bbdefault\u00bb position_font=\u00bb|800|||||||\u00bb position_text_color=\u00bb#b10061&#8243; body_link_font=\u00bb||||on|||#009BDB|\u00bb border_radii_image=\u00bbon|180px|180px|180px|180px\u00bb border_width_all_image=\u00bb2px\u00bb border_color_all_image=\u00bb#b10061&#8243; global_colors_info=\u00bb{}\u00bb][\/et_pb_team_member][\/et_pb_column][et_pb_column type=\u00bb1_4&#8243; _builder_version=\u00bb4.16&#8243; _module_preset=\u00bbdefault\u00bb global_colors_info=\u00bb{}\u00bb][et_pb_team_member name=\u00bbFranklin Salazar Vilches\u00bb position=\u00bbPa\u00f1olero\u00bb image_url=\u00bbhttps:\/\/upla.cl\/facultad\/arte\/wp-content\/uploads\/2024\/04\/faroupla.png.png\u00bb admin_label=\u00bbFranklin Salazar Vilches\u00bb _builder_version=\u00bb4.25.1&#8243; _module_preset=\u00bbdefault\u00bb position_font=\u00bb|800|||||||\u00bb position_text_color=\u00bb#b10061&#8243; body_link_font=\u00bb||||on|||#009BDB|\u00bb border_radii_image=\u00bbon|180px|180px|180px|180px\u00bb border_width_all_image=\u00bb2px\u00bb border_color_all_image=\u00bb#b10061&#8243; global_colors_info=\u00bb{}\u00bb][\/et_pb_team_member][\/et_pb_column][et_pb_column type=\u00bb1_4&#8243; _builder_version=\u00bb4.16&#8243; _module_preset=\u00bbdefault\u00bb global_colors_info=\u00bb{}\u00bb][et_pb_team_member name=\u00bbRicardo Miranda Gonzalez\u00bb position=\u00bbMedios  audiovisuales\u00bb image_url=\u00bbhttps:\/\/upla.cl\/facultad\/arte\/wp-content\/uploads\/2024\/05\/Ricardo-.png\u00bb admin_label=\u00bbRicardo Miranda Gonzalez\u00bb _builder_version=\u00bb4.25.1&#8243; _module_preset=\u00bbdefault\u00bb position_font=\u00bb|800|||||||\u00bb position_text_color=\u00bb#b10061&#8243; body_link_font=\u00bb||||on|||#009BDB|\u00bb border_radii_image=\u00bbon|180px|180px|180px|180px\u00bb border_width_all_image=\u00bb2px\u00bb border_color_all_image=\u00bb#b10061&#8243; global_colors_info=\u00bb{}\u00bb][\/et_pb_team_member][\/et_pb_column][et_pb_column type=\u00bb1_4&#8243; _builder_version=\u00bb4.16&#8243; _module_preset=\u00bbdefault\u00bb global_colors_info=\u00bb{}\u00bb][et_pb_team_member name=\u00bbEsteban Alca\u00edno Mu\u00f1oz\u00bb position=\u00bbMedios  audiovisuales\u00bb image_url=\u00bbhttps:\/\/upla.cl\/facultad\/arte\/wp-content\/uploads\/2024\/05\/Esteban-Alcaino-ok-copia.png\u00bb admin_label=\u00bbEsteban Alca\u00edno Mu\u00f1oz\u00bb _builder_version=\u00bb4.25.1&#8243; _module_preset=\u00bbdefault\u00bb position_font=\u00bb|800|||||||\u00bb position_text_color=\u00bb#b10061&#8243; body_link_font=\u00bb||||on|||#009BDB|\u00bb border_radii_image=\u00bbon|180px|180px|180px|180px\u00bb border_width_all_image=\u00bb2px\u00bb border_color_all_image=\u00bb#b10061&#8243; global_colors_info=\u00bb{}\u00bb][\/et_pb_team_member][\/et_pb_column][\/et_pb_row][et_pb_row column_structure=\u00bb1_3,1_3,1_3&#8243; admin_label=\u00bbJuan Z\u00fa\u00f1iga Jorquera\u00bb _builder_version=\u00bb4.25.0&#8243; _module_preset=\u00bbdefault\u00bb custom_margin=\u00bb50px|auto|5%|auto|false|false\u00bb custom_padding=\u00bb||4px|||\u00bb border_width_top=\u00bb1px\u00bb border_color_top=\u00bb#B10061&#8243; global_colors_info=\u00bb{}\u00bb][et_pb_column type=\u00bb1_3&#8243; _builder_version=\u00bb4.16&#8243; _module_preset=\u00bbdefault\u00bb global_colors_info=\u00bb{}\u00bb][et_pb_image src=\u00bbhttps:\/\/upla.cl\/facultad\/arte\/wp-content\/uploads\/2024\/05\/Rafael-Aucapan.png\u00bb title_text=\u00bbRafael Aucap\u00e1n\u00bb _builder_version=\u00bb4.25.1&#8243; _module_preset=\u00bbdefault\u00bb custom_margin=\u00bb||||false|false\u00bb custom_padding=\u00bb|15%||15%|true|true\u00bb border_radii=\u00bbon|9999px|9999px|9999px|9999px\u00bb border_width_all=\u00bb2px\u00bb border_color_all=\u00bb#b10061&#8243; global_colors_info=\u00bb{}\u00bb][\/et_pb_image][\/et_pb_column][et_pb_column type=\u00bb1_3&#8243; _builder_version=\u00bb4.16&#8243; _module_preset=\u00bbdefault\u00bb global_colors_info=\u00bb{}\u00bb][et_pb_text _builder_version=\u00bb4.25.0&#8243; _module_preset=\u00bbdefault\u00bb text_font=\u00bb|800|||||||\u00bb text_text_color=\u00bb#b10061&#8243; global_colors_info=\u00bb{}\u00bb]<\/p>\n<h4>Comunicaciones<\/h4>\n<p><span>Rafael Aucap\u00e1n Millaquipai <\/span>[\/et_pb_text][et_pb_text _builder_version=\u00bb4.25.0&#8243; _module_preset=\u00bbdefault\u00bb global_colors_info=\u00bb{}\u00bb]<strong>Periodista y Licenciado en Comunicaci\u00f3n Social<\/strong><br \/>\nCorreo electr\u00f3nico:<br \/>\n<a href=\"mailto:rafael.aucapan@upla.cl\" target=\"_blank\" rel=\"noopener\" title=\"rafael.aucapan@upla.cl\">rafael.aucapan@upla.cl<\/a><br \/>\n<a href=\"mailto:comunicacionesarte@upla.cl\" target=\"_blank\" rel=\"noopener\" title=\"comunicacionesarte@upla.cl\">comunicacionesarte@upla.cl<\/a><\/p>\n<p>Av. Guillermo Gonz\u00e1lez de Hontaneda<br \/>\n855 C\u00ba Playa Ancha \u2013 Valpara\u00edso \u2013 Chile<br \/>\nTel\u00e9fono: 32-2205461<br \/>\nAnexo interno: 5461[\/et_pb_text][\/et_pb_column][et_pb_column type=\u00bb1_3&#8243; _builder_version=\u00bb4.16&#8243; _module_preset=\u00bbdefault\u00bb global_colors_info=\u00bb{}\u00bb][et_pb_text _builder_version=\u00bb4.25.0&#8243; _module_preset=\u00bbdefault\u00bb text_text_color=\u00bb#565656&#8243; global_colors_info=\u00bb{}\u00bb]<\/p>\n<p><strong>Redes sociales de la Facultad de Arte UPLA<\/strong><\/p>\n<p>[\/et_pb_text][et_pb_social_media_follow icon_color=\u00bb#FFFFFF\u00bb use_icon_font_size=\u00bbon\u00bb icon_font_size=\u00bb18px\u00bb _builder_version=\u00bb4.25.0&#8243; _module_preset=\u00bbdefault\u00bb background_color=\u00bbRGBA(255,255,255,0)\u00bb global_colors_info=\u00bb{}\u00bb][et_pb_social_media_follow_network social_network=\u00bbfacebook\u00bb url=\u00bbhttps:\/\/www.facebook.com\/Facultad-De-Arte-Upla-1474590336176862&#8243; _builder_version=\u00bb4.25.0&#8243; _module_preset=\u00bbdefault\u00bb background_color=\u00bb#3b5998&#8243; global_colors_info=\u00bb{}\u00bb follow_button=\u00bboff\u00bb url_new_window=\u00bbon\u00bb]facebook[\/et_pb_social_media_follow_network][et_pb_social_media_follow_network social_network=\u00bbtwitter\u00bb url=\u00bbhttps:\/\/twitter.com\/Arte_UPLA\u00bb _builder_version=\u00bb4.25.0&#8243; _module_preset=\u00bbdefault\u00bb background_color=\u00bb#000000&#8243; global_colors_info=\u00bb{}\u00bb follow_button=\u00bboff\u00bb url_new_window=\u00bbon\u00bb]X[\/et_pb_social_media_follow_network][et_pb_social_media_follow_network social_network=\u00bbinstagram\u00bb url=\u00bbhttps:\/\/www.instagram.com\/arteupla\/\u00bb _builder_version=\u00bb4.25.0&#8243; _module_preset=\u00bbdefault\u00bb background_color=\u00bb#ea2c59&#8243; global_colors_info=\u00bb{}\u00bb follow_button=\u00bboff\u00bb url_new_window=\u00bbon\u00bb]instagram[\/et_pb_social_media_follow_network][et_pb_social_media_follow_network social_network=\u00bbyoutube\u00bb url=\u00bbhttps:\/\/www.youtube.com\/channel\/UCYHF2tM5px6NA-yYpfBTJDg\u00bb _builder_version=\u00bb4.25.0&#8243; _module_preset=\u00bbdefault\u00bb background_color=\u00bb#a82400&#8243; global_colors_info=\u00bb{}\u00bb follow_button=\u00bboff\u00bb url_new_window=\u00bbon\u00bb]youtube[\/et_pb_social_media_follow_network][\/et_pb_social_media_follow][\/et_pb_column][\/et_pb_row][\/et_pb_section][et_pb_section fb_built=\u00bb1&#8243; _builder_version=\u00bb4.25.1&#8243; _module_preset=\u00bbdefault\u00bb background_color=\u00bb#565656&#8243; custom_padding=\u00bb45px||60px|||\u00bb global_colors_info=\u00bb{}\u00bb background__hover_enabled=\u00bbon|hover\u00bb background_color__hover=\u00bb#B10061&#8243; background_enable_color__hover=\u00bbon\u00bb][et_pb_row _builder_version=\u00bb4.25.1&#8243; _module_preset=\u00bbdefault\u00bb background_color=\u00bbRGBA(255,255,255,0)\u00bb custom_padding=\u00bb3px||3px||false|false\u00bb global_colors_info=\u00bb{}\u00bb background__hover_enabled=\u00bbon|desktop\u00bb][et_pb_column type=\u00bb4_4&#8243; _builder_version=\u00bb4.16&#8243; _module_preset=\u00bbdefault\u00bb global_colors_info=\u00bb{}\u00bb][et_pb_blurb title=\u00bbAcad\u00e9micas y acad\u00e9micos de la Facultad\u00bb url=\u00bbhttps:\/\/upla.cl\/facultad\/arte\/academicos-y-academicas\/\u00bb use_icon=\u00bbon\u00bb font_icon=\u00bb&#xe107;||divi||400&#8243; icon_color=\u00bb#FFFFFF\u00bb icon_placement=\u00bbleft\u00bb image_icon_width=\u00bb58px\u00bb content_max_width=\u00bb1100px\u00bb _builder_version=\u00bb4.25.1&#8243; _module_preset=\u00bbdefault\u00bb header_font=\u00bb|800||on|||||\u00bb header_text_color=\u00bb#FFFFFF\u00bb header_font_size=\u00bb24px\u00bb body_text_color=\u00bb#FFFFFF\u00bb body_font_size=\u00bb18px\u00bb background_color=\u00bbRGBA(255,255,255,0)\u00bb custom_padding=\u00bb20px|70px|20px|70px|true|true\u00bb link_option_url=\u00bbhttps:\/\/upla.cl\/facultad\/arte\/academicos-y-academicas\/\u00bb border_color_all_image=\u00bb#000000&#8243; icon_font_size=\u00bb58px\u00bb global_colors_info=\u00bb{}\u00bb background__hover_enabled=\u00bbon|hover\u00bb background_color__hover=\u00bbRGBA(255,255,255,0)\u00bb background_enable_color__hover=\u00bbon\u00bb]<\/p>\n<p><a href=\"https:\/\/upla.cl\/facultad\/arte\/academicos-y-academicas\/\" target=\"_blank\" rel=\"noopener\">Revisa<strong> ac\u00e1<\/strong> el listado de docentes de la Facultad de Arte de la Universidad de Playa Ancha.<\/a><\/p>\n<p>[\/et_pb_blurb][\/et_pb_column][\/et_pb_row][\/et_pb_section][et_pb_section fb_built=\u00bb1&#8243; admin_label=\u00bbFooter\u00bb _builder_version=\u00bb4.27.2&#8243; _module_preset=\u00bbdefault\u00bb background_color=\u00bb#e5e5e5&#8243; custom_margin=\u00bb||-58px|||\u00bb custom_padding=\u00bb||7px|||\u00bb global_module=\u00bb105846&#8243; saved_tabs=\u00bball\u00bb global_colors_info=\u00bb{}\u00bb][et_pb_row column_structure=\u00bb1_4,1_4,1_4,1_4&#8243; use_custom_gutter=\u00bbon\u00bb _builder_version=\u00bb4.27.2&#8243; _module_preset=\u00bbdefault\u00bb max_width=\u00bb2560px\u00bb global_colors_info=\u00bb{}\u00bb][et_pb_column type=\u00bb1_4&#8243; _builder_version=\u00bb4.16&#8243; _module_preset=\u00bbdefault\u00bb global_colors_info=\u00bb{}\u00bb][et_pb_image src=\u00bbhttps:\/\/upla.cl\/facultad\/arte\/wp-content\/uploads\/2023\/11\/im-upla.png\u00bb alt=\u00bbUniversidad de Playa Ancha\u00bb title_text=\u00bbim-upla\u00bb url=\u00bbhttps:\/\/www.upla.cl\/portada\/\u00bb align_tablet=\u00bb\u00bb align_phone=\u00bbcenter\u00bb align_last_edited=\u00bbon|phone\u00bb _builder_version=\u00bb4.22.2&#8243; _module_preset=\u00bbdefault\u00bb custom_padding_tablet=\u00bb\u00bb custom_padding_phone=\u00bb|30px||30px|false|true\u00bb custom_padding_last_edited=\u00bbon|phone\u00bb global_colors_info=\u00bb{}\u00bb][\/et_pb_image][et_pb_text _builder_version=\u00bb4.27.2&#8243; _module_preset=\u00bbdefault\u00bb text_text_color=\u00bb#565656&#8243; text_font_size=\u00bb15px\u00bb text_line_height=\u00bb1.2em\u00bb custom_padding=\u00bb|10px|||false|false\u00bb custom_padding_tablet=\u00bb|10px|||false|false\u00bb custom_padding_phone=\u00bb|30px||30px|false|true\u00bb custom_padding_last_edited=\u00bbon|phone\u00bb text_orientation_tablet=\u00bb\u00bb text_orientation_phone=\u00bbcenter\u00bb text_orientation_last_edited=\u00bbon|desktop\u00bb global_colors_info=\u00bb{}\u00bb]<\/p>\n<p style=\"text-align: left;\"><strong>Facultad de Arte de la Universidad de Playa Ancha.<\/strong><\/p>\n<p style=\"text-align: left;\"><span style=\"color: #565656;\"><a href=\"https:\/\/goo.gl\/maps\/cgVi1ndZsMRnRehe9\" target=\"_blank\" rel=\"noopener\" style=\"color: #565656;\">Avenida Guillermo Gonz\u00e1lez de Hontaneda N\u00ba 855, Edificio Institucional, quinto piso.<\/a><\/span><\/p>\n<p>[\/et_pb_text][\/et_pb_column][et_pb_column type=\u00bb1_4&#8243; _builder_version=\u00bb4.16&#8243; _module_preset=\u00bbdefault\u00bb global_colors_info=\u00bb{}\u00bb][et_pb_image src=\u00bbhttps:\/\/www.upla.cl\/portada\/wp-content\/uploads\/2025\/03\/20250311_upla_acreditada_2022-2027-color.png\u00bb alt=\u00bbUPLA_acreditada_2022-2027&#8243; title_text=\u00bbupla_acreditada_2022-2027-color\u00bb align_tablet=\u00bb\u00bb align_phone=\u00bbcenter\u00bb align_last_edited=\u00bbon|phone\u00bb _builder_version=\u00bb4.27.4&#8243; _module_preset=\u00bbdefault\u00bb width_tablet=\u00bb\u00bb width_phone=\u00bb60%\u00bb width_last_edited=\u00bbon|phone\u00bb custom_margin=\u00bb-10px||||false|false\u00bb custom_margin_tablet=\u00bb\u00bb custom_margin_phone=\u00bb\u00bb custom_margin_last_edited=\u00bbon|desktop\u00bb custom_padding=\u00bb||0px|||\u00bb global_colors_info=\u00bb{}\u00bb][\/et_pb_image][\/et_pb_column][et_pb_column type=\u00bb1_4&#8243; _builder_version=\u00bb4.16&#8243; _module_preset=\u00bbdefault\u00bb global_colors_info=\u00bb{}\u00bb][et_pb_blurb title=\u00bbConoce nuestras facultades\u00bb _builder_version=\u00bb4.22.2&#8243; _module_preset=\u00bbdefault\u00bb header_font=\u00bbLato|700|||||||\u00bb header_text_color=\u00bb#565656&#8243; header_font_size=\u00bb16px\u00bb body_font=\u00bbLato||||||||\u00bb body_font_size=\u00bb15px\u00bb min_height=\u00bb338.6px\u00bb custom_padding=\u00bb|10px|0px||false|false\u00bb custom_padding_tablet=\u00bb|10px|||false|false\u00bb custom_padding_phone=\u00bb|30px||30px|false|true\u00bb custom_padding_last_edited=\u00bbon|phone\u00bb header_text_align_tablet=\u00bb\u00bb header_text_align_phone=\u00bbcenter\u00bb header_text_align_last_edited=\u00bbon|phone\u00bb body_text_color_last_edited=\u00bboff|desktop\u00bb text_orientation_tablet=\u00bb\u00bb text_orientation_phone=\u00bbleft\u00bb text_orientation_last_edited=\u00bbon|phone\u00bb global_colors_info=\u00bb{}\u00bb body_text_color__hover_enabled=\u00bbon|desktop\u00bb body_text_color__hover=\u00bb#009bdb\u00bb]<\/p>\n<p><span style=\"color: #009bdb;\">\u00a0<\/span><\/p>\n<p><span style=\"color: #009bdb;\"><a href=\"https:\/\/www.upla.cl\/sanfelipe\/\" target=\"_blank\" rel=\"noopener\" style=\"color: #009bdb3;\">&gt; Campus San Felipe<\/a><\/span><\/p>\n<p><span style=\"color: #009bdb;\"><a href=\"https:\/\/www.arteupla.cl\/\" target=\"_blank\" rel=\"noopener\" style=\"color: #009bdb;\">&gt; Facultad de Arte<\/a><\/span><\/p>\n<p><span style=\"color: #009bdb;\"><a href=\"https:\/\/www.upla.cl\/cienciasactividadfisicaydeporte\/\" target=\"_blank\" rel=\"noopener\" style=\"color: #009bdb;\">&gt; Facultad de Ciencias de Actividad F\u00edsica y del Deporte<\/a><\/span><\/p>\n<p><span style=\"color: #009bdb;\"><a href=\"https:\/\/www.upla.cl\/cienciaseducacion\/\" target=\"_blank\" rel=\"noopener\" style=\"color: #009bdb;\">&gt;Facultad de Ciencias de la Educaci\u00f3n<\/a><\/span><\/p>\n<p><span style=\"color: #009bdb;\"><a href=\"https:\/\/www.upla.cl\/cienciassalud\/\" target=\"_blank\" rel=\"noopener\" style=\"color: #009bdb;\">&gt; Facultad de Ciencias de la Salud<\/a><\/span><\/p>\n<p><span style=\"color: #009bdb;\"><a href=\"https:\/\/upla.cl\/facultad\/cienciasnaturalesyexactas\/\" target=\"_blank\" rel=\"noopener\" style=\"color: #009bdb;\">&gt; Facultad de Ciencias Naturales y Exactas<\/a><\/span><\/p>\n<p><span style=\"color: #009bdb;\"><a href=\"https:\/\/www.upla.cl\/csociales\/\" target=\"_blank\" rel=\"noopener\" style=\"color: #009bdb;\">&gt; Facultad de Ciencias Sociales<\/a><\/span><\/p>\n<p><span style=\"color: #009bdb;\"><a href=\"https:\/\/upla.cl\/facultad\/humanidades\/\" target=\"_blank\" rel=\"noopener\" style=\"color: #009bdb;\">&gt; Facultad de Humanidades<\/a><\/span><\/p>\n<p><span style=\"color: #009bdb;\"><a href=\"https:\/\/www.upla.cl\/facultad\/ingenieria\/\" target=\"_blank\" rel=\"noopener\" style=\"color: #009bdb;\">&gt; Facultad de Ingenier\u00eda<\/a><\/span><\/p>\n<p>[\/et_pb_blurb][\/et_pb_column][et_pb_column type=\u00bb1_4&#8243; _builder_version=\u00bb4.16&#8243; _module_preset=\u00bbdefault\u00bb global_colors_info=\u00bb{}\u00bb][et_pb_text _builder_version=\u00bb4.22.2&#8243; _module_preset=\u00bbdefault\u00bb text_font=\u00bb|700|||||||\u00bb text_text_color=\u00bb#565656&#8243; text_line_height=\u00bb1.2em\u00bb header_text_align_tablet=\u00bb\u00bb header_text_align_phone=\u00bbcenter\u00bb header_text_align_last_edited=\u00bbon|phone\u00bb global_colors_info=\u00bb{}\u00bb]<\/p>\n<p style=\"text-align: center;\"><strong>Buscar en UPLA.cl:<\/strong><\/p>\n<p style=\"text-align: right;\"><strong><\/strong><\/p>\n<form id=\"accesos\" action=\"\" style=\"text-align: center;\"><select name=\"sitio\" onchange=\"window.location = (document.forms.accesos.sitio[document.forms.accesos.sitio.selectedIndex].value);\"><option>Acceso directo:<\/option><option value=\"http:\/\/www.upla.cl\/\">UPLA.cl<\/option><option value=\"http:\/\/sitios.upla.cl\/universidad\/\">La Universidad<\/option><option value=\"http:\/\/sitios.upla.cl\/organigrama\/\">Organigrama<\/option><option value=\"http:\/\/www.upla.cl\/calidad\/acreditacion-upla\/\">Acreditaci\u00f3n<\/option><option value=\"http:\/\/sitios.upla.cl\/campus\/\">Campus &#8211; C\u00f3mo llegar<\/option><option value=\"http:\/\/sitios.upla.cl\/san_felipe\/\">Campus San Felipe<\/option><option value=\"http:\/\/www.upla.cl\/bibliotecas\/\">Bibliotecas<\/option><option value=\"http:\/\/sitios.upla.cl\/principales_oficinas\/\">Oficinas y unidades acad\u00e9micas<\/option><option value=\"http:\/\/sitios.upla.cl\/calendario_academico\/\">Calendario Acad\u00e9mico<\/option><option value=\"http:\/\/sitios.upla.cl\/dgrrii\/\">Relaciones Internacionales<\/option><option value=\"http:\/\/sitios.upla.cl\/egresados\/index.html\">Egresados<\/option><option value=\"http:\/\/alumnos.upla.cl\/webmail\/\">Correo electr\u00f3nico estudiantes<\/option><option value=\"http:\/\/sitios.upla.cl\/dae\/\">Desarrollo Estudiantil<\/option><option value=\"https:\/\/www.upla.cl\/admision\/ayudas-estudiantiles\/\">Becas y Ayudas<\/option><option value=\"http:\/\/sitios.upla.cl\/dae\/serv_medico.html\">Servicio M\u00e9dico<\/option><option value=\"http:\/\/sitios.upla.cl\/soupa\/\">Serv. de Orientaci\u00f3n Universitaria<\/option><option value=\"http:\/\/sitios.upla.cl\/practicas\/\">Pr\u00e1cticas<\/option><option value=\"http:\/\/sitios.upla.cl\/titulosygrados\/\">T\u00edtulos y Grados<\/option><option value=\"https:\/\/www.recaudaciones.bancochile.cl\/cliente\/pgdr\/appfront\/Pag_Login.aspx?IdCon=19\">Portal de Pagos<\/option><option value=\"http:\/\/webmail.upla.cl\/\">Correo electr\u00f3nico institucional<\/option><option value=\"http:\/\/sitios.upla.cl\/proy_investigacion\/\">Direcci\u00f3n General de Investigaci\u00f3n<\/option><option value=\"http:\/\/sitios.upla.cl\/dapei\/\">Planificaci\u00f3n Estrat\u00e9gica<\/option><option value=\"http:\/\/www.upla.cl\/calidad\/\">DIRGECAL<\/option><option value=\"http:\/\/www.arteupla.cl\/\">Arte<\/option><option value=\"http:\/\/creal.upla.cl\/humanidades\/\">Humanidades<\/option><option value=\"http:\/\/www.upla.cl\/educacion\/\">Cs. de la Educaci\u00f3n<\/option><option value=\"http:\/\/www.upla.cl\/actividadfisica\/\">Cs. de la Act. F\u00edsica y del Deporte<\/option><option value=\"http:\/\/www.upla.cl\/ciencias\">Ciencias Naturales y Exactas<\/option><option value=\"http:\/\/www.upla.cl\/cienciasdelasalud\/\">Ciencias de la Salud<\/option><option value=\"http:\/\/www.upla.cl\/facultades\/facultaddecienciassociales.html\">Ciencias Sociales<\/option><option value=\"http:\/\/www.upla.cl\/ingenieria\">Ingenier\u00eda<\/option><\/select><\/form>\n<p>[\/et_pb_text][et_pb_blurb title=\u00bbS\u00edguenos en nuestras redes sociales\u00bb icon_placement=\u00bbleft\u00bb icon_color_tablet=\u00bb\u00bb icon_color_phone=\u00bbRGBA(255,255,255,0)\u00bb icon_color_last_edited=\u00bbon|phone\u00bb _builder_version=\u00bb4.27.2&#8243; _module_preset=\u00bbdefault\u00bb header_font=\u00bb|700|||||||\u00bb header_text_align=\u00bbcenter\u00bb header_font_size=\u00bb16px\u00bb body_text_align=\u00bbleft\u00bb image_icon_custom_margin_tablet=\u00bb\u00bb image_icon_custom_margin_phone=\u00bb||||false|false\u00bb image_icon_custom_margin_last_edited=\u00bbon|phone\u00bb image_icon_custom_padding=\u00bb||||false|false\u00bb header_text_align_tablet=\u00bb\u00bb header_text_align_phone=\u00bbcenter\u00bb header_text_align_last_edited=\u00bbon|phone\u00bb body_text_align_tablet=\u00bb\u00bb body_text_align_phone=\u00bbcenter\u00bb body_text_align_last_edited=\u00bbon|phone\u00bb global_colors_info=\u00bb{}\u00bb][\/et_pb_blurb][et_pb_social_media_follow icon_color=\u00bb#FFFFFF\u00bb use_icon_font_size=\u00bbon\u00bb icon_font_size=\u00bb18px\u00bb _builder_version=\u00bb4.27.2&#8243; _module_preset=\u00bbdefault\u00bb background_color=\u00bbRGBA(255,255,255,0)\u00bb text_orientation=\u00bbcenter\u00bb custom_margin=\u00bb|||10%|false|false\u00bb custom_margin_tablet=\u00bb\u00bb custom_margin_phone=\u00bb\u00bb custom_margin_last_edited=\u00bbon|phone\u00bb text_orientation_tablet=\u00bb\u00bb text_orientation_phone=\u00bbcenter\u00bb text_orientation_last_edited=\u00bbon|phone\u00bb global_colors_info=\u00bb{}\u00bb][et_pb_social_media_follow_network social_network=\u00bbfacebook\u00bb url=\u00bbhttps:\/\/www.facebook.com\/Facultad-De-Arte-Upla-1474590336176862&#8243; _builder_version=\u00bb4.27.2&#8243; _module_preset=\u00bbdefault\u00bb background_color=\u00bb#3b5998&#8243; global_colors_info=\u00bb{}\u00bb follow_button=\u00bboff\u00bb url_new_window=\u00bbon\u00bb]facebook[\/et_pb_social_media_follow_network][et_pb_social_media_follow_network social_network=\u00bbtwitter\u00bb url=\u00bbhttps:\/\/twitter.com\/Arte_UPLA\u00bb _builder_version=\u00bb4.25.0&#8243; _module_preset=\u00bbdefault\u00bb background_color=\u00bb#000000&#8243; global_colors_info=\u00bb{}\u00bb follow_button=\u00bboff\u00bb url_new_window=\u00bbon\u00bb]X[\/et_pb_social_media_follow_network][et_pb_social_media_follow_network social_network=\u00bbinstagram\u00bb url=\u00bbhttps:\/\/www.instagram.com\/arteupla\/\u00bb _builder_version=\u00bb4.25.0&#8243; _module_preset=\u00bbdefault\u00bb background_color=\u00bb#ea2c59&#8243; global_colors_info=\u00bb{}\u00bb follow_button=\u00bboff\u00bb url_new_window=\u00bbon\u00bb]instagram[\/et_pb_social_media_follow_network][et_pb_social_media_follow_network social_network=\u00bbyoutube\u00bb url=\u00bbhttps:\/\/www.youtube.com\/channel\/UCYHF2tM5px6NA-yYpfBTJDg\u00bb _builder_version=\u00bb4.25.0&#8243; _module_preset=\u00bbdefault\u00bb background_color=\u00bb#a82400&#8243; global_colors_info=\u00bb{}\u00bb follow_button=\u00bboff\u00bb url_new_window=\u00bbon\u00bb]youtube[\/et_pb_social_media_follow_network][\/et_pb_social_media_follow][\/et_pb_column][\/et_pb_row][\/et_pb_section]<\/p>\n","protected":false},"excerpt":{"rendered":"<p>Correo electr\u00f3nico: amadrid@upla.cl SecretariaGabriela Garrido G\u00f3mezCorreo electr\u00f3nico: sec-arte@upla.clTel\u00e9fono: 32 2205413 \/ 32 2205478Anexo interno: 5413 \/ 5478La Facultad de Arte de la Universidad de Playa Ancha se estableci\u00f3 en noviembre de 1986, surgiendo de la divisi\u00f3n del Departamento de Educaci\u00f3n F\u00edsica y Arte, bajo la rector\u00eda de Olga Arellano Salgado. A lo largo de sus [&hellip;]<\/p>\n","protected":false},"author":2,"featured_media":0,"parent":0,"menu_order":0,"comment_status":"closed","ping_status":"closed","template":"","meta":{"_et_pb_use_builder":"on","_et_pb_old_content":"","_et_gb_content_width":"","footnotes":""},"class_list":["post-106278","page","type-page","status-publish","hentry"],"_links":{"self":[{"href":"https:\/\/upla.cl\/facultad\/arte\/wp-json\/wp\/v2\/pages\/106278","targetHints":{"allow":["GET"]}}],"collection":[{"href":"https:\/\/upla.cl\/facultad\/arte\/wp-json\/wp\/v2\/pages"}],"about":[{"href":"https:\/\/upla.cl\/facultad\/arte\/wp-json\/wp\/v2\/types\/page"}],"author":[{"embeddable":true,"href":"https:\/\/upla.cl\/facultad\/arte\/wp-json\/wp\/v2\/users\/2"}],"replies":[{"embeddable":true,"href":"https:\/\/upla.cl\/facultad\/arte\/wp-json\/wp\/v2\/comments?post=106278"}],"version-history":[{"count":2,"href":"https:\/\/upla.cl\/facultad\/arte\/wp-json\/wp\/v2\/pages\/106278\/revisions"}],"predecessor-version":[{"id":128380,"href":"https:\/\/upla.cl\/facultad\/arte\/wp-json\/wp\/v2\/pages\/106278\/revisions\/128380"}],"wp:attachment":[{"href":"https:\/\/upla.cl\/facultad\/arte\/wp-json\/wp\/v2\/media?parent=106278"}],"curies":[{"name":"wp","href":"https:\/\/api.w.org\/{rel}","templated":true}]}}