{"id":106146,"date":"2024-03-14T17:42:03","date_gmt":"2024-03-14T20:42:03","guid":{"rendered":"https:\/\/upla.cl\/facultad\/cienciassociales\/?page_id=106146"},"modified":"2025-10-29T10:21:26","modified_gmt":"2025-10-29T13:21:26","slug":"nuestra-facultad","status":"publish","type":"page","link":"https:\/\/upla.cl\/facultad\/cienciassociales\/nuestra-facultad\/","title":{"rendered":"Nuestra Facultad"},"content":{"rendered":"<p>[et_pb_section fb_built=\u00bb1&#8243; fullwidth=\u00bbon\u00bb _builder_version=\u00bb4.24.2&#8243; _module_preset=\u00bbdefault\u00bb background_enable_image=\u00bboff\u00bb global_colors_info=\u00bb{}\u00bb][et_pb_fullwidth_post_title meta=\u00bboff\u00bb featured_placement=\u00bbbackground\u00bb _builder_version=\u00bb4.24.2&#8243; _module_preset=\u00bbdefault\u00bb title_font=\u00bb|700|||||||\u00bb title_text_color=\u00bb#FFFFFF\u00bb title_font_size=\u00bb30px\u00bb background_color=\u00bb#565656&#8243; background_image=\u00bbhttps:\/\/upla.cl\/facultad\/cienciassociales\/wp-content\/uploads\/2024\/03\/14443462839_5623d3bce5_k.jpeg\u00bb background_blend=\u00bbmultiply\u00bb custom_padding=\u00bb13%||13%||true|false\u00bb text_shadow_style=\u00bbpreset2&#8243; global_colors_info=\u00bb{}\u00bb][\/et_pb_fullwidth_post_title][\/et_pb_section][et_pb_section fb_built=\u00bb1&#8243; _builder_version=\u00bb4.24.2&#8243; _module_preset=\u00bbdefault\u00bb background_color=\u00bb#004562&#8243; global_colors_info=\u00bb{}\u00bb][et_pb_row column_structure=\u00bb1_4,3_4&#8243; _builder_version=\u00bb4.16&#8243; _module_preset=\u00bbdefault\u00bb custom_padding=\u00bb||82px|||\u00bb global_colors_info=\u00bb{}\u00bb][et_pb_column type=\u00bb1_4&#8243; _builder_version=\u00bb4.16&#8243; _module_preset=\u00bbdefault\u00bb global_colors_info=\u00bb{}\u00bb][et_pb_team_member name=\u00bbCristian Valenzuela Urra\u00bb position=\u00bbDecano\u00bb image_url=\u00bbhttps:\/\/upla.cl\/facultad\/cienciassociales\/wp-content\/uploads\/2024\/04\/decanofacu.png\u00bb admin_label=\u00bbDecana de la Facultad de Ciencias de la Educaci\u00f3n UPLA &#8211; Silvia Sarzoza Herrera\u00bb _builder_version=\u00bb4.27.0&#8243; _module_preset=\u00bbdefault\u00bb header_font=\u00bb|800|||||||\u00bb header_text_align=\u00bbleft\u00bb header_text_color=\u00bb#FFFFFF\u00bb header_font_size=\u00bb22px\u00bb body_font=\u00bb|700|||||||\u00bb body_text_color=\u00bb#FFFFFF\u00bb body_font_size=\u00bb16px\u00bb position_font=\u00bb|800||on|||||\u00bb position_text_color=\u00bb#BCE3FA\u00bb position_font_size=\u00bb18px\u00bb width=\u00bb70%\u00bb custom_margin=\u00bb||50px|||\u00bb border_radii_image=\u00bbon|180px|180px|180px|180px\u00bb border_width_all_image=\u00bb3px\u00bb border_color_all_image=\u00bb#004562&#8243; global_colors_info=\u00bb{}\u00bb]Correo electr\u00f3nico: <a href=\"mailto:cvalen@upla.cl\" target=\"_blank\" rel=\"noopener\" title=\"cvalen@upla.cl\">cvalen@upla.cl<\/a>[\/et_pb_team_member][\/et_pb_column][et_pb_column type=\u00bb3_4&#8243; _builder_version=\u00bb4.16&#8243; _module_preset=\u00bbdefault\u00bb global_colors_info=\u00bb{}\u00bb][et_pb_heading title=\u00bbBienvenidas y bienvenidos a la Facultad de Ciencias Sociales \u00bb _builder_version=\u00bb4.24.2&#8243; _module_preset=\u00bbdefault\u00bb title_font=\u00bb|700|||||||\u00bb title_text_color=\u00bb#BCE3FA\u00bb global_colors_info=\u00bb{}\u00bb][\/et_pb_heading][et_pb_text _builder_version=\u00bb4.25.1&#8243; _module_preset=\u00bbdefault\u00bb text_text_color=\u00bb#FFFFFF\u00bb text_font_size=\u00bb18px\u00bb custom_padding=\u00bb0px|||||\u00bb global_colors_info=\u00bb{}\u00bb]<\/p>\n<p>En el Gran Valpara\u00edso, en el tradicional cerro Playa Ancha, encontrar\u00e1s las carreras de <strong>Bibliotecolog\u00eda, Derecho, Periodismo, Psicolog\u00eda y Sociolog\u00eda<\/strong>, adem\u00e1s del <strong>Doctorado en Ciencias Sociales <\/strong>y el <strong>Mag\u00edster en Bibliotecolog\u00eda e Informaci\u00f3n<\/strong>.<\/p>\n<p>La Facultad cuenta con redes activas con universidades e instituciones nacionales e internacionales, lo cual propicia diversos trabajos que posibilitan la adjudicaci\u00f3n de fondos, tanto internos como externos, adem\u00e1s de investigaciones y publicaciones.<\/p>\n<p>Se destaca la formaci\u00f3n de equipos de trabajo y la definici\u00f3n de l\u00edneas de investigaci\u00f3n y desarrollo, con acad\u00e9micas y acad\u00e9micos de excelente nivel y trayectoria, asociadas y asociados a los departamentos de Estudios Territoriales y Di\u00e1logos Interculturales; Mediaciones y Subjetividades; G\u00e9nero, Pol\u00edtica y Cultura, quienes participan en proyectos de desarrollo y de investigaci\u00f3n en los \u00e1mbitos local, regional e internacional.<\/p>\n<p>[\/et_pb_text][et_pb_text _builder_version=\u00bb4.25.1&#8243; _module_preset=\u00bbdefault\u00bb text_text_color=\u00bb#FFFFFF\u00bb text_font_size=\u00bb18px\u00bb custom_padding=\u00bb0px|||||\u00bb global_colors_info=\u00bb{}\u00bb]<\/p>\n<p><strong>Sobre el decano Valenzuela<\/strong><\/p>\n<p>El decano es bibliotec\u00f3logo de profesi\u00f3n, titulado en la Universidad de Playa Ancha (1987), licenciado en Tecnolog\u00eda de la Informaci\u00f3n, mag\u00edster en Pedagog\u00eda Universitaria y candidato a doctor en Educaci\u00f3n. Desde 1998 ha sido docente en diversas asignaturas de la carrera de Bibliotecolog\u00eda, director de tesis en pre y postgrado. Como investigador, ha sido responsable de cuatro proyectos y coinvestigador o colaborador en otros tres.<\/p>\n<p>Es autor de cinco libros y participante en 18 art\u00edculos indexados. Tambi\u00e9n, cuenta con amplia experiencia en el \u00e1rea administrativa de esta Facultad y de la Universidad de Playa Ancha.<\/p>\n<p>[\/et_pb_text][\/et_pb_column][\/et_pb_row][\/et_pb_section][et_pb_section fb_built=\u00bb1&#8243; _builder_version=\u00bb4.16&#8243; _module_preset=\u00bbdefault\u00bb custom_margin=\u00bb-29px|||||\u00bb custom_padding=\u00bb||81px|||\u00bb global_colors_info=\u00bb{}\u00bb][et_pb_row column_structure=\u00bb3_5,2_5&#8243; _builder_version=\u00bb4.24.2&#8243; _module_preset=\u00bbdefault\u00bb custom_margin=\u00bb45px|auto|16px|auto||\u00bb custom_padding=\u00bb||80px|||\u00bb border_width_bottom=\u00bb1px\u00bb border_color_bottom=\u00bb#BCE3FA\u00bb box_shadow_style=\u00bbpreset2&#8243; box_shadow_color=\u00bb#BCE3FA\u00bb global_colors_info=\u00bb{}\u00bb][et_pb_column type=\u00bb3_5&#8243; _builder_version=\u00bb4.16&#8243; _module_preset=\u00bbdefault\u00bb global_colors_info=\u00bb{}\u00bb][et_pb_blurb alt=\u00bbLogo de Facultad de Arte\u00bb content_max_width=\u00bb1100px\u00bb _builder_version=\u00bb4.25.1&#8243; _module_preset=\u00bbdefault\u00bb header_text_align=\u00bbcenter\u00bb header_text_color=\u00bb#f29fc5&#8243; body_text_align=\u00bbcenter\u00bb body_text_color=\u00bb#565656&#8243; body_font_size=\u00bb18px\u00bb custom_margin=\u00bb5%|10%|5%|10%|true|false\u00bb custom_margin_tablet=\u00bb5%|10%|5%|10%|true|false\u00bb custom_margin_phone=\u00bb5%|10%|5%|10%|true|false\u00bb custom_margin_last_edited=\u00bbon|desktop\u00bb global_colors_info=\u00bb{}\u00bb]<\/p>\n<p style=\"text-align: justify;\"><strong>HISTORIA<\/strong><\/p>\n<p style=\"text-align: left;\">Gracias a la reestructuraci\u00f3n disciplinaria que impuls\u00f3 la Rector\u00eda de Patricio Sanhueza, en el a\u00f1o 2010, se crearon tres nuevas Facultades (Ingenier\u00eda, Ciencias de la Salud y Ciencias Sociales, seg\u00fan <strong><a href=\"https:\/\/www.upla.cl\/transparencia\/wp-content\/uploads\/2013\/05\/2010_0329_dto_exto_428.pdf\" target=\"_blank\" rel=\"noopener\" title=\"Decreto Exento de Rector\u00eda N\u00ba 0428\/2010\">Decreto Exento de Rector\u00eda N\u00ba 0428\/2010<\/a><\/strong>), lo que dio cuenta de la complejidad del proceso que estaba viviendo la Universidad de Playa Ancha (UPLA), y la necesidad de agrupar carreras con fines similares en una facultad propia.<\/p>\n<p style=\"text-align: left;\">Es as\u00ed como en un comienzo, la Facultad dispuso de los departamentos disciplinarios de Ciencias de la Comunicaci\u00f3n, Ciencias de la Documentaci\u00f3n y Sociolog\u00eda, los cuales cobijaron a tres programas de pregrado: Periodismo, Bibliotecolog\u00eda y Sociolog\u00eda, y dos programas de postgrado: el Mag\u00edster en Comunicaci\u00f3n, menci\u00f3n Comunicaci\u00f3n Local y el Mag\u00edster en Bibliotecolog\u00eda e Informaci\u00f3n.<\/p>\n<p style=\"text-align: left;\">Como primer decano de Ciencias Sociales asumi\u00f3 el <strong>Dr. Felip Gasc\u00f3n i Mart\u00edn<\/strong>, electo en 2010 y reelecto para un segundo per\u00edodo en noviembre de 2013. Actualmente, el decano es el <strong>Mg. Cristi\u00e1n Valenzuela Urra<\/strong>, quien asumi\u00f3 el cargo en 2022.<\/p>\n<p style=\"text-align: left;\">En abril de 2010, la Facultad de Ciencias Sociales se instal\u00f3 en el segundo piso de la Casa Central de la Universidad (Av. Playa Ancha 850, cerro Playa Ancha, Valpara\u00edso), antiguo y tradicional edificio donde tambi\u00e9n est\u00e1n alojadas las Facultades de Educaci\u00f3n y Humanidades.<\/p>\n<p style=\"text-align: left;\">En 2015, la Facultad abri\u00f3 sus aulas a la carrera de Psicolog\u00eda y, en 2021, a la de Derecho, la que vino a aportar (desde su quehacer), al crecimiento y desarrollo de esta casa de estudios.<\/p>\n<p style=\"text-align: left;\">Actualmente, la Facultad dispone de las carreras de <strong>Periodismo, Psicolog\u00eda, Bibliotecolog\u00eda, Sociolog\u00eda y Derecho<\/strong>; el <strong>Mag\u00edster en Bibliotecolog\u00eda e Informaci\u00f3n<\/strong> y el <strong>Doctorado en Ciencias Sociales. <\/strong>Tambi\u00e9n, se modific\u00f3 la conformaci\u00f3n de los de partamentos, actualiz\u00e1ndose para los nuevos requerimientos del entorno, configur\u00e1nodes as\u00ed los nuevos departamentos interdisciplinarios de<strong> Estudios Territoriales y Di\u00e1logos Interdisciplinarios; G\u00e9nero, Pol\u00edtica y Cultura, y Mediciaciones y Subjetividades <\/strong>(<strong><a href=\"https:\/\/www.upla.cl\/transparencia\/wp-content\/uploads\/2021\/08\/20210808_estructuraorganica_jul-2021_dto_exto_0427-2021.pdf\" target=\"_blank\" rel=\"noopener\" title=\"Decreto Exento N\u00ba 0427\/2021\">Decreto Exento N\u00ba 0427\/2021<\/a><\/strong>).<\/p>\n<p style=\"text-align: left;\">Adicionalmente, las acad\u00e9micos y acad\u00e9micos de la Facultad participan en los observatorios de <strong>Participaci\u00f3n Social y Territorio; Psicosocial en Situaciones de Emergencia<\/strong>, y del <strong>Observatorio de Pol\u00edtica, G\u00e9nero y Trabajo, <\/strong>dependientes de los departamentos antes mencionados.<\/p>\n<p style=\"text-align: left;\">En 2022, en b\u00fasqueda de la optimizaci\u00f3n de espacios acad\u00e9micos, la Facultad traslad\u00f3 las carreras de Derecho y Psicolog\u00eda a las dependencias de la Sede Gran Breta\u00f1a (Av. Gran Breta\u00f1a 40, Playa Ancha, Valpara\u00edso), quedando las carreras de Bibliotecolog\u00eda, Periodismo y Sociolog\u00eda en Casa Central. Este despliegue, no obstante, no signific\u00f3, para la comunidad de la Facultad una disgregaci\u00f3n, sino que ambos espacios conviven en armon\u00eda e interacci\u00f3n permanente.<\/p>\n<p>[\/et_pb_blurb][\/et_pb_column][et_pb_column type=\u00bb2_5&#8243; _builder_version=\u00bb4.16&#8243; _module_preset=\u00bbdefault\u00bb global_colors_info=\u00bb{}\u00bb][et_pb_image src=\u00bbhttps:\/\/upla.cl\/facultad\/cienciassociales\/wp-content\/uploads\/2024\/03\/14575065326_bdb70d279f_k.jpeg\u00bb title_text=\u00bb14575065326_bdb70d279f_k\u00bb align=\u00bbright\u00bb _builder_version=\u00bb4.24.2&#8243; _module_preset=\u00bbdefault\u00bb custom_margin=\u00bb10%|10%|10%||true|false\u00bb custom_margin_tablet=\u00bb|||10%|true|false\u00bb custom_margin_phone=\u00bb1%||1%||true|false\u00bb custom_margin_last_edited=\u00bbon|desktop\u00bb custom_padding=\u00bb||||false|false\u00bb border_radii=\u00bboff||30px||30px\u00bb global_colors_info=\u00bb{}\u00bb][\/et_pb_image][\/et_pb_column][\/et_pb_row][\/et_pb_section][et_pb_section fb_built=\u00bb1&#8243; _builder_version=\u00bb4.16&#8243; _module_preset=\u00bbdefault\u00bb background_color=\u00bb#BCE3FA\u00bb custom_padding=\u00bb||38px|||\u00bb global_colors_info=\u00bb{}\u00bb][et_pb_row column_structure=\u00bb1_3,1_3,1_3&#8243; _builder_version=\u00bb4.16&#8243; _module_preset=\u00bbdefault\u00bb custom_margin=\u00bb|auto|-8px|auto||\u00bb global_colors_info=\u00bb{}\u00bb][et_pb_column type=\u00bb1_3&#8243; _builder_version=\u00bb4.24.2&#8243; _module_preset=\u00bbdefault\u00bb global_colors_info=\u00bb{}\u00bb][et_pb_blurb title=\u00bbMisi\u00f3n\u00bb use_icon=\u00bbon\u00bb font_icon=\u00bb&#xe086;||divi||400&#8243; icon_color=\u00bb#565656&#8243; image_icon_background_color=\u00bbRGBA(255,255,255,0)\u00bb image_icon_background_color_tablet=\u00bb\u00bb image_icon_background_color_phone=\u00bb\u00bb image_icon_background_color_last_edited=\u00bbon|desktop\u00bb _builder_version=\u00bb4.24.2&#8243; _module_preset=\u00bbdefault\u00bb header_font=\u00bb|700|||||||\u00bb header_text_align=\u00bbcenter\u00bb header_text_color=\u00bb#004562&#8243; body_text_align=\u00bbcenter\u00bb body_font_size=\u00bb16px\u00bb global_colors_info=\u00bb{}\u00bb]<\/p>\n<p style=\"text-align: left;\">La Facultad de Ciencias Sociales forma profesionales con compromiso ciudadano y pensamiento cr\u00edtico, y est\u00e1 orientada a contribuir al mejoramiento de la calidad de vida y participaci\u00f3n social de la comunidad local, regional y nacional, a trav\u00e9s de acciones de investigaci\u00f3n, vinculaci\u00f3n con el medio y producci\u00f3n acad\u00e9mica.<\/p>\n<p>[\/et_pb_blurb][\/et_pb_column][et_pb_column type=\u00bb1_3&#8243; _builder_version=\u00bb4.16&#8243; _module_preset=\u00bbdefault\u00bb global_colors_info=\u00bb{}\u00bb][et_pb_blurb title=\u00bbVisi\u00f3n\u00bb use_icon=\u00bbon\u00bb font_icon=\u00bb&#xe059;||divi||400&#8243; icon_color=\u00bb#004562&#8243; _builder_version=\u00bb4.24.2&#8243; _module_preset=\u00bbdefault\u00bb header_font=\u00bb|700|||||||\u00bb header_text_align=\u00bbcenter\u00bb header_text_color=\u00bb#004562&#8243; body_text_align=\u00bbcenter\u00bb body_font_size=\u00bb16px\u00bb global_colors_info=\u00bb{}\u00bb]<\/p>\n<p style=\"text-align: left;\">La Facultad tender\u00e1 a consolidar sus l\u00edneas de desarrollo disciplinario, reconociendo \u00e1reas de trabajo transversales que orienten las iniciativas acad\u00e9micas inspiradas en su misi\u00f3n.<\/p>\n<p style=\"text-align: left;\">Contar\u00e1 con un equipo acad\u00e9mico competente que responda a las pol\u00edticas institucionales de la formaci\u00f3n de excelencia y al cumplimiento de iniciativas departamentales prioritarias en investigaci\u00f3n, vinculaci\u00f3n con el medio, publicaciones acad\u00e9micas y otras producciones que influyan en la opini\u00f3n p\u00fablica regional y nacional.<\/p>\n<p style=\"text-align: left;\">Tendr\u00e1 un sentido identitario com\u00fan que, desde su diversidad disciplinaria y la innovaci\u00f3n de sus programas de pregrado y postgrado, le permita posicionarse como un referente cr\u00edtico en el campo de las Ciencias Sociales a nivel universitario nacional e internacional, mediante la articulaci\u00f3n de redes de cooperaci\u00f3n.<\/p>\n<p>[\/et_pb_blurb][\/et_pb_column][et_pb_column type=\u00bb1_3&#8243; _builder_version=\u00bb4.16&#8243; _module_preset=\u00bbdefault\u00bb global_colors_info=\u00bb{}\u00bb][et_pb_blurb title=\u00bbObjetivos\u00bb use_icon=\u00bbon\u00bb font_icon=\u00bb&#xe05a;||divi||400&#8243; icon_color=\u00bb#9D9C9C\u00bb image_icon_background_color=\u00bbRGBA(255,255,255,0)\u00bb image_icon_background_color_tablet=\u00bb\u00bb image_icon_background_color_phone=\u00bb\u00bb image_icon_background_color_last_edited=\u00bbon|desktop\u00bb _builder_version=\u00bb4.24.2&#8243; _module_preset=\u00bbdefault\u00bb header_font=\u00bb|700|||||||\u00bb header_text_align=\u00bbcenter\u00bb header_text_color=\u00bb#004562&#8243; body_text_align=\u00bbcenter\u00bb body_font_size=\u00bb16px\u00bb global_colors_info=\u00bb{}\u00bb]<\/p>\n<p style=\"text-align: left;\">\u2022 Vincular la actividad acad\u00e9mica de investigaci\u00f3n y vinculaci\u00f3n con el medio con los procesos formativos de pre y postgrado.<br \/>\u2022 Fortalecer el cuerpo acad\u00e9mico para responder a las necesidades de docencia, investigaci\u00f3n, vinculaci\u00f3n con el medio y gesti\u00f3n.<br \/>\u2022 Desarrollar un trabajo interdisciplinario en torno a las \u00e1reas de desarrollo disciplinario prioritarias de la Facultad.<br \/>\u2022 Desarrollar programas de vinculaci\u00f3n con el medio que difundan el quehacer interdisciplinario de la Facultad.<br \/>\u2022 Articular redes de cooperaci\u00f3n nacionales e internacionales para impulsar la movilidad acad\u00e9mica, el perfeccionamiento y ampliar el impacto de la producci\u00f3n cient\u00edfica.<br \/>\u2022 Fortalecer los procesos de gesti\u00f3n administrativa de la Facultad.<\/p>\n<p>[\/et_pb_blurb][\/et_pb_column][\/et_pb_row][\/et_pb_section][et_pb_section fb_built=\u00bb1&#8243; _builder_version=\u00bb4.24.2&#8243; _module_preset=\u00bbdefault\u00bb global_colors_info=\u00bb{}\u00bb][et_pb_row column_structure=\u00bb1_4,3_4&#8243; _builder_version=\u00bb4.16&#8243; _module_preset=\u00bbdefault\u00bb custom_margin=\u00bb|auto|-33px|auto||\u00bb custom_padding=\u00bb||0px|||\u00bb global_colors_info=\u00bb{}\u00bb][et_pb_column type=\u00bb1_4&#8243; _builder_version=\u00bb4.16&#8243; _module_preset=\u00bbdefault\u00bb global_colors_info=\u00bb{}\u00bb][et_pb_team_member name=\u00bbBoris Villalobos Parada\u00bb position=\u00bbSecretario acad\u00e9mico\u00bb image_url=\u00bbhttps:\/\/upla.cl\/facultad\/cienciassociales\/wp-content\/uploads\/2024\/03\/faroupla.png.png\u00bb admin_label=\u00bbDecana de la Facultad de Ciencias de la Educaci\u00f3n UPLA &#8211; Silvia Sarzoza Herrera\u00bb _builder_version=\u00bb4.27.3&#8243; _module_preset=\u00bbdefault\u00bb header_font=\u00bb|800|||||||\u00bb header_text_align=\u00bbleft\u00bb header_text_color=\u00bb#004562&#8243; header_font_size=\u00bb20px\u00bb body_text_color=\u00bb#565656&#8243; position_font=\u00bb|800||on|||||\u00bb position_text_color=\u00bb#BCE3FA\u00bb position_font_size=\u00bb16px\u00bb width=\u00bb70%\u00bb max_width=\u00bb70%\u00bb module_alignment=\u00bbleft\u00bb custom_margin=\u00bb||50px|||\u00bb border_radii_image=\u00bbon|180px|180px|180px|180px\u00bb border_width_all_image=\u00bb4px\u00bb border_color_all_image=\u00bb#004562&#8243; global_colors_info=\u00bb{}\u00bb]Correo electr\u00f3nico: <a href=\"mailto:sec-academicafacso@upla.cl\">sec-academicafacso@upla.cl<\/a><\/p>\n<p>Fono: 32 2205369<\/p>\n<p>[\/et_pb_team_member][\/et_pb_column][et_pb_column type=\u00bb3_4&#8243; _builder_version=\u00bb4.16&#8243; _module_preset=\u00bbdefault\u00bb global_colors_info=\u00bb{}\u00bb][et_pb_text disabled_on=\u00bboff|off|off\u00bb _builder_version=\u00bb4.27.3&#8243; _module_preset=\u00bbdefault\u00bb text_text_color=\u00bb#565656&#8243; text_font_size=\u00bb16px\u00bb custom_padding=\u00bb45px|||||\u00bb global_colors_info=\u00bb{}\u00bb]<strong>Sobre el secretario acad\u00e9mico<\/strong><\/p>\n<p>El actual secretario acad\u00e9mico de la Facultad de Ciencias Sociales es doctor en Psicolog\u00eda por la Pontificia Universidad Cat\u00f3lica de Valpara\u00edso y mag\u00edster en Psicolog\u00eda Educacional, por la Universidad Alberto Hurtado.<\/p>\n<p>Su formaci\u00f3n de pregrado lo llev\u00f3 a titularse como psic\u00f3logo, con el grado acad\u00e9mico de licenciado en Psicolog\u00eda en la Universidad Central de Chile.[\/et_pb_text][\/et_pb_column][\/et_pb_row][\/et_pb_section][et_pb_section fb_built=\u00bb1&#8243; _builder_version=\u00bb4.16&#8243; _module_preset=\u00bbdefault\u00bb background_color=\u00bb#f2f2f2&#8243; custom_padding=\u00bb||44px|||\u00bb global_colors_info=\u00bb{}\u00bb][et_pb_row _builder_version=\u00bb4.16&#8243; _module_preset=\u00bbdefault\u00bb custom_margin=\u00bb-43px|auto||auto||\u00bb custom_padding=\u00bb62px||15px|||\u00bb global_colors_info=\u00bb{}\u00bb][et_pb_column type=\u00bb4_4&#8243; _builder_version=\u00bb4.16&#8243; _module_preset=\u00bbdefault\u00bb global_colors_info=\u00bb{}\u00bb][et_pb_blurb title=\u00bbDirectoras y Directores de Carrera\u00bb use_icon=\u00bbon\u00bb font_icon=\u00bb&#xf56c;||fa||900&#8243; icon_color=\u00bb#009BDB\u00bb content_max_width=\u00bb1100px\u00bb _builder_version=\u00bb4.24.2&#8243; _module_preset=\u00bbdefault\u00bb header_text_align=\u00bbcenter\u00bb header_text_color=\u00bb#000000&#8243; header_font_size=\u00bb20px\u00bb body_text_align=\u00bbcenter\u00bb body_text_color=\u00bb#FFFFFF\u00bb body_font_size=\u00bb18px\u00bb global_colors_info=\u00bb{}\u00bb][\/et_pb_blurb][\/et_pb_column][\/et_pb_row][et_pb_row column_structure=\u00bb1_5,1_5,1_5,1_5,1_5&#8243; use_custom_gutter=\u00bbon\u00bb _builder_version=\u00bb4.23.1&#8243; _module_preset=\u00bbdefault\u00bb width=\u00bb90%\u00bb custom_margin=\u00bb|auto|16px|auto||\u00bb custom_padding=\u00bb||4px|||\u00bb global_colors_info=\u00bb{}\u00bb][et_pb_column type=\u00bb1_5&#8243; _builder_version=\u00bb4.16&#8243; _module_preset=\u00bbdefault\u00bb global_colors_info=\u00bb{}\u00bb][et_pb_team_member name=\u00bbPaulina Arellano Rojas\u00bb position=\u00bbDirectora de Carrera Bibliotecolog\u00eda\u00bb image_url=\u00bbhttps:\/\/upla.cl\/facultad\/cienciassociales\/wp-content\/uploads\/2024\/03\/images.png\u00bb admin_label=\u00bbSecretaria Acad\u00e9mica\u00bb _builder_version=\u00bb4.27.3&#8243; _module_preset=\u00bbdefault\u00bb body_font_size=\u00bb16px\u00bb position_font=\u00bb|800|||||||\u00bb position_text_color=\u00bb#004562&#8243; body_link_font=\u00bb||||on|||#009BDB|\u00bb border_radii_image=\u00bbon|9999px|9999px|9999px|9999px\u00bb border_width_all_image=\u00bb2px\u00bb border_color_all_image=\u00bb#009BDB\u00bb global_colors_info=\u00bb{}\u00bb]<\/p>\n<p><strong>Correo electr\u00f3nico:<\/strong><br \/><a href=\"mailto:direccion.bibliotecologia@upla.cl\">direccion.bibliotecologia@upla.cl<\/a><\/p>\n<p>Fono: 32 2205426<\/p>\n<p>[\/et_pb_team_member][\/et_pb_column][et_pb_column type=\u00bb1_5&#8243; _builder_version=\u00bb4.16&#8243; _module_preset=\u00bbdefault\u00bb global_colors_info=\u00bb{}\u00bb][et_pb_team_member name=\u00bbCristopher Corval\u00e1n Rivera\u00bb position=\u00bbDirector de Carrera  Derecho\u00bb image_url=\u00bbhttps:\/\/upla.cl\/facultad\/cienciassociales\/wp-content\/uploads\/2024\/03\/cropped-faroupla.png.png\u00bb admin_label=\u00bbSecretaria Acad\u00e9mica\u00bb _builder_version=\u00bb4.27.4&#8243; _module_preset=\u00bbdefault\u00bb body_font_size=\u00bb16px\u00bb position_font=\u00bb|800|||||||\u00bb position_text_color=\u00bb#004562&#8243; body_link_font=\u00bb||||on|||#009BDB|\u00bb border_radii_image=\u00bbon|9999px|9999px|9999px|9999px\u00bb border_width_all_image=\u00bb2px\u00bb border_color_all_image=\u00bb#009BDB\u00bb global_colors_info=\u00bb{}\u00bb]<\/p>\n<p><strong>Correo electr\u00f3nico:<\/strong><br \/><a href=\"mailto:direccion.derecho@upla.cl\">direccion.derecho@upla.cl<\/a><\/p>\n<p>Fono: 32 2205368<\/p>\n<p>[\/et_pb_team_member][\/et_pb_column][et_pb_column type=\u00bb1_5&#8243; _builder_version=\u00bb4.16&#8243; _module_preset=\u00bbdefault\u00bb global_colors_info=\u00bb{}\u00bb][et_pb_team_member name=\u00bbRen\u00e9 Celed\u00f3n Cerda\u00bb position=\u00bbDirector de Carrera Periodismo\u00bb image_url=\u00bbhttps:\/\/upla.cl\/facultad\/cienciassociales\/wp-content\/uploads\/2024\/04\/ReneCeledon.png\u00bb admin_label=\u00bbSecretaria Acad\u00e9mica\u00bb _builder_version=\u00bb4.27.3&#8243; _module_preset=\u00bbdefault\u00bb body_font_size=\u00bb16px\u00bb position_font=\u00bb|800|||||||\u00bb position_text_color=\u00bb#004562&#8243; body_link_font=\u00bb||||on|||#009BDB|\u00bb border_radii_image=\u00bbon|9999px|9999px|9999px|9999px\u00bb border_width_all_image=\u00bb2px\u00bb border_color_all_image=\u00bb#009BDB\u00bb global_colors_info=\u00bb{}\u00bb]<\/p>\n<p><strong>Correo electr\u00f3nico:<\/strong><br \/><a href=\"mailto:direccion.periodismo@upla.cl\">direccion.periodismo@upla.cl<\/a><\/p>\n<p>Fono: 32 2205154<\/p>\n<p>[\/et_pb_team_member][\/et_pb_column][et_pb_column type=\u00bb1_5&#8243; _builder_version=\u00bb4.16&#8243; _module_preset=\u00bbdefault\u00bb global_colors_info=\u00bb{}\u00bb][et_pb_team_member name=\u00bbGino Grondona Opazo\u00bb position=\u00bbDirector de Carrera Psicolog\u00eda\u00bb image_url=\u00bbhttps:\/\/upla.cl\/facultad\/cienciassociales\/wp-content\/uploads\/2024\/04\/33.png\u00bb admin_label=\u00bbSecretaria Acad\u00e9mica\u00bb _builder_version=\u00bb4.27.3&#8243; _module_preset=\u00bbdefault\u00bb body_font_size=\u00bb16px\u00bb position_font=\u00bb|800|||||||\u00bb position_text_color=\u00bb#004562&#8243; body_link_font=\u00bb||||on|||#009BDB|\u00bb border_radii_image=\u00bbon|9999px|9999px|9999px|9999px\u00bb border_width_all_image=\u00bb2px\u00bb border_color_all_image=\u00bb#009BDB\u00bb global_colors_info=\u00bb{}\u00bb]<\/p>\n<p><strong>Correo electr\u00f3nico:<\/strong><br \/><a href=\"mailto:direccion.psicologia@upla.cl\">direccion.psicologia@upla.cl<\/a><\/p>\n<p>Fono: 32 2205006<\/p>\n<p>[\/et_pb_team_member][\/et_pb_column][et_pb_column type=\u00bb1_5&#8243; _builder_version=\u00bb4.16&#8243; _module_preset=\u00bbdefault\u00bb global_colors_info=\u00bb{}\u00bb][et_pb_team_member name=\u00bbChristine Bailey Catal\u00e1n\u00bb position=\u00bbDirectora de Carrera Sociolog\u00eda\u00bb image_url=\u00bbhttps:\/\/upla.cl\/facultad\/cienciassociales\/wp-content\/uploads\/2024\/06\/Christine-b.png\u00bb admin_label=\u00bbSecretaria Acad\u00e9mica\u00bb _builder_version=\u00bb4.27.3&#8243; _module_preset=\u00bbdefault\u00bb body_font_size=\u00bb16px\u00bb position_font=\u00bb|800|||||||\u00bb position_text_color=\u00bb#004562&#8243; body_link_font=\u00bb||||on|||#009BDB|\u00bb border_radii_image=\u00bbon|9999px|9999px|9999px|9999px\u00bb border_width_all_image=\u00bb2px\u00bb border_color_all_image=\u00bb#009BDB\u00bb global_colors_info=\u00bb{}\u00bb]<\/p>\n<p><strong>Correo electr\u00f3nico:<\/strong><br \/><a href=\"mailto:direccion.sociologia@upla.cl\">direccion.sociologia@upla.cl<\/a><\/p>\n<p>Fono: 32 2205158<\/p>\n<p>[\/et_pb_team_member][\/et_pb_column][\/et_pb_row][\/et_pb_section][et_pb_section fb_built=\u00bb1&#8243; _builder_version=\u00bb4.16&#8243; _module_preset=\u00bbdefault\u00bb custom_margin=\u00bb-10px|||||\u00bb custom_padding=\u00bb||3px|||\u00bb global_colors_info=\u00bb{}\u00bb][et_pb_row _builder_version=\u00bb4.24.2&#8243; _module_preset=\u00bbdefault\u00bb custom_margin=\u00bb26px|auto||auto||\u00bb custom_padding=\u00bb8px||15px|||\u00bb border_color_all=\u00bb#BCE3FA\u00bb border_color_top=\u00bb#9D9C9C\u00bb border_style_top=\u00bbdashed\u00bb global_colors_info=\u00bb{}\u00bb][et_pb_column type=\u00bb4_4&#8243; _builder_version=\u00bb4.16&#8243; _module_preset=\u00bbdefault\u00bb global_colors_info=\u00bb{}\u00bb][et_pb_blurb title=\u00bbCoordinaciones\u00bb use_icon=\u00bbon\u00bb font_icon=\u00bb&#xe0df;||divi||400&#8243; icon_color=\u00bb#009BDB\u00bb content_max_width=\u00bb1100px\u00bb _builder_version=\u00bb4.24.2&#8243; _module_preset=\u00bbdefault\u00bb header_text_align=\u00bbcenter\u00bb header_text_color=\u00bb#000000&#8243; header_font_size=\u00bb20px\u00bb body_text_align=\u00bbcenter\u00bb body_text_color=\u00bb#FFFFFF\u00bb body_font_size=\u00bb18px\u00bb custom_margin=\u00bb||20px|||\u00bb custom_padding=\u00bb0px|||||\u00bb global_colors_info=\u00bb{}\u00bb][\/et_pb_blurb][\/et_pb_column][\/et_pb_row][et_pb_row column_structure=\u00bb1_3,1_3,1_3&#8243; _builder_version=\u00bb4.23.1&#8243; _module_preset=\u00bbdefault\u00bb custom_margin=\u00bb|auto|5%|auto|false|false\u00bb custom_padding=\u00bb80px||4px|||\u00bb global_colors_info=\u00bb{}\u00bb][et_pb_column type=\u00bb1_3&#8243; _builder_version=\u00bb4.16&#8243; _module_preset=\u00bbdefault\u00bb global_colors_info=\u00bb{}\u00bb][et_pb_image src=\u00bbhttps:\/\/upla.cl\/facultad\/cienciassociales\/wp-content\/uploads\/2024\/03\/images.png\u00bb title_text=\u00bbimages\u00bb _builder_version=\u00bb4.24.2&#8243; _module_preset=\u00bbdefault\u00bb width=\u00bb75%\u00bb custom_margin=\u00bb||||false|false\u00bb custom_padding=\u00bb|15%||15%|true|true\u00bb border_radii=\u00bbon|9999px|9999px|9999px|9999px\u00bb border_width_all=\u00bb2px\u00bb border_color_all=\u00bb#009BDB\u00bb global_colors_info=\u00bb{}\u00bb][\/et_pb_image][\/et_pb_column][et_pb_column type=\u00bb1_3&#8243; _builder_version=\u00bb4.16&#8243; _module_preset=\u00bbdefault\u00bb global_colors_info=\u00bb{}\u00bb][et_pb_text _builder_version=\u00bb4.25.1&#8243; _module_preset=\u00bbdefault\u00bb text_font=\u00bb|800|||||||\u00bb text_text_color=\u00bb#004562&#8243; text_font_size=\u00bb16px\u00bb global_colors_info=\u00bb{}\u00bb]<\/p>\n<h4>Comit\u00e9 Editorial FACSO<\/h4>\n<p>Integrantes: <strong>Fabiana Rodr\u00edguez-Pastene, Andr\u00e9s Tello, Nelson Carroza<\/strong><\/p>\n<p>[\/et_pb_text][\/et_pb_column][et_pb_column type=\u00bb1_3&#8243; _builder_version=\u00bb4.16&#8243; _module_preset=\u00bbdefault\u00bb global_colors_info=\u00bb{}\u00bb][et_pb_text _builder_version=\u00bb4.27.0&#8243; _module_preset=\u00bbdefault\u00bb text_font_size=\u00bb16px\u00bb global_colors_info=\u00bb{}\u00bb]Correos electr\u00f3nicos:<br \/>\n<a href=\"mailto:fabiana.rodriguezpastene@upla.cl\">fabiana.rodriguezpastene@upla.cl<\/a>;<br \/>\n<a href=\"mailto:andres.tello@upla.cl\">andres.tello@upla.cl<\/a>;<br \/>\n<a href=\"mailto:nelson.carroza@upla.cl\">nelson.carroza@upla.cl<\/a>[\/et_pb_text][\/et_pb_column][\/et_pb_row][et_pb_row column_structure=\u00bb1_3,1_3,1_3&#8243; _builder_version=\u00bb4.23.1&#8243; _module_preset=\u00bbdefault\u00bb custom_margin=\u00bb|auto|5%|auto|false|false\u00bb custom_padding=\u00bb80px||4px|||\u00bb global_colors_info=\u00bb{}\u00bb][et_pb_column type=\u00bb1_3&#8243; _builder_version=\u00bb4.16&#8243; _module_preset=\u00bbdefault\u00bb global_colors_info=\u00bb{}\u00bb][et_pb_image src=\u00bbhttps:\/\/upla.cl\/facultad\/cienciassociales\/wp-content\/uploads\/2024\/04\/5.png\u00bb alt=\u00bbAndr\u00e9s Maximiliano Tello Soto\u00bb title_text=\u00bbAndr\u00e9s Maximiliano Tello Soto\u00bb _builder_version=\u00bb4.25.1&#8243; _module_preset=\u00bbdefault\u00bb width=\u00bb75%\u00bb custom_margin=\u00bb||||false|false\u00bb custom_padding=\u00bb|15%||15%|true|true\u00bb border_radii=\u00bbon|9999px|9999px|9999px|9999px\u00bb border_width_all=\u00bb2px\u00bb border_color_all=\u00bb#009BDB\u00bb global_colors_info=\u00bb{}\u00bb][\/et_pb_image][\/et_pb_column][et_pb_column type=\u00bb1_3&#8243; _builder_version=\u00bb4.16&#8243; _module_preset=\u00bbdefault\u00bb global_colors_info=\u00bb{}\u00bb][et_pb_text _builder_version=\u00bb4.25.1&#8243; _module_preset=\u00bbdefault\u00bb text_font=\u00bb|800|||||||\u00bb text_text_color=\u00bb#004562&#8243; text_font_size=\u00bb16px\u00bb global_colors_info=\u00bb{}\u00bb]<\/p>\n<h4>Coordinaci\u00f3n de Investigaci\u00f3n<\/h4>\n<p>Coordinador: <strong>Andr\u00e9s Tello Soto<\/strong><\/p>\n<p>[\/et_pb_text][\/et_pb_column][et_pb_column type=\u00bb1_3&#8243; _builder_version=\u00bb4.16&#8243; _module_preset=\u00bbdefault\u00bb global_colors_info=\u00bb{}\u00bb][et_pb_text _builder_version=\u00bb4.27.0&#8243; _module_preset=\u00bbdefault\u00bb text_font_size=\u00bb16px\u00bb global_colors_info=\u00bb{}\u00bb]<\/p>\n<p>Correo electr\u00f3nico: <a href=\"mailto:andres.tello@upla.cl\">andres.tello@upla.cl<\/a><\/p>\n<p>[\/et_pb_text][\/et_pb_column][\/et_pb_row][et_pb_row column_structure=\u00bb1_3,1_3,1_3&#8243; _builder_version=\u00bb4.23.1&#8243; _module_preset=\u00bbdefault\u00bb custom_margin=\u00bb|auto|5%|auto|false|false\u00bb custom_padding=\u00bb80px||4px|||\u00bb global_colors_info=\u00bb{}\u00bb][et_pb_column type=\u00bb1_3&#8243; _builder_version=\u00bb4.16&#8243; _module_preset=\u00bbdefault\u00bb global_colors_info=\u00bb{}\u00bb][et_pb_image src=\u00bbhttps:\/\/upla.cl\/facultad\/cienciassociales\/wp-content\/uploads\/2024\/04\/PabloGomezDerecho.png\u00bb alt=\u00bbPablo G\u00f3mez Manzano\u00bb title_text=\u00bbPablo G\u00f3mez Manzano\u00bb _builder_version=\u00bb4.25.1&#8243; _module_preset=\u00bbdefault\u00bb width=\u00bb75%\u00bb custom_margin=\u00bb||||false|false\u00bb custom_padding=\u00bb|15%||15%|true|true\u00bb border_radii=\u00bbon|9999px|9999px|9999px|9999px\u00bb border_width_all=\u00bb2px\u00bb border_color_all=\u00bb#009BDB\u00bb global_colors_info=\u00bb{}\u00bb][\/et_pb_image][\/et_pb_column][et_pb_column type=\u00bb1_3&#8243; _builder_version=\u00bb4.16&#8243; _module_preset=\u00bbdefault\u00bb global_colors_info=\u00bb{}\u00bb][et_pb_text _builder_version=\u00bb4.25.1&#8243; _module_preset=\u00bbdefault\u00bb text_font=\u00bb|800|||||||\u00bb text_text_color=\u00bb#004562&#8243; text_font_size=\u00bb16px\u00bb global_colors_info=\u00bb{}\u00bb]<\/p>\n<h4>Coordinaci\u00f3n de Postgrado<\/h4>\n<p>Coordinador: Pablo G\u00f3mez Manzano<\/p>\n<p>[\/et_pb_text][\/et_pb_column][et_pb_column type=\u00bb1_3&#8243; _builder_version=\u00bb4.16&#8243; _module_preset=\u00bbdefault\u00bb global_colors_info=\u00bb{}\u00bb][et_pb_text _builder_version=\u00bb4.27.0&#8243; _module_preset=\u00bbdefault\u00bb text_font_size=\u00bb16px\u00bb global_colors_info=\u00bb{}\u00bb]<\/p>\n<p>Correo electr\u00f3nico: <a href=\"mailto:pablo.gomez@upla.cl\">pablo.gomez@upla.cl<\/a><\/p>\n<p>[\/et_pb_text][\/et_pb_column][\/et_pb_row][et_pb_row column_structure=\u00bb1_3,1_3,1_3&#8243; _builder_version=\u00bb4.23.1&#8243; _module_preset=\u00bbdefault\u00bb custom_margin=\u00bb|auto|5%|auto|false|false\u00bb custom_padding=\u00bb80px||4px|||\u00bb global_colors_info=\u00bb{}\u00bb][et_pb_column type=\u00bb1_3&#8243; _builder_version=\u00bb4.16&#8243; _module_preset=\u00bbdefault\u00bb global_colors_info=\u00bb{}\u00bb][et_pb_image src=\u00bbhttps:\/\/upla.cl\/facultad\/cienciassociales\/wp-content\/uploads\/2025\/10\/venegasfelipe.png\u00bb alt=\u00bbFelipe Venegas San Mart\u00edn\u00bb title_text=\u00bbFelipe Venegas San Mart\u00edn\u00bb _builder_version=\u00bb4.27.4&#8243; _module_preset=\u00bbdefault\u00bb width=\u00bb75%\u00bb custom_margin=\u00bb||||false|false\u00bb custom_padding=\u00bb|15%||15%|true|true\u00bb border_radii=\u00bbon|9999px|9999px|9999px|9999px\u00bb border_width_all=\u00bb2px\u00bb border_color_all=\u00bb#009BDB\u00bb global_colors_info=\u00bb{}\u00bb][\/et_pb_image][\/et_pb_column][et_pb_column type=\u00bb1_3&#8243; _builder_version=\u00bb4.16&#8243; _module_preset=\u00bbdefault\u00bb global_colors_info=\u00bb{}\u00bb][et_pb_text _builder_version=\u00bb4.27.4&#8243; _module_preset=\u00bbdefault\u00bb text_font=\u00bb|800|||||||\u00bb text_text_color=\u00bb#004562&#8243; text_font_size=\u00bb16px\u00bb hover_enabled=\u00bb0&#8243; global_colors_info=\u00bb{}\u00bb sticky_enabled=\u00bb0&#8243;]<\/p>\n<h4>Coordinaci\u00f3n de Calidad<\/h4>\n<p>Coordinador: Felipe Venegas San Mart\u00edn<\/p>\n<p>[\/et_pb_text][\/et_pb_column][et_pb_column type=\u00bb1_3&#8243; _builder_version=\u00bb4.16&#8243; _module_preset=\u00bbdefault\u00bb global_colors_info=\u00bb{}\u00bb][et_pb_text _builder_version=\u00bb4.27.4&#8243; _module_preset=\u00bbdefault\u00bb text_font_size=\u00bb16px\u00bb global_colors_info=\u00bb{}\u00bb]<\/p>\n<p>Correo electr\u00f3nico: <a href=\"mailto:fvenegas@upla.cl\">fvenegas@upla.cl<\/a><\/p>\n<p>[\/et_pb_text][\/et_pb_column][\/et_pb_row][et_pb_row column_structure=\u00bb1_3,1_3,1_3&#8243; _builder_version=\u00bb4.23.1&#8243; _module_preset=\u00bbdefault\u00bb custom_margin=\u00bb||5%||false|false\u00bb custom_padding=\u00bb||4px|||\u00bb global_colors_info=\u00bb{}\u00bb][et_pb_column type=\u00bb1_3&#8243; _builder_version=\u00bb4.16&#8243; _module_preset=\u00bbdefault\u00bb global_colors_info=\u00bb{}\u00bb][et_pb_image src=\u00bbhttps:\/\/upla.cl\/facultad\/cienciassociales\/wp-content\/uploads\/2024\/04\/GhislaineBarria.png\u00bb alt=\u00bbGhislaine Barr\u00eda Gonz\u00e1lez\u00bb title_text=\u00bbGhislaine Barr\u00eda Gonz\u00e1lez\u00bb _builder_version=\u00bb4.25.1&#8243; _module_preset=\u00bbdefault\u00bb width=\u00bb75%\u00bb custom_margin=\u00bb||||false|false\u00bb custom_padding=\u00bb|15%||15%|true|true\u00bb border_radii=\u00bbon|9999px|9999px|9999px|9999px\u00bb border_width_all=\u00bb2px\u00bb border_color_all=\u00bb#009BDB\u00bb global_colors_info=\u00bb{}\u00bb][\/et_pb_image][\/et_pb_column][et_pb_column type=\u00bb1_3&#8243; _builder_version=\u00bb4.16&#8243; _module_preset=\u00bbdefault\u00bb global_colors_info=\u00bb{}\u00bb][et_pb_text _builder_version=\u00bb4.25.1&#8243; _module_preset=\u00bbdefault\u00bb text_font=\u00bb|800|||||||\u00bb text_text_color=\u00bb#004562&#8243; text_font_size=\u00bb16px\u00bb global_colors_info=\u00bb{}\u00bb]<\/p>\n<h4>Coordinaci\u00f3n\u00a0 de Vinculaci\u00f3n con el Medio<\/h4>\n<p>Coordinadora: Ghislaine Barr\u00eda Gonz\u00e1lez<\/p>\n<p>[\/et_pb_text][\/et_pb_column][et_pb_column type=\u00bb1_3&#8243; _builder_version=\u00bb4.16&#8243; _module_preset=\u00bbdefault\u00bb global_colors_info=\u00bb{}\u00bb][et_pb_text _builder_version=\u00bb4.27.0&#8243; _module_preset=\u00bbdefault\u00bb text_font_size=\u00bb16px\u00bb global_colors_info=\u00bb{}\u00bb]<\/p>\n<p>Correo electr\u00f3nico: <a href=\"mailto:ghislaine.barria@upla.cl\">ghislaine.barria@upla.cl<\/a><\/p>\n<p>[\/et_pb_text][\/et_pb_column][\/et_pb_row][et_pb_row column_structure=\u00bb1_3,1_3,1_3&#8243; _builder_version=\u00bb4.23.1&#8243; _module_preset=\u00bbdefault\u00bb custom_margin=\u00bb||5%||false|false\u00bb custom_padding=\u00bb||4px|||\u00bb global_colors_info=\u00bb{}\u00bb][et_pb_column type=\u00bb1_3&#8243; _builder_version=\u00bb4.16&#8243; _module_preset=\u00bbdefault\u00bb global_colors_info=\u00bb{}\u00bb][et_pb_image src=\u00bbhttps:\/\/upla.cl\/facultad\/cienciassociales\/wp-content\/uploads\/2024\/03\/images.png\u00bb title_text=\u00bbimages\u00bb _builder_version=\u00bb4.24.2&#8243; _module_preset=\u00bbdefault\u00bb width=\u00bb75%\u00bb custom_margin=\u00bb||||false|false\u00bb custom_padding=\u00bb|15%||15%|true|true\u00bb border_radii=\u00bbon|9999px|9999px|9999px|9999px\u00bb border_width_all=\u00bb2px\u00bb border_color_all=\u00bb#009BDB\u00bb global_colors_info=\u00bb{}\u00bb][\/et_pb_image][\/et_pb_column][et_pb_column type=\u00bb1_3&#8243; _builder_version=\u00bb4.16&#8243; _module_preset=\u00bbdefault\u00bb global_colors_info=\u00bb{}\u00bb][et_pb_text _builder_version=\u00bb4.24.2&#8243; _module_preset=\u00bbdefault\u00bb text_font=\u00bb|800|||||||\u00bb text_text_color=\u00bb#004562&#8243; text_font_size=\u00bb16px\u00bb global_colors_info=\u00bb{}\u00bb]<\/p>\n<h4>Coordinaci\u00f3n Mag\u00edster en Bibliotecolog\u00eda e Informaci\u00f3n<\/h4>\n<p>Coordinadora: <b>Paulina Arellano Rojas<\/b><\/p>\n<p>[\/et_pb_text][\/et_pb_column][et_pb_column type=\u00bb1_3&#8243; _builder_version=\u00bb4.16&#8243; _module_preset=\u00bbdefault\u00bb global_colors_info=\u00bb{}\u00bb][et_pb_text _builder_version=\u00bb4.27.0&#8243; _module_preset=\u00bbdefault\u00bb text_font_size=\u00bb16px\u00bb global_colors_info=\u00bb{}\u00bb]<\/p>\n<p>Correo electr\u00f3nico: <a href=\"mailto:paulina.arellano@upla.cl\">paulina.arellano@upla.cl<\/a><\/p>\n<p>[\/et_pb_text][\/et_pb_column][\/et_pb_row][et_pb_row column_structure=\u00bb1_3,1_3,1_3&#8243; _builder_version=\u00bb4.23.1&#8243; _module_preset=\u00bbdefault\u00bb custom_margin=\u00bb||5%||false|false\u00bb custom_padding=\u00bb||4px|||\u00bb global_colors_info=\u00bb{}\u00bb][et_pb_column type=\u00bb1_3&#8243; _builder_version=\u00bb4.16&#8243; _module_preset=\u00bbdefault\u00bb global_colors_info=\u00bb{}\u00bb][et_pb_image src=\u00bbhttps:\/\/upla.cl\/facultad\/cienciassociales\/wp-content\/uploads\/2024\/04\/13.png\u00bb alt=\u00bbJuan Pablo Araya\u00bb title_text=\u00bbJuan Pablo Araya\u00bb _builder_version=\u00bb4.25.0&#8243; _module_preset=\u00bbdefault\u00bb width=\u00bb75%\u00bb custom_margin=\u00bb||||false|false\u00bb custom_padding=\u00bb|15%||15%|true|true\u00bb border_radii=\u00bbon|9999px|9999px|9999px|9999px\u00bb border_width_all=\u00bb2px\u00bb border_color_all=\u00bb#009BDB\u00bb global_colors_info=\u00bb{}\u00bb][\/et_pb_image][\/et_pb_column][et_pb_column type=\u00bb1_3&#8243; _builder_version=\u00bb4.16&#8243; _module_preset=\u00bbdefault\u00bb global_colors_info=\u00bb{}\u00bb][et_pb_text _builder_version=\u00bb4.25.0&#8243; _module_preset=\u00bbdefault\u00bb text_font=\u00bb|800|||||||\u00bb text_text_color=\u00bb#004562&#8243; text_font_size=\u00bb16px\u00bb global_colors_info=\u00bb{}\u00bb]<\/p>\n<h4>Coordinaci\u00f3n General de Pr\u00e1cticas \/ Coordinaci\u00f3n Pr\u00e1cticas &#8211; Carrera de Psicolog\u00eda<\/h4>\n<p>Coordinador: <strong>Juan Pablo Araya<\/strong><\/p>\n<p>[\/et_pb_text][\/et_pb_column][et_pb_column type=\u00bb1_3&#8243; _builder_version=\u00bb4.16&#8243; _module_preset=\u00bbdefault\u00bb global_colors_info=\u00bb{}\u00bb][et_pb_text _builder_version=\u00bb4.27.0&#8243; _module_preset=\u00bbdefault\u00bb text_font_size=\u00bb16px\u00bb global_colors_info=\u00bb{}\u00bb]<\/p>\n<p>Correo electr\u00f3nico: <a href=\"mailto:juan.araya@upla.cl\">juan.araya@upla.cl<\/a><\/p>\n<p>[\/et_pb_text][\/et_pb_column][\/et_pb_row][et_pb_row column_structure=\u00bb1_3,1_3,1_3&#8243; _builder_version=\u00bb4.23.1&#8243; _module_preset=\u00bbdefault\u00bb custom_margin=\u00bb||5%||false|false\u00bb custom_padding=\u00bb||4px|||\u00bb global_colors_info=\u00bb{}\u00bb][et_pb_column type=\u00bb1_3&#8243; _builder_version=\u00bb4.16&#8243; _module_preset=\u00bbdefault\u00bb global_colors_info=\u00bb{}\u00bb][et_pb_image src=\u00bbhttps:\/\/upla.cl\/facultad\/cienciassociales\/wp-content\/uploads\/2024\/03\/cropped-faroupla.png.png\u00bb alt=\u00bbFaro UPLA\u00bb title_text=\u00bbFaro UPLA\u00bb _builder_version=\u00bb4.27.4&#8243; _module_preset=\u00bbdefault\u00bb width=\u00bb75%\u00bb custom_margin=\u00bb||||false|false\u00bb custom_padding=\u00bb|15%||15%|true|true\u00bb border_radii=\u00bbon|9999px|9999px|9999px|9999px\u00bb border_width_all=\u00bb2px\u00bb border_color_all=\u00bb#009BDB\u00bb global_colors_info=\u00bb{}\u00bb][\/et_pb_image][\/et_pb_column][et_pb_column type=\u00bb1_3&#8243; _builder_version=\u00bb4.16&#8243; _module_preset=\u00bbdefault\u00bb global_colors_info=\u00bb{}\u00bb][et_pb_text _builder_version=\u00bb4.27.4&#8243; _module_preset=\u00bbdefault\u00bb text_font=\u00bb|800|||||||\u00bb text_text_color=\u00bb#004562&#8243; text_font_size=\u00bb16px\u00bb global_colors_info=\u00bb{}\u00bb]<\/p>\n<h4>Coordinaci\u00f3n de Pr\u00e1cticas &#8211; Carrera de Periodismo<\/h4>\n<p>Coordinador: <strong>Natacha G\u00f3mez Barahona<\/strong><\/p>\n<p>[\/et_pb_text][\/et_pb_column][et_pb_column type=\u00bb1_3&#8243; _builder_version=\u00bb4.16&#8243; _module_preset=\u00bbdefault\u00bb global_colors_info=\u00bb{}\u00bb][et_pb_text _builder_version=\u00bb4.27.4&#8243; _module_preset=\u00bbdefault\u00bb text_font_size=\u00bb16px\u00bb global_colors_info=\u00bb{}\u00bb]<\/p>\n<p>Correo electr\u00f3nico: <a href=\"mailto:practicas.periodismo@upla.cl\">practicas.periodismo@upla.cl<\/a><\/p>\n<p>[\/et_pb_text][\/et_pb_column][\/et_pb_row][et_pb_row column_structure=\u00bb1_3,1_3,1_3&#8243; _builder_version=\u00bb4.23.1&#8243; _module_preset=\u00bbdefault\u00bb custom_margin=\u00bb||5%||false|false\u00bb custom_padding=\u00bb||4px|||\u00bb global_colors_info=\u00bb{}\u00bb][et_pb_column type=\u00bb1_3&#8243; _builder_version=\u00bb4.16&#8243; _module_preset=\u00bbdefault\u00bb global_colors_info=\u00bb{}\u00bb][et_pb_image src=\u00bbhttps:\/\/upla.cl\/facultad\/cienciassociales\/wp-content\/uploads\/2024\/03\/images.png\u00bb title_text=\u00bbimages\u00bb _builder_version=\u00bb4.24.2&#8243; _module_preset=\u00bbdefault\u00bb width=\u00bb75%\u00bb custom_margin=\u00bb||||false|false\u00bb custom_padding=\u00bb|15%||15%|true|true\u00bb border_radii=\u00bbon|9999px|9999px|9999px|9999px\u00bb border_width_all=\u00bb2px\u00bb border_color_all=\u00bb#009BDB\u00bb global_colors_info=\u00bb{}\u00bb][\/et_pb_image][\/et_pb_column][et_pb_column type=\u00bb1_3&#8243; _builder_version=\u00bb4.16&#8243; _module_preset=\u00bbdefault\u00bb global_colors_info=\u00bb{}\u00bb][et_pb_text _builder_version=\u00bb4.24.2&#8243; _module_preset=\u00bbdefault\u00bb text_font=\u00bb|800|||||||\u00bb text_text_color=\u00bb#004562&#8243; text_font_size=\u00bb16px\u00bb global_colors_info=\u00bb{}\u00bb]<\/p>\n<h4>Coordinaci\u00f3n de Pr\u00e1cticas &#8211; Carrera de Bibliotecolog\u00eda<\/h4>\n<p>Coordinador: <strong>Cecilia Pilar Ja\u00f1a<\/strong><\/p>\n<p>[\/et_pb_text][\/et_pb_column][et_pb_column type=\u00bb1_3&#8243; _builder_version=\u00bb4.16&#8243; _module_preset=\u00bbdefault\u00bb global_colors_info=\u00bb{}\u00bb][et_pb_text _builder_version=\u00bb4.27.0&#8243; _module_preset=\u00bbdefault\u00bb text_font_size=\u00bb16px\u00bb global_colors_info=\u00bb{}\u00bb]<\/p>\n<p>Correo electr\u00f3nico: <a href=\"mailto:cecilia.jana@upla.cl\">cecilia.jana@upla.cl<\/a><\/p>\n<p>[\/et_pb_text][\/et_pb_column][\/et_pb_row][et_pb_row column_structure=\u00bb1_3,1_3,1_3&#8243; _builder_version=\u00bb4.23.1&#8243; _module_preset=\u00bbdefault\u00bb custom_margin=\u00bb||5%||false|false\u00bb custom_padding=\u00bb||4px|||\u00bb global_colors_info=\u00bb{}\u00bb][et_pb_column type=\u00bb1_3&#8243; _builder_version=\u00bb4.16&#8243; _module_preset=\u00bbdefault\u00bb global_colors_info=\u00bb{}\u00bb][et_pb_image src=\u00bbhttps:\/\/upla.cl\/facultad\/cienciassociales\/wp-content\/uploads\/2024\/04\/30.png\u00bb alt=\u00bbFelipe Valenzuela\u00bb title_text=\u00bbFelipe Valenzuela\u00bb _builder_version=\u00bb4.25.0&#8243; _module_preset=\u00bbdefault\u00bb width=\u00bb75%\u00bb custom_margin=\u00bb||||false|false\u00bb custom_padding=\u00bb|15%||15%|true|true\u00bb border_radii=\u00bbon|9999px|9999px|9999px|9999px\u00bb border_width_all=\u00bb2px\u00bb border_color_all=\u00bb#009BDB\u00bb global_colors_info=\u00bb{}\u00bb][\/et_pb_image][\/et_pb_column][et_pb_column type=\u00bb1_3&#8243; _builder_version=\u00bb4.16&#8243; _module_preset=\u00bbdefault\u00bb global_colors_info=\u00bb{}\u00bb][et_pb_text _builder_version=\u00bb4.24.2&#8243; _module_preset=\u00bbdefault\u00bb text_font=\u00bb|800|||||||\u00bb text_text_color=\u00bb#004562&#8243; text_font_size=\u00bb16px\u00bb global_colors_info=\u00bb{}\u00bb]<\/p>\n<h4>Coordinaci\u00f3n de Pr\u00e1cticas &#8211; Carrera de Sociolog\u00eda<\/h4>\n<p>Coordinador: <strong>Felipe Valenzuela Orme\u00f1o<\/strong><\/p>\n<p>[\/et_pb_text][\/et_pb_column][et_pb_column type=\u00bb1_3&#8243; _builder_version=\u00bb4.16&#8243; _module_preset=\u00bbdefault\u00bb global_colors_info=\u00bb{}\u00bb][et_pb_text _builder_version=\u00bb4.27.0&#8243; _module_preset=\u00bbdefault\u00bb text_font_size=\u00bb16px\u00bb global_colors_info=\u00bb{}\u00bb]<\/p>\n<p>Correo electr\u00f3nico: <a href=\"mailto:felipe.valenzuela@upla.cl\">felipe.valenzuela@upla.cl<\/a><\/p>\n<p>[\/et_pb_text][\/et_pb_column][\/et_pb_row][\/et_pb_section][et_pb_section fb_built=\u00bb1&#8243; _builder_version=\u00bb4.16&#8243; _module_preset=\u00bbdefault\u00bb background_color=\u00bb#f2f2f2&#8243; global_colors_info=\u00bb{}\u00bb][et_pb_row _builder_version=\u00bb4.16&#8243; _module_preset=\u00bbdefault\u00bb custom_margin=\u00bb-43px|auto||auto||\u00bb custom_padding=\u00bb51px||15px|||\u00bb global_colors_info=\u00bb{}\u00bb][et_pb_column type=\u00bb4_4&#8243; _builder_version=\u00bb4.16&#8243; _module_preset=\u00bbdefault\u00bb global_colors_info=\u00bb{}\u00bb][et_pb_blurb title=\u00bbSecretarias\u00bb use_icon=\u00bbon\u00bb font_icon=\u00bb&#xf51c;||fa||900&#8243; icon_color=\u00bb#009BDB\u00bb content_max_width=\u00bb1100px\u00bb _builder_version=\u00bb4.24.2&#8243; _module_preset=\u00bbdefault\u00bb header_text_align=\u00bbcenter\u00bb header_text_color=\u00bb#000000&#8243; header_font_size=\u00bb20px\u00bb body_text_align=\u00bbcenter\u00bb body_text_color=\u00bb#FFFFFF\u00bb body_font_size=\u00bb18px\u00bb custom_margin=\u00bb22px|||||\u00bb global_colors_info=\u00bb{}\u00bb][\/et_pb_blurb][\/et_pb_column][\/et_pb_row][et_pb_row column_structure=\u00bb1_5,1_5,1_5,1_5,1_5&#8243; use_custom_gutter=\u00bbon\u00bb _builder_version=\u00bb4.25.1&#8243; _module_preset=\u00bbdefault\u00bb width=\u00bb90%\u00bb custom_margin=\u00bb||24px||false|false\u00bb custom_padding=\u00bb||4px|||\u00bb global_colors_info=\u00bb{}\u00bb][et_pb_column type=\u00bb1_5&#8243; _builder_version=\u00bb4.16&#8243; _module_preset=\u00bbdefault\u00bb global_colors_info=\u00bb{}\u00bb][et_pb_team_member name=\u00bbMariella Mu\u00f1oz Torrej\u00f3n\u00bb position=\u00bbSecretaria Decanato\u00bb image_url=\u00bbhttps:\/\/upla.cl\/facultad\/cienciassociales\/wp-content\/uploads\/2024\/03\/images.png\u00bb admin_label=\u00bbSecretaria Acad\u00e9mica\u00bb _builder_version=\u00bb4.27.3&#8243; _module_preset=\u00bbdefault\u00bb body_font_size=\u00bb16px\u00bb position_font=\u00bb|800|||||||\u00bb position_text_color=\u00bb#004562&#8243; body_link_font=\u00bb||||on|||#009BDB|\u00bb border_radii_image=\u00bbon|9999px|9999px|9999px|9999px\u00bb border_width_all_image=\u00bb2px\u00bb border_color_all_image=\u00bb#009BDB\u00bb global_colors_info=\u00bb{}\u00bb]<\/p>\n<p><strong>Correo electr\u00f3nico:<\/strong><br \/><a href=\"mailto:mmunozt@upla.cl\">mmunozt@upla.cl<\/a><\/p>\n<p>Fono: 32 2205335<\/p>\n<p>[\/et_pb_team_member][\/et_pb_column][et_pb_column type=\u00bb1_5&#8243; _builder_version=\u00bb4.16&#8243; _module_preset=\u00bbdefault\u00bb global_colors_info=\u00bb{}\u00bb][\/et_pb_column][et_pb_column type=\u00bb1_5&#8243; _builder_version=\u00bb4.16&#8243; _module_preset=\u00bbdefault\u00bb global_colors_info=\u00bb{}\u00bb][et_pb_team_member name=\u00bbGloria Valenzuela P\u00e9rez\u00bb position=\u00bbSecretaria de Secretario Acad\u00e9mico &#8211; Facultad de Ciencias Sociales\u00bb image_url=\u00bbhttps:\/\/upla.cl\/facultad\/cienciassociales\/wp-content\/uploads\/2024\/04\/GloriaValenzuelasecre.png\u00bb admin_label=\u00bbSecretaria Acad\u00e9mica\u00bb _builder_version=\u00bb4.27.0&#8243; _module_preset=\u00bbdefault\u00bb body_font_size=\u00bb16px\u00bb position_font=\u00bb|800|||||||\u00bb position_text_color=\u00bb#004562&#8243; body_link_font=\u00bb||||on|||#009BDB|\u00bb border_radii_image=\u00bbon|9999px|9999px|9999px|9999px\u00bb border_width_all_image=\u00bb2px\u00bb border_color_all_image=\u00bb#009BDB\u00bb global_colors_info=\u00bb{}\u00bb]<\/p>\n<p><strong>Correo electr\u00f3nico:<\/strong><br \/><a href=\"mailto:gloria.valenzuela@upla.cl\">gloria.valenzuela@upla.cl<\/a><\/p>\n<p>Fono: 32 2205357<\/p>\n<p>[\/et_pb_team_member][\/et_pb_column][et_pb_column type=\u00bb1_5&#8243; _builder_version=\u00bb4.25.1&#8243; _module_preset=\u00bbdefault\u00bb global_colors_info=\u00bb{}\u00bb][\/et_pb_column][et_pb_column type=\u00bb1_5&#8243; _builder_version=\u00bb4.25.1&#8243; _module_preset=\u00bbdefault\u00bb global_colors_info=\u00bb{}\u00bb][et_pb_team_member name=\u00bbMarjorie Cort\u00e9s Mu\u00f1oz\u00bb position=\u00bbSecretaria  Directores de Departamentos\u00bb image_url=\u00bbhttps:\/\/upla.cl\/facultad\/cienciassociales\/wp-content\/uploads\/2024\/04\/secre.png\u00bb admin_label=\u00bbSecretaria Acad\u00e9mica\u00bb _builder_version=\u00bb4.27.0&#8243; _module_preset=\u00bbdefault\u00bb body_font_size=\u00bb16px\u00bb position_font=\u00bb|800|||||||\u00bb position_text_color=\u00bb#004562&#8243; body_link_font=\u00bb||||on|||#009BDB|\u00bb border_radii_image=\u00bbon|9999px|9999px|9999px|9999px\u00bb border_width_all_image=\u00bb2px\u00bb border_color_all_image=\u00bb#009BDB\u00bb global_colors_info=\u00bb{}\u00bb]<\/p>\n<p><strong>Correo electr\u00f3nico:<\/strong><br \/><a href=\"mailto:marjorie.cortes@upla.cl\">marjorie.cortes@upla.cl<\/a><\/p>\n<p>Fono: 32 2205336<\/p>\n<p>[\/et_pb_team_member][\/et_pb_column][\/et_pb_row][et_pb_row column_structure=\u00bb1_5,1_5,1_5,1_5,1_5&#8243; use_custom_gutter=\u00bbon\u00bb _builder_version=\u00bb4.25.1&#8243; _module_preset=\u00bbdefault\u00bb width=\u00bb90%\u00bb custom_margin=\u00bb||24px||false|false\u00bb custom_padding=\u00bb||4px|||\u00bb global_colors_info=\u00bb{}\u00bb][et_pb_column type=\u00bb1_5&#8243; _builder_version=\u00bb4.16&#8243; _module_preset=\u00bbdefault\u00bb global_colors_info=\u00bb{}\u00bb][et_pb_team_member name=\u00bbMeybis Jorquera Jorquera\u00bb position=\u00bbSecretaria carreras de Periodismo y Bibliotecolog\u00eda\u00bb image_url=\u00bbhttps:\/\/upla.cl\/facultad\/cienciassociales\/wp-content\/uploads\/2024\/04\/maybis.png\u00bb admin_label=\u00bbSecretaria Acad\u00e9mica\u00bb _builder_version=\u00bb4.27.0&#8243; _module_preset=\u00bbdefault\u00bb body_font_size=\u00bb16px\u00bb position_font=\u00bb|800|||||||\u00bb position_text_color=\u00bb#004562&#8243; body_link_font=\u00bb||||on|||#009BDB|\u00bb border_radii_image=\u00bbon|9999px|9999px|9999px|9999px\u00bb border_width_all_image=\u00bb2px\u00bb border_color_all_image=\u00bb#009BDB\u00bb global_colors_info=\u00bb{}\u00bb]<\/p>\n<p><strong>Correo electr\u00f3nico:<\/strong><br \/><a href=\"mailto:meybis.jorquera@upla.cl\">meybis.jorquera@upla.cl<\/a><\/p>\n<p>Fono: 32 2205589<\/p>\n<p>[\/et_pb_team_member][\/et_pb_column][et_pb_column type=\u00bb1_5&#8243; _builder_version=\u00bb4.16&#8243; _module_preset=\u00bbdefault\u00bb global_colors_info=\u00bb{}\u00bb][\/et_pb_column][et_pb_column type=\u00bb1_5&#8243; _builder_version=\u00bb4.16&#8243; _module_preset=\u00bbdefault\u00bb global_colors_info=\u00bb{}\u00bb][et_pb_team_member name=\u00bbSandra Aguayo Aravena\u00bb position=\u00bbSecretaria carrera de Sociolog\u00eda, observatorio y postgrados\u00bb image_url=\u00bbhttps:\/\/upla.cl\/facultad\/cienciassociales\/wp-content\/uploads\/2024\/04\/20.png\u00bb admin_label=\u00bbSecretaria carrera de Sociolog\u00eda, observatorio y postgrados\u00bb _builder_version=\u00bb4.27.0&#8243; _module_preset=\u00bbdefault\u00bb body_font_size=\u00bb16px\u00bb position_font=\u00bb|800|||||||\u00bb position_text_color=\u00bb#004562&#8243; body_link_font=\u00bb||||on|||#009BDB|\u00bb border_radii_image=\u00bbon|9999px|9999px|9999px|9999px\u00bb border_width_all_image=\u00bb2px\u00bb border_color_all_image=\u00bb#009BDB\u00bb global_colors_info=\u00bb{}\u00bb]<\/p>\n<p><strong>Correo electr\u00f3nico:<\/strong><br \/><a href=\"mailto:sandra.aguayo@upla.cl\">sandra.aguayo@upla.cl<\/a><\/p>\n<p>Fono: 32 2205833<\/p>\n<p>[\/et_pb_team_member][\/et_pb_column][et_pb_column type=\u00bb1_5&#8243; _builder_version=\u00bb4.16&#8243; _module_preset=\u00bbdefault\u00bb global_colors_info=\u00bb{}\u00bb][\/et_pb_column][et_pb_column type=\u00bb1_5&#8243; _builder_version=\u00bb4.16&#8243; _module_preset=\u00bbdefault\u00bb global_colors_info=\u00bb{}\u00bb][et_pb_team_member name=\u00bbCynthia Lazcano Quiroga\u00bb position=\u00bbSecretaria carreras de Psicolog\u00eda y Derecho\u00bb image_url=\u00bbhttps:\/\/upla.cl\/facultad\/cienciassociales\/wp-content\/uploads\/2024\/04\/22.png\u00bb admin_label=\u00bbSecretaria carrera de Sociolog\u00eda, observatorio y postgrados\u00bb _builder_version=\u00bb4.27.0&#8243; _module_preset=\u00bbdefault\u00bb body_font_size=\u00bb16px\u00bb position_font=\u00bb|800|||||||\u00bb position_text_color=\u00bb#004562&#8243; body_link_font=\u00bb||||on|||#009BDB|\u00bb border_radii_image=\u00bbon|9999px|9999px|9999px|9999px\u00bb border_width_all_image=\u00bb2px\u00bb border_color_all_image=\u00bb#009BDB\u00bb global_colors_info=\u00bb{}\u00bb]<\/p>\n<p><strong>Correo electr\u00f3nico:<\/strong><br \/><a href=\"mailto:cynthia.lazcano@upla.cl\">cynthia.lazcano@upla.cl<\/a><\/p>\n<p>Fono: 32 2205316<\/p>\n<p>[\/et_pb_team_member][\/et_pb_column][\/et_pb_row][\/et_pb_section][et_pb_section fb_built=\u00bb1&#8243; _builder_version=\u00bb4.16&#8243; _module_preset=\u00bbdefault\u00bb global_colors_info=\u00bb{}\u00bb][et_pb_row _builder_version=\u00bb4.16&#8243; _module_preset=\u00bbdefault\u00bb custom_padding=\u00bb8px||15px|||\u00bb global_colors_info=\u00bb{}\u00bb][et_pb_column type=\u00bb4_4&#8243; _builder_version=\u00bb4.16&#8243; _module_preset=\u00bbdefault\u00bb global_colors_info=\u00bb{}\u00bb][et_pb_blurb title=\u00bbAcad\u00e9micas y Acad\u00e9micos\u00bb use_icon=\u00bbon\u00bb font_icon=\u00bb&#xf212;||fa||400&#8243; icon_color=\u00bb#009BDB\u00bb content_max_width=\u00bb1100px\u00bb _builder_version=\u00bb4.24.3&#8243; _module_preset=\u00bbdefault\u00bb header_text_align=\u00bbcenter\u00bb header_text_color=\u00bb#000000&#8243; header_font_size=\u00bb20px\u00bb body_text_align=\u00bbcenter\u00bb body_text_color=\u00bb#565656&#8243; body_font_size=\u00bb18px\u00bb body_link_font=\u00bb||||on||||\u00bb body_link_text_color=\u00bb#009BDB\u00bb global_colors_info=\u00bb{}\u00bb]<\/p>\n<p>Revisa <strong><a href=\"https:\/\/upla.cl\/facultad\/cienciassociales\/academicas-y-academicos\/\" title=\"Acad\u00e9micas y acad\u00e9micos de la Facultad de Ciencias Sociales de la Universidad de Playa Ancha\">aqu\u00ed<\/a><\/strong> el listado de docentes de la Facultad.<\/p>\n<p>[\/et_pb_blurb][\/et_pb_column][\/et_pb_row][\/et_pb_section][et_pb_section fb_built=\u00bb1&#8243; disabled_on=\u00bbon|on|on\u00bb _builder_version=\u00bb4.16&#8243; _module_preset=\u00bbdefault\u00bb disabled=\u00bbon\u00bb global_colors_info=\u00bb{}\u00bb][\/et_pb_section][et_pb_section fb_built=\u00bb1&#8243; disabled_on=\u00bbon|on|on\u00bb _builder_version=\u00bb4.16&#8243; _module_preset=\u00bbdefault\u00bb disabled=\u00bbon\u00bb global_colors_info=\u00bb{}\u00bb][et_pb_row _builder_version=\u00bb4.16&#8243; _module_preset=\u00bbdefault\u00bb custom_padding=\u00bb8px||15px|||\u00bb global_colors_info=\u00bb{}\u00bb][et_pb_column type=\u00bb4_4&#8243; _builder_version=\u00bb4.16&#8243; _module_preset=\u00bbdefault\u00bb global_colors_info=\u00bb{}\u00bb][et_pb_blurb title=\u00bbRepresentantes en comisiones curriculares\u00bb use_icon=\u00bbon\u00bb font_icon=\u00bb&#xe0df;||divi||400&#8243; icon_color=\u00bb#009BDB\u00bb content_max_width=\u00bb1100px\u00bb _builder_version=\u00bb4.16&#8243; _module_preset=\u00bbdefault\u00bb header_text_align=\u00bbcenter\u00bb header_text_color=\u00bb#000000&#8243; body_text_align=\u00bbcenter\u00bb body_text_color=\u00bb#FFFFFF\u00bb body_font_size=\u00bb18px\u00bb global_colors_info=\u00bb{}\u00bb][\/et_pb_blurb][\/et_pb_column][\/et_pb_row][et_pb_row column_structure=\u00bb1_6,1_6,1_6,1_6,1_6,1_6&#8243; _builder_version=\u00bb4.16&#8243; _module_preset=\u00bbdefault\u00bb custom_padding=\u00bb||4px|||\u00bb global_colors_info=\u00bb{}\u00bb][et_pb_column type=\u00bb1_6&#8243; _builder_version=\u00bb4.16&#8243; _module_preset=\u00bbdefault\u00bb global_colors_info=\u00bb{}\u00bb][et_pb_blurb title=\u00bbComisi\u00f3n Curricular de Educaci\u00f3n Parvularia\u00bb url=\u00bb#\u00bb url_new_window=\u00bbon\u00bb use_icon=\u00bbon\u00bb font_icon=\u00bb&#xe104;||divi||400&#8243; icon_color=\u00bb#009BDB\u00bb icon_placement=\u00bbleft\u00bb image_icon_width=\u00bb40px\u00bb _builder_version=\u00bb4.16&#8243; _module_preset=\u00bbdefault\u00bb link_option_url=\u00bb#\u00bb link_option_url_new_window=\u00bbon\u00bb icon_font_size=\u00bb40px\u00bb global_colors_info=\u00bb{}\u00bb]<\/p>\n<p>Dra. Daysi Reinoso Salinas<\/p>\n<p>[\/et_pb_blurb][\/et_pb_column][et_pb_column type=\u00bb1_6&#8243; _builder_version=\u00bb4.16&#8243; _module_preset=\u00bbdefault\u00bb global_colors_info=\u00bb{}\u00bb][et_pb_blurb title=\u00bbComisi\u00f3n Curricular de Pedagog\u00eda en Artes Pl\u00e1sticas\u00bb url=\u00bb#\u00bb url_new_window=\u00bbon\u00bb use_icon=\u00bbon\u00bb font_icon=\u00bb&#xe005;||divi||400&#8243; icon_color=\u00bb#009BDB\u00bb icon_placement=\u00bbleft\u00bb image_icon_width=\u00bb40px\u00bb _builder_version=\u00bb4.16&#8243; _module_preset=\u00bbdefault\u00bb link_option_url=\u00bb#\u00bb link_option_url_new_window=\u00bbon\u00bb icon_font_size=\u00bb40px\u00bb global_colors_info=\u00bb{}\u00bb]<\/p>\n<p>Dra. Daysi Reinoso Salinas<\/p>\n<p>Mg. Claudio Valenzuela Gonz\u00e1lez<\/p>\n<p>[\/et_pb_blurb][\/et_pb_column][et_pb_column type=\u00bb1_6&#8243; _builder_version=\u00bb4.16&#8243; _module_preset=\u00bbdefault\u00bb global_colors_info=\u00bb{}\u00bb][et_pb_blurb title=\u00bbComisi\u00f3n Curricular de Pedagog\u00eda en Biolog\u00eda y Ciencias\u00bb url=\u00bb#\u00bb url_new_window=\u00bbon\u00bb use_icon=\u00bbon\u00bb font_icon=\u00bb&#xe08a;||divi||400&#8243; icon_color=\u00bb#009BDB\u00bb icon_placement=\u00bbleft\u00bb image_icon_width=\u00bb40px\u00bb _builder_version=\u00bb4.16&#8243; _module_preset=\u00bbdefault\u00bb link_option_url=\u00bb#\u00bb link_option_url_new_window=\u00bbon\u00bb icon_font_size=\u00bb40px\u00bb global_colors_info=\u00bb{}\u00bb]<\/p>\n<p>Mg. Karen Cuevas Sol\u00eds<\/p>\n<p>[\/et_pb_blurb][\/et_pb_column][et_pb_column type=\u00bb1_6&#8243; _builder_version=\u00bb4.16&#8243; _module_preset=\u00bbdefault\u00bb global_colors_info=\u00bb{}\u00bb][et_pb_blurb title=\u00bbComisi\u00f3n Curricular de Pedagog\u00eda en Castellano\u00bb url=\u00bb#\u00bb url_new_window=\u00bbon\u00bb use_icon=\u00bbon\u00bb font_icon=\u00bb&#xe022;||divi||400&#8243; icon_color=\u00bb#009BDB\u00bb icon_placement=\u00bbleft\u00bb image_icon_width=\u00bb40px\u00bb _builder_version=\u00bb4.16&#8243; _module_preset=\u00bbdefault\u00bb link_option_url=\u00bb#\u00bb link_option_url_new_window=\u00bbon\u00bb icon_font_size=\u00bb40px\u00bb global_colors_info=\u00bb{}\u00bb]<\/p>\n<p>Pendiente<\/p>\n<p>[\/et_pb_blurb][\/et_pb_column][et_pb_column type=\u00bb1_6&#8243; _builder_version=\u00bb4.16&#8243; _module_preset=\u00bbdefault\u00bb global_colors_info=\u00bb{}\u00bb][et_pb_blurb title=\u00bbComisi\u00f3n Curricular de Pedagog\u00eda en Educaci\u00f3n B\u00e1sica\u00bb url=\u00bb#\u00bb url_new_window=\u00bbon\u00bb use_icon=\u00bbon\u00bb font_icon=\u00bb&#xe107;||divi||400&#8243; icon_color=\u00bb#009BDB\u00bb icon_placement=\u00bbleft\u00bb image_icon_width=\u00bb40px\u00bb _builder_version=\u00bb4.16&#8243; _module_preset=\u00bbdefault\u00bb link_option_url=\u00bb#\u00bb link_option_url_new_window=\u00bbon\u00bb icon_font_size=\u00bb40px\u00bb global_colors_info=\u00bb{}\u00bb]<\/p>\n<p>Mg. Carlos Hern\u00e1ndez Valenzuela<\/p>\n<p>Mg. Ana Mar\u00eda M\u00e9ndez Cowell<\/p>\n<p>[\/et_pb_blurb][\/et_pb_column][et_pb_column type=\u00bb1_6&#8243; _builder_version=\u00bb4.16&#8243; _module_preset=\u00bbdefault\u00bb global_colors_info=\u00bb{}\u00bb][et_pb_blurb title=\u00bbComisi\u00f3n Curricular de Pedagog\u00eda en Educaci\u00f3n Diferencial\u00bb url=\u00bb#\u00bb url_new_window=\u00bbon\u00bb use_icon=\u00bbon\u00bb font_icon=\u00bb&#xe102;||divi||400&#8243; icon_color=\u00bb#009BDB\u00bb icon_placement=\u00bbleft\u00bb image_icon_width=\u00bb40px\u00bb _builder_version=\u00bb4.16&#8243; _module_preset=\u00bbdefault\u00bb link_option_url=\u00bb#\u00bb link_option_url_new_window=\u00bbon\u00bb icon_font_size=\u00bb40px\u00bb global_colors_info=\u00bb{}\u00bb]<\/p>\n<p>Mg. Paola Esparza Guti\u00e9rrez<\/p>\n<p>[\/et_pb_blurb][\/et_pb_column][\/et_pb_row][et_pb_row column_structure=\u00bb1_6,1_6,1_6,1_6,1_6,1_6&#8243; _builder_version=\u00bb4.16&#8243; _module_preset=\u00bbdefault\u00bb custom_padding=\u00bb||4px|||\u00bb global_colors_info=\u00bb{}\u00bb][et_pb_column type=\u00bb1_6&#8243; _builder_version=\u00bb4.16&#8243; _module_preset=\u00bbdefault\u00bb global_colors_info=\u00bb{}\u00bb][et_pb_blurb title=\u00bbComisi\u00f3n Curricular de Pedagog\u00eda en Educaci\u00f3n F\u00edsica\u00bb url=\u00bb#\u00bb url_new_window=\u00bbon\u00bb use_icon=\u00bbon\u00bb font_icon=\u00bb&#xe0f8;||divi||400&#8243; icon_color=\u00bb#009BDB\u00bb icon_placement=\u00bbleft\u00bb image_icon_width=\u00bb40px\u00bb _builder_version=\u00bb4.16&#8243; _module_preset=\u00bbdefault\u00bb link_option_url=\u00bb#\u00bb link_option_url_new_window=\u00bbon\u00bb icon_font_size=\u00bb40px\u00bb global_colors_info=\u00bb{}\u00bb]<\/p>\n<p>Dr Javier Vergara N\u00fa\u00f1ez<\/p>\n<p>[\/et_pb_blurb][\/et_pb_column][et_pb_column type=\u00bb1_6&#8243; _builder_version=\u00bb4.16&#8243; _module_preset=\u00bbdefault\u00bb global_colors_info=\u00bb{}\u00bb][et_pb_blurb title=\u00bbComisi\u00f3n Curricular de Pedagog\u00eda en Educaci\u00f3n Musical\u00bb url=\u00bb#\u00bb url_new_window=\u00bbon\u00bb use_icon=\u00bbon\u00bb font_icon=\u00bb&#xe611;||divi||400&#8243; icon_color=\u00bb#009BDB\u00bb icon_placement=\u00bbleft\u00bb image_icon_width=\u00bb40px\u00bb _builder_version=\u00bb4.16&#8243; _module_preset=\u00bbdefault\u00bb link_option_url=\u00bb#\u00bb link_option_url_new_window=\u00bbon\u00bb icon_font_size=\u00bb40px\u00bb global_colors_info=\u00bb{}\u00bb]<\/p>\n<p>Dr. Alejandro Gallardo Jaque<\/p>\n<p>[\/et_pb_blurb][\/et_pb_column][et_pb_column type=\u00bb1_6&#8243; _builder_version=\u00bb4.16&#8243; _module_preset=\u00bbdefault\u00bb global_colors_info=\u00bb{}\u00bb][et_pb_blurb title=\u00bbComisi\u00f3n Curricular de Pedagog\u00eda en F\u00edsica\u00bb url=\u00bb#\u00bb url_new_window=\u00bbon\u00bb use_icon=\u00bbon\u00bb font_icon=\u00bb&#xe038;||divi||400&#8243; icon_color=\u00bb#009BDB\u00bb icon_placement=\u00bbleft\u00bb image_icon_width=\u00bb40px\u00bb _builder_version=\u00bb4.16&#8243; _module_preset=\u00bbdefault\u00bb link_option_url=\u00bb#\u00bb link_option_url_new_window=\u00bbon\u00bb icon_font_size=\u00bb40px\u00bb global_colors_info=\u00bb{}\u00bb]<\/p>\n<p>Dra. Daysi Reinoso Salinas<\/p>\n<p>[\/et_pb_blurb][\/et_pb_column][et_pb_column type=\u00bb1_6&#8243; _builder_version=\u00bb4.16&#8243; _module_preset=\u00bbdefault\u00bb global_colors_info=\u00bb{}\u00bb][et_pb_blurb title=\u00bbComisi\u00f3n Curricular de Pedagog\u00eda en Qu\u00edmica y Ciencias\u00bb url=\u00bb#\u00bb url_new_window=\u00bbon\u00bb use_icon=\u00bbon\u00bb font_icon=\u00bb&#xe00a;||divi||400&#8243; icon_color=\u00bb#009BDB\u00bb icon_placement=\u00bbleft\u00bb image_icon_width=\u00bb40px\u00bb _builder_version=\u00bb4.16&#8243; _module_preset=\u00bbdefault\u00bb link_option_url=\u00bb#\u00bb link_option_url_new_window=\u00bbon\u00bb icon_font_size=\u00bb40px\u00bb global_colors_info=\u00bb{}\u00bb]<\/p>\n<p>Dra. Sylvia Moraga Toledo<\/p>\n<p>[\/et_pb_blurb][\/et_pb_column][et_pb_column type=\u00bb1_6&#8243; _builder_version=\u00bb4.16&#8243; _module_preset=\u00bbdefault\u00bb global_colors_info=\u00bb{}\u00bb][et_pb_blurb title=\u00bbComisi\u00f3n Curricular de Terapia Ocupacional\u00bb url=\u00bb#\u00bb url_new_window=\u00bbon\u00bb use_icon=\u00bbon\u00bb font_icon=\u00bb&#x77;||divi||400&#8243; icon_color=\u00bb#009BDB\u00bb icon_placement=\u00bbleft\u00bb image_icon_width=\u00bb40px\u00bb _builder_version=\u00bb4.16&#8243; _module_preset=\u00bbdefault\u00bb link_option_url=\u00bb#\u00bb link_option_url_new_window=\u00bbon\u00bb icon_font_size=\u00bb40px\u00bb global_colors_info=\u00bb{}\u00bb]<\/p>\n<p>Mg. Claudio Valenzuela Gonz\u00e1lez<\/p>\n<p>[\/et_pb_blurb][\/et_pb_column][et_pb_column type=\u00bb1_6&#8243; _builder_version=\u00bb4.16&#8243; _module_preset=\u00bbdefault\u00bb global_colors_info=\u00bb{}\u00bb][\/et_pb_column][\/et_pb_row][\/et_pb_section][et_pb_section fb_built=\u00bb1&#8243; admin_label=\u00bbSecci\u00f3n footer\u00bb _builder_version=\u00bb4.22.2&#8243; _module_preset=\u00bbdefault\u00bb background_color=\u00bb#e5e5e5&#8243; background_enable_image=\u00bboff\u00bb min_height=\u00bb144.2px\u00bb custom_margin=\u00bb2px|||||\u00bb custom_padding=\u00bb50px||3px|||\u00bb border_width_top=\u00bb1px\u00bb border_color_top=\u00bbRGBA(255,255,255,0)\u00bb border_style_top=\u00bboutset\u00bb global_module=\u00bb107239&#8243; saved_tabs=\u00bball\u00bb collapsed=\u00bboff\u00bb global_colors_info=\u00bb{}\u00bb][et_pb_row column_structure=\u00bb1_4,1_4,1_4,1_4&#8243; use_custom_gutter=\u00bbon\u00bb gutter_width=\u00bb3&#8243; _builder_version=\u00bb4.27.4&#8243; _module_preset=\u00bbdefault\u00bb width=\u00bb90%\u00bb max_width=\u00bb2560px\u00bb custom_margin=\u00bb|auto|23px|auto|false|false\u00bb custom_padding=\u00bb|20px|5px|20px|false|true\u00bb global_colors_info=\u00bb{}\u00bb][et_pb_column type=\u00bb1_4&#8243; _builder_version=\u00bb4.20.4&#8243; _module_preset=\u00bbdefault\u00bb global_colors_info=\u00bb{}\u00bb][et_pb_image src=\u00bbhttps:\/\/upla.cl\/facultad\/cienciassociales\/wp-content\/uploads\/2024\/03\/im-upla.png\u00bb alt=\u00bbUniversidad de Playa Ancha\u00bb title_text=\u00bbim-upla\u00bb url=\u00bbhttps:\/\/www.upla.cl\/portada\/\u00bb align_tablet=\u00bb\u00bb align_phone=\u00bbcenter\u00bb align_last_edited=\u00bbon|phone\u00bb _builder_version=\u00bb4.22.2&#8243; _module_preset=\u00bbdefault\u00bb custom_padding_tablet=\u00bb\u00bb custom_padding_phone=\u00bb|30px||30px|false|true\u00bb custom_padding_last_edited=\u00bbon|phone\u00bb global_colors_info=\u00bb{}\u00bb][\/et_pb_image][et_pb_text _builder_version=\u00bb4.27.2&#8243; _module_preset=\u00bbdefault\u00bb text_text_color=\u00bb#565656&#8243; text_font_size=\u00bb15px\u00bb text_line_height=\u00bb1.2em\u00bb link_text_color=\u00bb#565656&#8243; custom_padding=\u00bb|10px|||false|false\u00bb custom_padding_tablet=\u00bb|10px|||false|false\u00bb custom_padding_phone=\u00bb|30px||30px|false|true\u00bb custom_padding_last_edited=\u00bbon|phone\u00bb text_orientation_tablet=\u00bb\u00bb text_orientation_phone=\u00bbcenter\u00bb text_orientation_last_edited=\u00bbon|desktop\u00bb global_colors_info=\u00bb{}\u00bb]<\/p>\n<p style=\"text-align: left;\"><strong>Facultad de Ciencias Sociales de la Universidad de Playa Ancha<\/strong><\/p>\n<p style=\"text-align: left;\"><a href=\"https:\/\/maps.app.goo.gl\/Q9HuT9H92gJSEfon6\" target=\"_blank\" rel=\"noopener\" title=\"Avenida Playa Ancha 850, Valpara\u00edso\">Avenida Playa Ancha 850, Valpara\u00edso<\/a>.<\/p>\n<p style=\"text-align: left;\"><a href=\"https:\/\/maps.app.goo.gl\/t3TxZ4A6Zjg8oSiL9\" target=\"_blank\" rel=\"noopener\" title=\"Avenida Gran Breta\u00f1a 40\">Avenida Gran Breta\u00f1a 40, cerro Playa Ancha, Valpara\u00edso<\/a>.<\/p>\n<p>[\/et_pb_text][\/et_pb_column][et_pb_column type=\u00bb1_4&#8243; _builder_version=\u00bb4.20.4&#8243; _module_preset=\u00bbdefault\u00bb global_colors_info=\u00bb{}\u00bb][et_pb_image src=\u00bbhttps:\/\/www.upla.cl\/portada\/wp-content\/uploads\/2025\/03\/20250311_upla_acreditada_2022-2027-color.png\u00bb alt=\u00bbUPLA_acreditada_2022-2027&#8243; title_text=\u00bbupla_acreditada_2022-2027-color\u00bb url=\u00bbhttps:\/\/www.upla.cl\/calidad\/acreditacion\/\u00bb url_new_window=\u00bbon\u00bb align_tablet=\u00bb\u00bb align_phone=\u00bbcenter\u00bb align_last_edited=\u00bbon|phone\u00bb _builder_version=\u00bb4.27.4&#8243; _module_preset=\u00bbdefault\u00bb width_tablet=\u00bb\u00bb width_phone=\u00bb60%\u00bb width_last_edited=\u00bbon|phone\u00bb custom_margin=\u00bb-10px||||false|false\u00bb custom_margin_tablet=\u00bb\u00bb custom_margin_phone=\u00bb\u00bb custom_margin_last_edited=\u00bbon|desktop\u00bb custom_padding=\u00bb||0px|||\u00bb global_colors_info=\u00bb{}\u00bb][\/et_pb_image][et_pb_divider color=\u00bb#009bdb\u00bb divider_position=\u00bbcenter\u00bb disabled_on=\u00bboff|off|on\u00bb _builder_version=\u00bb4.22.2&#8243; _module_preset=\u00bbdefault\u00bb global_colors_info=\u00bb{}\u00bb][\/et_pb_divider][et_pb_text _builder_version=\u00bb4.22.2&#8243; _module_preset=\u00bbdefault\u00bb text_font=\u00bb|700|||||||\u00bb text_text_color=\u00bb#565656&#8243; text_font_size=\u00bb16px\u00bb text_line_height=\u00bb1.2em\u00bb header_text_align_tablet=\u00bb\u00bb header_text_align_phone=\u00bbcenter\u00bb header_text_align_last_edited=\u00bbon|phone\u00bb global_colors_info=\u00bb{}\u00bb]<\/p>\n<p style=\"text-align: center;\"><strong>Buscar en UPLA.cl:<\/strong><\/p>\n<p style=\"text-align: right;\"><strong><\/strong><\/p>\n<form id=\"accesos\" action=\"\" style=\"text-align: center;\"><select name=\"sitio\" onchange=\"window.location = (document.forms.accesos.sitio[document.forms.accesos.sitio.selectedIndex].value);\"><option>Acceso directo:<\/option><option value=\"http:\/\/www.upla.cl\/\">UPLA.cl<\/option><option value=\"http:\/\/sitios.upla.cl\/universidad\/\">La Universidad<\/option><option value=\"http:\/\/sitios.upla.cl\/organigrama\/\">Organigrama<\/option><option value=\"http:\/\/www.upla.cl\/calidad\/acreditacion-upla\/\">Acreditaci\u00f3n<\/option><option value=\"http:\/\/sitios.upla.cl\/campus\/\">Campus &#8211; C\u00f3mo llegar<\/option><option value=\"http:\/\/sitios.upla.cl\/san_felipe\/\">Campus San Felipe<\/option><option value=\"http:\/\/www.upla.cl\/bibliotecas\/\">Bibliotecas<\/option><option value=\"http:\/\/sitios.upla.cl\/principales_oficinas\/\">Oficinas y unidades acad\u00e9micas<\/option><option value=\"http:\/\/sitios.upla.cl\/calendario_academico\/\">Calendario Acad\u00e9mico<\/option><option value=\"http:\/\/sitios.upla.cl\/dgrrii\/\">Relaciones Internacionales<\/option><option value=\"http:\/\/sitios.upla.cl\/egresados\/index.html\">Egresados<\/option><option value=\"http:\/\/alumnos.upla.cl\/webmail\/\">Correo electr\u00f3nico estudiantes<\/option><option value=\"http:\/\/sitios.upla.cl\/dae\/\">Desarrollo Estudiantil<\/option><option value=\"https:\/\/www.upla.cl\/admision\/ayudas-estudiantiles\/\">Becas y Ayudas<\/option><option value=\"http:\/\/sitios.upla.cl\/dae\/serv_medico.html\">Servicio M\u00e9dico<\/option><option value=\"http:\/\/sitios.upla.cl\/soupa\/\">Serv. de Orientaci\u00f3n Universitaria<\/option><option value=\"http:\/\/sitios.upla.cl\/practicas\/\">Pr\u00e1cticas<\/option><option value=\"http:\/\/sitios.upla.cl\/titulosygrados\/\">T\u00edtulos y Grados<\/option><option value=\"https:\/\/www.recaudaciones.bancochile.cl\/cliente\/pgdr\/appfront\/Pag_Login.aspx?IdCon=19\">Portal de Pagos<\/option><option value=\"http:\/\/webmail.upla.cl\/\">Correo electr\u00f3nico institucional<\/option><option value=\"http:\/\/sitios.upla.cl\/proy_investigacion\/\">Direcci\u00f3n General de Investigaci\u00f3n<\/option><option value=\"http:\/\/sitios.upla.cl\/dapei\/\">Planificaci\u00f3n Estrat\u00e9gica<\/option><option value=\"http:\/\/www.upla.cl\/calidad\/\">DIRGECAL<\/option><option value=\"http:\/\/www.arteupla.cl\/\">Arte<\/option><option value=\"http:\/\/creal.upla.cl\/humanidades\/\">Humanidades<\/option><option value=\"http:\/\/www.upla.cl\/educacion\/\">Cs. de la Educaci\u00f3n<\/option><option value=\"http:\/\/www.upla.cl\/actividadfisica\/\">Cs. de la Act. F\u00edsica y del Deporte<\/option><option value=\"http:\/\/www.upla.cl\/ciencias\">Ciencias Naturales y Exactas<\/option><option value=\"http:\/\/www.upla.cl\/cienciasdelasalud\/\">Ciencias de la Salud<\/option><option value=\"http:\/\/www.upla.cl\/facultades\/facultaddecienciassociales.html\">Ciencias Sociales<\/option><option value=\"http:\/\/www.upla.cl\/ingenieria\">Ingenier\u00eda<\/option><\/select><\/form>\n<p>[\/et_pb_text][et_pb_text _builder_version=\u00bb4.22.2&#8243; _module_preset=\u00bbdefault\u00bb text_font=\u00bb|700|||||||\u00bb text_text_color=\u00bb#565656&#8243; text_font_size=\u00bb16px\u00bb text_line_height=\u00bb1.2em\u00bb header_text_align_tablet=\u00bb\u00bb header_text_align_phone=\u00bbcenter\u00bb header_text_align_last_edited=\u00bbon|phone\u00bb global_colors_info=\u00bb{}\u00bb]<\/p>\n<p style=\"text-align: center;\"><strong>S\u00edguenos en nuestras redes sociales:<\/strong><\/p>\n<p>[\/et_pb_text][et_pb_social_media_follow icon_color=\u00bb#FFFFFF\u00bb _builder_version=\u00bb4.22.2&#8243; _module_preset=\u00bbdefault\u00bb text_orientation=\u00bbcenter\u00bb text_orientation_tablet=\u00bb\u00bb text_orientation_phone=\u00bbcenter\u00bb text_orientation_last_edited=\u00bbon|phone\u00bb global_colors_info=\u00bb{}\u00bb][et_pb_social_media_follow_network social_network=\u00bbinstagram\u00bb url=\u00bbhttps:\/\/www.instagram.com\/upla_comunica\/\u00bb _builder_version=\u00bb4.20.4&#8243; _module_preset=\u00bbdefault\u00bb background_color=\u00bb#ea2c59&#8243; global_colors_info=\u00bb{}\u00bb follow_button=\u00bboff\u00bb url_new_window=\u00bbon\u00bb]instagram[\/et_pb_social_media_follow_network][et_pb_social_media_follow_network social_network=\u00bbfacebook\u00bb url=\u00bbhttps:\/\/www.facebook.com\/uplacomunica\u00bb _builder_version=\u00bb4.20.4&#8243; _module_preset=\u00bbdefault\u00bb background_color=\u00bb#3b5998&#8243; global_colors_info=\u00bb{}\u00bb follow_button=\u00bboff\u00bb url_new_window=\u00bbon\u00bb]facebook[\/et_pb_social_media_follow_network][et_pb_social_media_follow_network social_network=\u00bbtwitter\u00bb url=\u00bbhttps:\/\/twitter.com\/upla_comunica\u00bb _builder_version=\u00bb4.22.2&#8243; _module_preset=\u00bbdefault\u00bb background_color=\u00bb#000000&#8243; global_colors_info=\u00bb{}\u00bb follow_button=\u00bboff\u00bb url_new_window=\u00bbon\u00bb]twitter[\/et_pb_social_media_follow_network][et_pb_social_media_follow_network social_network=\u00bbyoutube\u00bb url=\u00bbhttps:\/\/www.youtube.com\/user\/comunicacionesupla\u00bb _builder_version=\u00bb4.20.4&#8243; _module_preset=\u00bbdefault\u00bb background_color=\u00bb#a82400&#8243; global_colors_info=\u00bb{}\u00bb follow_button=\u00bboff\u00bb url_new_window=\u00bbon\u00bb]youtube[\/et_pb_social_media_follow_network][\/et_pb_social_media_follow][\/et_pb_column][et_pb_column type=\u00bb1_4&#8243; _builder_version=\u00bb4.22.2&#8243; _module_preset=\u00bbdefault\u00bb global_colors_info=\u00bb{}\u00bb][et_pb_blurb title=\u00bbConoce nuestras facultades\u00bb _builder_version=\u00bb4.22.2&#8243; _module_preset=\u00bbdefault\u00bb header_font=\u00bbLato|700|||||||\u00bb header_text_color=\u00bb#565656&#8243; header_font_size=\u00bb16px\u00bb body_font=\u00bbLato||||||||\u00bb body_font_size=\u00bb15px\u00bb min_height=\u00bb338.6px\u00bb custom_padding=\u00bb|10px|0px||false|false\u00bb custom_padding_tablet=\u00bb|10px|||false|false\u00bb custom_padding_phone=\u00bb|30px||30px|false|true\u00bb custom_padding_last_edited=\u00bbon|phone\u00bb header_text_align_tablet=\u00bb\u00bb header_text_align_phone=\u00bbcenter\u00bb header_text_align_last_edited=\u00bbon|phone\u00bb body_text_color_last_edited=\u00bboff|desktop\u00bb text_orientation_tablet=\u00bb\u00bb text_orientation_phone=\u00bbleft\u00bb text_orientation_last_edited=\u00bbon|phone\u00bb global_colors_info=\u00bb{}\u00bb body_text_color__hover_enabled=\u00bbon|desktop\u00bb body_text_color__hover=\u00bb#009bdb\u00bb]<\/p>\n<p><span style=\"color: #009bdb;\">\u00a0<\/span><\/p>\n<p><span style=\"color: #009bdb;\"><a href=\"https:\/\/www.upla.cl\/sanfelipe\/\" target=\"_blank\" rel=\"noopener\" style=\"color: #009bdb3;\">&gt; Campus San Felipe<\/a><\/span><\/p>\n<p><span style=\"color: #009bdb;\"><a href=\"https:\/\/www.arteupla.cl\/\" target=\"_blank\" rel=\"noopener\" style=\"color: #009bdb;\">&gt; Facultad de Arte<\/a><\/span><\/p>\n<p><span style=\"color: #009bdb;\"><a href=\"https:\/\/www.upla.cl\/cienciasactividadfisicaydeporte\/\" target=\"_blank\" rel=\"noopener\" style=\"color: #009bdb;\">&gt; Facultad de Ciencias de Actividad F\u00edsica y del Deporte<\/a><\/span><\/p>\n<p><span style=\"color: #009bdb;\"><a href=\"https:\/\/www.upla.cl\/cienciaseducacion\/\" target=\"_blank\" rel=\"noopener\" style=\"color: #009bdb;\">&gt;Facultad de Ciencias de la Educaci\u00f3n<\/a><\/span><\/p>\n<p><span style=\"color: #009bdb;\"><a href=\"https:\/\/www.upla.cl\/cienciassalud\/\" target=\"_blank\" rel=\"noopener\" style=\"color: #009bdb;\">&gt; Facultad de Ciencias de la Salud<\/a><\/span><\/p>\n<p><span style=\"color: #009bdb;\"><a href=\"https:\/\/upla.cl\/facultad\/cienciasnaturalesyexactas\/\" target=\"_blank\" rel=\"noopener\" style=\"color: #009bdb;\">&gt; Facultad de Ciencias Naturales y Exactas<\/a><\/span><\/p>\n<p><span style=\"color: #009bdb;\"><a href=\"https:\/\/www.upla.cl\/csociales\/\" target=\"_blank\" rel=\"noopener\" style=\"color: #009bdb;\">&gt; Facultad de Ciencias Sociales<\/a><\/span><\/p>\n<p><span style=\"color: #009bdb;\"><a href=\"https:\/\/upla.cl\/facultad\/humanidades\/\" target=\"_blank\" rel=\"noopener\" style=\"color: #009bdb;\">&gt; Facultad de Humanidades<\/a><\/span><\/p>\n<p><span style=\"color: #009bdb;\"><a href=\"https:\/\/www.upla.cl\/facultad\/ingenieria\/\" target=\"_blank\" rel=\"noopener\" style=\"color: #009bdb;\">&gt; Facultad de Ingenier\u00eda<\/a><\/span><\/p>\n<p>[\/et_pb_blurb][et_pb_divider color=\u00bb#009bdb\u00bb divider_position=\u00bbcenter\u00bb disabled_on=\u00bboff|off|on\u00bb _builder_version=\u00bb4.22.2&#8243; _module_preset=\u00bbdefault\u00bb global_colors_info=\u00bb{}\u00bb][\/et_pb_divider][\/et_pb_column][et_pb_column type=\u00bb1_4&#8243; _builder_version=\u00bb4.20.4&#8243; _module_preset=\u00bbdefault\u00bb global_colors_info=\u00bb{}\u00bb][et_pb_sidebar area=\u00bbet_pb_widget_area_2&#8243; _builder_version=\u00bb4.24.2&#8243; _module_preset=\u00bbdefault\u00bb global_colors_info=\u00bb{}\u00bb][\/et_pb_sidebar][\/et_pb_column][\/et_pb_row][\/et_pb_section]<\/p>\n","protected":false},"excerpt":{"rendered":"<p>Correo electr\u00f3nico: cvalen@upla.clEn el Gran Valpara\u00edso, en el tradicional cerro Playa Ancha, encontrar\u00e1s las carreras de Bibliotecolog\u00eda, Derecho, Periodismo, Psicolog\u00eda y Sociolog\u00eda, adem\u00e1s del Doctorado en Ciencias Sociales y el Mag\u00edster en Bibliotecolog\u00eda e Informaci\u00f3n. La Facultad cuenta con redes activas con universidades e instituciones nacionales e internacionales, lo cual propicia diversos trabajos que posibilitan [&hellip;]<\/p>\n","protected":false},"author":2,"featured_media":0,"parent":0,"menu_order":0,"comment_status":"closed","ping_status":"closed","template":"","meta":{"_et_pb_use_builder":"on","_et_pb_old_content":"","_et_gb_content_width":"","footnotes":""},"class_list":["post-106146","page","type-page","status-publish","hentry"],"_links":{"self":[{"href":"https:\/\/upla.cl\/facultad\/cienciassociales\/wp-json\/wp\/v2\/pages\/106146","targetHints":{"allow":["GET"]}}],"collection":[{"href":"https:\/\/upla.cl\/facultad\/cienciassociales\/wp-json\/wp\/v2\/pages"}],"about":[{"href":"https:\/\/upla.cl\/facultad\/cienciassociales\/wp-json\/wp\/v2\/types\/page"}],"author":[{"embeddable":true,"href":"https:\/\/upla.cl\/facultad\/cienciassociales\/wp-json\/wp\/v2\/users\/2"}],"replies":[{"embeddable":true,"href":"https:\/\/upla.cl\/facultad\/cienciassociales\/wp-json\/wp\/v2\/comments?post=106146"}],"version-history":[{"count":0,"href":"https:\/\/upla.cl\/facultad\/cienciassociales\/wp-json\/wp\/v2\/pages\/106146\/revisions"}],"wp:attachment":[{"href":"https:\/\/upla.cl\/facultad\/cienciassociales\/wp-json\/wp\/v2\/media?parent=106146"}],"curies":[{"name":"wp","href":"https:\/\/api.w.org\/{rel}","templated":true}]}}