{"id":108207,"date":"2024-01-18T16:08:59","date_gmt":"2024-01-18T19:08:59","guid":{"rendered":"https:\/\/upla.cl\/facultad\/humanidades\/?page_id=108207"},"modified":"2026-04-07T08:57:32","modified_gmt":"2026-04-07T12:57:32","slug":"nucleos-de-investigacion","status":"publish","type":"page","link":"https:\/\/upla.cl\/facultad\/humanidades\/nucleos-de-investigacion\/","title":{"rendered":"N\u00facleos de Investigaci\u00f3n"},"content":{"rendered":"<p>[et_pb_section fb_built=\u00bb1&#8243; _builder_version=\u00bb4.16&#8243; global_colors_info=\u00bb{}\u00bb][et_pb_row column_structure=\u00bb2_3,1_3&#8243; _builder_version=\u00bb4.16&#8243; background_size=\u00bbinitial\u00bb background_position=\u00bbtop_left\u00bb background_repeat=\u00bbrepeat\u00bb global_colors_info=\u00bb{}\u00bb][et_pb_column type=\u00bb2_3&#8243; _builder_version=\u00bb4.16&#8243; custom_padding=\u00bb|||\u00bb global_colors_info=\u00bb{}\u00bb custom_padding__hover=\u00bb|||\u00bb][et_pb_text _builder_version=\u00bb4.27.3&#8243; background_size=\u00bbinitial\u00bb background_position=\u00bbtop_left\u00bb background_repeat=\u00bbrepeat\u00bb global_colors_info=\u00bb{}\u00bb]<\/p>\n<h2>N\u00facleos de Investigaci\u00f3n<\/h2>\n<hr \/>\n<ul>\n<li style=\"list-style-type: none;\">\n<ul>\n<li>\n<h3><a href=\"https:\/\/upla.cl\/facultad\/humanidades\/nucleo-lengua-interculturalidad-territorio-y-migracion\/\">Lengua, Interculturalidad, Territorio y Migraci\u00f3n.<\/a><\/h3>\n<ul>\n<li><strong><a href=\"https:\/\/upla.cl\/facultad\/humanidades\/laboratorio-interdisciplinario-de-interculturalidad-y-bilinguismo\/\" target=\"_blank\">Laboratorio Interdisciplinario de Interculturalidad y Biling\u00fcismo (decreto 0891\/2023)<\/a><\/strong><\/li>\n<\/ul>\n<\/li>\n<\/ul>\n<\/li>\n<\/ul>\n<ul>\n<li style=\"list-style-type: none;\">\n<ul>\n<li>\n<h3><a href=\"https:\/\/upla.cl\/facultad\/humanidades\/nucleo-de-investigacion-pensamiento-memoria-genero-y-derechos-humanos\/\">Pensamiento; Memoria, G\u00e9nero y Derechos Humanos.<\/a><\/h3>\n<\/li>\n<\/ul>\n<\/li>\n<\/ul>\n<ul>\n<li style=\"list-style-type: none;\">\n<ul>\n<li>\n<h3><a href=\"https:\/\/upla.cl\/facultad\/humanidades\/nucleo-de-investigacion-saberes-y-practicas-de-la-ensenanza-de-las-humanidades\/\">Saberes y Pr\u00e1cticas de la Ense\u00f1anza de las Humanidades.<\/a><\/h3>\n<\/li>\n<\/ul>\n<\/li>\n<\/ul>\n<p>&nbsp;<\/p>\n<p>[\/et_pb_text][\/et_pb_column][et_pb_column type=\u00bb1_3&#8243; _builder_version=\u00bb4.16&#8243; custom_padding=\u00bb|||\u00bb global_colors_info=\u00bb{}\u00bb custom_padding__hover=\u00bb|||\u00bb][et_pb_text _builder_version=\u00bb4.27.6&#8243; _module_preset=\u00bbdefault\u00bb custom_margin=\u00bb20px|20px|20px|20px|false|false\u00bb custom_padding=\u00bb20px|20px|20px|20px|false|false\u00bb hover_enabled=\u00bb0&#8243; box_shadow_style=\u00bbpreset2&#8243; global_colors_info=\u00bb{}\u00bb sticky_enabled=\u00bb0&#8243;]Convocatoria Patrocinio Institucional Concurso Fondecyt de Postdoctorado 2027: pr\u00f3ximo a abrir  julio 2027.[\/et_pb_text][\/et_pb_column][\/et_pb_row][et_pb_row _builder_version=\u00bb4.27.4&#8243; _module_preset=\u00bbdefault\u00bb global_colors_info=\u00bb{}\u00bb][et_pb_column type=\u00bb4_4&#8243; _builder_version=\u00bb4.27.4&#8243; _module_preset=\u00bbdefault\u00bb global_colors_info=\u00bb{}\u00bb][et_pb_heading title=\u00bbCONVOCATORIA PATROCINIO INSTITUCIONAL FONDECYT POSTDOCTORADO ANID 2026&#8243; admin_label=\u00bbTitulo convocatorias\u00bb _builder_version=\u00bb4.27.4&#8243; _module_preset=\u00bbdefault\u00bb title_text_align=\u00bbcenter\u00bb text_shadow_style=\u00bbpreset4&#8243; text_shadow_color=\u00bb#951B81&#8243; global_colors_info=\u00bb{}\u00bb][\/et_pb_heading][\/et_pb_column][\/et_pb_row][et_pb_row column_structure=\u00bb1_3,1_3,1_3&#8243; _builder_version=\u00bb4.24.0&#8243; _module_preset=\u00bbdefault\u00bb global_colors_info=\u00bb{}\u00bb][et_pb_column type=\u00bb1_3&#8243; _builder_version=\u00bb4.24.0&#8243; _module_preset=\u00bbdefault\u00bb global_colors_info=\u00bb{}\u00bb][et_pb_text admin_label=\u00bbConvocatoria_Pensamiento\u00bb _builder_version=\u00bb4.27.4&#8243; _module_preset=\u00bbdefault\u00bb global_colors_info=\u00bb{}\u00bb]<\/p>\n<div>\n<p align=\"justify\">El<strong> N\u00facleo de Investigaci\u00f3n Pensamiento, Memoria, G\u00e9nero y Derechos Humanos<\/strong> de la Facultad de Humanidades de la Universidad de Playa Ancha, convoca a acad\u00e9micas y acad\u00e9micos chilenos y extranjeros interesados en postular en el concurso <strong>Fondecyt Postdoctorado 2026 (ANID-CHILE)<\/strong>, a presentar sus propuestas para contar con el patrocinio institucional de nuestra Universidad.<\/p>\n<p><embed src=\"https:\/\/upla.cl\/facultad\/humanidades\/wp-content\/uploads\/2025\/03\/Convocatoria_Pensamiento_2026.pdf\" type=\"application\/pdf\" width=\"100%\" height=\"auto\"><\/embed><\/p>\n<p>Para mayor informaci\u00f3n de fechas de cierre y bases del <strong>concurso Postdoctorado 2026<\/strong>, est\u00e1s se encontraran disponibles a partir de marzo 2025 en:<br \/><a href=\"https:\/\/anid.cl\/concursos\/concurso-fondecyt-de-postdoctorado-2026\/\" rel=\"nofollow noopener\" target=\"_blank\">https:\/\/anid.cl\/concursos\/concurso-fondecyt-de-postdoctorado-2026\/<\/a><\/p>\n<\/div>\n<p>[\/et_pb_text][\/et_pb_column][et_pb_column type=\u00bb1_3&#8243; _builder_version=\u00bb4.24.0&#8243; _module_preset=\u00bbdefault\u00bb global_colors_info=\u00bb{}\u00bb][et_pb_text admin_label=\u00bbConvocatoria Saberes\u00bb _builder_version=\u00bb4.27.4&#8243; _module_preset=\u00bbdefault\u00bb global_colors_info=\u00bb{}\u00bb]<\/p>\n<p align=\"justify\">El <strong>N\u00facleo de Investigaci\u00f3n Saberes y Pr\u00e1cticas de la Ense\u00f1anza de las Humanidades<\/strong> de la Facultad de Humanidades de la Universidad de Playa Ancha, convoca a acad\u00e9micas y acad\u00e9micos chilenos y extranjeros interesados en postular en el concurso <strong>Fondecyt Postdoctorado 2026 (ANID-CHILE)<\/strong>, a presentar sus propuestas para contar con el patrocinio institucional de nuestra Universidad.<\/p>\n<p><embed src=\"https:\/\/upla.cl\/facultad\/humanidades\/wp-content\/uploads\/2025\/03\/Convocatoria_Saberes_2026.pdf\" type=\"application\/pdf\" width=\"100%\" height=\"auto\" \/><\/p>\n<p>Para mayor informaci\u00f3n de fechas de cierre y bases del <strong>concurso Postdoctorado 2026<\/strong>, est\u00e1s se encontraran disponibles a partir de marzo 2025 en:<br \/><a href=\"https:\/\/anid.cl\/concursos\/concurso-fondecyt-de-postdoctorado-2026\/\" rel=\"nofollow noopener\" target=\"_blank\">https:\/\/anid.cl\/concursos\/concurso-fondecyt-de-postdoctorado-2026\/<\/a><\/p>\n<p>[\/et_pb_text][\/et_pb_column][et_pb_column type=\u00bb1_3&#8243; _builder_version=\u00bb4.24.0&#8243; _module_preset=\u00bbdefault\u00bb global_colors_info=\u00bb{}\u00bb][et_pb_text _builder_version=\u00bb4.27.4&#8243; _module_preset=\u00bbdefault\u00bb global_colors_info=\u00bb{}\u00bb]<\/p>\n<p align=\"justify\">El <strong>N\u00facleo de Investigaci\u00f3n Lengua, Interculturalidad, Territorio y Migraci\u00f3n<\/strong> de la Facultad de Humanidades de la Universidad de Playa Ancha, convoca a acad\u00e9micas y acad\u00e9micos chilenos y extranjeros interesados en postular en el concurso <strong>Fondecyt Postdoctorado 2026 (ANID-CHILE)<\/strong>, a presentar sus propuestas para contar con el patrocinio institucional de nuestra Universidad.<\/p>\n<p><embed src=\"https:\/\/upla.cl\/facultad\/humanidades\/wp-content\/uploads\/2025\/03\/Convocatoria_bilinguismo_2026.pdf\" type=\"application\/pdf\" width=\"100%\" height=\"auto\" \/><\/p>\n<p>Para mayor informaci\u00f3n de fechas de cierre y bases del <strong>concurso Postdoctorado 2026<\/strong>, est\u00e1s se encontrar\u00e1n disponibles a partir de marzo 2025 en:<br \/><a href=\"https:\/\/anid.cl\/concursos\/concurso-fondecyt-de-postdoctorado-2026\/\" rel=\"nofollow noopener\" target=\"_blank\">https:\/\/anid.cl\/concursos\/concurso-fondecyt-de-postdoctorado-2026\/<\/a><\/p>\n<p>[\/et_pb_text][\/et_pb_column][\/et_pb_row][\/et_pb_section][et_pb_section fb_built=\u00bb1&#8243; admin_label=\u00bbSecci\u00f3n footer\u00bb _builder_version=\u00bb4.22.2&#8243; _module_preset=\u00bbdefault\u00bb background_color=\u00bb#e5e5e5&#8243; background_enable_image=\u00bboff\u00bb min_height=\u00bb144.2px\u00bb custom_margin=\u00bb2px|||||\u00bb custom_padding=\u00bb50px||3px|||\u00bb border_width_top=\u00bb1px\u00bb border_color_top=\u00bbRGBA(255,255,255,0)\u00bb border_style_top=\u00bboutset\u00bb global_module=\u00bb108765&#8243; saved_tabs=\u00bball\u00bb collapsed=\u00bboff\u00bb global_colors_info=\u00bb{}\u00bb][et_pb_row column_structure=\u00bb1_4,1_4,1_4,1_4&#8243; _builder_version=\u00bb4.24.3&#8243; _module_preset=\u00bbdefault\u00bb max_width=\u00bb2560px\u00bb min_height=\u00bb247.9px\u00bb custom_margin=\u00bb|auto|23px|auto|false|false\u00bb custom_padding=\u00bb|20px||20px|false|true\u00bb global_colors_info=\u00bb{}\u00bb][et_pb_column type=\u00bb1_4&#8243; _builder_version=\u00bb4.20.4&#8243; _module_preset=\u00bbdefault\u00bb global_colors_info=\u00bb{}\u00bb][et_pb_image src=\u00bbhttps:\/\/upla.cl\/facultad\/humanidades\/wp-content\/uploads\/2024\/08\/im-upla.png\u00bb alt=\u00bbUniversidad de Playa Ancha\u00bb title_text=\u00bbim-upla\u00bb url=\u00bbhttps:\/\/www.upla.cl\/portada\/\u00bb align_tablet=\u00bb\u00bb align_phone=\u00bbcenter\u00bb align_last_edited=\u00bbon|phone\u00bb _builder_version=\u00bb4.22.2&#8243; _module_preset=\u00bbdefault\u00bb custom_padding_tablet=\u00bb\u00bb custom_padding_phone=\u00bb|30px||30px|false|true\u00bb custom_padding_last_edited=\u00bbon|phone\u00bb global_colors_info=\u00bb{}\u00bb][\/et_pb_image][et_pb_text _builder_version=\u00bb4.27.0&#8243; _module_preset=\u00bbdefault\u00bb text_text_color=\u00bb#565656&#8243; text_font_size=\u00bb15px\u00bb text_line_height=\u00bb1.2em\u00bb custom_padding=\u00bb|10px|||false|false\u00bb custom_padding_tablet=\u00bb|10px|||false|false\u00bb custom_padding_phone=\u00bb|30px||30px|false|true\u00bb custom_padding_last_edited=\u00bbon|phone\u00bb text_orientation_tablet=\u00bb\u00bb text_orientation_phone=\u00bbcenter\u00bb text_orientation_last_edited=\u00bbon|desktop\u00bb global_colors_info=\u00bb{}\u00bb]<\/p>\n<p style=\"text-align: left;\"><strong>Facultad de Humanidades de la Universidad de Playa Ancha<\/strong><\/p>\n<p style=\"text-align: left;\"><span style=\"color: #565656;\">Avenida Playa Ancha 850, Valpara\u00edso.<\/span><\/p>\n<p>[\/et_pb_text][et_pb_code _builder_version=\u00bb4.27.0&#8243; _module_preset=\u00bbdefault\u00bb global_colors_info=\u00bb{}\u00bb]<iframe src=\"https:\/\/www.google.com\/maps\/embed?pb=!1m18!1m12!1m3!1d3345.2084548804673!2d-71.64271698412513!3d-33.02463818317201!2m3!1f0!2f0!3f0!3m2!1i1024!2i768!4f13.1!3m3!1m2!1s0x9689e6c652de7003%3A0xa579cafc465127e2!2sPlaya%20Ancha%20850%2C%20Valpara%C3%ADso!5e0!3m2!1ses!2scl!4v1642458013526!5m2!1ses!2scl\" width=\"600\" height=\"300\" style=\"border:0;\" allowfullscreen=\"\" loading=\"lazy\"><\/iframe>[\/et_pb_code][\/et_pb_column][et_pb_column type=\u00bb1_4&#8243; _builder_version=\u00bb4.20.4&#8243; _module_preset=\u00bbdefault\u00bb global_colors_info=\u00bb{}\u00bb][et_pb_image src=\u00bbhttps:\/\/www.upla.cl\/portada\/wp-content\/uploads\/2025\/03\/20250311_upla_acreditada_2022-2027-color.png\u00bb alt=\u00bbUPLA_acreditada_2022-2027&#8243; title_text=\u00bbupla_acreditada_2022-2027-color\u00bb url=\u00bbhttps:\/\/www.upla.cl\/calidad\/acreditacion\/\u00bb url_new_window=\u00bbon\u00bb align_tablet=\u00bb\u00bb align_phone=\u00bbcenter\u00bb align_last_edited=\u00bbon|phone\u00bb admin_label=\u00bbGr\u00e1fica de acreditaci\u00f3n\u00bb _builder_version=\u00bb4.27.4&#8243; _module_preset=\u00bbdefault\u00bb width_tablet=\u00bb\u00bb width_phone=\u00bb60%\u00bb width_last_edited=\u00bbon|phone\u00bb custom_margin=\u00bb-10px||||false|false\u00bb custom_margin_tablet=\u00bb\u00bb custom_margin_phone=\u00bb\u00bb custom_margin_last_edited=\u00bbon|desktop\u00bb custom_padding=\u00bb||0px|||\u00bb global_colors_info=\u00bb{}\u00bb][\/et_pb_image][et_pb_divider color=\u00bb#009bdb\u00bb divider_position=\u00bbcenter\u00bb disabled_on=\u00bboff|off|on\u00bb _builder_version=\u00bb4.22.2&#8243; _module_preset=\u00bbdefault\u00bb global_colors_info=\u00bb{}\u00bb][\/et_pb_divider][et_pb_text _builder_version=\u00bb4.22.2&#8243; _module_preset=\u00bbdefault\u00bb text_font=\u00bb|700|||||||\u00bb text_text_color=\u00bb#565656&#8243; text_font_size=\u00bb16px\u00bb text_line_height=\u00bb1.2em\u00bb header_text_align_tablet=\u00bb\u00bb header_text_align_phone=\u00bbcenter\u00bb header_text_align_last_edited=\u00bbon|phone\u00bb global_colors_info=\u00bb{}\u00bb]<\/p>\n<p style=\"text-align: center;\"><strong>Buscar en UPLA.cl:<\/strong><\/p>\n<p style=\"text-align: right;\"><strong><\/strong><\/p>\n<form id=\"accesos\" action=\"\" style=\"text-align: center;\"><select name=\"sitio\" onchange=\"window.location = (document.forms.accesos.sitio[document.forms.accesos.sitio.selectedIndex].value);\"><option>Acceso directo:<\/option><option value=\"http:\/\/www.upla.cl\/\">UPLA.cl<\/option><option value=\"http:\/\/sitios.upla.cl\/universidad\/\">La Universidad<\/option><option value=\"http:\/\/sitios.upla.cl\/organigrama\/\">Organigrama<\/option><option value=\"http:\/\/www.upla.cl\/calidad\/acreditacion-upla\/\">Acreditaci\u00f3n<\/option><option value=\"http:\/\/sitios.upla.cl\/campus\/\">Campus &#8211; C\u00f3mo llegar<\/option><option value=\"http:\/\/sitios.upla.cl\/san_felipe\/\">Campus San Felipe<\/option><option value=\"http:\/\/www.upla.cl\/bibliotecas\/\">Bibliotecas<\/option><option value=\"http:\/\/sitios.upla.cl\/principales_oficinas\/\">Oficinas y unidades acad\u00e9micas<\/option><option value=\"http:\/\/sitios.upla.cl\/calendario_academico\/\">Calendario Acad\u00e9mico<\/option><option value=\"http:\/\/sitios.upla.cl\/dgrrii\/\">Relaciones Internacionales<\/option><option value=\"http:\/\/sitios.upla.cl\/egresados\/index.html\">Egresados<\/option><option value=\"http:\/\/alumnos.upla.cl\/webmail\/\">Correo electr\u00f3nico estudiantes<\/option><option value=\"http:\/\/sitios.upla.cl\/dae\/\">Desarrollo Estudiantil<\/option><option value=\"https:\/\/www.upla.cl\/admision\/ayudas-estudiantiles\/\">Becas y Ayudas<\/option><option value=\"http:\/\/sitios.upla.cl\/dae\/serv_medico.html\">Servicio M\u00e9dico<\/option><option value=\"http:\/\/sitios.upla.cl\/soupa\/\">Serv. de Orientaci\u00f3n Universitaria<\/option><option value=\"http:\/\/sitios.upla.cl\/practicas\/\">Pr\u00e1cticas<\/option><option value=\"http:\/\/sitios.upla.cl\/titulosygrados\/\">T\u00edtulos y Grados<\/option><option value=\"https:\/\/www.recaudaciones.bancochile.cl\/cliente\/pgdr\/appfront\/Pag_Login.aspx?IdCon=19\">Portal de Pagos<\/option><option value=\"http:\/\/webmail.upla.cl\/\">Correo electr\u00f3nico institucional<\/option><option value=\"http:\/\/sitios.upla.cl\/proy_investigacion\/\">Direcci\u00f3n General de Investigaci\u00f3n<\/option><option value=\"http:\/\/sitios.upla.cl\/dapei\/\">Planificaci\u00f3n Estrat\u00e9gica<\/option><option value=\"http:\/\/www.upla.cl\/calidad\/\">DIRGECAL<\/option><option value=\"http:\/\/www.arteupla.cl\/\">Arte<\/option><option value=\"http:\/\/creal.upla.cl\/humanidades\/\">Humanidades<\/option><option value=\"http:\/\/www.upla.cl\/educacion\/\">Cs. de la Educaci\u00f3n<\/option><option value=\"http:\/\/www.upla.cl\/actividadfisica\/\">Cs. de la Act. F\u00edsica y del Deporte<\/option><option value=\"http:\/\/www.upla.cl\/ciencias\">Ciencias Naturales y Exactas<\/option><option value=\"http:\/\/www.upla.cl\/cienciasdelasalud\/\">Ciencias de la Salud<\/option><option value=\"http:\/\/www.upla.cl\/facultades\/facultaddecienciassociales.html\">Ciencias Sociales<\/option><option value=\"http:\/\/www.upla.cl\/ingenieria\">Ingenier\u00eda<\/option><\/select><\/form>\n<p>[\/et_pb_text][\/et_pb_column][et_pb_column type=\u00bb1_4&#8243; _builder_version=\u00bb4.22.2&#8243; _module_preset=\u00bbdefault\u00bb global_colors_info=\u00bb{}\u00bb][et_pb_blurb title=\u00bbConoce nuestras facultades\u00bb _builder_version=\u00bb4.22.2&#8243; _module_preset=\u00bbdefault\u00bb header_font=\u00bbLato|700|||||||\u00bb header_text_color=\u00bb#565656&#8243; header_font_size=\u00bb16px\u00bb body_font=\u00bbLato||||||||\u00bb body_font_size=\u00bb15px\u00bb min_height=\u00bb338.6px\u00bb custom_padding=\u00bb|10px|0px||false|false\u00bb custom_padding_tablet=\u00bb|10px|||false|false\u00bb custom_padding_phone=\u00bb|30px||30px|false|true\u00bb custom_padding_last_edited=\u00bbon|phone\u00bb header_text_align_tablet=\u00bb\u00bb header_text_align_phone=\u00bbcenter\u00bb header_text_align_last_edited=\u00bbon|phone\u00bb body_text_color_last_edited=\u00bboff|desktop\u00bb text_orientation_tablet=\u00bb\u00bb text_orientation_phone=\u00bbleft\u00bb text_orientation_last_edited=\u00bbon|phone\u00bb global_colors_info=\u00bb{}\u00bb body_text_color__hover_enabled=\u00bbon|desktop\u00bb body_text_color__hover=\u00bb#009bdb\u00bb]<\/p>\n<p><span style=\"color: #009bdb;\">\u00a0<\/span><\/p>\n<p><span style=\"color: #009bdb;\"><a href=\"https:\/\/www.upla.cl\/sanfelipe\/\" target=\"_blank\" rel=\"noopener\" style=\"color: #009bdb3;\">&gt; Campus San Felipe<\/a><\/span><\/p>\n<p><span style=\"color: #009bdb;\"><a href=\"https:\/\/www.arteupla.cl\/\" target=\"_blank\" rel=\"noopener\" style=\"color: #009bdb;\">&gt; Facultad de Arte<\/a><\/span><\/p>\n<p><span style=\"color: #009bdb;\"><a href=\"https:\/\/www.upla.cl\/cienciasactividadfisicaydeporte\/\" target=\"_blank\" rel=\"noopener\" style=\"color: #009bdb;\">&gt; Facultad de Ciencias de Actividad F\u00edsica y del Deporte<\/a><\/span><\/p>\n<p><span style=\"color: #009bdb;\"><a href=\"https:\/\/www.upla.cl\/cienciaseducacion\/\" target=\"_blank\" rel=\"noopener\" style=\"color: #009bdb;\">&gt;Facultad de Ciencias de la Educaci\u00f3n<\/a><\/span><\/p>\n<p><span style=\"color: #009bdb;\"><a href=\"https:\/\/www.upla.cl\/cienciassalud\/\" target=\"_blank\" rel=\"noopener\" style=\"color: #009bdb;\">&gt; Facultad de Ciencias de la Salud<\/a><\/span><\/p>\n<p><span style=\"color: #009bdb;\"><a href=\"https:\/\/upla.cl\/facultad\/cienciasnaturalesyexactas\/\" target=\"_blank\" rel=\"noopener\" style=\"color: #009bdb;\">&gt; Facultad de Ciencias Naturales y Exactas<\/a><\/span><\/p>\n<p><span style=\"color: #009bdb;\"><a href=\"https:\/\/www.upla.cl\/csociales\/\" target=\"_blank\" rel=\"noopener\" style=\"color: #009bdb;\">&gt; Facultad de Ciencias Sociales<\/a><\/span><\/p>\n<p><span style=\"color: #009bdb;\"><a href=\"https:\/\/upla.cl\/facultad\/humanidades\/\" target=\"_blank\" rel=\"noopener\" style=\"color: #009bdb;\">&gt; Facultad de Humanidades<\/a><\/span><\/p>\n<p><span style=\"color: #009bdb;\"><a href=\"https:\/\/www.upla.cl\/facultad\/ingenieria\/\" target=\"_blank\" rel=\"noopener\" style=\"color: #009bdb;\">&gt; Facultad de Ingenier\u00eda<\/a><\/span><\/p>\n<p>[\/et_pb_blurb][et_pb_divider color=\u00bb#009bdb\u00bb divider_position=\u00bbcenter\u00bb disabled_on=\u00bboff|off|on\u00bb _builder_version=\u00bb4.22.2&#8243; _module_preset=\u00bbdefault\u00bb global_colors_info=\u00bb{}\u00bb][\/et_pb_divider][\/et_pb_column][et_pb_column type=\u00bb1_4&#8243; _builder_version=\u00bb4.20.4&#8243; _module_preset=\u00bbdefault\u00bb global_colors_info=\u00bb{}\u00bb][et_pb_blurb title=\u00bbCont\u00e1ctanos\u00bb _builder_version=\u00bb4.27.0&#8243; _module_preset=\u00bbdefault\u00bb header_font=\u00bbLato|700|||||||\u00bb header_text_color=\u00bb#565656&#8243; header_font_size=\u00bb16px\u00bb body_font=\u00bbLato||||||||\u00bb body_font_size=\u00bb15px\u00bb min_height=\u00bb338.6px\u00bb custom_padding=\u00bb|10px|0px||false|false\u00bb custom_padding_tablet=\u00bb|10px|||false|false\u00bb custom_padding_phone=\u00bb|30px||30px|false|true\u00bb custom_padding_last_edited=\u00bbon|phone\u00bb header_text_align_tablet=\u00bb\u00bb header_text_align_phone=\u00bbcenter\u00bb header_text_align_last_edited=\u00bbon|phone\u00bb body_text_color_last_edited=\u00bboff|desktop\u00bb text_orientation_tablet=\u00bb\u00bb text_orientation_phone=\u00bbleft\u00bb text_orientation_last_edited=\u00bbon|phone\u00bb global_colors_info=\u00bb{}\u00bb body_text_color__hover_enabled=\u00bbon|desktop\u00bb body_text_color__hover=\u00bb#009bdb\u00bb]<\/p>\n<div class=\"wpforms-container wpforms-container-full\" id=\"wpforms-105437\"><form id=\"wpforms-form-105437\" class=\"wpforms-validate wpforms-form wpforms-ajax-form\" data-formid=\"105437\" method=\"post\" enctype=\"multipart\/form-data\" action=\"\/facultad\/humanidades\/wp-json\/wp\/v2\/pages\/108207\" data-token=\"41fcbb631528f0f7dbd7bd5ee8fb7819\" data-token-time=\"1777597037\"><noscript class=\"wpforms-error-noscript\">Por favor, activa JavaScript en tu navegador para completar este formulario.<\/noscript><div class=\"wpforms-field-container\"><div id=\"wpforms-105437-field_0-container\" class=\"wpforms-field wpforms-field-name\" data-field-id=\"0\"><label class=\"wpforms-field-label\" for=\"wpforms-105437-field_0\">Nombre <span class=\"wpforms-required-label\">*<\/span><\/label><input type=\"text\" id=\"wpforms-105437-field_0\" class=\"wpforms-field-large wpforms-field-required\" name=\"wpforms[fields][0]\" required><\/div><div id=\"wpforms-105437-field_1-container\" class=\"wpforms-field wpforms-field-email\" data-field-id=\"1\"><label class=\"wpforms-field-label\">Correo electr\u00f3nico <span class=\"wpforms-required-label\">*<\/span><\/label><div class=\"wpforms-field-row wpforms-field-large\"><div class=\"wpforms-field-row-block wpforms-one-half wpforms-first\"><input type=\"email\" id=\"wpforms-105437-field_1\" class=\"wpforms-field-required wpforms-field-email-primary\" name=\"wpforms[fields][1][primary]\" spellcheck=\"false\" required><label for=\"wpforms-105437-field_1\" class=\"wpforms-field-sublabel after\">Correo electr\u00f3nico<\/label><\/div><div class=\"wpforms-field-row-block wpforms-one-half\"><input type=\"email\" id=\"wpforms-105437-field_1-secondary\" class=\"wpforms-field-email-secondary wpforms-field-required\" data-rule-confirm=\"#wpforms-105437-field_1\" name=\"wpforms[fields][1][secondary]\" spellcheck=\"false\" required><label for=\"wpforms-105437-field_1-secondary\" class=\"wpforms-field-sublabel after\">Confirmar el correo electr\u00f3nico<\/label><\/div><\/div><\/div><div id=\"wpforms-105437-field_2-container\" class=\"wpforms-field wpforms-field-textarea\" data-field-id=\"2\"><label class=\"wpforms-field-label\" for=\"wpforms-105437-field_2\">Mensaje <span class=\"wpforms-required-label\">*<\/span><\/label><textarea id=\"wpforms-105437-field_2\" class=\"wpforms-field-medium wpforms-field-required\" name=\"wpforms[fields][2]\" required><\/textarea><\/div><\/div><!-- .wpforms-field-container --><div class=\"wpforms-submit-container\" ><input type=\"hidden\" name=\"wpforms[id]\" value=\"105437\"><input type=\"hidden\" name=\"page_title\" value=\"\"><input type=\"hidden\" name=\"page_url\" value=\"https:\/\/upla.cl\/facultad\/humanidades\/wp-json\/wp\/v2\/pages\/108207\"><input type=\"hidden\" name=\"url_referer\" value=\"\"><button type=\"submit\" name=\"wpforms[submit]\" id=\"wpforms-submit-105437\" class=\"wpforms-submit\" data-alt-text=\"Enviando...\" data-submit-text=\"Enviar\" aria-live=\"assertive\" value=\"wpforms-submit\">Enviar<\/button><img loading=\"lazy\" decoding=\"async\" src=\"https:\/\/upla.cl\/facultad\/humanidades\/wp-content\/plugins\/wpforms-lite\/assets\/images\/submit-spin.svg\" class=\"wpforms-submit-spinner\" style=\"display: none;\" width=\"26\" height=\"26\" alt=\"Cargando\"><\/div><\/form><\/div>  <!-- .wpforms-container -->\n<p>[\/et_pb_blurb][et_pb_code _builder_version=\u00bb4.27.0&#8243; _module_preset=\u00bbdefault\u00bb global_colors_info=\u00bb{}\u00bb][\/et_pb_code][\/et_pb_column][\/et_pb_row][\/et_pb_section]<\/p>\n","protected":false},"excerpt":{"rendered":"<p>N\u00facleos de Investigaci\u00f3n Lengua, Interculturalidad, Territorio y Migraci\u00f3n. Laboratorio Interdisciplinario de Interculturalidad y Biling\u00fcismo (decreto 0891\/2023) Pensamiento; Memoria, G\u00e9nero y Derechos Humanos. Saberes y Pr\u00e1cticas de la Ense\u00f1anza de las Humanidades. &nbsp;Convocatoria Patrocinio Institucional Concurso Fondecyt de Postdoctorado 2027: pr\u00f3ximo a abrir julio 2027. El N\u00facleo de Investigaci\u00f3n Pensamiento, Memoria, G\u00e9nero y Derechos Humanos de [&hellip;]<\/p>\n","protected":false},"author":2,"featured_media":0,"parent":0,"menu_order":0,"comment_status":"closed","ping_status":"closed","template":"","meta":{"_et_pb_use_builder":"on","_et_pb_old_content":"<h3>1.- Lengua, Interculturalidad, Territorio y Migraci\u00f3n<\/h3>\r\n<hr\/>\r\n<h3>2.- Pensamiento; Memoria, G\u00e9nero y Derechos Humanos.<\/h3><\/a>\r\n<p align=\"justify\">La reciente reestructuraci\u00f3n de la Facultad de Humanidades ha establecido la conformaci\u00f3n de tres Departamentos acad\u00e9micos \u2013Departamento de Lenguas Extranjeras, Departamento de Ling\u00fc\u00edstica y Literatura y Departamento de Filosof\u00eda, Historia y Turismo\u2013 sobre la base de L\u00edneas de Investigaci\u00f3n que, en la actualidad o en el mediano plazo, puedan dialogar y confluir en proyectos de investigaci\u00f3n espec\u00edficos.\r\nEn este sentido, se hizo, adem\u00e1s, sobre el trabajo de los antiguos Centros, herencia recibida por las actuales generaciones de acad\u00e9micos\/as a partir de la cual miraremos el presente y los desaf\u00edos futuros.\r\n<a href=\"https:\/\/upla.cl\/facultad\/humanidades\/nucleo-de-investigacion-pensamiento-memoria-genero-y-derechos-humanos\/\">Leer m\u00e1s...<\/a>\r\n<\/p>\r\n<hr\/>\r\n<h3>3.- Saberes y Pr\u00e1cticas de la Ense\u00f1anza de las Humanidades.<\/h3><\/a>\r\n<p align=\"justify\">N\u00facleo de investigaci\u00f3n dependiente de la Facultad de Humanidades creado a fines del 2022 (decreto de creaci\u00f3n: 0767-2022), que responde a la necesidad de vincular las l\u00edneas de investigaci\u00f3n declaradas en la creaci\u00f3n de los Departamentos acad\u00e9micos en cada Facultad, con org\u00e1nicas espec\u00edficas que permitan el v\u00ednculo, di\u00e1logo y trabajo colaborativo entre colegas que pertenecen ya sea a un mismo Departamento, a otro distinto, incluso a otra Facultad en vistas de, en el mediano plazo, confluir en iniciativas conjuntas como postulaci\u00f3n a proyectos internos y externos, publicaciones, etc. Tambi\u00e9n para la proyecci\u00f3n de oferta de postgrado y patrocinio para la realizaci\u00f3n de postdoctorados en nuestra Facultad.\r\n<a href=\"https:\/\/upla.cl\/facultad\/humanidades\/nucleo-de-investigacion-saberes-y-practicas-de-la-ensenanza-de-las-humanidades\/\">Leer m\u00e1s...<\/a>\r\n<\/p>","_et_gb_content_width":"","footnotes":""},"class_list":["post-108207","page","type-page","status-publish","hentry"],"_links":{"self":[{"href":"https:\/\/upla.cl\/facultad\/humanidades\/wp-json\/wp\/v2\/pages\/108207","targetHints":{"allow":["GET"]}}],"collection":[{"href":"https:\/\/upla.cl\/facultad\/humanidades\/wp-json\/wp\/v2\/pages"}],"about":[{"href":"https:\/\/upla.cl\/facultad\/humanidades\/wp-json\/wp\/v2\/types\/page"}],"author":[{"embeddable":true,"href":"https:\/\/upla.cl\/facultad\/humanidades\/wp-json\/wp\/v2\/users\/2"}],"replies":[{"embeddable":true,"href":"https:\/\/upla.cl\/facultad\/humanidades\/wp-json\/wp\/v2\/comments?post=108207"}],"version-history":[{"count":31,"href":"https:\/\/upla.cl\/facultad\/humanidades\/wp-json\/wp\/v2\/pages\/108207\/revisions"}],"predecessor-version":[{"id":129557,"href":"https:\/\/upla.cl\/facultad\/humanidades\/wp-json\/wp\/v2\/pages\/108207\/revisions\/129557"}],"wp:attachment":[{"href":"https:\/\/upla.cl\/facultad\/humanidades\/wp-json\/wp\/v2\/media?parent=108207"}],"curies":[{"name":"wp","href":"https:\/\/api.w.org\/{rel}","templated":true}]}}