{"id":184,"date":"2024-10-22T20:22:08","date_gmt":"2024-10-22T23:22:08","guid":{"rendered":"https:\/\/upla.cl\/relacionesinternacionales\/?page_id=184"},"modified":"2025-09-05T16:08:37","modified_gmt":"2025-09-05T20:08:37","slug":"cooperacion-internacional","status":"publish","type":"page","link":"https:\/\/upla.cl\/relacionesinternacionales\/cooperacion-internacional\/","title":{"rendered":"Cooperaci\u00f3n internacional"},"content":{"rendered":"<p>[et_pb_section fb_built=\u00bb1&#8243; _builder_version=\u00bb4.27.2&#8243; _module_preset=\u00bbdefault\u00bb background_image=\u00bbhttps:\/\/upla.cl\/relacionesinternacionales\/wp-content\/uploads\/2024\/10\/cooperacion.jpg\u00bb min_height=\u00bb600px\u00bb min_height_tablet=\u00bb600px\u00bb min_height_phone=\u00bb600px\u00bb min_height_last_edited=\u00bbon|desktop\u00bb height=\u00bb600px\u00bb max_height=\u00bb600px\u00bb bottom_divider_style=\u00bbwave2&#8243; bottom_divider_color=\u00bb#BCE3FA\u00bb global_colors_info=\u00bb{}\u00bb][et_pb_row _builder_version=\u00bb4.27.2&#8243; _module_preset=\u00bbdefault\u00bb background_enable_color=\u00bboff\u00bb custom_padding=\u00bb4.9%||4.9%||true|true\u00bb global_colors_info=\u00bb{}\u00bb][et_pb_column type=\u00bb4_4&#8243; _builder_version=\u00bb4.24.2&#8243; _module_preset=\u00bbdefault\u00bb global_colors_info=\u00bb{}\u00bb][et_pb_post_title meta=\u00bboff\u00bb _builder_version=\u00bb4.27.2&#8243; _module_preset=\u00bbdefault\u00bb title_font=\u00bbLato|700|||||||\u00bb title_text_color=\u00bb#FFFFFF\u00bb title_font_size=\u00bb35px\u00bb background_enable_image=\u00bboff\u00bb custom_padding=\u00bb7%||7%||true|false\u00bb title_text_shadow_style=\u00bbpreset2&#8243; global_colors_info=\u00bb{}\u00bb][\/et_pb_post_title][\/et_pb_column][\/et_pb_row][\/et_pb_section][et_pb_section fb_built=\u00bb1&#8243; _builder_version=\u00bb4.27.2&#8243; _module_preset=\u00bbdefault\u00bb background_color=\u00bbRGBA(255,255,255,0)\u00bb custom_margin=\u00bb0%||||false|false\u00bb custom_padding=\u00bb3.3%||5%||false|false\u00bb top_divider_style=\u00bbwave2&#8243; top_divider_color=\u00bb#BCE3FA\u00bb bottom_divider_style=\u00bbwave2&#8243; bottom_divider_color=\u00bb#BCE3FA\u00bb border_color_bottom=\u00bbRGBA(255,255,255,0)\u00bb global_colors_info=\u00bb{}\u00bb][et_pb_row _builder_version=\u00bb4.27.2&#8243; background_size=\u00bbinitial\u00bb background_position=\u00bbtop_left\u00bb background_repeat=\u00bbrepeat\u00bb custom_padding=\u00bb50px||50px||true|false\u00bb global_colors_info=\u00bb{}\u00bb][et_pb_column type=\u00bb4_4&#8243; _builder_version=\u00bb4.16&#8243; custom_padding=\u00bb|||\u00bb global_colors_info=\u00bb{}\u00bb custom_padding__hover=\u00bb|||\u00bb][et_pb_text _builder_version=\u00bb4.27.3&#8243; text_font_size=\u00bb18px\u00bb custom_margin=\u00bb||2%||false|false\u00bb global_colors_info=\u00bb{}\u00bb]<\/p>\n<p>Los convenios, redes y v\u00ednculos de cooperaci\u00f3n internacional son gestionados a traves de la Direccion General de Relaciones Internacionales de la Universidad de Playa Ancha, permitiendo el intercambio interinstitucional, acad\u00e9mico y estudiantil con distintos organismos e instituciones alrededor del mundo, generando as\u00ed oportunidades para lo cual se han establecido protocolos de acuerdo, enfatizando en el desarrollo institucional y en el impacto de la formaci\u00f3n academica, el desarrollo de la investigaci\u00f3n, entre otras \u00e1reas propias del quehacer universitario plasmadas en el Plan Estrat\u00e9gico Institucional y en el Modelo Educativo de nuestra casa de estudios.<\/p>\n<p>[\/et_pb_text][\/et_pb_column][\/et_pb_row][\/et_pb_section][et_pb_section fb_built=\u00bb1&#8243; _builder_version=\u00bb4.27.2&#8243; _module_preset=\u00bbdefault\u00bb background_color=\u00bbrgba(188,227,250,0.13)\u00bb custom_padding=\u00bb5.6%||5.6%||true|false\u00bb top_divider_style=\u00bbwave2&#8243; top_divider_color=\u00bb#BCE3FA\u00bb bottom_divider_style=\u00bbwave2&#8243; bottom_divider_color=\u00bb#e5e5e5&#8243; global_colors_info=\u00bb{}\u00bb][et_pb_row column_structure=\u00bb1_3,1_3,1_3&#8243; _builder_version=\u00bb4.27.2&#8243; _module_preset=\u00bbdefault\u00bb global_colors_info=\u00bb{}\u00bb][et_pb_column type=\u00bb1_3&#8243; _builder_version=\u00bb4.27.2&#8243; _module_preset=\u00bbdefault\u00bb global_colors_info=\u00bb{}\u00bb][et_pb_blurb title=\u00bbConvenios internacionales\u00bb use_icon=\u00bbon\u00bb font_icon=\u00bb&#xe0e3;||divi||400&#8243; icon_color=\u00bb#009BDB\u00bb icon_alignment=\u00bbleft\u00bb content_max_width=\u00bb1100px\u00bb _builder_version=\u00bb4.27.2&#8243; _module_preset=\u00bbdefault\u00bb header_font=\u00bbLato|700|||||||\u00bb header_text_align=\u00bbleft\u00bb header_font_size=\u00bb24px\u00bb body_font=\u00bbLato||||||||\u00bb body_text_align=\u00bbleft\u00bb body_font_size=\u00bb16px\u00bb global_colors_info=\u00bb{}\u00bb]<\/p>\n<p>Nuestra casa de estudios tiene convenios de colaboraci\u00f3n con 189 instituciones en los siguientes pa\u00edses:<\/p>\n<ul>\n<li>Alemania<\/li>\n<li>Argentina<\/li>\n<li>B\u00e9lgica<\/li>\n<li>Bolivia<\/li>\n<li>Brasil<\/li>\n<li>Canad\u00e1<\/li>\n<li>China<\/li>\n<li>Colombia<\/li>\n<li>Corea<\/li>\n<li>Cuba<\/li>\n<li>Ecuador<\/li>\n<li>El Caribe<\/li>\n<li>Espa\u00f1a<\/li>\n<li>Estados Unidos<\/li>\n<li>Francia<\/li>\n<li>Honduras<\/li>\n<li>Italia<\/li>\n<li>Marruecos<\/li>\n<li>M\u00e9xico<\/li>\n<li>Paraguay<\/li>\n<li>Per\u00fa<\/li>\n<li>Portugal<\/li>\n<li>Uruguay<\/li>\n<\/ul>\n<p>[\/et_pb_blurb][et_pb_toggle title=\u00bbProtocolo para la suscripci\u00f3n de convenios  internacionales\u00bb open_toggle_text_color=\u00bb#009BDB\u00bb open_toggle_background_color=\u00bbrgba(255,255,255,0)\u00bb closed_toggle_text_color=\u00bb#009BDB\u00bb closed_toggle_background_color=\u00bbrgba(255,255,255,0)\u00bb icon_color=\u00bb#009BDB\u00bb toggle_icon=\u00bb&#x22;||divi||400&#8243; use_icon_font_size=\u00bbon\u00bb icon_font_size=\u00bb25px\u00bb open_icon_color=\u00bb#009BDB\u00bb open_toggle_icon=\u00bb&#x21;||divi||400&#8243; open_use_icon_font_size=\u00bbon\u00bb open_icon_font_size=\u00bb25px\u00bb admin_label=\u00bbCondiciones generales\u00bb _builder_version=\u00bb4.27.3&#8243; _module_preset=\u00bbdefault\u00bb title_text_color=\u00bb#009BDB\u00bb title_font=\u00bb|700|||||||\u00bb title_font_size=\u00bb20px\u00bb title_line_height=\u00bb1.2em\u00bb closed_title_font_size=\u00bb22px\u00bb body_font_size=\u00bb16px\u00bb border_width_all=\u00bb0px\u00bb box_shadow_style=\u00bbpreset2&#8243; global_colors_info=\u00bb{}\u00bb]<\/p>\n<p>\u00f3Uno de los objetivos de mayor importancia de la DGRRII es la gesti\u00f3n de convenios que promuevan la internacionalizaci\u00f3n del curr\u00edculum y su impacto en la formaci\u00f3n acad\u00e9mica. Para tal efecto, los acuerdos establecidos deben ser coherentes con el Plan Estrat\u00e9gico de la Universidad y sus pol\u00edticas institucionales.<\/p>\n<p>Para cumplir con ello, se ha establecido el siguiente protocolo de pasos a seguir por los suscritos:<\/p>\n<ol>\n<li>Recepci\u00f3n del documento en DGRRII. Este debe venir con respaldo institucional (es decir, con reconocimiento del decano, del Consejo de Facultad y de la Direcci\u00f3n General de Postgrado, si amerita) y personer\u00eda jur\u00eddica de la contraparte.<\/li>\n<li>Revisi\u00f3n formal del convenio de cooperaci\u00f3n y an\u00e1lisis de viabilidad. En caso de considerar aspectos de tercer ciclo, se requiere revisi\u00f3n e informe de quienes est\u00e9n a cargo de los programas de posgrado para respaldar su ejecuci\u00f3n.<\/li>\n<li>Completaci\u00f3n de datos, precisiones al documento y correcci\u00f3n por parte de quienes hayan manifestado inter\u00e9s en la celebraci\u00f3n del convenio.<\/li>\n<li>Env\u00edo del convenio por parte de la DGRRII a Asesor\u00eda Jur\u00eddica, junto con la personer\u00eda jur\u00eddica de la contraparte.<\/li>\n<li>Revisi\u00f3n legal y aprobaci\u00f3n de Asesor\u00eda Jur\u00eddica.<\/li>\n<li>Firma de la m\u00e1xima autoridad universitaria de la UPLA y de la contraparte.<\/li>\n<li>Generaci\u00f3n del decreto respectivo.<\/li>\n<li>Publicaci\u00f3n en el portal web UPLA, secci\u00f3n Transparencia.<\/li>\n<\/ol>\n<p>Se destaca que la DGRRII cuenta con modelos de convenio, los que pueden ser solicitados a la Secretar\u00eda Ejecutiva de la Direccion, a cargo de Paulina Mart\u00ednez Moreno, a trav\u00e9s del correo electr\u00f3nico <a href=\"mailto:paulina.martinez@upla.cl\">paulina.martinez@upla.cl<\/a><\/p>\n<p>[\/et_pb_toggle][et_pb_button button_url=\u00bbhttps:\/\/www.upla.cl\/transparencia\/actos-y-decisiones-del-organismo\/actos-y-resoluciones-que-tengan-efecto-sobre-terceros\/convenios-internacionales\/\u00bb url_new_window=\u00bbon\u00bb button_text=\u00bbRevisa aqu\u00ed el listado de convenios internacionales\u00bb admin_label=\u00bbSitio oficial del Programa Escala Docente.\u00bb _builder_version=\u00bb4.27.2&#8243; _module_preset=\u00bbdefault\u00bb global_colors_info=\u00bb{}\u00bb][\/et_pb_button][\/et_pb_column][et_pb_column type=\u00bb1_3&#8243; _builder_version=\u00bb4.27.2&#8243; _module_preset=\u00bbdefault\u00bb global_colors_info=\u00bb{}\u00bb][et_pb_blurb title=\u00bbRedes internacionales\u00bb use_icon=\u00bbon\u00bb font_icon=\u00bb&#xf542;||fa||900&#8243; icon_color=\u00bb#009BDB\u00bb icon_alignment=\u00bbleft\u00bb content_max_width=\u00bb1100px\u00bb _builder_version=\u00bb4.27.3&#8243; _module_preset=\u00bbdefault\u00bb header_font=\u00bbLato|700|||||||\u00bb header_text_align=\u00bbleft\u00bb header_font_size=\u00bb24px\u00bb body_font=\u00bbLato||||||||\u00bb body_text_align=\u00bbleft\u00bb body_font_size=\u00bb16px\u00bb global_colors_info=\u00bb{}\u00bb]<\/p>\n<p>Revisa a continuaci\u00f3n el listado de organizaciones internacionales en las cuales la Universidad de Playa Ancha tiene participaci\u00f3n:<\/p>\n<p>[\/et_pb_blurb][et_pb_blurb title=\u00bb Asociaci\u00f3n de Universidades Grupo Montevideo (AUGM)\u00bb url=\u00bbhttp:\/\/grupomontevideo.org\/site\/\u00bb url_new_window=\u00bbon\u00bb icon_alignment=\u00bbleft\u00bb admin_label=\u00bbAUGM\u00bb _builder_version=\u00bb4.27.2&#8243; _module_preset=\u00bbdefault\u00bb header_text_color=\u00bb#009BDB\u00bb header_font_size=\u00bb16px\u00bb link_option_url=\u00bbhttp:\/\/grupomontevideo.org\/site\/\u00bb link_option_url_new_window=\u00bbon\u00bb global_colors_info=\u00bb{}\u00bb]Red intergubernamental de los pa\u00edses del Mercosur, conformada por 40 universidades de Argentina, Bolivia, Brasil, Paraguay, Uruguay y Chile, que ofrece un espacio acad\u00e9mico com\u00fan, regional, de cooperaci\u00f3n cient\u00edfica, tecnol\u00f3gica, educativa y cultural.[\/et_pb_blurb][et_pb_blurb title=\u00bbOrganizaci\u00f3n Universitaria Interamericana (OUI)\u00bb url=\u00bbhttps:\/\/oui-iohe.org\/fr\/\u00bb url_new_window=\u00bbon\u00bb alt=\u00bbLogo OUI\u00bb image_icon_width=\u00bb25%\u00bb icon_alignment=\u00bbleft\u00bb admin_label=\u00bbOUI\u00bb _builder_version=\u00bb4.27.2&#8243; _module_preset=\u00bbdefault\u00bb header_text_color=\u00bb#009BDB\u00bb header_font_size=\u00bb16px\u00bb link_option_url=\u00bbhttps:\/\/oui-iohe.org\/fr\/\u00bb link_option_url_new_window=\u00bbon\u00bb global_colors_info=\u00bb{}\u00bb]Agrupa a m\u00e1s de 350 instituciones, en 28 pa\u00edses divididos en nueve regiones: Am\u00e9rica Central, Brasil, Canad\u00e1, Caribe, Colombia, Cono Sur, Estados Unidos, M\u00e9xico y Pa\u00edses Andinos.[\/et_pb_blurb][et_pb_blurb title=\u00bbGrupo de Universidades Iberoamericanas La R\u00e1bida\u00bb url=\u00bbhttps:\/\/www.grupolarabida.org\/\u00bb url_new_window=\u00bbon\u00bb alt=\u00bbLogo OUI\u00bb image_icon_width=\u00bb25%\u00bb icon_alignment=\u00bbleft\u00bb admin_label=\u00bbGrupo la R\u00e1bida\u00bb _builder_version=\u00bb4.27.2&#8243; _module_preset=\u00bbdefault\u00bb header_text_color=\u00bb#009BDB\u00bb header_font_size=\u00bb16px\u00bb link_option_url=\u00bbhttps:\/\/www.grupolarabida.org\/\u00bb link_option_url_new_window=\u00bbon\u00bb global_colors_info=\u00bb{}\u00bb]Red de 80 Universidades de 17 pa\u00edses iberoamericanos. Su objetivo prioritario es contribuir a la formaci\u00f3n de docentes universitarios, cient\u00edficos y profesionales en el nivel de postgrado y doctorado, atendiendo a las necesidades de desarrollo de cada pa\u00eds y los intereses de la Comunidad Iberoamericana de Naciones.[\/et_pb_blurb][et_pb_blurb title=\u00bbAgencia Universitaria de la Francofon\u00eda (AUF)\u00bb url=\u00bbhttps:\/\/www.auf.org\/\u00bb url_new_window=\u00bbon\u00bb alt=\u00bbLogo OUI\u00bb image_icon_width=\u00bb25%\u00bb icon_alignment=\u00bbleft\u00bb admin_label=\u00bbAUF\u00bb _builder_version=\u00bb4.27.3&#8243; _module_preset=\u00bbdefault\u00bb header_text_color=\u00bb#009BDB\u00bb header_font_size=\u00bb16px\u00bb link_option_url=\u00bbhttps:\/\/www.auf.org\/\u00bb link_option_url_new_window=\u00bbon\u00bb global_colors_info=\u00bb{}\u00bb]<\/p>\n<p>Red de instituciones de educaci\u00f3n superior y centros de investigaci\u00f3n cient\u00edfica que re\u00fane a 1.080 instituciones en 120 pa\u00edses de todos los continentes.<\/p>\n<p>[\/et_pb_blurb][et_pb_blurb title=\u00bbAsociaci\u00f3n Universitaria Iberoamericana de Posgrado (AUIP) \u00bb url=\u00bbhttps:\/\/www.auip.org\/es\/\u00bb url_new_window=\u00bbon\u00bb alt=\u00bbLogo OUI\u00bb image_icon_width=\u00bb25%\u00bb icon_alignment=\u00bbleft\u00bb admin_label=\u00bbAsociaci\u00f3n Universitaria Iberoamericana de Posgrado (AUIP) \u00bb _builder_version=\u00bb4.27.2&#8243; _module_preset=\u00bbdefault\u00bb header_text_color=\u00bb#009BDB\u00bb header_font_size=\u00bb16px\u00bb link_option_url=\u00bbhttps:\/\/www.auip.org\/es\/\u00bb link_option_url_new_window=\u00bbon\u00bb global_colors_info=\u00bb{}\u00bb]Red de cooperaci\u00f3n compuesta por m\u00e1s de 300 universidades, abarcando pr\u00e1cticamente la totalidad de los pa\u00edses iberoamericanos. Tiene como objetivo contribuir a la formaci\u00f3n de profesores universitarios, cient\u00edficos y profesionales en el nivel de postgrado y doctorado, en funci\u00f3n de las necesidades de desarrollo de cada pa\u00eds y de la Comunidad Iberoamericana de Naciones.[\/et_pb_blurb][\/et_pb_column][et_pb_column type=\u00bb1_3&#8243; _builder_version=\u00bb4.27.2&#8243; _module_preset=\u00bbdefault\u00bb global_colors_info=\u00bb{}\u00bb][et_pb_blurb title=\u00bbCooperaci\u00f3n internacional\u00bb use_icon=\u00bbon\u00bb font_icon=\u00bb&#xf543;||fa||900&#8243; icon_color=\u00bb#009BDB\u00bb image_icon_width=\u00bb55px\u00bb icon_alignment=\u00bbleft\u00bb content_max_width=\u00bb1100px\u00bb _builder_version=\u00bb4.27.4&#8243; _module_preset=\u00bbdefault\u00bb header_font=\u00bbLato|700|||||||\u00bb header_text_align=\u00bbleft\u00bb header_font_size=\u00bb24px\u00bb body_font=\u00bbLato||||||||\u00bb body_text_align=\u00bbleft\u00bb body_font_size=\u00bb16px\u00bb global_colors_info=\u00bb{}\u00bb]<\/p>\n<p>Las redes y asociaciones cient\u00edficas internacionales constituyen un importante motor de internacionalizaci\u00f3n. Algunas de ellas son:<\/p>\n<ul>\n<li><a href=\"https:\/\/www.clacso.org\/\" target=\"_blank\" rel=\"noopener\" title=\"Consejo Latinoamericano de Ciencias Sociales (CLACSO)\">Consejo Latinoamericano de Ciencias Sociales (CLACSO)<\/a>, Grupo de Extensi\u00f3n Cr\u00edtica<\/li>\n<li><a href=\"https:\/\/sociologia-alas.org\/\" target=\"_blank\" rel=\"noopener\" title=\"Asociaci\u00f3n Latinoamericana de Sociolog\u00eda (ALAS)\">Asociaci\u00f3n Latinoamericana de Sociolog\u00eda (ALAS)<\/a><\/li>\n<li><a href=\"https:\/\/iwa-network.org\/\" target=\"_blank\" rel=\"noopener\" title=\"International Water Association (IWA)\">International Water Association (IWA)<\/a><\/li>\n<li><a href=\"https:\/\/www.institutofrances.cl\/\" target=\"_blank\" rel=\"noopener\">Instituto Franc\u00e9s de Chile<\/a><\/li>\n<li><a href=\"https:\/\/www.agcid.gob.cl\/\" target=\"_blank\" rel=\"noopener\">AGCID Chile<\/a><\/li>\n<li><a href=\"https:\/\/alianzapacifico.net\/\" target=\"_blank\" rel=\"noopener\">Alianza Pac\u00edfico<\/a><\/li>\n<li><a href=\"https:\/\/www.undp.org\/es\" target=\"_blank\" rel=\"noopener\">PNUD<\/a><\/li>\n<li><a href=\"https:\/\/www.aecid.es\/aecid-quienes-somos\" target=\"_blank\" rel=\"noopener\">Agencia Espa\u00f1ola de Cooperaci\u00f3n Internacional para el Desarrollo (AECID)<\/a><\/li>\n<li><a href=\"https:\/\/aidisnet.org\/\" target=\"_blank\" rel=\"noopener\" title=\"Asociaci\u00f3n Interamericana de Ingenier\u00eda Sanitaria y Ambiental\">Asociaci\u00f3n Interamericana de Ingenier\u00eda Sanitaria y Ambiental<\/a>, Cap\u00edtulo Chileno (AIDIS)<\/li>\n<li><a href=\"https:\/\/ri.conicet.gov.ar\/bitstream\/handle\/11336\/127461\/CONICET_Digital_Nro.04cc0d86-3d16-4e4e-a75a-dd64bbb66b56_A%20%281%29.pdf?sequence=5\" target=\"_blank\" rel=\"noopener\" title=\"Red de Biodigestores para Latinoam\u00e9rica y el Caribe (RedBioLac)\">Red de Biodigestores para Latinoam\u00e9rica y el Caribe (RedBioLac)<\/a><\/li>\n<li><a href=\"https:\/\/ariusa.net\/\" target=\"_blank\" rel=\"noopener\" title=\"Alianza de Redes Iberoamericanas de Universidades por la Sustentabilidad y el Ambiente (ARIUSA)\">Alianza de Redes Iberoamericanas de Universidades por la Sustentabilidad y el Ambiente (ARIUSA)<\/a><\/li>\n<li><a href=\"Laboratorio%20Internacional Asociado Multiscale Adaptive Strategies Laboratory\" target=\"_blank\" rel=\"noopener\" title=\"Laboratorio Internacional Asociado Multiscale Adaptive Strategies Laboratory (LIA MAST)\">Laboratorio Internacional Asociado Multiscale Adaptive Strategies Laboratory (LIA MAST)<\/a> y <a href=\"https:\/\/www.obs-banyuls.fr\/fr\/oob.html\" target=\"_blank\" rel=\"noopener\" title=\"Observatoire d\u2019Oc\u00e9anographie Biologique de Banyuls (ARAGO)\">Observatoire d\u2019Oc\u00e9anographie Biologique de Banyuls (ARAGO)<\/a> UMR CNRS, (Francia)<\/li>\n<li><a href=\"https:\/\/www.fladem.info\/\" target=\"_blank\" rel=\"noopener\" title=\"Foro Latinoamericano para la Educaci\u00f3n Musical (FLADEM)\">Foro Latinoamericano para la Educaci\u00f3n Musical (FLADEM)<\/a><\/li>\n<li><a href=\"https:\/\/patino.org\/\" target=\"_blank\" rel=\"noopener\" title=\"Fundaci\u00f3n Sim\u00f3n y Centro Pedag\u00f3gico y Cultural Sim\u00f3n I Pati\u00f1o\">Fundaci\u00f3n Sim\u00f3n y Centro Pedag\u00f3gico y Cultural Sim\u00f3n I Pati\u00f1o<\/a> (Bolivia)<\/li>\n<li><a href=\"https:\/\/www.reafes.org\/\" target=\"_blank\" rel=\"noopener\" title=\"Red Euroamericana de Actividad F\u00edsica, Educaci\u00f3n y Salud (REAFES)\">Red Euroamericana de Actividad F\u00edsica, Educaci\u00f3n y Salud (REAFES)<\/a><\/li>\n<li><a href=\"https:\/\/rafapana.org\/\" target=\"_blank\" rel=\"noopener\" title=\"Red Americana de Actividad F\u00edsica de las Am\u00e9ricas (RAFA \u2013 PANA)\">Red Americana de Actividad F\u00edsica de las Am\u00e9ricas (RAFA \u2013 PANA)<\/a><\/li>\n<li><a href=\"https:\/\/www.upla.cl\/noticias\/2008\/04\/22\/facultad-de-educacion-fisica-inicio-interesante-proyecto-de-asociatividad\/\" target=\"_blank\" rel=\"noopener\" title=\"Red Euro-Americana de Motricidad Humana\">Red Euro-Americana de Motricidad Humana<\/a> (REMH, Brasil)<\/li>\n<li><a href=\"https:\/\/redlaea.com\/\" target=\"_blank\" rel=\"noopener\" title=\"Red Latinoamericana de \u00c9ticas Aplicadas (LADEA)\">Red Latinoamericana de \u00c9ticas Aplicadas (LADEA)<\/a><\/li>\n<\/ul>\n<p>[\/et_pb_blurb][\/et_pb_column][\/et_pb_row][\/et_pb_section][et_pb_section fb_built=\u00bb1&#8243; admin_label=\u00bbSecci\u00f3n footer\u00bb _builder_version=\u00bb4.27.2&#8243; _module_preset=\u00bbdefault\u00bb background_color=\u00bb#e5e5e5&#8243; background_enable_image=\u00bboff\u00bb min_height=\u00bb144.2px\u00bb custom_margin=\u00bb-2px|||||\u00bb custom_padding=\u00bb50px||3px|||\u00bb border_width_top=\u00bb1px\u00bb border_color_top=\u00bbRGBA(255,255,255,0)\u00bb border_style_top=\u00bboutset\u00bb global_module=\u00bb90&#8243; saved_tabs=\u00bball\u00bb collapsed=\u00bboff\u00bb global_colors_info=\u00bb{}\u00bb][et_pb_row column_structure=\u00bb1_4,1_4,1_4,1_4&#8243; _builder_version=\u00bb4.24.3&#8243; _module_preset=\u00bbdefault\u00bb max_width=\u00bb2560px\u00bb min_height=\u00bb247.9px\u00bb custom_margin=\u00bb|auto|23px|auto|false|false\u00bb custom_padding=\u00bb|20px||20px|false|true\u00bb global_colors_info=\u00bb{}\u00bb][et_pb_column type=\u00bb1_4&#8243; _builder_version=\u00bb4.20.4&#8243; _module_preset=\u00bbdefault\u00bb global_colors_info=\u00bb{}\u00bb][et_pb_image src=\u00bbhttps:\/\/upla.cl\/relacionesinternacionales\/wp-content\/uploads\/2024\/09\/im-upla.png\u00bb alt=\u00bbUniversidad de Playa Ancha\u00bb title_text=\u00bbim-upla\u00bb url=\u00bbhttps:\/\/www.upla.cl\/portada\/\u00bb align_tablet=\u00bb\u00bb align_phone=\u00bbcenter\u00bb align_last_edited=\u00bbon|phone\u00bb _builder_version=\u00bb4.22.2&#8243; _module_preset=\u00bbdefault\u00bb custom_padding_tablet=\u00bb\u00bb custom_padding_phone=\u00bb|30px||30px|false|true\u00bb custom_padding_last_edited=\u00bbon|phone\u00bb global_colors_info=\u00bb{}\u00bb][\/et_pb_image][et_pb_text _builder_version=\u00bb4.27.0&#8243; _module_preset=\u00bbdefault\u00bb text_font=\u00bbLato||||||||\u00bb text_text_color=\u00bb#565656&#8243; text_font_size=\u00bb16px\u00bb text_line_height=\u00bb1.2em\u00bb header_font=\u00bbLato||||||||\u00bb custom_padding=\u00bb|10px|||false|false\u00bb custom_padding_tablet=\u00bb|10px|||false|false\u00bb custom_padding_phone=\u00bb|30px||30px|false|true\u00bb custom_padding_last_edited=\u00bbon|phone\u00bb text_orientation_tablet=\u00bb\u00bb text_orientation_phone=\u00bbcenter\u00bb text_orientation_last_edited=\u00bbon|desktop\u00bb global_colors_info=\u00bb{}\u00bb]<\/p>\n<p style=\"text-align: left;\"><strong>Direcci\u00f3n General de Relaciones Internacionales de la Universidad de Playa Ancha.<\/strong><\/p>\n<p style=\"text-align: left;\"><span style=\"color: #565656;\"><a href=\"https:\/\/goo.gl\/maps\/cgVi1ndZsMRnRehe9\" target=\"_blank\" rel=\"noopener\" style=\"color: #565656;\">Avenida Guillermo Gonz\u00e1lez de Hontaneda N\u00ba 855, Edificio Institucional, sexto piso.<\/a><\/span><\/p>\n<p>[\/et_pb_text][\/et_pb_column][et_pb_column type=\u00bb1_4&#8243; _builder_version=\u00bb4.20.4&#8243; _module_preset=\u00bbdefault\u00bb global_colors_info=\u00bb{}\u00bb][et_pb_image src=\u00bbhttps:\/\/upla.cl\/relacionesinternacionales\/wp-content\/uploads\/2025\/03\/20250311_upla_acreditada_2022-2027-color.png\u00bb alt=\u00bbUPLA_acreditada_2022-2027&#8243; title_text=\u00bb20250311_upla_acreditada_2022-2027-color\u00bb align_tablet=\u00bb\u00bb align_phone=\u00bbcenter\u00bb align_last_edited=\u00bbon|phone\u00bb _builder_version=\u00bb4.27.4&#8243; _module_preset=\u00bbdefault\u00bb width_tablet=\u00bb\u00bb width_phone=\u00bb60%\u00bb width_last_edited=\u00bbon|phone\u00bb custom_margin=\u00bb-10px||||false|false\u00bb custom_margin_tablet=\u00bb\u00bb custom_margin_phone=\u00bb\u00bb custom_margin_last_edited=\u00bbon|desktop\u00bb custom_padding=\u00bb||0px|||\u00bb global_colors_info=\u00bb{}\u00bb][\/et_pb_image][et_pb_divider color=\u00bb#009bdb\u00bb divider_position=\u00bbcenter\u00bb disabled_on=\u00bboff|off|on\u00bb _builder_version=\u00bb4.22.2&#8243; _module_preset=\u00bbdefault\u00bb global_colors_info=\u00bb{}\u00bb][\/et_pb_divider][\/et_pb_column][et_pb_column type=\u00bb1_4&#8243; _builder_version=\u00bb4.22.2&#8243; _module_preset=\u00bbdefault\u00bb global_colors_info=\u00bb{}\u00bb][et_pb_blurb title=\u00bbConoce nuestras facultades\u00bb _builder_version=\u00bb4.27.2&#8243; _module_preset=\u00bbdefault\u00bb header_font=\u00bbLato|700|||||||\u00bb header_text_color=\u00bb#565656&#8243; header_font_size=\u00bb16px\u00bb body_font=\u00bbLato||||||||\u00bb body_font_size=\u00bb15px\u00bb body_line_height=\u00bb1.2em\u00bb min_height=\u00bb338.6px\u00bb custom_padding=\u00bb|10px|0px||false|false\u00bb custom_padding_tablet=\u00bb|10px|||false|false\u00bb custom_padding_phone=\u00bb|30px||30px|false|true\u00bb custom_padding_last_edited=\u00bbon|phone\u00bb header_text_align_tablet=\u00bb\u00bb header_text_align_phone=\u00bbcenter\u00bb header_text_align_last_edited=\u00bbon|phone\u00bb body_text_color_last_edited=\u00bboff|desktop\u00bb text_orientation_tablet=\u00bb\u00bb text_orientation_phone=\u00bbleft\u00bb text_orientation_last_edited=\u00bbon|phone\u00bb global_colors_info=\u00bb{}\u00bb body_text_color__hover_enabled=\u00bbon|desktop\u00bb body_text_color__hover=\u00bb#009bdb\u00bb]<\/p>\n<p><span style=\"color: #009bdb;\">\u00a0<\/span><\/p>\n<p><span style=\"color: #009bdb;\"><a href=\"https:\/\/www.upla.cl\/sanfelipe\/\" target=\"_blank\" rel=\"noopener\" style=\"color: #009bdb3;\">&gt; Campus San Felipe<\/a><\/span><\/p>\n<p><span style=\"color: #009bdb;\"><a href=\"https:\/\/www.arteupla.cl\/\" target=\"_blank\" rel=\"noopener\" style=\"color: #009bdb;\">&gt; Facultad de Arte<\/a><\/span><\/p>\n<p><span style=\"color: #009bdb;\"><a href=\"https:\/\/www.upla.cl\/cienciasactividadfisicaydeporte\/\" target=\"_blank\" rel=\"noopener\" style=\"color: #009bdb;\">&gt; Facultad de Ciencias de Actividad F\u00edsica y del Deporte<\/a><\/span><\/p>\n<p><span style=\"color: #009bdb;\"><a href=\"https:\/\/www.upla.cl\/cienciaseducacion\/\" target=\"_blank\" rel=\"noopener\" style=\"color: #009bdb;\">&gt;Facultad de Ciencias de la Educaci\u00f3n<\/a><\/span><\/p>\n<p><span style=\"color: #009bdb;\"><a href=\"https:\/\/www.upla.cl\/cienciassalud\/\" target=\"_blank\" rel=\"noopener\" style=\"color: #009bdb;\">&gt; Facultad de Ciencias de la Salud<\/a><\/span><\/p>\n<p><span style=\"color: #009bdb;\"><a href=\"https:\/\/upla.cl\/facultad\/cienciasnaturalesyexactas\/\" target=\"_blank\" rel=\"noopener\" style=\"color: #009bdb;\">&gt; Facultad de Ciencias Naturales y Exactas<\/a><\/span><\/p>\n<p><span style=\"color: #009bdb;\"><a href=\"https:\/\/www.upla.cl\/csociales\/\" target=\"_blank\" rel=\"noopener\" style=\"color: #009bdb;\">&gt; Facultad de Ciencias Sociales<\/a><\/span><\/p>\n<p><span style=\"color: #009bdb;\"><a href=\"https:\/\/upla.cl\/facultad\/humanidades\/\" target=\"_blank\" rel=\"noopener\" style=\"color: #009bdb;\">&gt; Facultad de Humanidades<\/a><\/span><\/p>\n<p><span style=\"color: #009bdb;\"><a href=\"https:\/\/www.upla.cl\/facultad\/ingenieria\/\" target=\"_blank\" rel=\"noopener\" style=\"color: #009bdb;\">&gt; Facultad de Ingenier\u00eda<\/a><\/span><\/p>\n<p>[\/et_pb_blurb][et_pb_divider color=\u00bb#009bdb\u00bb divider_position=\u00bbcenter\u00bb disabled_on=\u00bboff|off|on\u00bb _builder_version=\u00bb4.22.2&#8243; _module_preset=\u00bbdefault\u00bb global_colors_info=\u00bb{}\u00bb][\/et_pb_divider][\/et_pb_column][et_pb_column type=\u00bb1_4&#8243; _builder_version=\u00bb4.20.4&#8243; _module_preset=\u00bbdefault\u00bb global_colors_info=\u00bb{}\u00bb][et_pb_text _builder_version=\u00bb4.27.0&#8243; _module_preset=\u00bbdefault\u00bb text_font=\u00bbLato|700|||||||\u00bb text_text_color=\u00bb#565656&#8243; text_font_size=\u00bb16px\u00bb text_line_height=\u00bb1.2em\u00bb header_text_align_tablet=\u00bb\u00bb header_text_align_phone=\u00bbcenter\u00bb header_text_align_last_edited=\u00bbon|phone\u00bb global_colors_info=\u00bb{}\u00bb]<\/p>\n<p style=\"text-align: center;\"><strong>Buscar en UPLA.cl:<\/strong><\/p>\n<p style=\"text-align: right;\"><strong><\/strong><\/p>\n<form id=\"accesos\" action=\"\" style=\"text-align: center;\"><select name=\"sitio\" onchange=\"window.location = (document.forms.accesos.sitio[document.forms.accesos.sitio.selectedIndex].value);\"><option>Acceso directo:<\/option><option value=\"http:\/\/www.upla.cl\/\">UPLA.cl<\/option><option value=\"http:\/\/sitios.upla.cl\/universidad\/\">La Universidad<\/option><option value=\"http:\/\/sitios.upla.cl\/organigrama\/\">Organigrama<\/option><option value=\"http:\/\/www.upla.cl\/calidad\/acreditacion-upla\/\">Acreditaci\u00f3n<\/option><option value=\"http:\/\/sitios.upla.cl\/campus\/\">Campus &#8211; C\u00f3mo llegar<\/option><option value=\"http:\/\/sitios.upla.cl\/san_felipe\/\">Campus San Felipe<\/option><option value=\"http:\/\/www.upla.cl\/bibliotecas\/\">Bibliotecas<\/option><option value=\"http:\/\/sitios.upla.cl\/principales_oficinas\/\">Oficinas y unidades acad\u00e9micas<\/option><option value=\"http:\/\/sitios.upla.cl\/calendario_academico\/\">Calendario Acad\u00e9mico<\/option><option value=\"http:\/\/sitios.upla.cl\/dgrrii\/\">Relaciones Internacionales<\/option><option value=\"http:\/\/sitios.upla.cl\/egresados\/index.html\">Egresados<\/option><option value=\"http:\/\/alumnos.upla.cl\/webmail\/\">Correo electr\u00f3nico estudiantes<\/option><option value=\"http:\/\/sitios.upla.cl\/dae\/\">Desarrollo Estudiantil<\/option><option value=\"https:\/\/www.upla.cl\/admision\/ayudas-estudiantiles\/\">Becas y Ayudas<\/option><option value=\"http:\/\/sitios.upla.cl\/dae\/serv_medico.html\">Servicio M\u00e9dico<\/option><option value=\"http:\/\/sitios.upla.cl\/soupa\/\">Serv. de Orientaci\u00f3n Universitaria<\/option><option value=\"http:\/\/sitios.upla.cl\/practicas\/\">Pr\u00e1cticas<\/option><option value=\"http:\/\/sitios.upla.cl\/titulosygrados\/\">T\u00edtulos y Grados<\/option><option value=\"https:\/\/www.recaudaciones.bancochile.cl\/cliente\/pgdr\/appfront\/Pag_Login.aspx?IdCon=19\">Portal de Pagos<\/option><option value=\"http:\/\/webmail.upla.cl\/\">Correo electr\u00f3nico institucional<\/option><option value=\"http:\/\/sitios.upla.cl\/proy_investigacion\/\">Direcci\u00f3n General de Investigaci\u00f3n<\/option><option value=\"http:\/\/sitios.upla.cl\/dapei\/\">Planificaci\u00f3n Estrat\u00e9gica<\/option><option value=\"http:\/\/www.upla.cl\/calidad\/\">DIRGECAL<\/option><option value=\"http:\/\/www.arteupla.cl\/\">Arte<\/option><option value=\"http:\/\/creal.upla.cl\/humanidades\/\">Humanidades<\/option><option value=\"http:\/\/www.upla.cl\/educacion\/\">Cs. de la Educaci\u00f3n<\/option><option value=\"http:\/\/www.upla.cl\/actividadfisica\/\">Cs. de la Act. F\u00edsica y del Deporte<\/option><option value=\"http:\/\/www.upla.cl\/ciencias\">Ciencias Naturales y Exactas<\/option><option value=\"http:\/\/www.upla.cl\/cienciasdelasalud\/\">Ciencias de la Salud<\/option><option value=\"http:\/\/www.upla.cl\/facultades\/facultaddecienciassociales.html\">Ciencias Sociales<\/option><option value=\"http:\/\/www.upla.cl\/ingenieria\">Ingenier\u00eda<\/option><\/select><\/form>\n<p>[\/et_pb_text][et_pb_text _builder_version=\u00bb4.27.0&#8243; _module_preset=\u00bbdefault\u00bb text_font=\u00bbLato|700|||||||\u00bb text_text_color=\u00bb#565656&#8243; text_font_size=\u00bb16px\u00bb text_line_height=\u00bb1.2em\u00bb header_text_align_tablet=\u00bb\u00bb header_text_align_phone=\u00bbcenter\u00bb header_text_align_last_edited=\u00bbon|phone\u00bb global_colors_info=\u00bb{}\u00bb]<\/p>\n<p style=\"text-align: center;\"><strong>S\u00edguenos en nuestras redes sociales:<\/strong><\/p>\n<p>[\/et_pb_text][et_pb_social_media_follow icon_color=\u00bb#FFFFFF\u00bb _builder_version=\u00bb4.22.2&#8243; _module_preset=\u00bbdefault\u00bb text_orientation=\u00bbcenter\u00bb text_orientation_tablet=\u00bb\u00bb text_orientation_phone=\u00bbcenter\u00bb text_orientation_last_edited=\u00bbon|phone\u00bb global_colors_info=\u00bb{}\u00bb][et_pb_social_media_follow_network social_network=\u00bbinstagram\u00bb url=\u00bbhttps:\/\/www.instagram.com\/upla_comunica\/\u00bb _builder_version=\u00bb4.20.4&#8243; _module_preset=\u00bbdefault\u00bb background_color=\u00bb#ea2c59&#8243; global_colors_info=\u00bb{}\u00bb follow_button=\u00bboff\u00bb url_new_window=\u00bbon\u00bb]instagram[\/et_pb_social_media_follow_network][et_pb_social_media_follow_network social_network=\u00bbfacebook\u00bb url=\u00bbhttps:\/\/www.facebook.com\/uplacomunica\u00bb _builder_version=\u00bb4.20.4&#8243; _module_preset=\u00bbdefault\u00bb background_color=\u00bb#3b5998&#8243; global_colors_info=\u00bb{}\u00bb follow_button=\u00bboff\u00bb url_new_window=\u00bbon\u00bb]facebook[\/et_pb_social_media_follow_network][et_pb_social_media_follow_network social_network=\u00bbtwitter\u00bb url=\u00bbhttps:\/\/twitter.com\/upla_comunica\u00bb _builder_version=\u00bb4.22.2&#8243; _module_preset=\u00bbdefault\u00bb background_color=\u00bb#000000&#8243; global_colors_info=\u00bb{}\u00bb follow_button=\u00bboff\u00bb url_new_window=\u00bbon\u00bb]twitter[\/et_pb_social_media_follow_network][et_pb_social_media_follow_network social_network=\u00bbyoutube\u00bb url=\u00bbhttps:\/\/www.youtube.com\/user\/comunicacionesupla\u00bb _builder_version=\u00bb4.20.4&#8243; _module_preset=\u00bbdefault\u00bb background_color=\u00bb#a82400&#8243; global_colors_info=\u00bb{}\u00bb follow_button=\u00bboff\u00bb url_new_window=\u00bbon\u00bb]youtube[\/et_pb_social_media_follow_network][\/et_pb_social_media_follow][\/et_pb_column][\/et_pb_row][\/et_pb_section]<\/p>\n","protected":false},"excerpt":{"rendered":"<p>Los convenios, redes y v\u00ednculos de cooperaci\u00f3n internacional son gestionados a traves de la Direccion General de Relaciones Internacionales de la Universidad de Playa Ancha, permitiendo el intercambio interinstitucional, acad\u00e9mico [&hellip;]<\/p>\n","protected":false},"author":1,"featured_media":0,"parent":0,"menu_order":0,"comment_status":"closed","ping_status":"closed","template":"","meta":{"_et_pb_use_builder":"on","_et_pb_old_content":"","_et_gb_content_width":"","footnotes":""},"class_list":["post-184","page","type-page","status-publish","hentry"],"publishpress_future_action":{"enabled":false,"date":"2026-05-05 06:34:50","action":"change-status","newStatus":"draft","terms":[],"taxonomy":"","extraData":[]},"publishpress_future_workflow_manual_trigger":{"enabledWorkflows":[]},"_links":{"self":[{"href":"https:\/\/upla.cl\/relacionesinternacionales\/wp-json\/wp\/v2\/pages\/184","targetHints":{"allow":["GET"]}}],"collection":[{"href":"https:\/\/upla.cl\/relacionesinternacionales\/wp-json\/wp\/v2\/pages"}],"about":[{"href":"https:\/\/upla.cl\/relacionesinternacionales\/wp-json\/wp\/v2\/types\/page"}],"author":[{"embeddable":true,"href":"https:\/\/upla.cl\/relacionesinternacionales\/wp-json\/wp\/v2\/users\/1"}],"replies":[{"embeddable":true,"href":"https:\/\/upla.cl\/relacionesinternacionales\/wp-json\/wp\/v2\/comments?post=184"}],"version-history":[{"count":22,"href":"https:\/\/upla.cl\/relacionesinternacionales\/wp-json\/wp\/v2\/pages\/184\/revisions"}],"predecessor-version":[{"id":1328,"href":"https:\/\/upla.cl\/relacionesinternacionales\/wp-json\/wp\/v2\/pages\/184\/revisions\/1328"}],"wp:attachment":[{"href":"https:\/\/upla.cl\/relacionesinternacionales\/wp-json\/wp\/v2\/media?parent=184"}],"curies":[{"name":"wp","href":"https:\/\/api.w.org\/{rel}","templated":true}]}}