{"id":393,"date":"2024-11-18T18:42:52","date_gmt":"2024-11-18T21:42:52","guid":{"rendered":"https:\/\/upla.cl\/relacionesinternacionales\/?page_id=393"},"modified":"2024-11-20T10:15:50","modified_gmt":"2024-11-20T13:15:50","slug":"movilidad-para-funcionarias-y-funcionarios","status":"publish","type":"page","link":"https:\/\/upla.cl\/relacionesinternacionales\/movilidad-para-funcionarias-y-funcionarios\/","title":{"rendered":"Movilidad para funcionarias y funcionarios"},"content":{"rendered":"<p>[et_pb_section fb_built=\u00bb1&#8243; _builder_version=\u00bb4.27.3&#8243; _module_preset=\u00bbdefault\u00bb background_image=\u00bbhttps:\/\/upla.cl\/relacionesinternacionales\/wp-content\/uploads\/2024\/11\/funcionarios.jpg\u00bb min_height=\u00bb600px\u00bb min_height_tablet=\u00bb600px\u00bb min_height_phone=\u00bb600px\u00bb min_height_last_edited=\u00bbon|desktop\u00bb height=\u00bb600px\u00bb max_height=\u00bb600px\u00bb bottom_divider_style=\u00bbwave2&#8243; bottom_divider_color=\u00bb#BCE3FA\u00bb global_colors_info=\u00bb{}\u00bb][et_pb_row _builder_version=\u00bb4.27.2&#8243; _module_preset=\u00bbdefault\u00bb background_enable_color=\u00bboff\u00bb custom_padding=\u00bb4.9%||4.9%||true|true\u00bb global_colors_info=\u00bb{}\u00bb][et_pb_column type=\u00bb4_4&#8243; _builder_version=\u00bb4.24.2&#8243; _module_preset=\u00bbdefault\u00bb global_colors_info=\u00bb{}\u00bb][et_pb_post_title meta=\u00bboff\u00bb _builder_version=\u00bb4.27.2&#8243; _module_preset=\u00bbdefault\u00bb title_font=\u00bbLato|700|||||||\u00bb title_text_color=\u00bb#FFFFFF\u00bb title_font_size=\u00bb35px\u00bb background_enable_image=\u00bboff\u00bb custom_padding=\u00bb7%||7%||true|false\u00bb title_text_shadow_style=\u00bbpreset2&#8243; global_colors_info=\u00bb{}\u00bb][\/et_pb_post_title][\/et_pb_column][\/et_pb_row][\/et_pb_section][et_pb_section fb_built=\u00bb1&#8243; _builder_version=\u00bb4.27.3&#8243; _module_preset=\u00bbdefault\u00bb background_color=\u00bbRGBA(255,255,255,0)\u00bb custom_margin=\u00bb0%||||false|false\u00bb custom_padding=\u00bb3.3%||5%||false|false\u00bb top_divider_style=\u00bbwave2&#8243; top_divider_color=\u00bb#BCE3FA\u00bb bottom_divider_style=\u00bbwave2&#8243; bottom_divider_color=\u00bb#BCE3FA\u00bb border_color_bottom=\u00bbRGBA(255,255,255,0)\u00bb global_colors_info=\u00bb{}\u00bb][et_pb_row _builder_version=\u00bb4.27.2&#8243; background_size=\u00bbinitial\u00bb background_position=\u00bbtop_left\u00bb background_repeat=\u00bbrepeat\u00bb custom_padding=\u00bb50px||50px||true|false\u00bb global_colors_info=\u00bb{}\u00bb][et_pb_column type=\u00bb4_4&#8243; _builder_version=\u00bb4.16&#8243; custom_padding=\u00bb|||\u00bb global_colors_info=\u00bb{}\u00bb custom_padding__hover=\u00bb|||\u00bb][et_pb_text _builder_version=\u00bb4.27.3&#8243; text_font_size=\u00bb18px\u00bb custom_margin=\u00bb||2%||false|false\u00bb hover_enabled=\u00bb0&#8243; global_colors_info=\u00bb{}\u00bb sticky_enabled=\u00bb0&#8243;]<\/p>\n<p>La movilidad para funcionarias y funcionarios de la Universidad es uno de los objetivos a mediano plazo de nuestra casa de estudios, por lo que se est\u00e1n haciendo los esfuerzos para instaurar estas instancias.<\/p>\n<p>Algunos de los primeros avances en esta materia se concretaron en 2024, cuando se abri\u00f3 la convocatoria para optar a becas para un <a href=\"https:\/\/upla.cl\/relacionesinternacionales\/wp-content\/uploads\/2024\/11\/CONVOCATORIA-PILA_VIRTUAL_2025_1.pdf\"><strong>curso de ingl\u00e9s<\/strong><\/a> de la <strong>Universidad de Michoac\u00e1n, M\u00e9xico<\/strong> y, posteriormente, se ofreci\u00f3 la oportunidades para cursar seis (6) <a href=\"https:\/\/www.upla.cl\/noticias\/2024\/11\/08\/universidad-de-la-rioja-ofrece-380-cupos-gratuitos-para-cursar-diplomados\/\"><strong>diplomados<\/strong><\/a> en la <strong>Universidad de La Rioja, Argentina.<\/strong><\/p>\n<p>En esta l\u00ednea se est\u00e1 trabajando adem\u00e1s con la <strong>AUGM<\/strong>, en la activacion del <strong>Programa Escala de Gestores y Administradores<\/strong>.<\/p>\n<p>[\/et_pb_text][\/et_pb_column][\/et_pb_row][\/et_pb_section][et_pb_section fb_built=\u00bb1&#8243; _builder_version=\u00bb4.27.3&#8243; _module_preset=\u00bbdefault\u00bb background_color=\u00bbRGBA(255,255,255,0)\u00bb custom_margin=\u00bb0%||||false|false\u00bb custom_padding=\u00bb3.3%||5%||false|false\u00bb top_divider_style=\u00bbwave2&#8243; top_divider_color=\u00bb#BCE3FA\u00bb bottom_divider_style=\u00bbwave2&#8243; bottom_divider_color=\u00bb#e5e5e5&#8243; border_color_bottom=\u00bbRGBA(255,255,255,0)\u00bb global_colors_info=\u00bb{}\u00bb][\/et_pb_section][et_pb_section fb_built=\u00bb1&#8243; admin_label=\u00bbSecci\u00f3n footer\u00bb _builder_version=\u00bb4.27.2&#8243; _module_preset=\u00bbdefault\u00bb background_color=\u00bb#e5e5e5&#8243; background_enable_image=\u00bboff\u00bb min_height=\u00bb144.2px\u00bb custom_margin=\u00bb-2px|||||\u00bb custom_padding=\u00bb50px||3px|||\u00bb border_width_top=\u00bb1px\u00bb border_color_top=\u00bbRGBA(255,255,255,0)\u00bb border_style_top=\u00bboutset\u00bb global_module=\u00bb90&#8243; saved_tabs=\u00bball\u00bb collapsed=\u00bboff\u00bb global_colors_info=\u00bb{}\u00bb][et_pb_row column_structure=\u00bb1_4,1_4,1_4,1_4&#8243; _builder_version=\u00bb4.24.3&#8243; _module_preset=\u00bbdefault\u00bb max_width=\u00bb2560px\u00bb min_height=\u00bb247.9px\u00bb custom_margin=\u00bb|auto|23px|auto|false|false\u00bb custom_padding=\u00bb|20px||20px|false|true\u00bb global_colors_info=\u00bb{}\u00bb][et_pb_column type=\u00bb1_4&#8243; _builder_version=\u00bb4.20.4&#8243; _module_preset=\u00bbdefault\u00bb global_colors_info=\u00bb{}\u00bb][et_pb_image src=\u00bbhttps:\/\/upla.cl\/relacionesinternacionales\/wp-content\/uploads\/2024\/09\/im-upla.png\u00bb alt=\u00bbUniversidad de Playa Ancha\u00bb title_text=\u00bbim-upla\u00bb url=\u00bbhttps:\/\/www.upla.cl\/portada\/\u00bb align_tablet=\u00bb\u00bb align_phone=\u00bbcenter\u00bb align_last_edited=\u00bbon|phone\u00bb _builder_version=\u00bb4.22.2&#8243; _module_preset=\u00bbdefault\u00bb custom_padding_tablet=\u00bb\u00bb custom_padding_phone=\u00bb|30px||30px|false|true\u00bb custom_padding_last_edited=\u00bbon|phone\u00bb global_colors_info=\u00bb{}\u00bb][\/et_pb_image][et_pb_text _builder_version=\u00bb4.27.0&#8243; _module_preset=\u00bbdefault\u00bb text_font=\u00bbLato||||||||\u00bb text_text_color=\u00bb#565656&#8243; text_font_size=\u00bb16px\u00bb text_line_height=\u00bb1.2em\u00bb header_font=\u00bbLato||||||||\u00bb custom_padding=\u00bb|10px|||false|false\u00bb custom_padding_tablet=\u00bb|10px|||false|false\u00bb custom_padding_phone=\u00bb|30px||30px|false|true\u00bb custom_padding_last_edited=\u00bbon|phone\u00bb text_orientation_tablet=\u00bb\u00bb text_orientation_phone=\u00bbcenter\u00bb text_orientation_last_edited=\u00bbon|desktop\u00bb global_colors_info=\u00bb{}\u00bb]<\/p>\n<p style=\"text-align: left;\"><strong>Direcci\u00f3n General de Relaciones Internacionales de la Universidad de Playa Ancha.<\/strong><\/p>\n<p style=\"text-align: left;\"><span style=\"color: #565656;\"><a href=\"https:\/\/goo.gl\/maps\/cgVi1ndZsMRnRehe9\" target=\"_blank\" rel=\"noopener\" style=\"color: #565656;\">Avenida Guillermo Gonz\u00e1lez de Hontaneda N\u00ba 855, Edificio Institucional, sexto piso.<\/a><\/span><\/p>\n<p>[\/et_pb_text][\/et_pb_column][et_pb_column type=\u00bb1_4&#8243; _builder_version=\u00bb4.20.4&#8243; _module_preset=\u00bbdefault\u00bb global_colors_info=\u00bb{}\u00bb][et_pb_image src=\u00bbhttps:\/\/upla.cl\/relacionesinternacionales\/wp-content\/uploads\/2024\/09\/upla_acreditada_2022-2027-color.png\u00bb alt=\u00bbUPLA_acreditada_2022-2027&#8243; title_text=\u00bbupla_acreditada_2022-2027-color\u00bb align_tablet=\u00bb\u00bb align_phone=\u00bbcenter\u00bb align_last_edited=\u00bbon|phone\u00bb _builder_version=\u00bb4.25.2&#8243; _module_preset=\u00bbdefault\u00bb width_tablet=\u00bb\u00bb width_phone=\u00bb60%\u00bb width_last_edited=\u00bbon|phone\u00bb custom_margin=\u00bb-10px||||false|false\u00bb custom_margin_tablet=\u00bb\u00bb custom_margin_phone=\u00bb\u00bb custom_margin_last_edited=\u00bbon|desktop\u00bb custom_padding=\u00bb||0px|||\u00bb global_colors_info=\u00bb{}\u00bb][\/et_pb_image][et_pb_divider color=\u00bb#009bdb\u00bb divider_position=\u00bbcenter\u00bb disabled_on=\u00bboff|off|on\u00bb _builder_version=\u00bb4.22.2&#8243; _module_preset=\u00bbdefault\u00bb global_colors_info=\u00bb{}\u00bb][\/et_pb_divider][\/et_pb_column][et_pb_column type=\u00bb1_4&#8243; _builder_version=\u00bb4.22.2&#8243; _module_preset=\u00bbdefault\u00bb global_colors_info=\u00bb{}\u00bb][et_pb_blurb title=\u00bbConoce nuestras facultades\u00bb _builder_version=\u00bb4.27.2&#8243; _module_preset=\u00bbdefault\u00bb header_font=\u00bbLato|700|||||||\u00bb header_text_color=\u00bb#565656&#8243; header_font_size=\u00bb16px\u00bb body_font=\u00bbLato||||||||\u00bb body_font_size=\u00bb15px\u00bb body_line_height=\u00bb1.2em\u00bb min_height=\u00bb338.6px\u00bb custom_padding=\u00bb|10px|0px||false|false\u00bb custom_padding_tablet=\u00bb|10px|||false|false\u00bb custom_padding_phone=\u00bb|30px||30px|false|true\u00bb custom_padding_last_edited=\u00bbon|phone\u00bb header_text_align_tablet=\u00bb\u00bb header_text_align_phone=\u00bbcenter\u00bb header_text_align_last_edited=\u00bbon|phone\u00bb body_text_color_last_edited=\u00bboff|desktop\u00bb text_orientation_tablet=\u00bb\u00bb text_orientation_phone=\u00bbleft\u00bb text_orientation_last_edited=\u00bbon|phone\u00bb global_colors_info=\u00bb{}\u00bb body_text_color__hover_enabled=\u00bbon|desktop\u00bb body_text_color__hover=\u00bb#009bdb\u00bb]<\/p>\n<p><span style=\"color: #009bdb;\">\u00a0<\/span><\/p>\n<p><span style=\"color: #009bdb;\"><a href=\"https:\/\/www.upla.cl\/sanfelipe\/\" target=\"_blank\" rel=\"noopener\" style=\"color: #009bdb3;\">&gt; Campus San Felipe<\/a><\/span><\/p>\n<p><span style=\"color: #009bdb;\"><a href=\"https:\/\/www.arteupla.cl\/\" target=\"_blank\" rel=\"noopener\" style=\"color: #009bdb;\">&gt; Facultad de Arte<\/a><\/span><\/p>\n<p><span style=\"color: #009bdb;\"><a href=\"https:\/\/www.upla.cl\/cienciasactividadfisicaydeporte\/\" target=\"_blank\" rel=\"noopener\" style=\"color: #009bdb;\">&gt; Facultad de Ciencias de Actividad F\u00edsica y del Deporte<\/a><\/span><\/p>\n<p><span style=\"color: #009bdb;\"><a href=\"https:\/\/www.upla.cl\/cienciaseducacion\/\" target=\"_blank\" rel=\"noopener\" style=\"color: #009bdb;\">&gt;Facultad de Ciencias de la Educaci\u00f3n<\/a><\/span><\/p>\n<p><span style=\"color: #009bdb;\"><a href=\"https:\/\/www.upla.cl\/cienciassalud\/\" target=\"_blank\" rel=\"noopener\" style=\"color: #009bdb;\">&gt; Facultad de Ciencias de la Salud<\/a><\/span><\/p>\n<p><span style=\"color: #009bdb;\"><a href=\"https:\/\/upla.cl\/facultad\/cienciasnaturalesyexactas\/\" target=\"_blank\" rel=\"noopener\" style=\"color: #009bdb;\">&gt; Facultad de Ciencias Naturales y Exactas<\/a><\/span><\/p>\n<p><span style=\"color: #009bdb;\"><a href=\"https:\/\/www.upla.cl\/csociales\/\" target=\"_blank\" rel=\"noopener\" style=\"color: #009bdb;\">&gt; Facultad de Ciencias Sociales<\/a><\/span><\/p>\n<p><span style=\"color: #009bdb;\"><a href=\"https:\/\/upla.cl\/facultad\/humanidades\/\" target=\"_blank\" rel=\"noopener\" style=\"color: #009bdb;\">&gt; Facultad de Humanidades<\/a><\/span><\/p>\n<p><span style=\"color: #009bdb;\"><a href=\"https:\/\/www.upla.cl\/facultad\/ingenieria\/\" target=\"_blank\" rel=\"noopener\" style=\"color: #009bdb;\">&gt; Facultad de Ingenier\u00eda<\/a><\/span><\/p>\n<p>[\/et_pb_blurb][et_pb_divider color=\u00bb#009bdb\u00bb divider_position=\u00bbcenter\u00bb disabled_on=\u00bboff|off|on\u00bb _builder_version=\u00bb4.22.2&#8243; _module_preset=\u00bbdefault\u00bb global_colors_info=\u00bb{}\u00bb][\/et_pb_divider][\/et_pb_column][et_pb_column type=\u00bb1_4&#8243; _builder_version=\u00bb4.20.4&#8243; _module_preset=\u00bbdefault\u00bb global_colors_info=\u00bb{}\u00bb][et_pb_text _builder_version=\u00bb4.27.0&#8243; _module_preset=\u00bbdefault\u00bb text_font=\u00bbLato|700|||||||\u00bb text_text_color=\u00bb#565656&#8243; text_font_size=\u00bb16px\u00bb text_line_height=\u00bb1.2em\u00bb header_text_align_tablet=\u00bb\u00bb header_text_align_phone=\u00bbcenter\u00bb header_text_align_last_edited=\u00bbon|phone\u00bb global_colors_info=\u00bb{}\u00bb]<\/p>\n<p style=\"text-align: center;\"><strong>Buscar en UPLA.cl:<\/strong><\/p>\n<p style=\"text-align: right;\"><strong><\/strong><\/p>\n<form id=\"accesos\" action=\"\" style=\"text-align: center;\"><select name=\"sitio\" onchange=\"window.location = (document.forms.accesos.sitio[document.forms.accesos.sitio.selectedIndex].value);\"><option>Acceso directo:<\/option><option value=\"http:\/\/www.upla.cl\/\">UPLA.cl<\/option><option value=\"http:\/\/sitios.upla.cl\/universidad\/\">La Universidad<\/option><option value=\"http:\/\/sitios.upla.cl\/organigrama\/\">Organigrama<\/option><option value=\"http:\/\/www.upla.cl\/calidad\/acreditacion-upla\/\">Acreditaci\u00f3n<\/option><option value=\"http:\/\/sitios.upla.cl\/campus\/\">Campus &#8211; C\u00f3mo llegar<\/option><option value=\"http:\/\/sitios.upla.cl\/san_felipe\/\">Campus San Felipe<\/option><option value=\"http:\/\/www.upla.cl\/bibliotecas\/\">Bibliotecas<\/option><option value=\"http:\/\/sitios.upla.cl\/principales_oficinas\/\">Oficinas y unidades acad\u00e9micas<\/option><option value=\"http:\/\/sitios.upla.cl\/calendario_academico\/\">Calendario Acad\u00e9mico<\/option><option value=\"http:\/\/sitios.upla.cl\/dgrrii\/\">Relaciones Internacionales<\/option><option value=\"http:\/\/sitios.upla.cl\/egresados\/index.html\">Egresados<\/option><option value=\"http:\/\/alumnos.upla.cl\/webmail\/\">Correo electr\u00f3nico estudiantes<\/option><option value=\"http:\/\/sitios.upla.cl\/dae\/\">Desarrollo Estudiantil<\/option><option value=\"https:\/\/www.upla.cl\/admision\/ayudas-estudiantiles\/\">Becas y Ayudas<\/option><option value=\"http:\/\/sitios.upla.cl\/dae\/serv_medico.html\">Servicio M\u00e9dico<\/option><option value=\"http:\/\/sitios.upla.cl\/soupa\/\">Serv. de Orientaci\u00f3n Universitaria<\/option><option value=\"http:\/\/sitios.upla.cl\/practicas\/\">Pr\u00e1cticas<\/option><option value=\"http:\/\/sitios.upla.cl\/titulosygrados\/\">T\u00edtulos y Grados<\/option><option value=\"https:\/\/www.recaudaciones.bancochile.cl\/cliente\/pgdr\/appfront\/Pag_Login.aspx?IdCon=19\">Portal de Pagos<\/option><option value=\"http:\/\/webmail.upla.cl\/\">Correo electr\u00f3nico institucional<\/option><option value=\"http:\/\/sitios.upla.cl\/proy_investigacion\/\">Direcci\u00f3n General de Investigaci\u00f3n<\/option><option value=\"http:\/\/sitios.upla.cl\/dapei\/\">Planificaci\u00f3n Estrat\u00e9gica<\/option><option value=\"http:\/\/www.upla.cl\/calidad\/\">DIRGECAL<\/option><option value=\"http:\/\/www.arteupla.cl\/\">Arte<\/option><option value=\"http:\/\/creal.upla.cl\/humanidades\/\">Humanidades<\/option><option value=\"http:\/\/www.upla.cl\/educacion\/\">Cs. de la Educaci\u00f3n<\/option><option value=\"http:\/\/www.upla.cl\/actividadfisica\/\">Cs. de la Act. F\u00edsica y del Deporte<\/option><option value=\"http:\/\/www.upla.cl\/ciencias\">Ciencias Naturales y Exactas<\/option><option value=\"http:\/\/www.upla.cl\/cienciasdelasalud\/\">Ciencias de la Salud<\/option><option value=\"http:\/\/www.upla.cl\/facultades\/facultaddecienciassociales.html\">Ciencias Sociales<\/option><option value=\"http:\/\/www.upla.cl\/ingenieria\">Ingenier\u00eda<\/option><\/select><\/form>\n<p>[\/et_pb_text][et_pb_text _builder_version=\u00bb4.27.0&#8243; _module_preset=\u00bbdefault\u00bb text_font=\u00bbLato|700|||||||\u00bb text_text_color=\u00bb#565656&#8243; text_font_size=\u00bb16px\u00bb text_line_height=\u00bb1.2em\u00bb header_text_align_tablet=\u00bb\u00bb header_text_align_phone=\u00bbcenter\u00bb header_text_align_last_edited=\u00bbon|phone\u00bb global_colors_info=\u00bb{}\u00bb]<\/p>\n<p style=\"text-align: center;\"><strong>S\u00edguenos en nuestras redes sociales:<\/strong><\/p>\n<p>[\/et_pb_text][et_pb_social_media_follow icon_color=\u00bb#FFFFFF\u00bb _builder_version=\u00bb4.22.2&#8243; _module_preset=\u00bbdefault\u00bb text_orientation=\u00bbcenter\u00bb text_orientation_tablet=\u00bb\u00bb text_orientation_phone=\u00bbcenter\u00bb text_orientation_last_edited=\u00bbon|phone\u00bb global_colors_info=\u00bb{}\u00bb][et_pb_social_media_follow_network social_network=\u00bbinstagram\u00bb url=\u00bbhttps:\/\/www.instagram.com\/upla_comunica\/\u00bb _builder_version=\u00bb4.20.4&#8243; _module_preset=\u00bbdefault\u00bb background_color=\u00bb#ea2c59&#8243; global_colors_info=\u00bb{}\u00bb follow_button=\u00bboff\u00bb url_new_window=\u00bbon\u00bb]instagram[\/et_pb_social_media_follow_network][et_pb_social_media_follow_network social_network=\u00bbfacebook\u00bb url=\u00bbhttps:\/\/www.facebook.com\/uplacomunica\u00bb _builder_version=\u00bb4.20.4&#8243; _module_preset=\u00bbdefault\u00bb background_color=\u00bb#3b5998&#8243; global_colors_info=\u00bb{}\u00bb follow_button=\u00bboff\u00bb url_new_window=\u00bbon\u00bb]facebook[\/et_pb_social_media_follow_network][et_pb_social_media_follow_network social_network=\u00bbtwitter\u00bb url=\u00bbhttps:\/\/twitter.com\/upla_comunica\u00bb _builder_version=\u00bb4.22.2&#8243; _module_preset=\u00bbdefault\u00bb background_color=\u00bb#000000&#8243; global_colors_info=\u00bb{}\u00bb follow_button=\u00bboff\u00bb url_new_window=\u00bbon\u00bb]twitter[\/et_pb_social_media_follow_network][et_pb_social_media_follow_network social_network=\u00bbyoutube\u00bb url=\u00bbhttps:\/\/www.youtube.com\/user\/comunicacionesupla\u00bb _builder_version=\u00bb4.20.4&#8243; _module_preset=\u00bbdefault\u00bb background_color=\u00bb#a82400&#8243; global_colors_info=\u00bb{}\u00bb follow_button=\u00bboff\u00bb url_new_window=\u00bbon\u00bb]youtube[\/et_pb_social_media_follow_network][\/et_pb_social_media_follow][\/et_pb_column][\/et_pb_row][\/et_pb_section]<\/p>\n","protected":false},"excerpt":{"rendered":"<p>La movilidad para funcionarias y funcionarios de la Universidad es uno de los objetivos a mediano plazo de nuestra casa de estudios, por lo que se est\u00e1n haciendo los esfuerzos [&hellip;]<\/p>\n","protected":false},"author":1,"featured_media":0,"parent":0,"menu_order":0,"comment_status":"closed","ping_status":"closed","template":"","meta":{"_et_pb_use_builder":"on","_et_pb_old_content":"","_et_gb_content_width":"","footnotes":""},"class_list":["post-393","page","type-page","status-publish","hentry"],"publishpress_future_action":{"enabled":false,"date":"2026-05-10 06:31:05","action":"change-status","newStatus":"draft","terms":[],"taxonomy":"","extraData":[]},"publishpress_future_workflow_manual_trigger":{"enabledWorkflows":[]},"_links":{"self":[{"href":"https:\/\/upla.cl\/relacionesinternacionales\/wp-json\/wp\/v2\/pages\/393","targetHints":{"allow":["GET"]}}],"collection":[{"href":"https:\/\/upla.cl\/relacionesinternacionales\/wp-json\/wp\/v2\/pages"}],"about":[{"href":"https:\/\/upla.cl\/relacionesinternacionales\/wp-json\/wp\/v2\/types\/page"}],"author":[{"embeddable":true,"href":"https:\/\/upla.cl\/relacionesinternacionales\/wp-json\/wp\/v2\/users\/1"}],"replies":[{"embeddable":true,"href":"https:\/\/upla.cl\/relacionesinternacionales\/wp-json\/wp\/v2\/comments?post=393"}],"version-history":[{"count":11,"href":"https:\/\/upla.cl\/relacionesinternacionales\/wp-json\/wp\/v2\/pages\/393\/revisions"}],"predecessor-version":[{"id":455,"href":"https:\/\/upla.cl\/relacionesinternacionales\/wp-json\/wp\/v2\/pages\/393\/revisions\/455"}],"wp:attachment":[{"href":"https:\/\/upla.cl\/relacionesinternacionales\/wp-json\/wp\/v2\/media?parent=393"}],"curies":[{"name":"wp","href":"https:\/\/api.w.org\/{rel}","templated":true}]}}