{"id":158,"date":"2020-12-15T03:41:47","date_gmt":"2020-12-15T06:41:47","guid":{"rendered":"https:\/\/upla.cl\/vicerrectoriaacademica\/?page_id=158"},"modified":"2025-05-23T20:17:43","modified_gmt":"2025-05-24T00:17:43","slug":"estudioseinnovacioncurricular","status":"publish","type":"page","link":"https:\/\/upla.cl\/vicerrectoriaacademica\/estudioseinnovacioncurricular\/","title":{"rendered":"Direcci\u00f3n de Estudios e Innovaci\u00f3n Curricular"},"content":{"rendered":"<p>[et_pb_section fb_built=\u00bb1&#8243; fullwidth=\u00bbon\u00bb _builder_version=\u00bb4.16&#8243; _module_preset=\u00bbdefault\u00bb global_colors_info=\u00bb{}\u00bb][et_pb_fullwidth_slider _builder_version=\u00bb4.16&#8243; _module_preset=\u00bbdefault\u00bb global_colors_info=\u00bb{}\u00bb][et_pb_slide heading=\u00bbDirecci\u00f3n de Estudios e Innovaci\u00f3n Curricular\u00bb _builder_version=\u00bb4.16&#8243; _module_preset=\u00bbdefault\u00bb background_enable_color=\u00bboff\u00bb background_image=\u00bbhttps:\/\/upla.cl\/vicerrectoriaacademica\/wp-content\/uploads\/2020\/12\/02-2.png\u00bb background_enable_image=\u00bbon\u00bb global_colors_info=\u00bb{}\u00bb sticky_transition=\u00bbon\u00bb][\/et_pb_slide][\/et_pb_fullwidth_slider][\/et_pb_section][et_pb_section fb_built=\u00bb1&#8243; admin_label=\u00bbsection\u00bb _builder_version=\u00bb4.16&#8243; global_colors_info=\u00bb{}\u00bb][et_pb_row column_structure=\u00bb1_2,1_2&#8243; admin_label=\u00bbrow\u00bb _builder_version=\u00bb4.16&#8243; background_size=\u00bbinitial\u00bb background_position=\u00bbtop_left\u00bb background_repeat=\u00bbrepeat\u00bb global_colors_info=\u00bb{}\u00bb][et_pb_column type=\u00bb1_2&#8243; _builder_version=\u00bb4.16&#8243; custom_padding=\u00bb|||\u00bb global_colors_info=\u00bb{}\u00bb custom_padding__hover=\u00bb|||\u00bb][et_pb_image src=\u00bbhttps:\/\/upla.cl\/vicerrectoriaacademica\/wp-content\/uploads\/2020\/12\/02-2.png\u00bb title_text=\u00bb02&#8243; _builder_version=\u00bb4.16&#8243; _module_preset=\u00bbdefault\u00bb global_colors_info=\u00bb{}\u00bb][\/et_pb_image][\/et_pb_column][et_pb_column type=\u00bb1_2&#8243; _builder_version=\u00bb4.16&#8243; custom_padding=\u00bb|||\u00bb global_colors_info=\u00bb{}\u00bb custom_padding__hover=\u00bb|||\u00bb][et_pb_text admin_label=\u00bbText\u00bb _builder_version=\u00bb4.16&#8243; header_2_text_color=\u00bb#0c71c3&#8243; background_size=\u00bbinitial\u00bb background_position=\u00bbtop_left\u00bb background_repeat=\u00bbrepeat\u00bb global_colors_info=\u00bb{}\u00bb]<\/p>\n<h2>Relaci\u00f3n directa con acad\u00e9micos y acad\u00e9micas<\/h2>\n<p>La Direcci\u00f3n de Estudios e Innovaci\u00f3n Curricular tiene como misi\u00f3n promover la implementaci\u00f3n del modelo educativo centrado en el estudiante que potencia la generaci\u00f3n de aprendizajes de calidad, aut\u00f3nomos y significativos en la Universidad de Playa Ancha, a trav\u00e9s de la coordinaci\u00f3n entre las pol\u00edticas institucionales relativas a la innovaci\u00f3n curricular y las facultades, velando por una educaci\u00f3n continua, fundada en principios y valores, contextualizada y centrada en la demostraci\u00f3n de competencias de los estudiantes de la Universidad.[\/et_pb_text][et_pb_button button_text=\u00bbAccede al sitio de Estudios e Innovaci\u00f3n Curricular\u00bb _builder_version=\u00bb4.27.4&#8243; _module_preset=\u00bbdefault\u00bb button_url=\u00bbhttps:\/\/www.upla.cl\/innovacioncurricular\/\u00bb url_new_window=\u00bbon\u00bb admin_label=\u00bbBot\u00f3n hacia el sitio de la DEIC\u00bb hover_enabled=\u00bb0&#8243; sticky_enabled=\u00bb0&#8243;][\/et_pb_button][\/et_pb_column][\/et_pb_row][\/et_pb_section]<\/p>\n","protected":false},"excerpt":{"rendered":"<p>Relaci\u00f3n directa con acad\u00e9micos y acad\u00e9micas La Direcci\u00f3n de Estudios e Innovaci\u00f3n Curricular tiene como misi\u00f3n promover la implementaci\u00f3n del modelo educativo centrado en el estudiante que potencia la generaci\u00f3n de aprendizajes de calidad, aut\u00f3nomos y significativos en la Universidad de Playa Ancha, a trav\u00e9s de la coordinaci\u00f3n entre las pol\u00edticas institucionales relativas a la [&hellip;]<\/p>\n","protected":false},"author":2,"featured_media":0,"parent":0,"menu_order":0,"comment_status":"closed","ping_status":"closed","template":"","meta":{"_et_pb_use_builder":"on","_et_pb_old_content":"[vc_row type=\"full_width_content\" full_screen_row_position=\"middle\" column_margin=\"default\" equal_height=\"yes\" content_placement=\"middle\" column_direction=\"default\" column_direction_tablet=\"default\" column_direction_phone=\"default\" bg_color=\"#ffffff\" scene_position=\"center\" text_color=\"dark\" text_align=\"left\" row_border_radius=\"none\" row_border_radius_applies=\"bg\" overlay_strength=\"0.3\" gradient_direction=\"left_to_right\" shape_divider_position=\"bottom\" bg_image_animation=\"none\"][vc_column column_padding=\"padding-10-percent\" column_padding_tablet=\"inherit\" column_padding_phone=\"inherit\" column_padding_position=\"all\" background_color=\"#f4f4f4\" background_color_opacity=\"1\" background_hover_color_opacity=\"1\" column_shadow=\"none\" column_border_radius=\"none\" column_link_target=\"_self\" gradient_direction=\"left_to_right\" overlay_strength=\"0.3\" width=\"1\/2\" tablet_width_inherit=\"default\" tablet_text_alignment=\"default\" phone_text_alignment=\"default\" column_border_width=\"none\" column_border_style=\"solid\" bg_image_animation=\"none\"][vc_row_inner column_margin=\"default\" column_direction=\"default\" column_direction_tablet=\"default\" column_direction_phone=\"default\" text_align=\"left\"][vc_column_inner column_padding=\"no-extra-padding\" column_padding_tablet=\"inherit\" column_padding_phone=\"inherit\" column_padding_position=\"all\" background_color_opacity=\"1\" background_hover_color_opacity=\"1\" column_shadow=\"none\" column_border_radius=\"none\" column_link_target=\"_self\" gradient_direction=\"left_to_right\" overlay_strength=\"0.3\" width=\"1\/1\" tablet_width_inherit=\"default\" column_border_width=\"none\" column_border_style=\"solid\" bg_image_animation=\"none\" enable_animation=\"true\" animation=\"fade-in-from-bottom\"][vc_custom_heading text=\"Vicerrector\u00eda Acad\u00e9mica\" font_container=\"tag:h6|text_align:left|color:%23bfbfbf\" use_theme_fonts=\"yes\" css=\".vc_custom_1626110759465{margin-bottom: 10px !important;}\"][vc_custom_heading text=\"Direcci\u00f3n de Estudios e Innovaci\u00f3n Curricular\" font_container=\"tag:h2|font_size:40|text_align:left|line_height:50px\" use_theme_fonts=\"yes\"][divider line_type=\"No Line\" custom_height=\"30px\"][vc_column_text css_animation=\"flipInX\"]<b style=\"color: #003366; font-size: 13.3333px;\">Relaci\u00f3n directa con acad\u00e9micos y acad\u00e9micas<\/b>\r\n\r\nLa Direcci\u00f3n de Estudios e Innovaci\u00f3n Curricular tiene como misi\u00f3n promover la implementaci\u00f3n del modelo educativo centrado en el estudiante que potencia la generaci\u00f3n de aprendizajes de calidad, aut\u00f3nomos y significativos en la Universidad de Playa Ancha, a trav\u00e9s de la coordinaci\u00f3n entre las pol\u00edticas institucionales relativas a la innovaci\u00f3n curricular y las facultades, velando por una educaci\u00f3n continua, fundada en principios y valores, contextualizada y centrada en la demostraci\u00f3n de competencias de los estudiantes de la Universidad.[\/vc_column_text][nectar_btn size=\"small\" open_new_tab=\"true\" button_style=\"regular\" button_color_2=\"Accent-Color\" icon_family=\"none\" text=\"Sitio Web\" url=\"https:\/\/www.upla.cl\/innovacioncurricular\/\"][\/vc_column_inner][\/vc_row_inner][\/vc_column][vc_column column_padding=\"no-extra-padding\" column_padding_tablet=\"inherit\" column_padding_phone=\"inherit\" column_padding_position=\"all\" background_color_opacity=\"1\" background_hover_color_opacity=\"1\" background_image=\"261\" background_image_position=\"center center\" enable_bg_scale=\"true\" column_shadow=\"none\" column_border_radius=\"none\" column_link_target=\"_self\" gradient_direction=\"left_to_right\" overlay_strength=\"0.3\" width=\"1\/2\" tablet_width_inherit=\"default\" tablet_text_alignment=\"default\" phone_text_alignment=\"default\" column_border_width=\"none\" column_border_style=\"solid\" bg_image_animation=\"none\"][\/vc_column][\/vc_row][vc_row type=\"in_container\" full_screen_row_position=\"middle\" column_margin=\"default\" column_direction=\"default\" column_direction_tablet=\"default\" column_direction_phone=\"default\" scene_position=\"center\" text_color=\"dark\" text_align=\"left\" row_border_radius=\"none\" row_border_radius_applies=\"bg\" overlay_strength=\"0.3\" gradient_direction=\"left_to_right\" shape_divider_position=\"bottom\" bg_image_animation=\"none\"][vc_column column_padding=\"no-extra-padding\" column_padding_tablet=\"inherit\" column_padding_phone=\"inherit\" column_padding_position=\"all\" background_color_opacity=\"1\" background_hover_color_opacity=\"1\" column_shadow=\"none\" column_border_radius=\"none\" column_link_target=\"_self\" gradient_direction=\"left_to_right\" overlay_strength=\"0.3\" width=\"1\/1\" tablet_width_inherit=\"default\" tablet_text_alignment=\"default\" phone_text_alignment=\"default\" column_border_width=\"none\" column_border_style=\"solid\" bg_image_animation=\"none\"][divider line_type=\"No Line\" custom_height=\"30px\"][divider line_type=\"Small Line\" line_alignment=\"center\" line_thickness=\"1\" divider_color=\"default\" custom_height=\"5px\"][\/vc_column][\/vc_row]","_et_gb_content_width":"","footnotes":""},"class_list":["post-158","page","type-page","status-publish","hentry"],"_links":{"self":[{"href":"https:\/\/upla.cl\/vicerrectoriaacademica\/wp-json\/wp\/v2\/pages\/158","targetHints":{"allow":["GET"]}}],"collection":[{"href":"https:\/\/upla.cl\/vicerrectoriaacademica\/wp-json\/wp\/v2\/pages"}],"about":[{"href":"https:\/\/upla.cl\/vicerrectoriaacademica\/wp-json\/wp\/v2\/types\/page"}],"author":[{"embeddable":true,"href":"https:\/\/upla.cl\/vicerrectoriaacademica\/wp-json\/wp\/v2\/users\/2"}],"replies":[{"embeddable":true,"href":"https:\/\/upla.cl\/vicerrectoriaacademica\/wp-json\/wp\/v2\/comments?post=158"}],"version-history":[{"count":13,"href":"https:\/\/upla.cl\/vicerrectoriaacademica\/wp-json\/wp\/v2\/pages\/158\/revisions"}],"predecessor-version":[{"id":128891,"href":"https:\/\/upla.cl\/vicerrectoriaacademica\/wp-json\/wp\/v2\/pages\/158\/revisions\/128891"}],"wp:attachment":[{"href":"https:\/\/upla.cl\/vicerrectoriaacademica\/wp-json\/wp\/v2\/media?parent=158"}],"curies":[{"name":"wp","href":"https:\/\/api.w.org\/{rel}","templated":true}]}}