{"id":166,"date":"2020-12-15T03:42:51","date_gmt":"2020-12-15T06:42:51","guid":{"rendered":"https:\/\/upla.cl\/vicerrectoriaacademica\/?page_id=166"},"modified":"2025-05-23T20:37:54","modified_gmt":"2025-05-24T00:37:54","slug":"unidad-de-acompanamiento-estudiantil","status":"publish","type":"page","link":"https:\/\/upla.cl\/vicerrectoriaacademica\/unidad-de-acompanamiento-estudiantil\/","title":{"rendered":"Unidad de Acompa\u00f1amiento Estudiantil"},"content":{"rendered":"<p>[et_pb_section fb_built=\u00bb1&#8243; fullwidth=\u00bbon\u00bb _builder_version=\u00bb4.16&#8243; _module_preset=\u00bbdefault\u00bb global_colors_info=\u00bb{}\u00bb][et_pb_fullwidth_slider _builder_version=\u00bb4.16&#8243; _module_preset=\u00bbdefault\u00bb global_colors_info=\u00bb{}\u00bb][et_pb_slide heading=\u00bbUnidad de Acompa\u00f1amiento Estudiantil\u00bb _builder_version=\u00bb4.16&#8243; _module_preset=\u00bbdefault\u00bb background_enable_color=\u00bboff\u00bb background_image=\u00bbhttps:\/\/upla.cl\/vicerrectoriaacademica\/wp-content\/uploads\/2020\/12\/09-2.png\u00bb background_enable_image=\u00bbon\u00bb global_colors_info=\u00bb{}\u00bb sticky_transition=\u00bbon\u00bb][\/et_pb_slide][\/et_pb_fullwidth_slider][\/et_pb_section][et_pb_section fb_built=\u00bb1&#8243; _builder_version=\u00bb4.16&#8243; global_colors_info=\u00bb{}\u00bb][et_pb_row column_structure=\u00bb1_2,1_2&#8243; _builder_version=\u00bb4.16&#8243; background_size=\u00bbinitial\u00bb background_position=\u00bbtop_left\u00bb background_repeat=\u00bbrepeat\u00bb global_colors_info=\u00bb{}\u00bb][et_pb_column type=\u00bb1_2&#8243; _builder_version=\u00bb4.16&#8243; custom_padding=\u00bb|||\u00bb global_colors_info=\u00bb{}\u00bb custom_padding__hover=\u00bb|||\u00bb][et_pb_image src=\u00bbhttps:\/\/upla.cl\/vicerrectoriaacademica\/wp-content\/uploads\/2020\/12\/09-2.png\u00bb title_text=\u00bb09&#8243; _builder_version=\u00bb4.16&#8243; _module_preset=\u00bbdefault\u00bb global_colors_info=\u00bb{}\u00bb][\/et_pb_image][\/et_pb_column][et_pb_column type=\u00bb1_2&#8243; _builder_version=\u00bb4.16&#8243; custom_padding=\u00bb|||\u00bb global_colors_info=\u00bb{}\u00bb custom_padding__hover=\u00bb|||\u00bb][et_pb_text _builder_version=\u00bb4.16&#8243; header_2_text_color=\u00bb#0c71c3&#8243; background_size=\u00bbinitial\u00bb background_position=\u00bbtop_left\u00bb background_repeat=\u00bbrepeat\u00bb global_colors_info=\u00bb{}\u00bb]<\/p>\n<h2><b>Relaci\u00f3n directa con estudiantes<\/b><\/h2>\n<p>La <strong>Unidad de Acompa\u00f1amiento Estudiantil<\/strong> promueve la participaci\u00f3n de estudiantes en programas de fortalecimiento acad\u00e9mico y psicosocial, con el prop\u00f3sito de facilitar e influir positivamente en su permanencia mediante el desarrollo de capacidades que favorezcan el aprendizaje, compromiso con su trayectoria formativa y titulaci\u00f3n oportuna.<\/p>\n<p>Tambi\u00e9n, fortalece los \u00e1mbitos de docencia de pregrado, investigaci\u00f3n\u00a0 y gesti\u00f3n estrat\u00e9gica en la Universidad de Playa Ancha, para impactar en el acceso inclusivo y permanencia universitaria de sus estudiantes, en el desarrollo docente, en la formaci\u00f3n acad\u00e9mica en investigaci\u00f3n, en la productividad cient\u00edfica en \u00e1reas estrat\u00e9gicas, en la disminuci\u00f3n de brechas detectadas en unidades de apoyo, infraestructura y en la planificaci\u00f3n de la gesti\u00f3n del equipamiento en tecnolog\u00edas de la informaci\u00f3n y la comunicaci\u00f3n en temas espec\u00edficos a abordar.<\/p>\n<p>[\/et_pb_text][et_pb_button button_text=\u00bbAccede al sitio de la Unidad de Acompa\u00f1amiento Estudiantil (UAE)\u00bb _builder_version=\u00bb4.27.4&#8243; _module_preset=\u00bbdefault\u00bb button_url=\u00bbhttps:\/\/upla.cl\/acompanamientoestudiantil\/\u00bb url_new_window=\u00bbon\u00bb admin_label=\u00bbBot\u00f3n UAE\u00bb hover_enabled=\u00bb0&#8243; sticky_enabled=\u00bb0&#8243;][\/et_pb_button][\/et_pb_column][\/et_pb_row][\/et_pb_section]<\/p>\n","protected":false},"excerpt":{"rendered":"<p>Relaci\u00f3n directa con estudiantes La Unidad de Acompa\u00f1amiento Estudiantil promueve la participaci\u00f3n de estudiantes en programas de fortalecimiento acad\u00e9mico y psicosocial, con el prop\u00f3sito de facilitar e influir positivamente en su permanencia mediante el desarrollo de capacidades que favorezcan el aprendizaje, compromiso con su trayectoria formativa y titulaci\u00f3n oportuna. Tambi\u00e9n, fortalece los \u00e1mbitos de docencia [&hellip;]<\/p>\n","protected":false},"author":2,"featured_media":0,"parent":0,"menu_order":0,"comment_status":"closed","ping_status":"closed","template":"","meta":{"_et_pb_use_builder":"on","_et_pb_old_content":"[vc_row type=\"full_width_content\" full_screen_row_position=\"middle\" column_margin=\"default\" equal_height=\"yes\" content_placement=\"middle\" column_direction=\"default\" column_direction_tablet=\"default\" column_direction_phone=\"default\" bg_color=\"#ffffff\" scene_position=\"center\" text_color=\"dark\" text_align=\"left\" row_border_radius=\"none\" row_border_radius_applies=\"bg\" overlay_strength=\"0.3\" gradient_direction=\"left_to_right\" shape_divider_position=\"bottom\" bg_image_animation=\"none\"][vc_column column_padding=\"padding-10-percent\" column_padding_tablet=\"inherit\" column_padding_phone=\"inherit\" column_padding_position=\"all\" background_color=\"#f4f4f4\" background_color_opacity=\"1\" background_hover_color_opacity=\"1\" column_shadow=\"none\" column_border_radius=\"none\" column_link_target=\"_self\" gradient_direction=\"left_to_right\" overlay_strength=\"0.3\" width=\"1\/2\" tablet_width_inherit=\"default\" tablet_text_alignment=\"default\" phone_text_alignment=\"default\" column_border_width=\"none\" column_border_style=\"solid\" bg_image_animation=\"none\"][vc_row_inner column_margin=\"default\" column_direction=\"default\" column_direction_tablet=\"default\" column_direction_phone=\"default\" text_align=\"left\"][vc_column_inner column_padding=\"no-extra-padding\" column_padding_tablet=\"inherit\" column_padding_phone=\"inherit\" column_padding_position=\"all\" background_color_opacity=\"1\" background_hover_color_opacity=\"1\" column_shadow=\"none\" column_border_radius=\"none\" column_link_target=\"_self\" gradient_direction=\"left_to_right\" overlay_strength=\"0.3\" width=\"1\/1\" tablet_width_inherit=\"default\" column_border_width=\"none\" column_border_style=\"solid\" bg_image_animation=\"none\" enable_animation=\"true\" animation=\"fade-in-from-bottom\"][vc_custom_heading text=\"Vicerrector\u00eda Acad\u00e9mica\r\nDirecci\u00f3n General de Pregrado\" font_container=\"tag:h6|text_align:left|color:%23cecece\" use_theme_fonts=\"yes\" css=\".vc_custom_1628183399658{margin-bottom: 10px !important;}\"][vc_custom_heading text=\"Unidad de Acompa\u00f1amiento Estudiantil\" font_container=\"tag:h2|font_size:40|text_align:left|line_height:50px\" use_theme_fonts=\"yes\"][divider line_type=\"No Line\" custom_height=\"30px\"][vc_column_text css_animation=\"flipInX\"]<span style=\"color: #003366; font-size: 10pt;\"><b>Relaci\u00f3n directa con estudiantes<\/b><\/span>\r\n\r\nLa Unidad de Acompa\u00f1amiento Estudiantil promueve la participaci\u00f3n de estudiantes en programas de fortalecimiento acad\u00e9mico y psicosocial, con el prop\u00f3sito de facilitar e influir positivamente en su permanencia mediante el desarrollo de capacidades que favorezcan el aprendizaje, compromiso con su trayectoria formativa y titulaci\u00f3n oportuna.\r\n\r\nTambi\u00e9n, fortalece los \u00e1mbitos de docencia de pregrado, investigaci\u00f3n\u00a0 y gesti\u00f3n estrat\u00e9gica en la Universidad de Playa Ancha, para impactar en el acceso inclusivo y permanencia universitaria de sus estudiantes, en el desarrollo docente, en la formaci\u00f3n acad\u00e9mica en investigaci\u00f3n, en la productividad cient\u00edfica en \u00e1reas estrat\u00e9gicas, en la disminuci\u00f3n de brechas detectadas en unidades de apoyo, infraestructura y en la planificaci\u00f3n de la gesti\u00f3n del equipamiento en tecnolog\u00edas de la informaci\u00f3n y la comunicaci\u00f3n en temas espec\u00edficos a abordar.[\/vc_column_text][nectar_btn size=\"small\" button_style=\"regular\" button_color_2=\"Accent-Color\" icon_family=\"none\" text=\"Sitio Web\" url=\"https:\/\/www.upla.cl\/accesoypermanencia\"][\/vc_column_inner][\/vc_row_inner][\/vc_column][vc_column column_padding=\"no-extra-padding\" column_padding_tablet=\"inherit\" column_padding_phone=\"inherit\" column_padding_position=\"all\" background_color_opacity=\"1\" background_hover_color_opacity=\"1\" background_image=\"273\" background_image_position=\"center center\" enable_bg_scale=\"true\" column_shadow=\"none\" column_border_radius=\"none\" column_link_target=\"_self\" gradient_direction=\"left_to_right\" overlay_strength=\"0.3\" width=\"1\/2\" tablet_width_inherit=\"default\" tablet_text_alignment=\"default\" phone_text_alignment=\"default\" column_border_width=\"none\" column_border_style=\"solid\" bg_image_animation=\"none\"][\/vc_column][\/vc_row][vc_row type=\"in_container\" full_screen_row_position=\"middle\" column_margin=\"default\" column_direction=\"default\" column_direction_tablet=\"default\" column_direction_phone=\"default\" scene_position=\"center\" text_color=\"dark\" text_align=\"left\" row_border_radius=\"none\" row_border_radius_applies=\"bg\" overlay_strength=\"0.3\" gradient_direction=\"left_to_right\" shape_divider_position=\"bottom\" bg_image_animation=\"none\"][vc_column column_padding=\"no-extra-padding\" column_padding_tablet=\"inherit\" column_padding_phone=\"inherit\" column_padding_position=\"all\" background_color_opacity=\"1\" background_hover_color_opacity=\"1\" column_shadow=\"none\" column_border_radius=\"none\" column_link_target=\"_self\" gradient_direction=\"left_to_right\" overlay_strength=\"0.3\" width=\"1\/1\" tablet_width_inherit=\"default\" tablet_text_alignment=\"default\" phone_text_alignment=\"default\" column_border_width=\"none\" column_border_style=\"solid\" bg_image_animation=\"none\"][divider line_type=\"No Line\" custom_height=\"30px\"][divider line_type=\"Small Line\" line_alignment=\"center\" line_thickness=\"1\" divider_color=\"default\" custom_height=\"5px\"][\/vc_column][\/vc_row]","_et_gb_content_width":"","footnotes":""},"class_list":["post-166","page","type-page","status-publish","hentry"],"_links":{"self":[{"href":"https:\/\/upla.cl\/vicerrectoriaacademica\/wp-json\/wp\/v2\/pages\/166","targetHints":{"allow":["GET"]}}],"collection":[{"href":"https:\/\/upla.cl\/vicerrectoriaacademica\/wp-json\/wp\/v2\/pages"}],"about":[{"href":"https:\/\/upla.cl\/vicerrectoriaacademica\/wp-json\/wp\/v2\/types\/page"}],"author":[{"embeddable":true,"href":"https:\/\/upla.cl\/vicerrectoriaacademica\/wp-json\/wp\/v2\/users\/2"}],"replies":[{"embeddable":true,"href":"https:\/\/upla.cl\/vicerrectoriaacademica\/wp-json\/wp\/v2\/comments?post=166"}],"version-history":[{"count":20,"href":"https:\/\/upla.cl\/vicerrectoriaacademica\/wp-json\/wp\/v2\/pages\/166\/revisions"}],"predecessor-version":[{"id":128905,"href":"https:\/\/upla.cl\/vicerrectoriaacademica\/wp-json\/wp\/v2\/pages\/166\/revisions\/128905"}],"wp:attachment":[{"href":"https:\/\/upla.cl\/vicerrectoriaacademica\/wp-json\/wp\/v2\/media?parent=166"}],"curies":[{"name":"wp","href":"https:\/\/api.w.org\/{rel}","templated":true}]}}