{"id":338,"date":"2021-01-20T03:26:03","date_gmt":"2021-01-20T06:26:03","guid":{"rendered":"https:\/\/upla.cl\/vicerrectoriaacademica\/?page_id=338"},"modified":"2025-05-23T20:41:17","modified_gmt":"2025-05-24T00:41:17","slug":"unidad-de-participacion","status":"publish","type":"page","link":"https:\/\/upla.cl\/vicerrectoriaacademica\/unidad-de-participacion\/","title":{"rendered":"Unidad de Participaci\u00f3n Estudiantil"},"content":{"rendered":"<p>[et_pb_section fb_built=\u00bb1&#8243; fullwidth=\u00bbon\u00bb _builder_version=\u00bb4.16&#8243; _module_preset=\u00bbdefault\u00bb global_colors_info=\u00bb{}\u00bb][et_pb_fullwidth_slider _builder_version=\u00bb4.16&#8243; _module_preset=\u00bbdefault\u00bb global_colors_info=\u00bb{}\u00bb][et_pb_slide heading=\u00bbUnidad de Participaci\u00f3n Estudiantil\u00bb _builder_version=\u00bb4.16&#8243; _module_preset=\u00bbdefault\u00bb background_enable_color=\u00bboff\u00bb background_image=\u00bbhttps:\/\/upla.cl\/vicerrectoriaacademica\/wp-content\/uploads\/2020\/12\/12-1.png\u00bb background_enable_image=\u00bbon\u00bb global_colors_info=\u00bb{}\u00bb sticky_transition=\u00bbon\u00bb][\/et_pb_slide][\/et_pb_fullwidth_slider][\/et_pb_section][et_pb_section fb_built=\u00bb1&#8243; admin_label=\u00bbsection\u00bb _builder_version=\u00bb4.16&#8243; global_colors_info=\u00bb{}\u00bb][et_pb_row column_structure=\u00bb1_2,1_2&#8243; admin_label=\u00bbrow\u00bb _builder_version=\u00bb4.16&#8243; background_size=\u00bbinitial\u00bb background_position=\u00bbtop_left\u00bb background_repeat=\u00bbrepeat\u00bb global_colors_info=\u00bb{}\u00bb][et_pb_column type=\u00bb1_2&#8243; _builder_version=\u00bb4.16&#8243; custom_padding=\u00bb|||\u00bb global_colors_info=\u00bb{}\u00bb custom_padding__hover=\u00bb|||\u00bb][et_pb_image src=\u00bbhttps:\/\/upla.cl\/vicerrectoriaacademica\/wp-content\/uploads\/2020\/12\/12-1.png\u00bb title_text=\u00bb12&#8243; _builder_version=\u00bb4.16&#8243; _module_preset=\u00bbdefault\u00bb global_colors_info=\u00bb{}\u00bb][\/et_pb_image][\/et_pb_column][et_pb_column type=\u00bb1_2&#8243; _builder_version=\u00bb4.16&#8243; custom_padding=\u00bb|||\u00bb global_colors_info=\u00bb{}\u00bb custom_padding__hover=\u00bb|||\u00bb][et_pb_text admin_label=\u00bbText\u00bb _builder_version=\u00bb4.16&#8243; header_2_text_color=\u00bb#0c71c3&#8243; background_size=\u00bbinitial\u00bb background_position=\u00bbtop_left\u00bb background_repeat=\u00bbrepeat\u00bb global_colors_info=\u00bb{}\u00bb]<\/p>\n<h2>Relaci\u00f3n directa con estudiantes\u00a0<\/h2>\n<p>La Unidad desarrolla su quehacer garantizando los valores de equidad, inclusi\u00f3n, sustentabilidad, sociabilidad y solidaridad para la convivencia, dignidad de la persona, compromiso con la calidad y excelencia del quehacer universitario, pero por sobre todo, garantizando la responsabilidad social y participaci\u00f3n democr\u00e1tica, tanto al interior de la comunidad universitaria, como en la sociedad en general.<\/p>\n<p>El objetivo de la Unidad de Participaci\u00f3n Estudiantil es apoyar e incentivar la gesti\u00f3n universitaria institucional, fomentando el talento a trav\u00e9s de la formaci\u00f3n de nuevos l\u00edderes, fortaleciendo a los l\u00edderes existentes y garantizando que cada proceso se desarrolle en un marco de democracia y respeto. Esto se desarrolla a trav\u00e9s de cuatro \u00e1reas: <strong>Organizaciones estudiantiles, Liderazgo y Participaci\u00f3n, Proyectos e Iniciativas Estudiantiles y Compromiso Social, y Voluntariado Universitario.<\/strong>[\/et_pb_text][\/et_pb_column][\/et_pb_row][\/et_pb_section]<\/p>\n","protected":false},"excerpt":{"rendered":"<p>Relaci\u00f3n directa con estudiantes\u00a0 La Unidad desarrolla su quehacer garantizando los valores de equidad, inclusi\u00f3n, sustentabilidad, sociabilidad y solidaridad para la convivencia, dignidad de la persona, compromiso con la calidad y excelencia del quehacer universitario, pero por sobre todo, garantizando la responsabilidad social y participaci\u00f3n democr\u00e1tica, tanto al interior de la comunidad universitaria, como en [&hellip;]<\/p>\n","protected":false},"author":2,"featured_media":0,"parent":0,"menu_order":0,"comment_status":"closed","ping_status":"closed","template":"","meta":{"_et_pb_use_builder":"on","_et_pb_old_content":"[vc_row type=\"full_width_content\" full_screen_row_position=\"middle\" column_margin=\"default\" equal_height=\"yes\" content_placement=\"middle\" column_direction=\"default\" column_direction_tablet=\"default\" column_direction_phone=\"default\" bg_color=\"#232323\" full_height=\"yes\" columns_placement=\"stretch\" scene_position=\"center\" text_color=\"dark\" text_align=\"left\" row_border_radius=\"none\" row_border_radius_applies=\"bg\" overlay_strength=\"0.3\" gradient_direction=\"left_to_right\" shape_divider_position=\"bottom\" bg_image_animation=\"none\"][vc_column column_padding=\"padding-10-percent\" column_padding_tablet=\"inherit\" column_padding_phone=\"inherit\" column_padding_position=\"all\" background_color=\"#f4f4f4\" background_color_opacity=\"1\" background_hover_color_opacity=\"1\" column_shadow=\"none\" column_border_radius=\"none\" column_link_target=\"_self\" gradient_direction=\"left_to_right\" overlay_strength=\"0.3\" width=\"1\/2\" tablet_width_inherit=\"default\" tablet_text_alignment=\"default\" phone_text_alignment=\"default\" column_border_width=\"none\" column_border_style=\"solid\" bg_image_animation=\"none\"][vc_custom_heading text=\"Vicerrector\u00eda Acad\u00e9mica\r\nDirecci\u00f3n General de Desarrollo Estudiantil\" font_container=\"tag:h5|text_align:left|color:%23bfbfbf\" use_theme_fonts=\"yes\" css=\".vc_custom_1628181860820{margin-bottom: 10px !important;}\"][vc_custom_heading text=\"Unidad de Participaci\u00f3n Estudiantil\" font_container=\"tag:h2|font_size:40|text_align:left|line_height:50px\" use_theme_fonts=\"yes\"][vc_column_text css=\".vc_custom_1638476254050{margin-top: 30px !important;margin-bottom: 30px !important;}\"]<span style=\"font-size: 10pt; color: #003366;\"><b>Relaci\u00f3n directa con estudiantes\u00a0<\/b><\/span>\r\n\r\nLa Unidad desarrolla su quehacer garantizando los valores de equidad, inclusi\u00f3n, sustentabilidad, sociabilidad y solidaridad para la convivencia, dignidad de la persona, compromiso con la calidad y excelencia del quehacer universitario, pero por sobre todo, garantizando la responsabilidad social y participaci\u00f3n democr\u00e1tica, tanto al interior de la comunidad universitaria, como en la sociedad en general.\r\n\r\nEl objetivo de la Unidad de Participaci\u00f3n Estudiantil es apoyar e incentivar la gesti\u00f3n universitaria institucional, fomentando el talento a trav\u00e9s de la formaci\u00f3n de nuevos l\u00edderes, fortaleciendo a los l\u00edderes existentes y garantizando que cada proceso se desarrolle en un marco de democracia y respeto. Esto se desarrolla a trav\u00e9s de cuatro \u00e1reas: <strong>Organizaciones estudiantiles, Liderazgo y Participaci\u00f3n, Proyectos e Iniciativas Estudiantiles y Compromiso Social, y Voluntariado Universitario.<\/strong>[\/vc_column_text][\/vc_column][vc_column column_padding=\"no-extra-padding\" column_padding_tablet=\"inherit\" column_padding_phone=\"inherit\" column_padding_position=\"all\" background_color_opacity=\"1\" background_hover_color_opacity=\"1\" background_image=\"226\" background_image_position=\"center center\" enable_bg_scale=\"true\" column_shadow=\"none\" column_border_radius=\"none\" column_link_target=\"_self\" gradient_direction=\"left_to_right\" overlay_strength=\"0.3\" width=\"1\/2\" tablet_width_inherit=\"default\" tablet_text_alignment=\"default\" phone_text_alignment=\"default\" column_border_width=\"none\" column_border_style=\"solid\" bg_image_animation=\"none\"][\/vc_column][\/vc_row][vc_row type=\"in_container\" full_screen_row_position=\"middle\" column_margin=\"default\" column_direction=\"default\" column_direction_tablet=\"default\" column_direction_phone=\"default\" scene_position=\"center\" text_color=\"dark\" text_align=\"left\" row_border_radius=\"none\" row_border_radius_applies=\"bg\" overlay_strength=\"0.3\" gradient_direction=\"left_to_right\" shape_divider_position=\"bottom\" bg_image_animation=\"none\"][vc_column column_padding=\"no-extra-padding\" column_padding_tablet=\"inherit\" column_padding_phone=\"inherit\" column_padding_position=\"all\" background_color_opacity=\"1\" background_hover_color_opacity=\"1\" column_shadow=\"none\" column_border_radius=\"none\" column_link_target=\"_self\" gradient_direction=\"left_to_right\" overlay_strength=\"0.3\" width=\"1\/1\" tablet_width_inherit=\"default\" tablet_text_alignment=\"default\" phone_text_alignment=\"default\" column_border_width=\"none\" column_border_style=\"solid\" bg_image_animation=\"none\"][divider line_type=\"No Line\"][divider line_type=\"Small Line\" line_alignment=\"center\" line_thickness=\"1\" divider_color=\"default\"][\/vc_column][\/vc_row]","_et_gb_content_width":"","footnotes":""},"class_list":["post-338","page","type-page","status-publish","hentry"],"_links":{"self":[{"href":"https:\/\/upla.cl\/vicerrectoriaacademica\/wp-json\/wp\/v2\/pages\/338","targetHints":{"allow":["GET"]}}],"collection":[{"href":"https:\/\/upla.cl\/vicerrectoriaacademica\/wp-json\/wp\/v2\/pages"}],"about":[{"href":"https:\/\/upla.cl\/vicerrectoriaacademica\/wp-json\/wp\/v2\/types\/page"}],"author":[{"embeddable":true,"href":"https:\/\/upla.cl\/vicerrectoriaacademica\/wp-json\/wp\/v2\/users\/2"}],"replies":[{"embeddable":true,"href":"https:\/\/upla.cl\/vicerrectoriaacademica\/wp-json\/wp\/v2\/comments?post=338"}],"version-history":[{"count":10,"href":"https:\/\/upla.cl\/vicerrectoriaacademica\/wp-json\/wp\/v2\/pages\/338\/revisions"}],"predecessor-version":[{"id":128909,"href":"https:\/\/upla.cl\/vicerrectoriaacademica\/wp-json\/wp\/v2\/pages\/338\/revisions\/128909"}],"wp:attachment":[{"href":"https:\/\/upla.cl\/vicerrectoriaacademica\/wp-json\/wp\/v2\/media?parent=338"}],"curies":[{"name":"wp","href":"https:\/\/api.w.org\/{rel}","templated":true}]}}