{"id":17229308,"date":"2026-04-27T08:46:59","date_gmt":"2026-04-27T12:46:59","guid":{"rendered":"https:\/\/upla.cl\/vinculacion\/?post_type=project&#038;p=17229308"},"modified":"2026-04-27T08:49:00","modified_gmt":"2026-04-27T12:49:00","slug":"programa-de-salud-integrativa-para-profesionales-de-los-servicios-de-salud-vina-del-mar-quillota-y-aconcagua","status":"publish","type":"project","link":"https:\/\/upla.cl\/vinculacion\/project\/programa-de-salud-integrativa-para-profesionales-de-los-servicios-de-salud-vina-del-mar-quillota-y-aconcagua\/","title":{"rendered":"\u201cPrograma de salud integrativa para profesionales de los Servicios de Salud Vi\u00f1a del Mar-Quillota y Aconcagua\u201d"},"content":{"rendered":"<p>[et_pb_section fb_built=\u00bb1&#8243; admin_label=\u00bbT\u00edtulo\u00bb _builder_version=\u00bb4.27.4&#8243; custom_padding=\u00bb0px|||||\u00bb global_colors_info=\u00bb{}\u00bb][et_pb_row admin_label=\u00bbTitulo\u00bb _builder_version=\u00bb4.27.4&#8243; background_size=\u00bbinitial\u00bb background_position=\u00bbtop_left\u00bb background_repeat=\u00bbrepeat\u00bb width=\u00bb100%\u00bb min_height=\u00bb500px\u00bb custom_padding=\u00bb2px|||||\u00bb global_colors_info=\u00bb{}\u00bb][et_pb_column type=\u00bb4_4&#8243; _builder_version=\u00bb4.16&#8243; custom_padding=\u00bb|||\u00bb global_colors_info=\u00bb{}\u00bb custom_padding__hover=\u00bb|||\u00bb][et_pb_heading title=\u00bb\u201cPrograma de salud integrativa para profesionales de los Servicios de Salud Vi\u00f1a del Mar-Quillota y Aconcagua\u201d\u00bb _builder_version=\u00bb4.27.5&#8243; _module_preset=\u00bbdefault\u00bb title_font=\u00bbLato|700|||||||\u00bb title_text_align=\u00bbcenter\u00bb title_text_color=\u00bb#FFFFFF\u00bb title_font_size=\u00bb50px\u00bb background_color=\u00bb#007bff\u00bb background_image=\u00bbhttps:\/\/upla.cl\/vinculacion\/wp-content\/uploads\/2025\/11\/Actividad-Cafe-de-la-Muerte.jpg\u00bb background_blend=\u00bbmultiply\u00bb custom_margin=\u00bb0px||||false|false\u00bb custom_padding=\u00bb10%||10%||true|false\u00bb global_colors_info=\u00bb{}\u00bb][\/et_pb_heading][\/et_pb_column][\/et_pb_row][et_pb_row _builder_version=\u00bb4.27.4&#8243; _module_preset=\u00bbdefault\u00bb width=\u00bb90%\u00bb global_colors_info=\u00bb{}\u00bb][et_pb_column type=\u00bb4_4&#8243; _builder_version=\u00bb4.27.4&#8243; _module_preset=\u00bbdefault\u00bb global_colors_info=\u00bb{}\u00bb][et_pb_text admin_label=\u00bbDescripci\u00f3n\u00bb _builder_version=\u00bb4.27.4&#8243; _module_preset=\u00bbdefault\u00bb text_font=\u00bbLato||||||||\u00bb text_font_size=\u00bb16px\u00bb header_font=\u00bbLato||||||||\u00bb header_text_align=\u00bbleft\u00bb background_color=\u00bb#f4f2f2&#8243; custom_margin=\u00bb0px||||false|false\u00bb custom_padding=\u00bb33px||33px|38px|true|false\u00bb global_colors_info=\u00bb{}\u00bb]<b>Proyecto Social Crealab 2023 \u201cPrograma de salud integrativa para profesionales de los Servicios de Salud Vi\u00f1a del Mar-Quillota y Aconcagua\u201d<\/b><\/p>\n<p><strong>Responsables:<\/strong> <span style=\"font-weight: 400;\">Marcelo Sandoval Ram\u00edrez y Mar\u00eda Fernanda Agudelo Vizca\u00edno<\/span><br \/>\n[\/et_pb_text][\/et_pb_column][\/et_pb_row][et_pb_row column_structure=\u00bb1_3,1_3,1_3&#8243; admin_label=\u00bbDescripci\u00f3n del proyecto\u00bb _builder_version=\u00bb4.27.4&#8243; _module_preset=\u00bbdefault\u00bb width=\u00bb90%\u00bb global_colors_info=\u00bb{}\u00bb][et_pb_column type=\u00bb1_3&#8243; _builder_version=\u00bb4.27.4&#8243; _module_preset=\u00bbdefault\u00bb global_colors_info=\u00bb{}\u00bb][et_pb_toggle title=\u00bb\u00bfC\u00f3mo naci\u00f3 la idea de este proyecto?\u00bb open_toggle_text_color=\u00bb#009fe3&#8243; closed_toggle_background_color=\u00bb#FFFFFF\u00bb icon_color=\u00bb#009fe3&#8243; toggle_icon=\u00bb&#xf0eb;||fa||900&#8243; open_icon_color=\u00bb#009fe3&#8243; open_toggle_icon=\u00bb&#xe072;||divi||400&#8243; admin_label=\u00bbComo naci\u00f3 este proyecto\u00bb _builder_version=\u00bb4.27.4&#8243; _module_preset=\u00bbdefault\u00bb title_text_color=\u00bb#009fe3&#8243; title_font=\u00bbLato|700|||||||\u00bb body_font=\u00bbLato||||||||\u00bb body_text_align=\u00bbleft\u00bb body_text_color=\u00bb#000000&#8243; custom_padding=\u00bb||||false|false\u00bb border_radii=\u00bbon|15px|15px|15px|15px\u00bb border_width_all=\u00bb2px\u00bb border_color_all=\u00bb#009fe3&#8243; global_colors_info=\u00bb{}\u00bb]<span style=\"font-weight: 400;\">La Facultad de Ciencias de la Salud tiene una larga relaci\u00f3n con los Servicios de Salud de la regi\u00f3n. Desde su necesidad de abordar el bienestar de sus funcionarios, surge la idea de trabajar colaborativamente en un proyecto que lo aborde integralmente, considerando las altas tasas de ausentismo laboral por salud mental. Por lo tanto, se plantea que este proyecto sea una oportunidad para generar un espacio y una red de salud integrativa en colaboraci\u00f3n con la Universidad.<\/span><br \/>\n[\/et_pb_toggle][\/et_pb_column][et_pb_column type=\u00bb1_3&#8243; _builder_version=\u00bb4.27.4&#8243; _module_preset=\u00bbdefault\u00bb global_colors_info=\u00bb{}\u00bb][et_pb_toggle title=\u00bb\u00bfC\u00f3mo lo hicimos?\u00bb open_toggle_text_color=\u00bb#009fe3&#8243; closed_toggle_background_color=\u00bb#FFFFFF\u00bb icon_color=\u00bb#009fe3&#8243; toggle_icon=\u00bb&#xe056;||divi||400&#8243; open_icon_color=\u00bb#009fe3&#8243; open_toggle_icon=\u00bb&#xe072;||divi||400&#8243; admin_label=\u00bbComo lo hicimos\u00bb _builder_version=\u00bb4.27.4&#8243; _module_preset=\u00bbdefault\u00bb title_text_color=\u00bb#009fe3&#8243; title_font=\u00bbLato|700|||||||\u00bb body_font=\u00bbLato||||||||\u00bb body_text_align=\u00bbleft\u00bb body_text_color=\u00bb#000000&#8243; custom_padding=\u00bb||||false|false\u00bb border_radii=\u00bbon|15px|15px|15px|15px\u00bb border_width_all=\u00bb2px\u00bb border_color_all=\u00bb#009fe3&#8243; global_colors_info=\u00bb{}\u00bb]<span style=\"font-weight: 400;\">Se apoy\u00f3 a los funcionarios de salud a trav\u00e9s de un enfoque sistem\u00e1tico que emple\u00f3 t\u00e9cnicas de Salud Integrativa, como la meditaci\u00f3n, el mindfulness, la programaci\u00f3n neuroling\u00fc\u00edstica y el desarrollo personal y en paralelo, se promovi\u00f3 el desarrollo de habilidades interpersonales para impactar positivamente en los espacios de trabajo.<\/span><\/p>\n<p><span style=\"font-weight: 400;\">Adicionalmente, se realizaron actividades de difusi\u00f3n y reflexi\u00f3n sobre tem\u00e1ticas asociadas pensadas en las y los estudiantes en formaci\u00f3n de la facultad.<\/span><br \/>\n[\/et_pb_toggle][\/et_pb_column][et_pb_column type=\u00bb1_3&#8243; _builder_version=\u00bb4.27.4&#8243; _module_preset=\u00bbdefault\u00bb global_colors_info=\u00bb{}\u00bb][et_pb_toggle title=\u00bb\u00bfQu\u00e9 logramos?\u00bb open_toggle_text_color=\u00bb#009fe3&#8243; closed_toggle_background_color=\u00bb#FFFFFF\u00bb icon_color=\u00bb#009fe3&#8243; toggle_icon=\u00bb&#xe052;||divi||400&#8243; open_icon_color=\u00bb#009fe3&#8243; open_toggle_icon=\u00bb&#xe072;||divi||400&#8243; admin_label=\u00bbQue logramos\u00bb _builder_version=\u00bb4.27.4&#8243; _module_preset=\u00bbdefault\u00bb title_text_color=\u00bb#009fe3&#8243; title_font=\u00bbLato|700|||||||\u00bb body_font=\u00bbLato||||||||\u00bb body_text_align=\u00bbleft\u00bb body_text_color=\u00bb#000000&#8243; custom_padding=\u00bb||||false|false\u00bb border_radii=\u00bbon|15px|15px|15px|15px\u00bb border_width_all=\u00bb2px\u00bb border_color_all=\u00bb#009fe3&#8243; global_colors_info=\u00bb{}\u00bb]<i><span style=\"font-weight: 400;\">Contribuci\u00f3n interna:<\/span><\/i><span style=\"font-weight: 400;\"> Estudiantes de la c\u00e1tedra de Bio\u00e9tica y la comunidad universitaria compartieron espacios de reflexi\u00f3n sobre la muerte, as\u00ed como tambi\u00e9n de salud y bienestar, posibilitando abrir debates sobre tem\u00e1ticas que enfrentar\u00e1n en su ejercicio profesional.\u00a0<\/span><\/p>\n<p><i><span style=\"font-weight: 400;\">Contribuci\u00f3n externa:<\/span><\/i><span style=\"font-weight: 400;\"> Se levant\u00f3 y dise\u00f1\u00f3 un plan de acompa\u00f1amiento y red de salud integrativa contando con 12 sesiones que entregaron recomendaciones para mejorar el relacionamiento y comunicaci\u00f3n de los equipos del SSVQ.<\/span><br \/>\n[\/et_pb_toggle][\/et_pb_column][\/et_pb_row][\/et_pb_section][et_pb_section fb_built=\u00bb1&#8243; admin_label=\u00bbFicha del proyecto\u00bb _builder_version=\u00bb4.27.4&#8243; _module_preset=\u00bbdefault\u00bb global_colors_info=\u00bb{}\u00bb][et_pb_row admin_label=\u00bbFicha del proyecto\u00bb _builder_version=\u00bb4.27.4&#8243; _module_preset=\u00bbdefault\u00bb width=\u00bb90%\u00bb global_colors_info=\u00bb{}\u00bb][et_pb_column type=\u00bb4_4&#8243; _builder_version=\u00bb4.27.4&#8243; _module_preset=\u00bbdefault\u00bb global_colors_info=\u00bb{}\u00bb][et_pb_heading title=\u00bbFicha del proyecto\u00bb admin_label=\u00bbT\u00edtulo\u00bb _builder_version=\u00bb4.27.4&#8243; _module_preset=\u00bbdefault\u00bb title_font=\u00bbLato|700|||||||\u00bb title_text_color=\u00bb#009fe3&#8243; custom_margin=\u00bb||32px|||\u00bb custom_padding=\u00bb0px|||||\u00bb global_colors_info=\u00bb{}\u00bb][\/et_pb_heading][et_pb_text admin_label=\u00bbTablas \u00bb _builder_version=\u00bb4.27.4&#8243; _module_preset=\u00bbdefault\u00bb text_font=\u00bbLato||||||||\u00bb text_font_size=\u00bb19px\u00bb text_line_height=\u00bb1.2em\u00bb border_color_all=\u00bb#009fe3&#8243; global_colors_info=\u00bb{}\u00bb]<\/p>\n<table class=\"aligncenter\" style=\"width: 100%; border-collapse: collapse; background-color: #ffffff; border: 1px solid #009fe3;\">\n<tbody>\n<tr>\n<td style=\"width: 50%; border: 1px solid #009fe3; padding: 10px;\"><strong>Nombre Proyecto:<\/strong><\/td>\n<td style=\"width: 50%; border: 1px solid #009fe3; padding: 10px;\">Programa de salud integrativa para profesionales de los Servicios de Salud Vi\u00f1a del Mar-Quillota y Aconcagua<\/td>\n<\/tr>\n<tr>\n<td style=\"width: 50%; border: 1px solid #009fe3; padding: 10px;\"><strong>Convenio(s) Asociado(s):<\/strong><\/td>\n<td style=\"width: 50%; border: 1px solid #009fe3; padding: 10px;\"><span style=\"font-weight: 400;\">N\/A<\/span><\/td>\n<\/tr>\n<tr>\n<td style=\"width: 50%; border: 1px solid #009fe3; padding: 10px;\"><strong>C\u00f3digo proyecto:<\/strong><\/td>\n<td style=\"width: 50%; border: 1px solid #009fe3; padding: 10px;\"><span style=\"font-weight: 400;\">FONDO_SCL_10_2023<\/span><\/td>\n<\/tr>\n<tr>\n<td style=\"width: 50%; border: 1px solid #009fe3; padding: 10px;\"><strong>Equipo Acad\u00e9mico:<\/strong><\/td>\n<td style=\"width: 50%; border: 1px solid #009fe3; padding: 10px;\"><span style=\"font-weight: 400;\">Marcelo Sandoval Ram\u00edrez (Responsable) &#8211; Terapia Ocupacional \u2013 Fac. Ciencias de Salud<\/span><\/p>\n<p><span style=\"font-weight: 400;\">Mar\u00eda Fernanda Agudelo Vizca\u00edno (Co-responsable) &#8211; Fonoaudiolog\u00eda \u2013 Fac. Ciencias de la Salud<\/span><\/p>\n<p><span style=\"font-weight: 400;\">Antonio L\u00f3pez Fuenzalida &#8211;<\/span>Kinesiolog\u00eda <span style=\"font-family: inherit; font-size: inherit;\">\u2013 Fac. Ciencias de la Salud<\/span><\/p>\n<p><span style=\"font-weight: 400;\">Ludmila Varas Yupatova &#8211; Terapia Ocupacional \u2013 Fac. Ciencias de la Salud<\/span><\/p>\n<p><span style=\"font-weight: 400;\">Claudia Fuentes &#8211; <\/span>Enfermer\u00eda &#8211;<span style=\"font-weight: 400;\">Fac. Ciencias de la Salud<\/span><\/td>\n<\/tr>\n<tr>\n<td style=\"width: 50%; border: 1px solid #009fe3; padding: 10px;\"><strong>Estudiantes colaboradores:<\/strong><\/td>\n<td style=\"width: 50%; border: 1px solid #009fe3; padding: 10px;\">Catalina Guerra &#8211; Periodismo &#8211; Fac. de Ciencias Sociales<\/p>\n<p>Rodrigo Aros &#8211; Periodismo &#8211; Fac. de Ciencias Sociales<\/td>\n<\/tr>\n<tr>\n<td style=\"width: 50%; border: 1px solid #009fe3; padding: 10px;\"><strong>N\u00b0 de estudiantes involucrados:<\/strong><\/td>\n<td style=\"width: 50%; border: 1px solid #009fe3; padding: 10px;\"><span style=\"font-weight: 400;\">55 estudiantes<\/span><\/td>\n<\/tr>\n<tr>\n<td style=\"width: 50%; border: 1px solid #009fe3; padding: 10px;\"><strong>N\u00b0 de asignaturas:<\/strong><\/td>\n<td style=\"width: 50%; border: 1px solid #009fe3; padding: 10px;\"><span style=\"font-weight: 400;\">1 asignaturas<\/span><\/td>\n<\/tr>\n<tr>\n<td style=\"width: 50%; border: 1px solid #009fe3; padding: 10px;\"><strong>Agentes Territoriales:<\/strong><\/td>\n<td style=\"width: 50%; border: 1px solid #009fe3; padding: 10px;\">Servicio Aconcagua<\/p>\n<p>Servicio Vi\u00f1a del Mar-Quillota<\/td>\n<\/tr>\n<\/tbody>\n<\/table>\n<p>[\/et_pb_text][\/et_pb_column][\/et_pb_row][\/et_pb_section][et_pb_section fb_built=\u00bb1&#8243; admin_label=\u00bbGaleria\u00bb _builder_version=\u00bb4.27.4&#8243; _module_preset=\u00bbdefault\u00bb global_colors_info=\u00bb{}\u00bb][et_pb_row column_structure=\u00bb3_4,1_4&#8243; admin_label=\u00bbGaleria\u00bb _builder_version=\u00bb4.27.4&#8243; _module_preset=\u00bbdefault\u00bb width=\u00bb90%\u00bb global_colors_info=\u00bb{}\u00bb][et_pb_column type=\u00bb3_4&#8243; _builder_version=\u00bb4.27.4&#8243; _module_preset=\u00bbdefault\u00bb global_colors_info=\u00bb{}\u00bb][et_pb_heading title=\u00bbGaler\u00eda\u00bb _builder_version=\u00bb4.27.4&#8243; _module_preset=\u00bbdefault\u00bb title_font=\u00bbLato|700|||||||\u00bb title_text_color=\u00bb#009fe3&#8243; global_colors_info=\u00bb{}\u00bb][\/et_pb_heading][et_pb_gallery gallery_ids=\u00bb17229312,17229311,17229325&#8243; posts_number=\u00bb3&#8243; zoom_icon_color=\u00bb#ffffff\u00bb hover_overlay_color=\u00bbrgba(0,158,226,0.41)\u00bb hover_icon=\u00bb&#x54;||divi||400&#8243; _builder_version=\u00bb4.27.4&#8243; _module_preset=\u00bbdefault\u00bb title_font=\u00bbLato||||||||\u00bb title_font_size=\u00bb13px\u00bb custom_margin=\u00bb||||false|false\u00bb custom_padding=\u00bb||||false|false\u00bb title_font_size_tablet=\u00bb13px\u00bb title_font_size_phone=\u00bb13px\u00bb title_font_size_last_edited=\u00bbon|phone\u00bb custom_css_free_form=\u00bb.et_pb_gallery_item:hover img {|| mix-blend-mode: multiply;|| background-color: #009fe3;|| transition: 0.3s ease-in-out;\u00bb global_colors_info=\u00bb{}\u00bb][\/et_pb_gallery][\/et_pb_column][et_pb_column type=\u00bb1_4&#8243; _builder_version=\u00bb4.27.4&#8243; _module_preset=\u00bbdefault\u00bb global_colors_info=\u00bb{}\u00bb][et_pb_heading title=\u00bbPoster\u00bb _builder_version=\u00bb4.27.4&#8243; _module_preset=\u00bbdefault\u00bb title_font=\u00bbLato|700|||||||\u00bb title_text_color=\u00bb#009fe3&#8243; global_colors_info=\u00bb{}\u00bb][\/et_pb_heading][et_pb_gallery gallery_ids=\u00bb17229326&#8243; fullwidth=\u00bbon\u00bb _builder_version=\u00bb4.27.5&#8243; _module_preset=\u00bbdefault\u00bb global_colors_info=\u00bb{}\u00bb][\/et_pb_gallery][\/et_pb_column][\/et_pb_row][\/et_pb_section]<\/p>\n","protected":false},"excerpt":{"rendered":"<p>Proyecto Social Crealab 2023 \u201cPrograma de salud integrativa para profesionales de los Servicios de Salud Vi\u00f1a del Mar-Quillota y Aconcagua\u201d Responsables: Marcelo Sandoval Ram\u00edrez y Mar\u00eda Fernanda Agudelo Vizca\u00edno La [&hellip;]<\/p>\n","protected":false},"author":12,"featured_media":6538,"comment_status":"open","ping_status":"closed","template":"","meta":{"_et_pb_use_builder":"on","_et_pb_old_content":"","_et_gb_content_width":"","_price":"","_stock":"","_tribe_ticket_header":"","_tribe_default_ticket_provider":"","_tribe_ticket_capacity":"","_ticket_start_date":"","_ticket_end_date":"","_tribe_ticket_show_description":"","_tribe_ticket_show_not_going":false,"_tribe_ticket_use_global_stock":"","_tribe_ticket_global_stock_level":"","_global_stock_mode":"","_global_stock_cap":"","_tribe_rsvp_for_event":"","_tribe_ticket_going_count":"","_tribe_ticket_not_going_count":"","_tribe_tickets_list":"[]","_tribe_ticket_has_attendee_info_fields":false,"footnotes":""},"project_category":[97],"project_tag":[],"class_list":["post-17229308","project","type-project","status-publish","has-post-thumbnail","hentry","project_category-proyectos-social-crealab-2023"],"_links":{"self":[{"href":"https:\/\/upla.cl\/vinculacion\/wp-json\/wp\/v2\/project\/17229308","targetHints":{"allow":["GET"]}}],"collection":[{"href":"https:\/\/upla.cl\/vinculacion\/wp-json\/wp\/v2\/project"}],"about":[{"href":"https:\/\/upla.cl\/vinculacion\/wp-json\/wp\/v2\/types\/project"}],"author":[{"embeddable":true,"href":"https:\/\/upla.cl\/vinculacion\/wp-json\/wp\/v2\/users\/12"}],"replies":[{"embeddable":true,"href":"https:\/\/upla.cl\/vinculacion\/wp-json\/wp\/v2\/comments?post=17229308"}],"version-history":[{"count":20,"href":"https:\/\/upla.cl\/vinculacion\/wp-json\/wp\/v2\/project\/17229308\/revisions"}],"predecessor-version":[{"id":17234582,"href":"https:\/\/upla.cl\/vinculacion\/wp-json\/wp\/v2\/project\/17229308\/revisions\/17234582"}],"wp:featuredmedia":[{"embeddable":true,"href":"https:\/\/upla.cl\/vinculacion\/wp-json\/wp\/v2\/media\/6538"}],"wp:attachment":[{"href":"https:\/\/upla.cl\/vinculacion\/wp-json\/wp\/v2\/media?parent=17229308"}],"wp:term":[{"taxonomy":"project_category","embeddable":true,"href":"https:\/\/upla.cl\/vinculacion\/wp-json\/wp\/v2\/project_category?post=17229308"},{"taxonomy":"project_tag","embeddable":true,"href":"https:\/\/upla.cl\/vinculacion\/wp-json\/wp\/v2\/project_tag?post=17229308"}],"curies":[{"name":"wp","href":"https:\/\/api.w.org\/{rel}","templated":true}]}}