{"id":17236720,"date":"2026-08-27T16:30:14","date_gmt":"2026-08-27T20:30:14","guid":{"rendered":"https:\/\/upla.cl\/vinculacion\/?post_type=project&#038;p=17236720"},"modified":"2026-08-27T16:30:22","modified_gmt":"2026-08-27T20:30:22","slug":"yo-educo-a-valparaiso","status":"publish","type":"project","link":"https:\/\/upla.cl\/vinculacion\/project\/yo-educo-a-valparaiso\/","title":{"rendered":"Yo educo a Valpara\u00edso"},"content":{"rendered":"<p>[et_pb_section fb_built=\u00bb1&#8243; admin_label=\u00bbT\u00edtulo\u00bb _builder_version=\u00bb4.27.4&#8243; custom_padding=\u00bb3px||9px|||\u00bb global_colors_info=\u00bb{}\u00bb theme_builder_area=\u00bbpost_content\u00bb][et_pb_row admin_label=\u00bbTitulo\u00bb _builder_version=\u00bb4.27.4&#8243; background_size=\u00bbinitial\u00bb background_position=\u00bbtop_left\u00bb background_repeat=\u00bbrepeat\u00bb width=\u00bb100%\u00bb custom_padding=\u00bb10px|||||\u00bb global_colors_info=\u00bb{}\u00bb theme_builder_area=\u00bbpost_content\u00bb][et_pb_column type=\u00bb4_4&#8243; _builder_version=\u00bb4.16&#8243; custom_padding=\u00bb|||\u00bb global_colors_info=\u00bb{}\u00bb custom_padding__hover=\u00bb|||\u00bb theme_builder_area=\u00bbpost_content\u00bb][et_pb_heading title=\u00bbYo educo a Valpara\u00edso\u00bb _builder_version=\u00bb4.27.6&#8243; _module_preset=\u00bbdefault\u00bb title_font=\u00bbLato|700|||||||\u00bb title_text_align=\u00bbleft\u00bb title_text_color=\u00bb#FFFFFF\u00bb title_font_size=\u00bb50px\u00bb background_color=\u00bb#009fe3&#8243; background_image=\u00bbhttps:\/\/upla.cl\/vinculacion\/wp-content\/uploads\/2025\/05\/Yo-educo-2.jpg\u00bb background_blend=\u00bbmultiply\u00bb custom_margin=\u00bb-17px||4px|-2px|false|false\u00bb custom_padding=\u00bb10%||10%|5%|true|false\u00bb hover_enabled=\u00bb0&#8243; text_shadow_style=\u00bbpreset1&#8243; global_colors_info=\u00bb{}\u00bb theme_builder_area=\u00bbpost_content\u00bb sticky_enabled=\u00bb0&#8243; title_text=\u00bbProyecto Yo educo a Valpara\u00edso\u00bb][\/et_pb_heading][\/et_pb_column][\/et_pb_row][et_pb_row column_structure=\u00bb1_3,1_3,1_3&#8243; admin_label=\u00bbDescripci\u00f3n del proyecto\u00bb _builder_version=\u00bb4.27.4&#8243; _module_preset=\u00bbdefault\u00bb width=\u00bb90%\u00bb custom_padding=\u00bb0px||0px|||\u00bb global_colors_info=\u00bb{}\u00bb theme_builder_area=\u00bbpost_content\u00bb][et_pb_column type=\u00bb1_3&#8243; _builder_version=\u00bb4.27.4&#8243; _module_preset=\u00bbdefault\u00bb global_colors_info=\u00bb{}\u00bb theme_builder_area=\u00bbpost_content\u00bb][et_pb_toggle title=\u00bb\u00bfC\u00f3mo naci\u00f3 la idea de este proyecto?\u00bb open_toggle_text_color=\u00bb#009fe3&#8243; closed_toggle_background_color=\u00bb#FFFFFF\u00bb icon_color=\u00bb#009fe3&#8243; toggle_icon=\u00bb&#xf0eb;||fa||900&#8243; open_icon_color=\u00bb#009fe3&#8243; open_toggle_icon=\u00bb&#xe072;||divi||400&#8243; admin_label=\u00bbComo naci\u00f3 este proyecto\u00bb _builder_version=\u00bb4.27.6&#8243; _module_preset=\u00bbdefault\u00bb title_text_color=\u00bb#009fe3&#8243; title_font=\u00bbLato|700|||||||\u00bb body_font=\u00bbLato||||||||\u00bb body_text_align=\u00bbleft\u00bb body_text_color=\u00bb#000000&#8243; body_font_size=\u00bb16px\u00bb custom_padding=\u00bb||||false|false\u00bb hover_enabled=\u00bb0&#8243; border_radii=\u00bbon|15px|15px|15px|15px\u00bb border_width_all=\u00bb2px\u00bb border_color_all=\u00bb#009fe3&#8243; global_colors_info=\u00bb{}\u00bb theme_builder_area=\u00bbpost_content\u00bb sticky_enabled=\u00bb0&#8243;]<\/p>\n<p><span style=\"font-weight: 400;\">El proyecto \u201cYo educo a Valpara\u00edso\u201d surge desde la necesidad de vincular la formaci\u00f3n acad\u00e9mica con problem\u00e1ticas reales del territorio, identificadas junto a agentes territoriales y cuidadores de NNA neurodivergentes. A partir de un diagn\u00f3stico participativo, se dise\u00f1\u00f3 una propuesta interdisciplinaria orientada a fortalecer competencias estudiantiles y responder a necesidades concretas en salud y alimentaci\u00f3n.<\/span><\/p>\n<p><br style=\"font-weight: 400;\" \/><br style=\"font-weight: 400;\" \/><\/p>\n<p>[\/et_pb_toggle][\/et_pb_column][et_pb_column type=\u00bb1_3&#8243; _builder_version=\u00bb4.27.4&#8243; _module_preset=\u00bbdefault\u00bb global_colors_info=\u00bb{}\u00bb theme_builder_area=\u00bbpost_content\u00bb][et_pb_toggle title=\u00bb\u00bfC\u00f3mo lo hicimos?\u00bb open_toggle_text_color=\u00bb#009fe3&#8243; closed_toggle_background_color=\u00bb#FFFFFF\u00bb icon_color=\u00bb#009fe3&#8243; toggle_icon=\u00bb&#xe056;||divi||400&#8243; open_icon_color=\u00bb#009fe3&#8243; open_toggle_icon=\u00bb&#xe072;||divi||400&#8243; admin_label=\u00bbComo lo hicimos\u00bb _builder_version=\u00bb4.27.6&#8243; _module_preset=\u00bbdefault\u00bb title_text_color=\u00bb#009fe3&#8243; title_font=\u00bbLato|700|||||||\u00bb body_font=\u00bbLato||||||||\u00bb body_text_align=\u00bbleft\u00bb body_text_color=\u00bb#000000&#8243; body_font_size=\u00bb16px\u00bb custom_padding=\u00bb||||false|false\u00bb hover_enabled=\u00bb0&#8243; border_radii=\u00bbon|15px|15px|15px|15px\u00bb border_width_all=\u00bb2px\u00bb border_color_all=\u00bb#009fe3&#8243; global_colors_info=\u00bb{}\u00bb theme_builder_area=\u00bbpost_content\u00bb sticky_enabled=\u00bb0&#8243;]<\/p>\n<p><span style=\"font-weight: 400;\">Se logr\u00f3 a trav\u00e9s de una relaci\u00f3n bidireccional con la comunidad, donde cuidadores y agentes territoriales participaron activamente en el proceso. La flexibilidad metodol\u00f3gica, el trabajo interdisciplinario y la adaptaci\u00f3n en terreno permitieron generar aprendizajes mutuos, fortalecer competencias estudiantiles y asegurar la pertinencia de las acciones, proyectando adem\u00e1s la sostenibilidad del proyecto.<\/span><\/p>\n<p>[\/et_pb_toggle][\/et_pb_column][et_pb_column type=\u00bb1_3&#8243; _builder_version=\u00bb4.27.4&#8243; _module_preset=\u00bbdefault\u00bb global_colors_info=\u00bb{}\u00bb theme_builder_area=\u00bbpost_content\u00bb][et_pb_toggle title=\u00bb\u00bfQu\u00e9 logramos?\u00bb open_toggle_text_color=\u00bb#009fe3&#8243; closed_toggle_background_color=\u00bb#FFFFFF\u00bb icon_color=\u00bb#009fe3&#8243; toggle_icon=\u00bb&#xe052;||divi||400&#8243; open_icon_color=\u00bb#009fe3&#8243; open_toggle_icon=\u00bb&#xe072;||divi||400&#8243; admin_label=\u00bbQue logramos\u00bb _builder_version=\u00bb4.27.6&#8243; _module_preset=\u00bbdefault\u00bb title_text_color=\u00bb#009fe3&#8243; title_font=\u00bbLato|700|||||||\u00bb body_font=\u00bbLato||||||||\u00bb body_text_align=\u00bbleft\u00bb body_text_color=\u00bb#000000&#8243; body_font_size=\u00bb16px\u00bb custom_padding=\u00bb||||false|false\u00bb hover_enabled=\u00bb0&#8243; border_radii=\u00bbon|15px|15px|15px|15px\u00bb border_width_all=\u00bb2px\u00bb border_color_all=\u00bb#009fe3&#8243; global_colors_info=\u00bb{}\u00bb theme_builder_area=\u00bbpost_content\u00bb sticky_enabled=\u00bb0&#8243;]<\/p>\n<p><span style=\"font-weight: 400;\">El proyecto fortaleci\u00f3 competencias t\u00e9cnicas, comunicacionales e interdisciplinarias en estudiantes mediante trabajo en terreno. En la comunidad, se promovieron aprendizajes en salud, alimentaci\u00f3n y autocuidado, junto con acompa\u00f1amiento emocional a cuidadores. Adem\u00e1s, se generaron capacidades de liderazgo y replicabilidad, consolidando v\u00ednculos con organizaciones y proyectando continuidad y futuras acciones de apoyo.<\/span><\/p>\n<p>[\/et_pb_toggle][\/et_pb_column][\/et_pb_row][\/et_pb_section][et_pb_section fb_built=\u00bb1&#8243; admin_label=\u00bbFicha del proyecto\u00bb _builder_version=\u00bb4.27.4&#8243; _module_preset=\u00bbdefault\u00bb custom_padding=\u00bb16px||14px|||\u00bb global_colors_info=\u00bb{}\u00bb theme_builder_area=\u00bbpost_content\u00bb][et_pb_row admin_label=\u00bbFicha del proyecto\u00bb _builder_version=\u00bb4.27.4&#8243; _module_preset=\u00bbdefault\u00bb width=\u00bb90%\u00bb custom_padding=\u00bb0px||0px|||\u00bb global_colors_info=\u00bb{}\u00bb theme_builder_area=\u00bbpost_content\u00bb][et_pb_column type=\u00bb4_4&#8243; _builder_version=\u00bb4.27.4&#8243; _module_preset=\u00bbdefault\u00bb global_colors_info=\u00bb{}\u00bb theme_builder_area=\u00bbpost_content\u00bb][et_pb_heading title=\u00bbFicha del proyecto\u00bb admin_label=\u00bbT\u00edtulo\u00bb _builder_version=\u00bb4.27.4&#8243; _module_preset=\u00bbdefault\u00bb title_font=\u00bbLato|700|||||||\u00bb title_text_color=\u00bb#009fe3&#8243; custom_margin=\u00bb||32px|||\u00bb custom_padding=\u00bb0px|||||\u00bb global_colors_info=\u00bb{}\u00bb theme_builder_area=\u00bbpost_content\u00bb][\/et_pb_heading][et_pb_text admin_label=\u00bbTablas \u00bb _builder_version=\u00bb4.27.6&#8243; _module_preset=\u00bbdefault\u00bb text_font=\u00bbLato||||||||\u00bb text_font_size=\u00bb19px\u00bb text_line_height=\u00bb1.2em\u00bb hover_enabled=\u00bb0&#8243; border_color_all=\u00bb#009fe3&#8243; global_colors_info=\u00bb{}\u00bb theme_builder_area=\u00bbpost_content\u00bb sticky_enabled=\u00bb0&#8243;]<\/p>\n<p>&nbsp;<\/p>\n<table class=\"aligncenter\" style=\"border-collapse: collapse; background-color: #ffffff;\">\n<tbody>\n<tr>\n<td style=\"width: 50%; border: 1px solid #009fe3; padding: 10px;\"><strong>Convenio(s) Asociado(s):<\/strong><\/td>\n<td style=\"width: 50%; border: 1px solid #009fe3; padding: 10px;\">N\/A<\/td>\n<\/tr>\n<tr>\n<td style=\"width: 50%; border: 1px solid #009fe3; padding: 10px;\"><strong>C\u00f3digo proyecto:<\/strong><\/td>\n<td style=\"width: 50%; border: 1px solid #009fe3; padding: 10px;\"><span style=\"font-weight: 400;\">FONDO_SCL_04_2024<\/span><\/td>\n<\/tr>\n<tr>\n<td style=\"width: 50%; border: 1px solid #009fe3; padding: 10px;\"><strong>Equipo Acad\u00e9mico:<\/strong><\/td>\n<td style=\"width: 50%; border: 1px solid #009fe3; padding: 10px;\">\n<ul>\n<li><span style=\"font-weight: 400;\">Javier Aros Rodena<\/span> <span style=\"font-weight: 400;\"> (Responsable) &#8211; Correo: <a href=\"mailto:javier.aros@upla.cl\">javier.aros@upla.cl<\/a><\/span>\n<ul>\n<li><span style=\"font-weight: 400;\">Nutrici\u00f3n y Diet\u00e9tica \u2013 Fac. de Ciencias de la Salud<\/span><\/li>\n<\/ul>\n<\/li>\n<li><span style=\"font-weight: 400;\">Dominique Perrot (Co-responsable) &#8211; Correo: <a href=\"mailto:dominique.perrot@upla.cl\">dominique.perrot@upla.cl<\/a><\/span>\n<ul>\n<li><span style=\"font-weight: 400;\">Enfermer\u00eda\u2013 Fac. de Ciencias de la Salud<\/span><\/li>\n<\/ul>\n<\/li>\n<li><span style=\"font-weight: 400;\">Natalia Mu\u00f1oz Palma<\/span> <span style=\"font-weight: 400;\"> &#8211; Correo: <a href=\"mailto:natalia.munoz@upla.cl\">natalia.munoz@upla.cl<\/a><\/span>\n<ul>\n<li><span style=\"font-weight: 400;\">Nutrici\u00f3n y Diet\u00e9tica\u2013 Fac. de Ciencias de la Salud<\/span><\/li>\n<\/ul>\n<\/li>\n<li><span style=\"font-weight: 400;\">Lilian Loezar Perez<\/span> <span style=\"font-weight: 400;\">&#8211; Correo:<a href=\"mailto:lillian.loezar@upla.cl\"> lillian.loezar@upla.cl<\/a> <\/span>\n<ul>\n<li><span style=\"font-weight: 400;\">Psicolog\u00eda\u2013 Fac. de Ciencias Sociales<\/span><\/li>\n<\/ul>\n<\/li>\n<\/ul>\n<\/td>\n<\/tr>\n<tr>\n<td style=\"width: 50%; border: 1px solid #009fe3; padding: 10px;\"><strong>Estudiantes colaboradores:<\/strong><\/td>\n<td style=\"width: 50%; border: 1px solid #009fe3; padding: 10px;\">\n<p><span style=\"font-weight: 400;\">Dayana Paez &#8211; Nutrici\u00f3n y Diet\u00e9tica &#8211; Fac. Ciencias de la Salud<\/span><\/p>\n<p><span style=\"font-weight: 400;\">Abril Caster\u00e1n &#8211; Nutrici\u00f3n y Diet\u00e9tica &#8211; Fac. Ciencias de la Salud<\/span><\/p>\n<p><span style=\"font-weight: 400;\">Esli Troncoso &#8211; Enfermer\u00eda &#8211; Fac. Ciencias de la Salud<\/span><\/p>\n<p><span style=\"font-weight: 400;\">Jerson Sanchez &#8211; Enfermer\u00eda &#8211; Fac. Ciencias de la Salud<\/span><\/p>\n<\/td>\n<\/tr>\n<tr>\n<td style=\"width: 50%; border: 1px solid #009fe3; padding: 10px;\"><strong>N\u00b0 de estudiantes involucrados:<\/strong><\/td>\n<td style=\"width: 50%; border: 1px solid #009fe3; padding: 10px;\"><span style=\"font-weight: 400;\">7 estudiantes<\/span><\/td>\n<\/tr>\n<tr>\n<td style=\"width: 50%; border: 1px solid #009fe3; padding: 10px;\"><strong>N\u00b0 de asignaturas:<\/strong><\/td>\n<td style=\"width: 50%; border: 1px solid #009fe3; padding: 10px;\"><span style=\"font-weight: 400;\">3 asignaturas<\/span><\/td>\n<\/tr>\n<tr>\n<td style=\"width: 50%; border: 1px solid #009fe3; padding: 10px;\"><strong>Agentes Territoriales:<\/strong><\/td>\n<td style=\"width: 50%; border: 1px solid #009fe3; padding: 10px;\">\n<p><span style=\"font-weight: 400;\">Sembrando Esperanza (Ex. Yo Cuido)<\/span><\/p>\n<p><span style=\"font-weight: 400;\">Autismo Marga Marga<\/span><\/p>\n<p><span style=\"font-weight: 400;\">Centro Comunal de Autismo<\/span><\/p>\n<p><span style=\"font-weight: 400;\">Municipalidad de Quillota<\/span><\/p>\n<\/td>\n<\/tr>\n<\/tbody>\n<\/table>\n<p>[\/et_pb_text][\/et_pb_column][\/et_pb_row][\/et_pb_section][et_pb_section fb_built=\u00bb1&#8243; admin_label=\u00bbGaleria\u00bb _builder_version=\u00bb4.27.4&#8243; _module_preset=\u00bbdefault\u00bb custom_padding=\u00bb21px|||||\u00bb global_colors_info=\u00bb{}\u00bb theme_builder_area=\u00bbpost_content\u00bb][et_pb_row column_structure=\u00bb3_4,1_4&#8243; admin_label=\u00bbGaleria\u00bb _builder_version=\u00bb4.27.4&#8243; _module_preset=\u00bbdefault\u00bb width=\u00bb90%\u00bb custom_padding=\u00bb0px|||||\u00bb global_colors_info=\u00bb{}\u00bb theme_builder_area=\u00bbpost_content\u00bb][et_pb_column type=\u00bb3_4&#8243; _builder_version=\u00bb4.27.4&#8243; _module_preset=\u00bbdefault\u00bb global_colors_info=\u00bb{}\u00bb theme_builder_area=\u00bbpost_content\u00bb][et_pb_heading title=\u00bbGaler\u00eda\u00bb _builder_version=\u00bb4.27.4&#8243; _module_preset=\u00bbdefault\u00bb title_font=\u00bbLato|700|||||||\u00bb title_text_color=\u00bb#009fe3&#8243; global_colors_info=\u00bb{}\u00bb theme_builder_area=\u00bbpost_content\u00bb][\/et_pb_heading][et_pb_gallery gallery_ids=\u00bb9013,9012,9010&#8243; posts_number=\u00bb3&#8243; zoom_icon_color=\u00bb#ffffff\u00bb hover_overlay_color=\u00bbrgba(0,158,226,0.41)\u00bb hover_icon=\u00bb&#x54;||divi||400&#8243; _builder_version=\u00bb4.27.6&#8243; _module_preset=\u00bbdefault\u00bb title_font=\u00bbLato||||||||\u00bb title_font_size=\u00bb16px\u00bb custom_margin=\u00bb||||false|false\u00bb custom_padding=\u00bb||||false|false\u00bb hover_enabled=\u00bb0&#8243; title_font_size_tablet=\u00bb13px\u00bb title_font_size_phone=\u00bb13px\u00bb title_font_size_last_edited=\u00bbon|phone\u00bb custom_css_free_form=\u00bb.et_pb_gallery_item:hover img {||  mix-blend-mode: multiply;||  background-color: #009fe3;||  transition: 0.3s ease-in-out;\u00bb global_colors_info=\u00bb{}\u00bb theme_builder_area=\u00bbpost_content\u00bb sticky_enabled=\u00bb0&#8243;][\/et_pb_gallery][\/et_pb_column][et_pb_column type=\u00bb1_4&#8243; _builder_version=\u00bb4.27.4&#8243; _module_preset=\u00bbdefault\u00bb global_colors_info=\u00bb{}\u00bb theme_builder_area=\u00bbpost_content\u00bb][\/et_pb_column][\/et_pb_row][\/et_pb_section]<\/p>\n","protected":false},"excerpt":{"rendered":"<p>El proyecto \u201cYo educo a Valpara\u00edso\u201d surge desde la necesidad de vincular la formaci\u00f3n acad\u00e9mica con problem\u00e1ticas reales del territorio, identificadas junto a agentes territoriales y cuidadores de NNA neurodivergentes. [&hellip;]<\/p>\n","protected":false},"author":12,"featured_media":9013,"comment_status":"open","ping_status":"closed","template":"","meta":{"_et_pb_use_builder":"on","_et_pb_old_content":"","_et_gb_content_width":"","_price":"","_stock":"","_tribe_ticket_header":"","_tribe_default_ticket_provider":"","_tribe_ticket_capacity":"","_ticket_start_date":"","_ticket_end_date":"","_tribe_ticket_show_description":"","_tribe_ticket_show_not_going":false,"_tribe_ticket_use_global_stock":"","_tribe_ticket_global_stock_level":"","_global_stock_mode":"","_global_stock_cap":"","_tribe_rsvp_for_event":"","_tribe_ticket_going_count":"","_tribe_ticket_not_going_count":"","_tribe_tickets_list":"[]","_tribe_ticket_has_attendee_info_fields":false,"footnotes":""},"project_category":[92],"project_tag":[295],"class_list":["post-17236720","project","type-project","status-publish","has-post-thumbnail","hentry","project_category-proyectos-social-crealab-2024","project_tag-proyectos-social-crealab-2024"],"_links":{"self":[{"href":"https:\/\/upla.cl\/vinculacion\/wp-json\/wp\/v2\/project\/17236720","targetHints":{"allow":["GET"]}}],"collection":[{"href":"https:\/\/upla.cl\/vinculacion\/wp-json\/wp\/v2\/project"}],"about":[{"href":"https:\/\/upla.cl\/vinculacion\/wp-json\/wp\/v2\/types\/project"}],"author":[{"embeddable":true,"href":"https:\/\/upla.cl\/vinculacion\/wp-json\/wp\/v2\/users\/12"}],"replies":[{"embeddable":true,"href":"https:\/\/upla.cl\/vinculacion\/wp-json\/wp\/v2\/comments?post=17236720"}],"version-history":[{"count":2,"href":"https:\/\/upla.cl\/vinculacion\/wp-json\/wp\/v2\/project\/17236720\/revisions"}],"predecessor-version":[{"id":17236723,"href":"https:\/\/upla.cl\/vinculacion\/wp-json\/wp\/v2\/project\/17236720\/revisions\/17236723"}],"wp:featuredmedia":[{"embeddable":true,"href":"https:\/\/upla.cl\/vinculacion\/wp-json\/wp\/v2\/media\/9013"}],"wp:attachment":[{"href":"https:\/\/upla.cl\/vinculacion\/wp-json\/wp\/v2\/media?parent=17236720"}],"wp:term":[{"taxonomy":"project_category","embeddable":true,"href":"https:\/\/upla.cl\/vinculacion\/wp-json\/wp\/v2\/project_category?post=17236720"},{"taxonomy":"project_tag","embeddable":true,"href":"https:\/\/upla.cl\/vinculacion\/wp-json\/wp\/v2\/project_tag?post=17236720"}],"curies":[{"name":"wp","href":"https:\/\/api.w.org\/{rel}","templated":true}]}}