{"id":17236823,"date":"2026-08-31T08:58:20","date_gmt":"2026-08-31T12:58:20","guid":{"rendered":"https:\/\/upla.cl\/vinculacion\/?post_type=project&#038;p=17236823"},"modified":"2026-08-31T08:59:13","modified_gmt":"2026-08-31T12:59:13","slug":"circulos-de-aprendizaje-profesional-docente","status":"publish","type":"project","link":"https:\/\/upla.cl\/vinculacion\/project\/circulos-de-aprendizaje-profesional-docente\/","title":{"rendered":"C\u00edrculos de aprendizaje profesional docente"},"content":{"rendered":"<p>[et_pb_section fb_built=\u00bb1&#8243; admin_label=\u00bbT\u00edtulo\u00bb _builder_version=\u00bb4.27.4&#8243; custom_padding=\u00bb3px||9px|||\u00bb global_colors_info=\u00bb{}\u00bb][et_pb_row admin_label=\u00bbTitulo\u00bb _builder_version=\u00bb4.27.4&#8243; background_size=\u00bbinitial\u00bb background_position=\u00bbtop_left\u00bb background_repeat=\u00bbrepeat\u00bb width=\u00bb100%\u00bb custom_padding=\u00bb10px|||||\u00bb global_colors_info=\u00bb{}\u00bb][et_pb_column type=\u00bb4_4&#8243; _builder_version=\u00bb4.16&#8243; custom_padding=\u00bb|||\u00bb global_colors_info=\u00bb{}\u00bb custom_padding__hover=\u00bb|||\u00bb][et_pb_heading title=\u00bbC\u00edrculos de aprendizaje profesional docente\u00bb _builder_version=\u00bb4.27.6&#8243; _module_preset=\u00bbdefault\u00bb title_font=\u00bbLato|700|||||||\u00bb title_text_align=\u00bbleft\u00bb title_text_color=\u00bb#FFFFFF\u00bb title_font_size=\u00bb50px\u00bb background_color=\u00bb#009fe3&#8243; background_image=\u00bbhttps:\/\/upla.cl\/vinculacion\/wp-content\/uploads\/2026\/08\/Cad-5-Evidencia-8.jpg\u00bb background_blend=\u00bbmultiply\u00bb custom_margin=\u00bb||||false|false\u00bb custom_padding=\u00bb10%||10%|10%|true|false\u00bb hover_enabled=\u00bb0&#8243; text_shadow_style=\u00bbpreset1&#8243; global_colors_info=\u00bb{}\u00bb title_text=\u00bbC\u00edrculos de aprendizaje profesional docente\u00bb sticky_enabled=\u00bb0&#8243;][\/et_pb_heading][\/et_pb_column][\/et_pb_row][et_pb_row column_structure=\u00bb1_3,1_3,1_3&#8243; admin_label=\u00bbDescripci\u00f3n del proyecto\u00bb _builder_version=\u00bb4.27.4&#8243; _module_preset=\u00bbdefault\u00bb width=\u00bb90%\u00bb custom_padding=\u00bb0px||0px|||\u00bb global_colors_info=\u00bb{}\u00bb][et_pb_column type=\u00bb1_3&#8243; _builder_version=\u00bb4.27.4&#8243; _module_preset=\u00bbdefault\u00bb global_colors_info=\u00bb{}\u00bb][et_pb_toggle title=\u00bb\u00bfC\u00f3mo naci\u00f3 la idea de este proyecto?\u00bb open_toggle_text_color=\u00bb#009fe3&#8243; closed_toggle_background_color=\u00bb#FFFFFF\u00bb icon_color=\u00bb#009fe3&#8243; toggle_icon=\u00bb&#xf0eb;||fa||900&#8243; open_icon_color=\u00bb#009fe3&#8243; open_toggle_icon=\u00bb&#xe072;||divi||400&#8243; admin_label=\u00bbComo naci\u00f3 este proyecto\u00bb _builder_version=\u00bb4.27.6&#8243; _module_preset=\u00bbdefault\u00bb title_text_color=\u00bb#009fe3&#8243; title_font=\u00bbLato|700|||||||\u00bb body_font=\u00bbLato||||||||\u00bb body_text_align=\u00bbleft\u00bb body_text_color=\u00bb#000000&#8243; body_font_size=\u00bb16px\u00bb custom_padding=\u00bb||||false|false\u00bb border_radii=\u00bbon|15px|15px|15px|15px\u00bb border_width_all=\u00bb2px\u00bb border_color_all=\u00bb#009fe3&#8243; global_colors_info=\u00bb{}\u00bb]<\/p>\n<p><span style=\"font-weight: 400;\">El proyecto surge desde la necesidad de fortalecer la formaci\u00f3n en investigaci\u00f3n educacional mediante experiencias formativas situadas y reflexivas, vinculando a estudiantes de pedagog\u00eda con profesores en ejercicio. A partir de iniciativas previas CreaLab, se busc\u00f3 generar espacios de di\u00e1logo y aprendizaje que resignificaran la pr\u00e1ctica docente como un proceso complejo, social y en constante construcci\u00f3n.<\/span><\/p>\n<p>[\/et_pb_toggle][\/et_pb_column][et_pb_column type=\u00bb1_3&#8243; _builder_version=\u00bb4.27.4&#8243; _module_preset=\u00bbdefault\u00bb global_colors_info=\u00bb{}\u00bb][et_pb_toggle title=\u00bb\u00bfC\u00f3mo lo hicimos?\u00bb open_toggle_text_color=\u00bb#009fe3&#8243; closed_toggle_background_color=\u00bb#FFFFFF\u00bb icon_color=\u00bb#009fe3&#8243; toggle_icon=\u00bb&#xe056;||divi||400&#8243; open_icon_color=\u00bb#009fe3&#8243; open_toggle_icon=\u00bb&#xe072;||divi||400&#8243; admin_label=\u00bbComo lo hicimos\u00bb _builder_version=\u00bb4.27.6&#8243; _module_preset=\u00bbdefault\u00bb title_text_color=\u00bb#009fe3&#8243; title_font=\u00bbLato|700|||||||\u00bb body_font=\u00bbLato||||||||\u00bb body_text_align=\u00bbleft\u00bb body_text_color=\u00bb#000000&#8243; body_font_size=\u00bb16px\u00bb custom_padding=\u00bb||||false|false\u00bb border_radii=\u00bbon|15px|15px|15px|15px\u00bb border_width_all=\u00bb2px\u00bb border_color_all=\u00bb#009fe3&#8243; global_colors_info=\u00bb{}\u00bb]<\/p>\n<p><span style=\"font-weight: 400;\">El proyecto se implement\u00f3 mediante c\u00edrculos de aprendizaje dial\u00f3gico (CaDs), integrados a asignaturas de investigaci\u00f3n educacional. Se utilizaron metodolog\u00edas activas como narrativas docentes, investigaci\u00f3n autobiogr\u00e1fica y trabajo reflexivo grupal. Las actividades promovieron el di\u00e1logo, la problematizaci\u00f3n y la reconstrucci\u00f3n de experiencias, integrando a estudiantes de pedagog\u00eda y profesores en ejercicio.<\/span><\/p>\n<p>[\/et_pb_toggle][\/et_pb_column][et_pb_column type=\u00bb1_3&#8243; _builder_version=\u00bb4.27.4&#8243; _module_preset=\u00bbdefault\u00bb global_colors_info=\u00bb{}\u00bb][et_pb_toggle title=\u00bb\u00bfQu\u00e9 logramos?\u00bb open_toggle_text_color=\u00bb#009fe3&#8243; closed_toggle_background_color=\u00bb#FFFFFF\u00bb icon_color=\u00bb#009fe3&#8243; toggle_icon=\u00bb&#xe052;||divi||400&#8243; open_icon_color=\u00bb#009fe3&#8243; open_toggle_icon=\u00bb&#xe072;||divi||400&#8243; admin_label=\u00bbQue logramos\u00bb _builder_version=\u00bb4.27.6&#8243; _module_preset=\u00bbdefault\u00bb title_text_color=\u00bb#009fe3&#8243; title_font=\u00bbLato|700|||||||\u00bb body_font=\u00bbLato||||||||\u00bb body_text_align=\u00bbleft\u00bb body_text_color=\u00bb#000000&#8243; body_font_size=\u00bb16px\u00bb custom_padding=\u00bb||||false|false\u00bb border_radii=\u00bbon|15px|15px|15px|15px\u00bb border_width_all=\u00bb2px\u00bb border_color_all=\u00bb#009fe3&#8243; global_colors_info=\u00bb{}\u00bb]<\/p>\n<p><span style=\"font-weight: 400;\">Se fortaleci\u00f3 la formaci\u00f3n de estudiantes de pedagog\u00eda mediante el desarrollo de habilidades de reflexi\u00f3n cr\u00edtica, comunicaci\u00f3n y trabajo colaborativo. El proyecto permiti\u00f3 resignificar la pr\u00e1ctica docente como un proceso complejo y social, incorporando el di\u00e1logo y la experiencia como ejes formativos. Adem\u00e1s, gener\u00f3 aprendizajes significativos y proyecta su integraci\u00f3n en la formaci\u00f3n curricular docente.<\/span><\/p>\n<p>[\/et_pb_toggle][\/et_pb_column][\/et_pb_row][\/et_pb_section][et_pb_section fb_built=\u00bb1&#8243; admin_label=\u00bbFicha del proyecto\u00bb _builder_version=\u00bb4.27.4&#8243; _module_preset=\u00bbdefault\u00bb custom_padding=\u00bb16px||14px|||\u00bb global_colors_info=\u00bb{}\u00bb][et_pb_row admin_label=\u00bbFicha del proyecto\u00bb _builder_version=\u00bb4.27.4&#8243; _module_preset=\u00bbdefault\u00bb width=\u00bb90%\u00bb custom_padding=\u00bb0px||0px|||\u00bb global_colors_info=\u00bb{}\u00bb][et_pb_column type=\u00bb4_4&#8243; _builder_version=\u00bb4.27.4&#8243; _module_preset=\u00bbdefault\u00bb global_colors_info=\u00bb{}\u00bb][et_pb_heading title=\u00bbFicha del proyecto\u00bb admin_label=\u00bbT\u00edtulo\u00bb _builder_version=\u00bb4.27.4&#8243; _module_preset=\u00bbdefault\u00bb title_font=\u00bbLato|700|||||||\u00bb title_text_color=\u00bb#009fe3&#8243; custom_margin=\u00bb||32px|||\u00bb custom_padding=\u00bb0px|||||\u00bb global_colors_info=\u00bb{}\u00bb][\/et_pb_heading][et_pb_text admin_label=\u00bbTablas \u00bb _builder_version=\u00bb4.27.6&#8243; _module_preset=\u00bbdefault\u00bb text_font=\u00bbLato||||||||\u00bb text_font_size=\u00bb19px\u00bb text_line_height=\u00bb1.2em\u00bb border_color_all=\u00bb#009fe3&#8243; global_colors_info=\u00bb{}\u00bb]<\/p>\n<p>&nbsp;<\/p>\n<table class=\"aligncenter\" style=\"border-collapse: collapse; background-color: #ffffff;\">\n<tbody>\n<tr>\n<td style=\"width: 50%; border: 1px solid #009fe3; padding: 10px;\"><strong>Convenio(s) Asociado(s):<\/strong><\/td>\n<td style=\"width: 50%; border: 1px solid #009fe3; padding: 10px;\"><span style=\"font-weight: 400;\">CD UPA 2395 CD UPA 2295<\/span><\/td>\n<\/tr>\n<tr>\n<td style=\"width: 50%; border: 1px solid #009fe3; padding: 10px;\"><strong>C\u00f3digo proyecto:<\/strong><\/td>\n<td style=\"width: 50%; border: 1px solid #009fe3; padding: 10px;\"><span style=\"font-weight: 400;\">FONDO_SCL_07_2024<\/span><\/td>\n<\/tr>\n<tr>\n<td style=\"width: 50%; border: 1px solid #009fe3; padding: 10px;\"><strong>Equipo Acad\u00e9mico:<\/strong><\/td>\n<td style=\"width: 50%; border: 1px solid #009fe3; padding: 10px;\">\n<ul>\n<li>Luis Guzm\u00e1n Palacios\u00a0<span style=\"font-weight: 400;\"> (Responsable) &#8211; Correo: <a href=\"mailto:luis.guzman@upla.cl\">luis.guzman@upla.cl<\/a>\u00a0<\/span>\n<ul>\n<li><span style=\"font-weight: 400;\">Pedagog\u00eda en Matem\u00e1tica \u2013 Fac. de Ciencias de la Educaci\u00f3n<\/span><\/li>\n<\/ul>\n<\/li>\n<li><span style=\"font-weight: 400;\">Eduardo Cavieres Fern\u00e1ndez (Co-responsable) &#8211; Correo: <a href=\"mailto:ecavieres-cea@upla.cl\">ecavieres-cea@upla.cl<\/a>\u00a0<\/span>\n<ul>\n<li><span style=\"font-weight: 400;\">Investigador \u2013 Fac. de Ciencias de la Educaci\u00f3n<\/span><\/li>\n<\/ul>\n<\/li>\n<li><span style=\"font-weight: 400;\">Salvador Z\u00fa\u00f1iga Cruces\u00a0&#8211; Correo: <a href=\"mailto:salvador.zuniga@upla.cl\">salvador.zuniga@upla.cl<\/a><\/span>\n<ul>\n<li>Profesor Educaci\u00f3n General B\u00e1sica <span style=\"font-family: inherit; font-size: inherit;\">\u2013 Fac. de Ciencias de la Educaci\u00f3n<\/span><\/li>\n<\/ul>\n<\/li>\n<li><span style=\"font-weight: 400;\">Jos\u00e9 Luis P\u00e9rez Flores &#8211; Correo: <a href=\"mailto:jose.perez@upla.cl\">jose.perez@upla.cl<\/a><\/span>\n<ul>\n<li>Psicolog\u00eda &#8211; Fac. de Ciencias Sociales\u00a0<\/li>\n<\/ul>\n<\/li>\n<\/ul>\n<\/td>\n<\/tr>\n<tr>\n<td style=\"width: 50%; border: 1px solid #009fe3; padding: 10px;\"><strong>Estudiantes colaboradores:<\/strong><\/td>\n<td style=\"width: 50%; border: 1px solid #009fe3; padding: 10px;\">\n<p><span style=\"font-weight: 400;\">Felipe \u00c1lvarez Avenda\u00f1o &#8211; Pedagog\u00eda en Filosof\u00eda &#8211; Fac. de Humanidades<\/span><\/p>\n<p><span style=\"font-weight: 400;\">Alejandro Rojas Leiva &#8211; Pedagog\u00eda en Filosof\u00eda &#8211; Fac. de Humanidades<\/span><\/p>\n<p><span style=\"font-weight: 400;\">Roc\u00edo Bel\u00e9n M\u00e9ndez Ugarte &#8211; Pedagog\u00eda en F\u00edsica &#8211; Fac. de Ciencias Naturales y Exactas<\/span><\/p>\n<\/td>\n<\/tr>\n<tr>\n<td style=\"width: 50%; border: 1px solid #009fe3; padding: 10px;\"><strong>N\u00b0 de estudiantes involucrados:<\/strong><\/td>\n<td style=\"width: 50%; border: 1px solid #009fe3; padding: 10px;\"><span style=\"font-weight: 400;\">3 estudiantes<\/span><\/td>\n<\/tr>\n<tr>\n<td style=\"width: 50%; border: 1px solid #009fe3; padding: 10px;\"><strong>N\u00b0 de asignaturas:<\/strong><\/td>\n<td style=\"width: 50%; border: 1px solid #009fe3; padding: 10px;\"><span style=\"font-weight: 400;\">2 asignaturas<\/span><\/td>\n<\/tr>\n<tr>\n<td style=\"width: 50%; border: 1px solid #009fe3; padding: 10px;\"><strong>Agentes Territoriales:<\/strong><\/td>\n<td style=\"width: 50%; border: 1px solid #009fe3; padding: 10px;\">\n<p><span style=\"font-weight: 400;\">Liceo Mar\u00edtimo<\/span><\/p>\n<p><span style=\"font-weight: 400;\">Escuela Hern\u00e1n Olgu\u00edn<\/span><\/p>\n<p><span style=\"font-weight: 400;\">Colegio Casteliano<\/span><\/p>\n<p><span style=\"font-weight: 400;\">Colegio San Nicol\u00e1s<\/span><\/p>\n<p><span style=\"font-weight: 400;\">Liceo Mar\u00eda Reina<\/span><\/p>\n<p><span style=\"font-weight: 400;\">Colegio American College<\/span><\/p>\n<p><span style=\"font-weight: 400;\">Colegio Fernando Duran<\/span><\/p>\n<p><span style=\"font-weight: 400;\">Liceo Rinconada de Silva<\/span><\/p>\n<\/td>\n<\/tr>\n<\/tbody>\n<\/table>\n<p>[\/et_pb_text][\/et_pb_column][\/et_pb_row][\/et_pb_section][et_pb_section fb_built=\u00bb1&#8243; admin_label=\u00bbGaleria\u00bb _builder_version=\u00bb4.27.4&#8243; _module_preset=\u00bbdefault\u00bb custom_padding=\u00bb21px|||||\u00bb global_colors_info=\u00bb{}\u00bb][et_pb_row column_structure=\u00bb3_4,1_4&#8243; admin_label=\u00bbGaleria\u00bb _builder_version=\u00bb4.27.4&#8243; _module_preset=\u00bbdefault\u00bb width=\u00bb90%\u00bb custom_padding=\u00bb0px|||||\u00bb global_colors_info=\u00bb{}\u00bb][et_pb_column type=\u00bb3_4&#8243; _builder_version=\u00bb4.27.4&#8243; _module_preset=\u00bbdefault\u00bb global_colors_info=\u00bb{}\u00bb][et_pb_heading title=\u00bbGaler\u00eda\u00bb _builder_version=\u00bb4.27.4&#8243; _module_preset=\u00bbdefault\u00bb title_font=\u00bbLato|700|||||||\u00bb title_text_color=\u00bb#009fe3&#8243; global_colors_info=\u00bb{}\u00bb][\/et_pb_heading][et_pb_gallery gallery_ids=\u00bb17236825,17236824,17236826&#8243; posts_number=\u00bb3&#8243; zoom_icon_color=\u00bb#ffffff\u00bb hover_overlay_color=\u00bbrgba(0,158,226,0.41)\u00bb hover_icon=\u00bb&#x54;||divi||400&#8243; _builder_version=\u00bb4.27.6&#8243; _module_preset=\u00bbdefault\u00bb title_font=\u00bbLato||||||||\u00bb title_font_size=\u00bb16px\u00bb custom_margin=\u00bb||||false|false\u00bb custom_padding=\u00bb||||false|false\u00bb title_font_size_tablet=\u00bb13px\u00bb title_font_size_phone=\u00bb13px\u00bb title_font_size_last_edited=\u00bbon|phone\u00bb custom_css_free_form=\u00bb.et_pb_gallery_item:hover img {||  mix-blend-mode: multiply;||  background-color: #009fe3;||  transition: 0.3s ease-in-out;\u00bb global_colors_info=\u00bb{}\u00bb][\/et_pb_gallery][\/et_pb_column][et_pb_column type=\u00bb1_4&#8243; _builder_version=\u00bb4.27.4&#8243; _module_preset=\u00bbdefault\u00bb global_colors_info=\u00bb{}\u00bb][\/et_pb_column][\/et_pb_row][\/et_pb_section]<\/p>\n","protected":false},"excerpt":{"rendered":"<p>El proyecto surge desde la necesidad de fortalecer la formaci\u00f3n en investigaci\u00f3n educacional mediante experiencias formativas situadas y reflexivas, vinculando a estudiantes de pedagog\u00eda con profesores en ejercicio. A partir [&hellip;]<\/p>\n","protected":false},"author":12,"featured_media":17236824,"comment_status":"open","ping_status":"closed","template":"","meta":{"_et_pb_use_builder":"on","_et_pb_old_content":"","_et_gb_content_width":"","_price":"","_stock":"","_tribe_ticket_header":"","_tribe_default_ticket_provider":"","_tribe_ticket_capacity":"","_ticket_start_date":"","_ticket_end_date":"","_tribe_ticket_show_description":"","_tribe_ticket_show_not_going":false,"_tribe_ticket_use_global_stock":"","_tribe_ticket_global_stock_level":"","_global_stock_mode":"","_global_stock_cap":"","_tribe_rsvp_for_event":"","_tribe_ticket_going_count":"","_tribe_ticket_not_going_count":"","_tribe_tickets_list":"[]","_tribe_ticket_has_attendee_info_fields":false,"footnotes":""},"project_category":[92],"project_tag":[295],"class_list":["post-17236823","project","type-project","status-publish","has-post-thumbnail","hentry","project_category-proyectos-social-crealab-2024","project_tag-proyectos-social-crealab-2024"],"_links":{"self":[{"href":"https:\/\/upla.cl\/vinculacion\/wp-json\/wp\/v2\/project\/17236823","targetHints":{"allow":["GET"]}}],"collection":[{"href":"https:\/\/upla.cl\/vinculacion\/wp-json\/wp\/v2\/project"}],"about":[{"href":"https:\/\/upla.cl\/vinculacion\/wp-json\/wp\/v2\/types\/project"}],"author":[{"embeddable":true,"href":"https:\/\/upla.cl\/vinculacion\/wp-json\/wp\/v2\/users\/12"}],"replies":[{"embeddable":true,"href":"https:\/\/upla.cl\/vinculacion\/wp-json\/wp\/v2\/comments?post=17236823"}],"version-history":[{"count":3,"href":"https:\/\/upla.cl\/vinculacion\/wp-json\/wp\/v2\/project\/17236823\/revisions"}],"predecessor-version":[{"id":17236830,"href":"https:\/\/upla.cl\/vinculacion\/wp-json\/wp\/v2\/project\/17236823\/revisions\/17236830"}],"wp:featuredmedia":[{"embeddable":true,"href":"https:\/\/upla.cl\/vinculacion\/wp-json\/wp\/v2\/media\/17236824"}],"wp:attachment":[{"href":"https:\/\/upla.cl\/vinculacion\/wp-json\/wp\/v2\/media?parent=17236823"}],"wp:term":[{"taxonomy":"project_category","embeddable":true,"href":"https:\/\/upla.cl\/vinculacion\/wp-json\/wp\/v2\/project_category?post=17236823"},{"taxonomy":"project_tag","embeddable":true,"href":"https:\/\/upla.cl\/vinculacion\/wp-json\/wp\/v2\/project_tag?post=17236823"}],"curies":[{"name":"wp","href":"https:\/\/api.w.org\/{rel}","templated":true}]}}