{"id":17236833,"date":"2026-08-31T10:56:30","date_gmt":"2026-08-31T14:56:30","guid":{"rendered":"https:\/\/upla.cl\/vinculacion\/?post_type=project&#038;p=17236833"},"modified":"2026-08-31T10:56:37","modified_gmt":"2026-08-31T14:56:37","slug":"de-marvel-a-blackdiamonds-diacronia-del-superhero-de-la-memoria-de-valparaiso-desde-una-perspectiva-de-genero","status":"publish","type":"project","link":"https:\/\/upla.cl\/vinculacion\/project\/de-marvel-a-blackdiamonds-diacronia-del-superhero-de-la-memoria-de-valparaiso-desde-una-perspectiva-de-genero\/","title":{"rendered":"De Marvel a Blackdiamonds: Diacron\u00eda del superh\u00e9ro@ de la memoria de Valpara\u00edso desde una perspectiva de g\u00e9nero"},"content":{"rendered":"<p>[et_pb_section fb_built=\u00bb1&#8243; admin_label=\u00bbT\u00edtulo\u00bb _builder_version=\u00bb4.27.4&#8243; custom_padding=\u00bb3px||9px|||\u00bb global_colors_info=\u00bb{}\u00bb theme_builder_area=\u00bbpost_content\u00bb][et_pb_row admin_label=\u00bbTitulo\u00bb _builder_version=\u00bb4.27.4&#8243; background_size=\u00bbinitial\u00bb background_position=\u00bbtop_left\u00bb background_repeat=\u00bbrepeat\u00bb width=\u00bb100%\u00bb custom_padding=\u00bb10px|||||\u00bb global_colors_info=\u00bb{}\u00bb theme_builder_area=\u00bbpost_content\u00bb][et_pb_column type=\u00bb4_4&#8243; _builder_version=\u00bb4.16&#8243; custom_padding=\u00bb|||\u00bb global_colors_info=\u00bb{}\u00bb custom_padding__hover=\u00bb|||\u00bb theme_builder_area=\u00bbpost_content\u00bb][et_pb_heading title=\u00bbDe Marvel a Blackdiamonds: Diacron\u00eda del superh\u00e9ro@ de la memoria de Valpara\u00edso desde una perspectiva de g\u00e9nero\u00bb _builder_version=\u00bb4.27.6&#8243; _module_preset=\u00bbdefault\u00bb title_font=\u00bbLato|700|||||||\u00bb title_text_align=\u00bbleft\u00bb title_text_color=\u00bb#FFFFFF\u00bb title_font_size=\u00bb50px\u00bb background_color=\u00bb#009fe3&#8243; background_image=\u00bbhttps:\/\/upla.cl\/vinculacion\/wp-content\/uploads\/2025\/11\/Jornada-de-trabajo-en-la-Escuela-Diego-Portales-en-Playa-Ancha.jpeg\u00bb background_blend=\u00bbmultiply\u00bb custom_margin=\u00bb-19px||||false|false\u00bb custom_padding=\u00bb10%||10%|6%|true|false\u00bb hover_enabled=\u00bb0&#8243; text_shadow_style=\u00bbpreset1&#8243; global_colors_info=\u00bb{}\u00bb theme_builder_area=\u00bbpost_content\u00bb sticky_enabled=\u00bb0&#8243; title_text=\u00bbJornada de trabajo en la Escuela Diego Portales en Playa Ancha\u00bb][\/et_pb_heading][\/et_pb_column][\/et_pb_row][et_pb_row column_structure=\u00bb1_3,1_3,1_3&#8243; admin_label=\u00bbDescripci\u00f3n del proyecto\u00bb _builder_version=\u00bb4.27.4&#8243; _module_preset=\u00bbdefault\u00bb width=\u00bb90%\u00bb custom_padding=\u00bb0px||0px|||\u00bb global_colors_info=\u00bb{}\u00bb theme_builder_area=\u00bbpost_content\u00bb][et_pb_column type=\u00bb1_3&#8243; _builder_version=\u00bb4.27.4&#8243; _module_preset=\u00bbdefault\u00bb global_colors_info=\u00bb{}\u00bb theme_builder_area=\u00bbpost_content\u00bb][et_pb_toggle title=\u00bb\u00bfC\u00f3mo naci\u00f3 la idea de este proyecto?\u00bb open_toggle_text_color=\u00bb#009fe3&#8243; closed_toggle_background_color=\u00bb#FFFFFF\u00bb icon_color=\u00bb#009fe3&#8243; toggle_icon=\u00bb&#xf0eb;||fa||900&#8243; open_icon_color=\u00bb#009fe3&#8243; open_toggle_icon=\u00bb&#xe072;||divi||400&#8243; admin_label=\u00bbComo naci\u00f3 este proyecto\u00bb _builder_version=\u00bb4.27.6&#8243; _module_preset=\u00bbdefault\u00bb title_text_color=\u00bb#009fe3&#8243; title_font=\u00bbLato|700|||||||\u00bb body_font=\u00bbLato||||||||\u00bb body_text_align=\u00bbleft\u00bb body_text_color=\u00bb#000000&#8243; body_font_size=\u00bb16px\u00bb custom_padding=\u00bb||||false|false\u00bb hover_enabled=\u00bb0&#8243; border_radii=\u00bbon|15px|15px|15px|15px\u00bb border_width_all=\u00bb2px\u00bb border_color_all=\u00bb#009fe3&#8243; global_colors_info=\u00bb{}\u00bb theme_builder_area=\u00bbpost_content\u00bb sticky_enabled=\u00bb0&#8243;]<\/p>\n<p><span style=\"font-weight: 400;\">El proyecto surge desde el inter\u00e9s de resignificar el concepto de superh\u00e9roe desde un enfoque territorial y de g\u00e9nero, rescatando y visibilizando el aporte que han realizado distintos porte\u00f1os y porte\u00f1as, dignos de ser reconocidos como superh\u00e9roes por sus nobles acciones hac\u00eda la comunidad.<\/span> <span style=\"font-weight: 400;\">A ra\u00edz de la historia de un estudiante de Pedagog\u00eda en Ingl\u00e9s que manten\u00eda a su familia y se pagaba sus estudios a trav\u00e9s de la pr\u00e1ctica deportiva de la lucha libre, denomin\u00e1ndose \u201cBlackdiamonds\u201d, inspir\u00f3 a la b\u00fasqueda de m\u00e1s superh\u00e9roes y hero\u00ednas de \u201ccarne y hueso\u201d que est\u00e1n \u201centre nosotros.\u201d<\/span><\/p>\n<p>[\/et_pb_toggle][\/et_pb_column][et_pb_column type=\u00bb1_3&#8243; _builder_version=\u00bb4.27.4&#8243; _module_preset=\u00bbdefault\u00bb global_colors_info=\u00bb{}\u00bb theme_builder_area=\u00bbpost_content\u00bb][et_pb_toggle title=\u00bb\u00bfC\u00f3mo lo hicimos?\u00bb open_toggle_text_color=\u00bb#009fe3&#8243; closed_toggle_background_color=\u00bb#FFFFFF\u00bb icon_color=\u00bb#009fe3&#8243; toggle_icon=\u00bb&#xe056;||divi||400&#8243; open_icon_color=\u00bb#009fe3&#8243; open_toggle_icon=\u00bb&#xe072;||divi||400&#8243; admin_label=\u00bbComo lo hicimos\u00bb _builder_version=\u00bb4.27.6&#8243; _module_preset=\u00bbdefault\u00bb title_text_color=\u00bb#009fe3&#8243; title_font=\u00bbLato|700|||||||\u00bb body_font=\u00bbLato||||||||\u00bb body_text_align=\u00bbleft\u00bb body_text_color=\u00bb#000000&#8243; body_font_size=\u00bb16px\u00bb custom_padding=\u00bb||||false|false\u00bb hover_enabled=\u00bb0&#8243; border_radii=\u00bbon|15px|15px|15px|15px\u00bb border_width_all=\u00bb2px\u00bb border_color_all=\u00bb#009fe3&#8243; global_colors_info=\u00bb{}\u00bb theme_builder_area=\u00bbpost_content\u00bb sticky_enabled=\u00bb0&#8243;]<\/p>\n<p><span style=\"font-weight: 400;\">A trav\u00e9s de entrevistas, talleres, y encuentros en terreno, seleccionamos superh\u00e9roes y hero\u00ednas locales. Estudiantes de pedagog\u00eda y arte crearon materiales did\u00e1cticos y gr\u00e1ficos. Se involucraron activamente docentes, apoderados, agentes culturales y narradores orales, fortaleciendo el v\u00ednculo entre la universidad y la comunidad.<\/span><\/p>\n<p>[\/et_pb_toggle][\/et_pb_column][et_pb_column type=\u00bb1_3&#8243; _builder_version=\u00bb4.27.4&#8243; _module_preset=\u00bbdefault\u00bb global_colors_info=\u00bb{}\u00bb theme_builder_area=\u00bbpost_content\u00bb][et_pb_toggle title=\u00bb\u00bfQu\u00e9 logramos?\u00bb open_toggle_text_color=\u00bb#009fe3&#8243; closed_toggle_background_color=\u00bb#FFFFFF\u00bb icon_color=\u00bb#009fe3&#8243; toggle_icon=\u00bb&#xe052;||divi||400&#8243; open_icon_color=\u00bb#009fe3&#8243; open_toggle_icon=\u00bb&#xe072;||divi||400&#8243; admin_label=\u00bbQue logramos\u00bb _builder_version=\u00bb4.27.6&#8243; _module_preset=\u00bbdefault\u00bb title_text_color=\u00bb#009fe3&#8243; title_font=\u00bbLato|700|||||||\u00bb body_font=\u00bbLato||||||||\u00bb body_text_align=\u00bbleft\u00bb body_text_color=\u00bb#000000&#8243; body_font_size=\u00bb16px\u00bb custom_padding=\u00bb||||false|false\u00bb hover_enabled=\u00bb0&#8243; border_radii=\u00bbon|15px|15px|15px|15px\u00bb border_width_all=\u00bb2px\u00bb border_color_all=\u00bb#009fe3&#8243; global_colors_info=\u00bb{}\u00bb theme_builder_area=\u00bbpost_content\u00bb sticky_enabled=\u00bb0&#8243;]<\/p>\n<p><span style=\"font-weight: 400;\">Socializamos el concepto de superh\u00e9roe con enfoque humano y de g\u00e9nero en barrios y escuelas. Se gener\u00f3 material educativo, fortalecimos procesos formativos de dos carreras y se potenciaron v\u00ednculos con agentes territoriales. Como proyecci\u00f3n, se elaborar\u00e1 un mapa virtual y se difundir\u00e1 un libro educativo con biograf\u00edas y actividades para segundo ciclo b\u00e1sico.<\/span><\/p>\n<p>[\/et_pb_toggle][\/et_pb_column][\/et_pb_row][\/et_pb_section][et_pb_section fb_built=\u00bb1&#8243; admin_label=\u00bbFicha del proyecto\u00bb _builder_version=\u00bb4.27.4&#8243; _module_preset=\u00bbdefault\u00bb custom_padding=\u00bb16px||14px|||\u00bb global_colors_info=\u00bb{}\u00bb theme_builder_area=\u00bbpost_content\u00bb][et_pb_row admin_label=\u00bbFicha del proyecto\u00bb _builder_version=\u00bb4.27.4&#8243; _module_preset=\u00bbdefault\u00bb width=\u00bb90%\u00bb custom_padding=\u00bb0px||0px|||\u00bb global_colors_info=\u00bb{}\u00bb theme_builder_area=\u00bbpost_content\u00bb][et_pb_column type=\u00bb4_4&#8243; _builder_version=\u00bb4.27.4&#8243; _module_preset=\u00bbdefault\u00bb global_colors_info=\u00bb{}\u00bb theme_builder_area=\u00bbpost_content\u00bb][et_pb_heading title=\u00bbFicha del proyecto\u00bb admin_label=\u00bbT\u00edtulo\u00bb _builder_version=\u00bb4.27.4&#8243; _module_preset=\u00bbdefault\u00bb title_font=\u00bbLato|700|||||||\u00bb title_text_color=\u00bb#009fe3&#8243; custom_margin=\u00bb||32px|||\u00bb custom_padding=\u00bb0px|||||\u00bb global_colors_info=\u00bb{}\u00bb theme_builder_area=\u00bbpost_content\u00bb][\/et_pb_heading][et_pb_text admin_label=\u00bbTablas \u00bb _builder_version=\u00bb4.27.6&#8243; _module_preset=\u00bbdefault\u00bb text_font=\u00bbLato||||||||\u00bb text_font_size=\u00bb19px\u00bb text_line_height=\u00bb1.2em\u00bb hover_enabled=\u00bb0&#8243; border_color_all=\u00bb#009fe3&#8243; global_colors_info=\u00bb{}\u00bb theme_builder_area=\u00bbpost_content\u00bb sticky_enabled=\u00bb0&#8243;]<\/p>\n<p>&nbsp;<\/p>\n<table class=\"aligncenter\" style=\"border-collapse: collapse; background-color: #ffffff;\">\n<tbody>\n<tr>\n<td style=\"width: 50%; border: 1px solid #009fe3; padding: 10px;\"><strong>Convenio(s) Asociado(s):<\/strong><\/td>\n<td style=\"width: 50%; border: 1px solid #009fe3; padding: 10px;\"><span style=\"font-weight: 400;\">N\/A<\/span><\/td>\n<\/tr>\n<tr>\n<td style=\"width: 50%; border: 1px solid #009fe3; padding: 10px;\"><strong>C\u00f3digo proyecto:<\/strong><\/td>\n<td style=\"width: 50%; border: 1px solid #009fe3; padding: 10px;\"><span style=\"font-weight: 400;\">FONDO_SCL_05_2024<\/span><\/td>\n<\/tr>\n<tr>\n<td style=\"width: 50%; border: 1px solid #009fe3; padding: 10px;\"><strong>Equipo Acad\u00e9mico:<\/strong><\/td>\n<td style=\"width: 50%; border: 1px solid #009fe3; padding: 10px;\">\n<ul>\n<li><span style=\"font-weight: 400;\">Jos\u00e9 Manuel Olivares Villarroel<\/span> <span style=\"font-weight: 400;\"> (Responsable) &#8211; Correo: <a href=\"mailto:jmolivar@upla.cl\">jmolivar@upla.cl<\/a><\/span>\n<ul>\n<li><span style=\"font-weight: 400;\">Pedagog\u00eda en Educaci\u00f3n B\u00e1sica- Fac. Ciencias de la Educaci\u00f3n<\/span><\/li>\n<\/ul>\n<\/li>\n<li><span style=\"font-weight: 400;\">Ignacio Reyes Cayul (Co-responsable) &#8211; Correo: <a href=\"mailto:Ignacio.reyes@upla.cl\">Ignacio.reyes@upla.cl<\/a><\/span>\n<ul>\n<li><span style=\"font-weight: 400;\">Educaci\u00f3n Diferencial &#8211; Fac. Ciencias de la Educaci\u00f3n<\/span><\/li>\n<\/ul>\n<\/li>\n<li><span style=\"font-weight: 400;\">Maricel Gomez de la Errechea Cohas<\/span> <span style=\"font-weight: 400;\"> &#8211; Correo: <a href=\"mailto:mgomezde@upla.cl\">mgomezde@upla.cl<\/a><\/span>\n<ul>\n<li><span style=\"font-weight: 400;\">Licenciatura en Arte &#8211; Fac. de Arte<\/span><\/li>\n<\/ul>\n<\/li>\n<\/ul>\n<\/td>\n<\/tr>\n<tr>\n<td style=\"width: 50%; border: 1px solid #009fe3; padding: 10px;\"><strong>Estudiantes colaboradores:<\/strong><\/td>\n<td style=\"width: 50%; border: 1px solid #009fe3; padding: 10px;\">\n<p><span style=\"font-weight: 400;\">Gisela Antonella Ot\u00e1rola Figueroa &#8211; Licenciatura en Arte &#8211; Fac. de Arte<\/span><\/p>\n<p><span style=\"font-weight: 400;\">Noem\u00ed Alexandra Arancibia Pino &#8211; Pedagog\u00eda en Educaci\u00f3n B\u00e1sica &#8211; Fac. Ciencias de la Educaci\u00f3n <\/span><\/p>\n<\/td>\n<\/tr>\n<tr>\n<td style=\"width: 50%; border: 1px solid #009fe3; padding: 10px;\"><strong>N\u00b0 de estudiantes involucrados:<\/strong><\/td>\n<td style=\"width: 50%; border: 1px solid #009fe3; padding: 10px;\"><span style=\"font-weight: 400;\">120 estudiantes<\/span><\/td>\n<\/tr>\n<tr>\n<td style=\"width: 50%; border: 1px solid #009fe3; padding: 10px;\"><strong>N\u00b0 de asignaturas:<\/strong><\/td>\n<td style=\"width: 50%; border: 1px solid #009fe3; padding: 10px;\"><span style=\"font-weight: 400;\">5 asignaturas<\/span><\/td>\n<\/tr>\n<tr>\n<td style=\"width: 50%; border: 1px solid #009fe3; padding: 10px;\"><strong>Agentes Territoriales:<\/strong><\/td>\n<td style=\"width: 50%; border: 1px solid #009fe3; padding: 10px;\"><span style=\"font-weight: 400;\">\u00a0C\u00edrculo de Narradores Orales de Chile<\/span><span style=\"font-weight: 400;\"><br \/><\/span><span style=\"font-weight: 400;\"> Escuela Rep\u00fablica de M\u00e9xico<\/span><span style=\"font-weight: 400;\"><br \/><\/span><span style=\"font-weight: 400;\"> Escuela Diego Portales<\/span><span style=\"font-weight: 400;\">\u00a0C\u00edrculo de Narradores Orales de Chile<\/span><span style=\"font-weight: 400;\"><br \/><\/span><span style=\"font-weight: 400;\"> Escuela Rep\u00fablica de M\u00e9xico<\/span><span style=\"font-weight: 400;\"><br \/><\/span><span style=\"font-weight: 400;\"> Escuela Diego Portales<\/span><\/td>\n<\/tr>\n<\/tbody>\n<\/table>\n<p>[\/et_pb_text][\/et_pb_column][\/et_pb_row][\/et_pb_section][et_pb_section fb_built=\u00bb1&#8243; admin_label=\u00bbGaleria\u00bb _builder_version=\u00bb4.27.4&#8243; _module_preset=\u00bbdefault\u00bb custom_padding=\u00bb21px|||||\u00bb global_colors_info=\u00bb{}\u00bb theme_builder_area=\u00bbpost_content\u00bb][et_pb_row column_structure=\u00bb3_4,1_4&#8243; admin_label=\u00bbGaleria\u00bb _builder_version=\u00bb4.27.4&#8243; _module_preset=\u00bbdefault\u00bb width=\u00bb90%\u00bb custom_padding=\u00bb0px|||||\u00bb global_colors_info=\u00bb{}\u00bb theme_builder_area=\u00bbpost_content\u00bb][et_pb_column type=\u00bb3_4&#8243; _builder_version=\u00bb4.27.4&#8243; _module_preset=\u00bbdefault\u00bb global_colors_info=\u00bb{}\u00bb theme_builder_area=\u00bbpost_content\u00bb][et_pb_heading title=\u00bbGaler\u00eda\u00bb _builder_version=\u00bb4.27.4&#8243; _module_preset=\u00bbdefault\u00bb title_font=\u00bbLato|700|||||||\u00bb title_text_color=\u00bb#009fe3&#8243; global_colors_info=\u00bb{}\u00bb theme_builder_area=\u00bbpost_content\u00bb][\/et_pb_heading][et_pb_gallery gallery_ids=\u00bb17228989,17228988,17228987&#8243; posts_number=\u00bb3&#8243; zoom_icon_color=\u00bb#ffffff\u00bb hover_overlay_color=\u00bbrgba(0,158,226,0.41)\u00bb hover_icon=\u00bb&#x54;||divi||400&#8243; _builder_version=\u00bb4.27.6&#8243; _module_preset=\u00bbdefault\u00bb title_font=\u00bbLato||||||||\u00bb title_font_size=\u00bb16px\u00bb custom_margin=\u00bb||||false|false\u00bb custom_padding=\u00bb||||false|false\u00bb hover_enabled=\u00bb0&#8243; title_font_size_tablet=\u00bb13px\u00bb title_font_size_phone=\u00bb13px\u00bb title_font_size_last_edited=\u00bbon|phone\u00bb custom_css_free_form=\u00bb.et_pb_gallery_item:hover img {||  mix-blend-mode: multiply;||  background-color: #009fe3;||  transition: 0.3s ease-in-out;\u00bb global_colors_info=\u00bb{}\u00bb theme_builder_area=\u00bbpost_content\u00bb sticky_enabled=\u00bb0&#8243;][\/et_pb_gallery][\/et_pb_column][et_pb_column type=\u00bb1_4&#8243; _builder_version=\u00bb4.27.4&#8243; _module_preset=\u00bbdefault\u00bb global_colors_info=\u00bb{}\u00bb theme_builder_area=\u00bbpost_content\u00bb][et_pb_heading title=\u00bbPoster\u00bb _builder_version=\u00bb4.27.4&#8243; _module_preset=\u00bbdefault\u00bb title_font=\u00bbLato|700|||||||\u00bb title_text_color=\u00bb#009fe3&#8243; global_colors_info=\u00bb{}\u00bb theme_builder_area=\u00bbpost_content\u00bb][\/et_pb_heading][et_pb_gallery gallery_ids=\u00bb9516&#8243; fullwidth=\u00bbon\u00bb _builder_version=\u00bb4.27.6&#8243; _module_preset=\u00bbdefault\u00bb hover_enabled=\u00bb0&#8243; global_colors_info=\u00bb{}\u00bb theme_builder_area=\u00bbpost_content\u00bb sticky_enabled=\u00bb0&#8243;][\/et_pb_gallery][\/et_pb_column][\/et_pb_row][\/et_pb_section]<\/p>\n","protected":false},"excerpt":{"rendered":"<p>El proyecto surge desde el inter\u00e9s de resignificar el concepto de superh\u00e9roe desde un enfoque territorial y de g\u00e9nero, rescatando y visibilizando el aporte que han realizado distintos porte\u00f1os y [&hellip;]<\/p>\n","protected":false},"author":12,"featured_media":17228988,"comment_status":"open","ping_status":"closed","template":"","meta":{"_et_pb_use_builder":"on","_et_pb_old_content":"","_et_gb_content_width":"","_price":"","_stock":"","_tribe_ticket_header":"","_tribe_default_ticket_provider":"","_tribe_ticket_capacity":"","_ticket_start_date":"","_ticket_end_date":"","_tribe_ticket_show_description":"","_tribe_ticket_show_not_going":false,"_tribe_ticket_use_global_stock":"","_tribe_ticket_global_stock_level":"","_global_stock_mode":"","_global_stock_cap":"","_tribe_rsvp_for_event":"","_tribe_ticket_going_count":"","_tribe_ticket_not_going_count":"","_tribe_tickets_list":"[]","_tribe_ticket_has_attendee_info_fields":false,"footnotes":""},"project_category":[92],"project_tag":[],"class_list":["post-17236833","project","type-project","status-publish","has-post-thumbnail","hentry","project_category-proyectos-social-crealab-2024"],"_links":{"self":[{"href":"https:\/\/upla.cl\/vinculacion\/wp-json\/wp\/v2\/project\/17236833","targetHints":{"allow":["GET"]}}],"collection":[{"href":"https:\/\/upla.cl\/vinculacion\/wp-json\/wp\/v2\/project"}],"about":[{"href":"https:\/\/upla.cl\/vinculacion\/wp-json\/wp\/v2\/types\/project"}],"author":[{"embeddable":true,"href":"https:\/\/upla.cl\/vinculacion\/wp-json\/wp\/v2\/users\/12"}],"replies":[{"embeddable":true,"href":"https:\/\/upla.cl\/vinculacion\/wp-json\/wp\/v2\/comments?post=17236833"}],"version-history":[{"count":2,"href":"https:\/\/upla.cl\/vinculacion\/wp-json\/wp\/v2\/project\/17236833\/revisions"}],"predecessor-version":[{"id":17236836,"href":"https:\/\/upla.cl\/vinculacion\/wp-json\/wp\/v2\/project\/17236833\/revisions\/17236836"}],"wp:featuredmedia":[{"embeddable":true,"href":"https:\/\/upla.cl\/vinculacion\/wp-json\/wp\/v2\/media\/17228988"}],"wp:attachment":[{"href":"https:\/\/upla.cl\/vinculacion\/wp-json\/wp\/v2\/media?parent=17236833"}],"wp:term":[{"taxonomy":"project_category","embeddable":true,"href":"https:\/\/upla.cl\/vinculacion\/wp-json\/wp\/v2\/project_category?post=17236833"},{"taxonomy":"project_tag","embeddable":true,"href":"https:\/\/upla.cl\/vinculacion\/wp-json\/wp\/v2\/project_tag?post=17236833"}],"curies":[{"name":"wp","href":"https:\/\/api.w.org\/{rel}","templated":true}]}}