{"id":17236854,"date":"2026-09-01T12:40:19","date_gmt":"2026-09-01T16:40:19","guid":{"rendered":"https:\/\/upla.cl\/vinculacion\/?post_type=project&#038;p=17236854"},"modified":"2026-09-01T12:40:24","modified_gmt":"2026-09-01T16:40:24","slug":"materiales-poco-convencionales-para-el-uso-en-construcciones-de-casas-eco-sustentables","status":"publish","type":"project","link":"https:\/\/upla.cl\/vinculacion\/project\/materiales-poco-convencionales-para-el-uso-en-construcciones-de-casas-eco-sustentables\/","title":{"rendered":"Materiales poco convencionales para el uso en construcciones de casas Eco-Sustentables"},"content":{"rendered":"<p>[et_pb_section fb_built=\u00bb1&#8243; admin_label=\u00bbT\u00edtulo\u00bb _builder_version=\u00bb4.27.4&#8243; custom_padding=\u00bb3px||9px|||\u00bb global_colors_info=\u00bb{}\u00bb][et_pb_row admin_label=\u00bbTitulo\u00bb _builder_version=\u00bb4.27.4&#8243; background_size=\u00bbinitial\u00bb background_position=\u00bbtop_left\u00bb background_repeat=\u00bbrepeat\u00bb width=\u00bb100%\u00bb custom_padding=\u00bb10px|||||\u00bb global_colors_info=\u00bb{}\u00bb][et_pb_column type=\u00bb4_4&#8243; _builder_version=\u00bb4.16&#8243; custom_padding=\u00bb|||\u00bb global_colors_info=\u00bb{}\u00bb custom_padding__hover=\u00bb|||\u00bb][et_pb_heading title=\u00bbMateriales poco convencionales para el uso en construcciones de casas Eco-Sustentables\u00bb _builder_version=\u00bb4.27.6&#8243; _module_preset=\u00bbdefault\u00bb title_font=\u00bbLato|700|||||||\u00bb title_text_align=\u00bbleft\u00bb title_text_color=\u00bb#FFFFFF\u00bb title_font_size=\u00bb50px\u00bb background_color=\u00bb#009fe3&#8243; background_image=\u00bbhttps:\/\/upla.cl\/vinculacion\/wp-content\/uploads\/2026\/09\/STEAM-8.jpg\u00bb background_blend=\u00bbmultiply\u00bb custom_margin=\u00bb-19px||||false|false\u00bb custom_padding=\u00bb10%||10%|7%|true|false\u00bb text_shadow_style=\u00bbpreset1&#8243; global_colors_info=\u00bb{}\u00bb][\/et_pb_heading][\/et_pb_column][\/et_pb_row][et_pb_row column_structure=\u00bb1_3,1_3,1_3&#8243; admin_label=\u00bbDescripci\u00f3n del proyecto\u00bb _builder_version=\u00bb4.27.4&#8243; _module_preset=\u00bbdefault\u00bb width=\u00bb90%\u00bb custom_padding=\u00bb0px||0px|||\u00bb global_colors_info=\u00bb{}\u00bb][et_pb_column type=\u00bb1_3&#8243; _builder_version=\u00bb4.27.4&#8243; _module_preset=\u00bbdefault\u00bb global_colors_info=\u00bb{}\u00bb][et_pb_toggle title=\u00bb\u00bfC\u00f3mo naci\u00f3 la idea de este proyecto?\u00bb open_toggle_text_color=\u00bb#009fe3&#8243; closed_toggle_background_color=\u00bb#FFFFFF\u00bb icon_color=\u00bb#009fe3&#8243; toggle_icon=\u00bb&#xf0eb;||fa||900&#8243; open_icon_color=\u00bb#009fe3&#8243; open_toggle_icon=\u00bb&#xe072;||divi||400&#8243; admin_label=\u00bbComo naci\u00f3 este proyecto\u00bb _builder_version=\u00bb4.27.6&#8243; _module_preset=\u00bbdefault\u00bb title_text_color=\u00bb#009fe3&#8243; title_font=\u00bbLato|700|||||||\u00bb body_font=\u00bbLato||||||||\u00bb body_text_align=\u00bbleft\u00bb body_text_color=\u00bb#000000&#8243; body_font_size=\u00bb16px\u00bb custom_padding=\u00bb||||false|false\u00bb border_radii=\u00bbon|15px|15px|15px|15px\u00bb border_width_all=\u00bb2px\u00bb border_color_all=\u00bb#009fe3&#8243; global_colors_info=\u00bb{}\u00bb]<\/p>\n<p><span style=\"font-weight: 400;\">La idea nace al integrar pr\u00e1cticas de sostenibilidad, con asignaturas de la carrera de Ingenier\u00eda Civil Ambiental de la UPLA como Transferencia de Calor y Termodin\u00e1mica y Cin\u00e9tica. Adicionalmente, las tecnolog\u00edas aplicadas fueron importantes para controlar y medir propiedades termodin\u00e1micas cr\u00edticas como la temperatura. Se usaron sistemas de Arduino y Sensores, que generaron experiencias formativas reales y significativas, tanto para los estudiantes como para los AT que participaron en el proyecto. <\/span><\/p>\n<p>[\/et_pb_toggle][\/et_pb_column][et_pb_column type=\u00bb1_3&#8243; _builder_version=\u00bb4.27.4&#8243; _module_preset=\u00bbdefault\u00bb global_colors_info=\u00bb{}\u00bb][et_pb_toggle title=\u00bb\u00bfC\u00f3mo lo hicimos?\u00bb open_toggle_text_color=\u00bb#009fe3&#8243; closed_toggle_background_color=\u00bb#FFFFFF\u00bb icon_color=\u00bb#009fe3&#8243; toggle_icon=\u00bb&#xe056;||divi||400&#8243; open_icon_color=\u00bb#009fe3&#8243; open_toggle_icon=\u00bb&#xe072;||divi||400&#8243; admin_label=\u00bbComo lo hicimos\u00bb _builder_version=\u00bb4.27.6&#8243; _module_preset=\u00bbdefault\u00bb title_text_color=\u00bb#009fe3&#8243; title_font=\u00bbLato|700|||||||\u00bb body_font=\u00bbLato||||||||\u00bb body_text_align=\u00bbleft\u00bb body_text_color=\u00bb#000000&#8243; body_font_size=\u00bb16px\u00bb custom_padding=\u00bb||||false|false\u00bb border_radii=\u00bbon|15px|15px|15px|15px\u00bb border_width_all=\u00bb2px\u00bb border_color_all=\u00bb#009fe3&#8243; global_colors_info=\u00bb{}\u00bb]<\/p>\n<p><span style=\"font-weight: 400;\">Se aplic\u00f3 en el proyecto metodolog\u00edas de aprendizaje basado en proyectos, integrando estudiantes universitarios, tesistas, docentes y comunidades escolares. Se dise\u00f1\u00f3 e implement\u00f3 un experimento denominado \u201cCasa Eco-sustentable\u201d con paneles elaborados a partir de materiales no convencionales, como ropa reciclada. Se midieron flujos de energ\u00eda en forma de calor, coeficientes de transferencia de calor y cambios de temperatura, utilizando la primera ley de la termodin\u00e1mica y la ley de Fourier.<\/span><\/p>\n<p>[\/et_pb_toggle][\/et_pb_column][et_pb_column type=\u00bb1_3&#8243; _builder_version=\u00bb4.27.4&#8243; _module_preset=\u00bbdefault\u00bb global_colors_info=\u00bb{}\u00bb][et_pb_toggle title=\u00bb\u00bfQu\u00e9 logramos?\u00bb open_toggle_text_color=\u00bb#009fe3&#8243; closed_toggle_background_color=\u00bb#FFFFFF\u00bb icon_color=\u00bb#009fe3&#8243; toggle_icon=\u00bb&#xe052;||divi||400&#8243; open_icon_color=\u00bb#009fe3&#8243; open_toggle_icon=\u00bb&#xe072;||divi||400&#8243; admin_label=\u00bbQue logramos\u00bb _builder_version=\u00bb4.27.6&#8243; _module_preset=\u00bbdefault\u00bb title_text_color=\u00bb#009fe3&#8243; title_font=\u00bbLato|700|||||||\u00bb body_font=\u00bbLato||||||||\u00bb body_text_align=\u00bbleft\u00bb body_text_color=\u00bb#000000&#8243; body_font_size=\u00bb16px\u00bb custom_padding=\u00bb||||false|false\u00bb border_radii=\u00bbon|15px|15px|15px|15px\u00bb border_width_all=\u00bb2px\u00bb border_color_all=\u00bb#009fe3&#8243; global_colors_info=\u00bb{}\u00bb]<\/p>\n<p><span style=\"font-weight: 400;\">Se han relacionado teor\u00edas con experimentos pr\u00e1cticos, dentro de las materias espec\u00edficas como la Transferencia de Calor y la Termodin\u00e1mica. Esto permiti\u00f3 conocer en forma pr\u00e1ctica elementos complejos abstractos de la conductividad, aplicando la primera ley de la termodin\u00e1mica y la ley de Fourier,\u00a0usando materiales no convencionales. Adem\u00e1s, se fortalecieron procesos formativos interdisciplinarios y la vinculaci\u00f3n con liceos y colegios de Valpara\u00edso y Puchuncav\u00ed. <\/span><\/p>\n<p>[\/et_pb_toggle][\/et_pb_column][\/et_pb_row][\/et_pb_section][et_pb_section fb_built=\u00bb1&#8243; admin_label=\u00bbFicha del proyecto\u00bb _builder_version=\u00bb4.27.4&#8243; _module_preset=\u00bbdefault\u00bb custom_padding=\u00bb16px||14px|||\u00bb global_colors_info=\u00bb{}\u00bb][et_pb_row admin_label=\u00bbFicha del proyecto\u00bb _builder_version=\u00bb4.27.4&#8243; _module_preset=\u00bbdefault\u00bb width=\u00bb90%\u00bb custom_padding=\u00bb0px||0px|||\u00bb global_colors_info=\u00bb{}\u00bb][et_pb_column type=\u00bb4_4&#8243; _builder_version=\u00bb4.27.4&#8243; _module_preset=\u00bbdefault\u00bb global_colors_info=\u00bb{}\u00bb][et_pb_heading title=\u00bbFicha del proyecto\u00bb admin_label=\u00bbT\u00edtulo\u00bb _builder_version=\u00bb4.27.4&#8243; _module_preset=\u00bbdefault\u00bb title_font=\u00bbLato|700|||||||\u00bb title_text_color=\u00bb#009fe3&#8243; custom_margin=\u00bb||32px|||\u00bb custom_padding=\u00bb0px|||||\u00bb global_colors_info=\u00bb{}\u00bb][\/et_pb_heading][et_pb_text admin_label=\u00bbTablas \u00bb _builder_version=\u00bb4.27.6&#8243; _module_preset=\u00bbdefault\u00bb text_font=\u00bbLato||||||||\u00bb text_font_size=\u00bb19px\u00bb text_line_height=\u00bb1.2em\u00bb border_color_all=\u00bb#009fe3&#8243; global_colors_info=\u00bb{}\u00bb]<\/p>\n<table class=\"aligncenter\" style=\"border-collapse: collapse; background-color: #ffffff;\">\n<tbody>\n<tr>\n<td style=\"width: 50%; border: 1px solid #009fe3; padding: 10px;\"><strong>Convenio(s) Asociado(s):<\/strong><\/td>\n<td style=\"width: 50%; border: 1px solid #009fe3; padding: 10px;\"><span style=\"font-weight: 400;\">1656\/2023<\/span><\/td>\n<\/tr>\n<tr>\n<td style=\"width: 50%; border: 1px solid #009fe3; padding: 10px;\"><strong>C\u00f3digo proyecto:<\/strong><\/td>\n<td style=\"width: 50%; border: 1px solid #009fe3; padding: 10px;\"><span style=\"font-weight: 400;\">FONDO_SCL_13_2024<\/span><\/td>\n<\/tr>\n<tr>\n<td style=\"width: 50%; border: 1px solid #009fe3; padding: 10px;\"><strong>Equipo Acad\u00e9mico:<\/strong><\/td>\n<td style=\"width: 50%; border: 1px solid #009fe3; padding: 10px;\">\n<ul>\n<li><span style=\"font-weight: 400;\">Ximena Espinoza Ortiz (Responsable) &#8211; Correo: <a href=\"mailto:xespinoz@upla.cl\">xespinoz@upla.cl<\/a><\/span>\n<ul>\n<li><span style=\"font-weight: 400;\">Ingenier\u00eda Civil Ambiental \u2013 Fac. de Ingenier\u00eda<\/span><\/li>\n<\/ul>\n<\/li>\n<li><span style=\"font-weight: 400;\">Ver\u00f3nica Meza Ram\u00edrez (Co-responsable) &#8211; Correo: <a href=\"veronica.meza@upla.cl\">veronica.meza@upla.cl<\/a><\/span>\n<ul>\n<li><span style=\"font-weight: 400;\">Ingenier\u00eda Civil Ambiental \u2013 Fac. de Ingenier\u00eda<\/span><\/li>\n<\/ul>\n<\/li>\n<li><span style=\"font-weight: 400;\">Javier Castillo Allaria<\/span> <span style=\"font-weight: 400;\"> &#8211; Correo: <a href=\"mailto:javier.castillo@upla.cl\">javier.castillo@upla.cl<\/a><\/span>\n<ul>\n<li><span style=\"font-weight: 400;\">Ingenier\u00eda Civil Inform\u00e1tica \u2013 Fac. de Ingenier\u00eda<\/span><\/li>\n<\/ul>\n<\/li>\n<li><span style=\"font-weight: 400;\">Luis Espinoza Brito &#8211; Correo: <a href=\"mailto:lespinoza@upla.cl\">lespinoza@upla.cl<\/a><\/span>\n<ul>\n<li><span style=\"font-weight: 400;\">Ingenier\u00eda Civil Industrial \u2013 Fac. de Ingenier\u00eda<\/span><\/li>\n<\/ul>\n<\/li>\n<\/ul>\n<\/td>\n<\/tr>\n<tr>\n<td style=\"width: 50%; border: 1px solid #009fe3; padding: 10px;\"><strong>Estudiantes colaboradores:<\/strong><\/td>\n<td style=\"width: 50%; border: 1px solid #009fe3; padding: 10px;\"><span style=\"font-weight: 400;\">Katerine Carvajal Herrera &#8211; Ingenier\u00eda Civil Ambiental &#8211; Fac. de Ingenier\u00eda<\/span><\/p>\n<p><span style=\"font-weight: 400;\">Laura Santos &#8211; Ingenier\u00eda Civil Ambiental &#8211; Fac. de Ingenier\u00eda<\/span><\/p>\n<p><span style=\"font-weight: 400;\">Catalina Angulo &#8211; Ingenier\u00eda Civil Ambiental &#8211; Fac. de Ingenier\u00eda<\/span><\/p>\n<p><span style=\"font-weight: 400;\">J\u00e9ssica Urra &#8211; Ingenier\u00eda Civil Ambiental &#8211; Fac. de Ingenier\u00eda<\/span><\/p>\n<p><span style=\"font-weight: 400;\">Javier Salinas &#8211; Ingenier\u00eda Civil Ambiental &#8211; Fac. de Ingenier\u00eda<\/span><\/p>\n<p><span style=\"font-weight: 400;\">Gonzalo Silva &#8211; Ingenier\u00eda Civil Ambiental &#8211; Fac. de Ingenier\u00eda<\/span><\/p>\n<p><span style=\"font-weight: 400;\">Claudio Alfaro &#8211; Ingenier\u00eda Informatica &#8211; Fac. de Ingenier\u00eda<\/span><\/p>\n<p>Daniel Ignacio Baez Cofre &#8211; Ingenier\u00eda Civil Inform\u00e1tica &#8211; Fac. de Ingenier\u00eda<\/td>\n<\/tr>\n<tr>\n<td style=\"width: 50%; border: 1px solid #009fe3; padding: 10px;\"><strong>N\u00b0 de estudiantes involucrados:<\/strong><\/td>\n<td style=\"width: 50%; border: 1px solid #009fe3; padding: 10px;\"><span style=\"font-weight: 400;\">8 estudiantes<\/span><\/td>\n<\/tr>\n<tr>\n<td style=\"width: 50%; border: 1px solid #009fe3; padding: 10px;\"><strong>N\u00b0 de asignaturas:<\/strong><\/td>\n<td style=\"width: 50%; border: 1px solid #009fe3; padding: 10px;\"><span style=\"font-weight: 400;\">4 asignaturas<\/span><\/td>\n<\/tr>\n<tr>\n<td style=\"width: 50%; border: 1px solid #009fe3; padding: 10px;\"><strong>Agentes Territoriales:<\/strong><\/td>\n<td style=\"width: 50%; border: 1px solid #009fe3; padding: 10px;\"><span style=\"font-weight: 400;\">Escuela La Greda<\/span><\/p>\n<p><span style=\"font-weight: 400;\">Junta de Vecinos El Rungue<\/span><\/p>\n<p><span style=\"font-weight: 400;\">C\u00edrculo de Inclusi\u00f3n Los Maitenes<\/span><\/p>\n<p><span style=\"font-weight: 400;\">Escuela b\u00e1sica El Rinc\u00f3n<\/span><\/p>\n<p><span style=\"font-weight: 400;\">Liceo Mar\u00eda Luisa Bombal<\/span><\/p>\n<p><span style=\"font-weight: 400;\">Colegio Maitencillo\u00a0 <\/span><\/td>\n<\/tr>\n<\/tbody>\n<\/table>\n<p>[\/et_pb_text][\/et_pb_column][\/et_pb_row][\/et_pb_section][et_pb_section fb_built=\u00bb1&#8243; admin_label=\u00bbGaleria\u00bb _builder_version=\u00bb4.27.4&#8243; _module_preset=\u00bbdefault\u00bb custom_padding=\u00bb21px|||||\u00bb global_colors_info=\u00bb{}\u00bb][et_pb_row column_structure=\u00bb3_4,1_4&#8243; admin_label=\u00bbGaleria\u00bb _builder_version=\u00bb4.27.4&#8243; _module_preset=\u00bbdefault\u00bb width=\u00bb90%\u00bb custom_padding=\u00bb0px|||||\u00bb global_colors_info=\u00bb{}\u00bb][et_pb_column type=\u00bb3_4&#8243; _builder_version=\u00bb4.27.4&#8243; _module_preset=\u00bbdefault\u00bb global_colors_info=\u00bb{}\u00bb][et_pb_heading title=\u00bbGaler\u00eda\u00bb _builder_version=\u00bb4.27.4&#8243; _module_preset=\u00bbdefault\u00bb title_font=\u00bbLato|700|||||||\u00bb title_text_color=\u00bb#009fe3&#8243; global_colors_info=\u00bb{}\u00bb][\/et_pb_heading][et_pb_gallery gallery_ids=\u00bb17236855,17236858,17236859&#8243; posts_number=\u00bb3&#8243; zoom_icon_color=\u00bb#ffffff\u00bb hover_overlay_color=\u00bbrgba(0,158,226,0.41)\u00bb hover_icon=\u00bb&#x54;||divi||400&#8243; _builder_version=\u00bb4.27.6&#8243; _module_preset=\u00bbdefault\u00bb title_font=\u00bbLato||||||||\u00bb title_font_size=\u00bb16px\u00bb custom_margin=\u00bb||||false|false\u00bb custom_padding=\u00bb||||false|false\u00bb title_font_size_tablet=\u00bb13px\u00bb title_font_size_phone=\u00bb13px\u00bb title_font_size_last_edited=\u00bbon|phone\u00bb custom_css_free_form=\u00bb.et_pb_gallery_item:hover img {||  mix-blend-mode: multiply;||  background-color: #009fe3;||  transition: 0.3s ease-in-out;\u00bb global_colors_info=\u00bb{}\u00bb][\/et_pb_gallery][\/et_pb_column][et_pb_column type=\u00bb1_4&#8243; _builder_version=\u00bb4.27.4&#8243; _module_preset=\u00bbdefault\u00bb global_colors_info=\u00bb{}\u00bb][\/et_pb_column][\/et_pb_row][\/et_pb_section]<\/p>\n","protected":false},"excerpt":{"rendered":"<p>La idea nace al integrar pr\u00e1cticas de sostenibilidad, con asignaturas de la carrera de Ingenier\u00eda Civil Ambiental de la UPLA como Transferencia de Calor y Termodin\u00e1mica y Cin\u00e9tica. Adicionalmente, las [&hellip;]<\/p>\n","protected":false},"author":12,"featured_media":17236855,"comment_status":"open","ping_status":"closed","template":"","meta":{"_et_pb_use_builder":"on","_et_pb_old_content":"","_et_gb_content_width":"","_price":"","_stock":"","_tribe_ticket_header":"","_tribe_default_ticket_provider":"","_tribe_ticket_capacity":"","_ticket_start_date":"","_ticket_end_date":"","_tribe_ticket_show_description":"","_tribe_ticket_show_not_going":false,"_tribe_ticket_use_global_stock":"","_tribe_ticket_global_stock_level":"","_global_stock_mode":"","_global_stock_cap":"","_tribe_rsvp_for_event":"","_tribe_ticket_going_count":"","_tribe_ticket_not_going_count":"","_tribe_tickets_list":"[]","_tribe_ticket_has_attendee_info_fields":false,"footnotes":""},"project_category":[92],"project_tag":[295],"class_list":["post-17236854","project","type-project","status-publish","has-post-thumbnail","hentry","project_category-proyectos-social-crealab-2024","project_tag-proyectos-social-crealab-2024"],"_links":{"self":[{"href":"https:\/\/upla.cl\/vinculacion\/wp-json\/wp\/v2\/project\/17236854","targetHints":{"allow":["GET"]}}],"collection":[{"href":"https:\/\/upla.cl\/vinculacion\/wp-json\/wp\/v2\/project"}],"about":[{"href":"https:\/\/upla.cl\/vinculacion\/wp-json\/wp\/v2\/types\/project"}],"author":[{"embeddable":true,"href":"https:\/\/upla.cl\/vinculacion\/wp-json\/wp\/v2\/users\/12"}],"replies":[{"embeddable":true,"href":"https:\/\/upla.cl\/vinculacion\/wp-json\/wp\/v2\/comments?post=17236854"}],"version-history":[{"count":4,"href":"https:\/\/upla.cl\/vinculacion\/wp-json\/wp\/v2\/project\/17236854\/revisions"}],"predecessor-version":[{"id":17236863,"href":"https:\/\/upla.cl\/vinculacion\/wp-json\/wp\/v2\/project\/17236854\/revisions\/17236863"}],"wp:featuredmedia":[{"embeddable":true,"href":"https:\/\/upla.cl\/vinculacion\/wp-json\/wp\/v2\/media\/17236855"}],"wp:attachment":[{"href":"https:\/\/upla.cl\/vinculacion\/wp-json\/wp\/v2\/media?parent=17236854"}],"wp:term":[{"taxonomy":"project_category","embeddable":true,"href":"https:\/\/upla.cl\/vinculacion\/wp-json\/wp\/v2\/project_category?post=17236854"},{"taxonomy":"project_tag","embeddable":true,"href":"https:\/\/upla.cl\/vinculacion\/wp-json\/wp\/v2\/project_tag?post=17236854"}],"curies":[{"name":"wp","href":"https:\/\/api.w.org\/{rel}","templated":true}]}}